{"id":9623,"date":"2023-04-04T23:57:29","date_gmt":"2023-04-04T23:57:29","guid":{"rendered":"https:\/\/wsm.art.pl\/?page_id=9623"},"modified":"2023-08-18T08:49:42","modified_gmt":"2023-08-18T08:49:42","slug":"2023-vasa-consort","status":"publish","type":"page","link":"https:\/\/wsm.art.pl\/?page_id=9623","title":{"rendered":"2023 w.  VASA CONSORT"},"content":{"rendered":"\t\t<div data-elementor-type=\"wp-page\" data-elementor-id=\"9623\" class=\"elementor elementor-9623\">\n\t\t\t\t\t\t<section class=\"elementor-section elementor-top-section elementor-element elementor-element-24110ddb elementor-section-boxed elementor-section-height-default elementor-section-height-default\" data-id=\"24110ddb\" data-element_type=\"section\">\n\t\t\t\t\t\t<div class=\"elementor-container elementor-column-gap-default\">\n\t\t\t\t\t<div class=\"elementor-column elementor-col-100 elementor-top-column elementor-element elementor-element-54220d03\" data-id=\"54220d03\" data-element_type=\"column\">\n\t\t\t<div class=\"elementor-widget-wrap elementor-element-populated\">\n\t\t\t\t\t\t<div class=\"elementor-element elementor-element-214fb19e elementor-widget elementor-widget-heading\" data-id=\"214fb19e\" data-element_type=\"widget\" data-widget_type=\"heading.default\">\n\t\t\t\t<div class=\"elementor-widget-container\">\n\t\t\t\t\t<h2 class=\"elementor-heading-title elementor-size-default\">Vasa Consort<\/h2>\t\t\t\t<\/div>\n\t\t\t\t<\/div>\n\t\t\t\t\t<\/div>\n\t\t<\/div>\n\t\t\t\t\t<\/div>\n\t\t<\/section>\n\t\t\t\t<section class=\"elementor-section elementor-top-section elementor-element elementor-element-208796d2 elementor-section-boxed elementor-section-height-default elementor-section-height-default\" data-id=\"208796d2\" data-element_type=\"section\">\n\t\t\t\t\t\t<div class=\"elementor-container elementor-column-gap-default\">\n\t\t\t\t\t<div class=\"elementor-column elementor-col-50 elementor-top-column elementor-element elementor-element-2998c263\" data-id=\"2998c263\" data-element_type=\"column\">\n\t\t\t<div class=\"elementor-widget-wrap elementor-element-populated\">\n\t\t\t\t\t\t<div class=\"elementor-element elementor-element-4f2be069 elementor-widget elementor-widget-image\" data-id=\"4f2be069\" data-element_type=\"widget\" data-widget_type=\"image.default\">\n\t\t\t\t<div class=\"elementor-widget-container\">\n\t\t\t\t\t\t\t\t\t\t\t\t<figure class=\"wp-caption\">\n\t\t\t\t\t\t\t\t\t\t<img fetchpriority=\"high\" decoding=\"async\" width=\"843\" height=\"563\" src=\"https:\/\/wsm.art.pl\/wp-content\/uploads\/2023\/04\/Vasa-Consort-1024x684.jpg\" class=\"attachment-large size-large wp-image-9714\" alt=\"\" srcset=\"https:\/\/wsm.art.pl\/wp-content\/uploads\/2023\/04\/Vasa-Consort-1024x684.jpg 1024w, https:\/\/wsm.art.pl\/wp-content\/uploads\/2023\/04\/Vasa-Consort-300x200.jpg 300w, https:\/\/wsm.art.pl\/wp-content\/uploads\/2023\/04\/Vasa-Consort-768x513.jpg 768w, https:\/\/wsm.art.pl\/wp-content\/uploads\/2023\/04\/Vasa-Consort.jpg 1400w\" sizes=\"(max-width: 843px) 100vw, 843px\" \/>\t\t\t\t\t\t\t\t\t\t\t<figcaption class=\"widget-image-caption wp-caption-text\"><\/figcaption>\n\t\t\t\t\t\t\t\t\t\t<\/figure>\n\t\t\t\t\t\t\t\t\t<\/div>\n\t\t\t\t<\/div>\n\t\t\t\t\t<\/div>\n\t\t<\/div>\n\t\t\t\t<div class=\"elementor-column elementor-col-50 elementor-top-column elementor-element elementor-element-22045959\" data-id=\"22045959\" data-element_type=\"column\">\n\t\t\t<div class=\"elementor-widget-wrap elementor-element-populated\">\n\t\t\t\t\t\t\t<\/div>\n\t\t<\/div>\n\t\t\t\t\t<\/div>\n\t\t<\/section>\n\t\t\t\t<section class=\"elementor-section elementor-top-section elementor-element elementor-element-9f42626 elementor-section-boxed elementor-section-height-default elementor-section-height-default\" data-id=\"9f42626\" data-element_type=\"section\">\n\t\t\t\t\t\t<div class=\"elementor-container elementor-column-gap-default\">\n\t\t\t\t\t<div class=\"elementor-column elementor-col-100 elementor-top-column elementor-element elementor-element-fec2d2a\" data-id=\"fec2d2a\" data-element_type=\"column\">\n\t\t\t<div class=\"elementor-widget-wrap elementor-element-populated\">\n\t\t\t\t\t\t<div class=\"elementor-element elementor-element-f2aee38 elementor-widget elementor-widget-text-editor\" data-id=\"f2aee38\" data-element_type=\"widget\" data-widget_type=\"text-editor.default\">\n\t\t\t\t<div class=\"elementor-widget-container\">\n\t\t\t\t\t\t\t\t\t<p class=\"western\" align=\"justify\"><span style=\"font-family: Arial, sans-serif;\"><span style=\"font-size: medium;\">Zesp\u00f3\u0142<\/span><\/span><span style=\"font-family: Arial, sans-serif;\"><span style=\"font-size: medium;\"> powsta\u0142 w roku 2020 z okazji prawykonania ca\u0142o\u015bci zbioru <\/span><\/span><span style=\"font-family: Arial, sans-serif;\"><span style=\"font-size: medium;\"><i>Concerti e canzoni<\/i><\/span><\/span><span style=\"font-family: Arial, sans-serif;\"><span style=\"font-size: medium;\"> Adama Jarz\u0119bskiego. Zesp\u00f3\u0142 \u0142\u0105czy \u015bwie\u017co\u015b\u0107 interpretacji z przygotowaniem muzykologicznym, po\u015bwi\u0119caj\u0105c si\u0119 szczeg\u00f3lnie mi\u0119dzynarodowemu repertuarowi wykonywanemu w Polsce za czas\u00f3w dynastii Waz\u00f3w, si\u0119ga jednak r\u00f3wnie\u017c po szerok\u0105 palet\u0119 muzyki z r\u00f3\u017cnych kraj\u00f3w europejskich od ko\u0144ca XVI do XVIII wieku.<\/span><\/span><\/p><p class=\"western\" align=\"justify\"><span style=\"font-family: Arial, sans-serif;\"><span style=\"font-size: medium;\"><b>Marcin Szelest<\/b><\/span><\/span><span style=\"font-family: Arial, sans-serif;\"><span style=\"font-size: medium;\">, kierownik artystyczny Vasa Consort, jest profesorem organ\u00f3w w Akademii Muzycznej w Krakowie, autorem edycji i prac naukowych z zakresu muzyki dawnej oraz dyrektorem artystycznym Staros\u0105deckiego Festiwalu Muzyki Dawnej. Wyst\u0119puje jako solista i wsp\u00f3\u0142pracuje z takimi zespo\u0142ami, jak Concerto Palatino, The Bach Ensemble, Weser-Renaissance Bremen czy Wroc\u0142awska Orkiestra Barokowa. Jest r\u00f3wnie\u017c organist\u0105 ko\u015bcio\u0142a \u015awi\u0119tego Krzy\u017ca w Krakowie, gdzie gra na odrestaurowanym instrumencie z 1704 roku, cz\u0142onkiem Rady Naukowej serii wydawniczej \u201eFontes Musicae in Polonia\u201d.<\/span><\/span><\/p>\t\t\t\t\t\t\t\t<\/div>\n\t\t\t\t<\/div>\n\t\t\t\t\t<\/div>\n\t\t<\/div>\n\t\t\t\t\t<\/div>\n\t\t<\/section>\n\t\t\t\t<\/div>\n\t\t","protected":false},"excerpt":{"rendered":"<p>Vasa Consort Zesp\u00f3\u0142 powsta\u0142 w roku 2020 z okazji prawykonania ca\u0142o\u015bci zbioru Concerti e canzoni Adama Jarz\u0119bskiego. Zesp\u00f3\u0142 \u0142\u0105czy \u015bwie\u017co\u015b\u0107 interpretacji z przygotowaniem muzykologicznym, po\u015bwi\u0119caj\u0105c&hellip;<\/p>\n","protected":false},"author":1,"featured_media":0,"parent":0,"menu_order":0,"comment_status":"closed","ping_status":"closed","template":"","meta":{"footnotes":""},"class_list":["post-9623","page","type-page","status-publish","hentry"],"_links":{"self":[{"href":"https:\/\/wsm.art.pl\/index.php?rest_route=\/wp\/v2\/pages\/9623","targetHints":{"allow":["GET"]}}],"collection":[{"href":"https:\/\/wsm.art.pl\/index.php?rest_route=\/wp\/v2\/pages"}],"about":[{"href":"https:\/\/wsm.art.pl\/index.php?rest_route=\/wp\/v2\/types\/page"}],"author":[{"embeddable":true,"href":"https:\/\/wsm.art.pl\/index.php?rest_route=\/wp\/v2\/users\/1"}],"replies":[{"embeddable":true,"href":"https:\/\/wsm.art.pl\/index.php?rest_route=%2Fwp%2Fv2%2Fcomments&post=9623"}],"version-history":[{"count":9,"href":"https:\/\/wsm.art.pl\/index.php?rest_route=\/wp\/v2\/pages\/9623\/revisions"}],"predecessor-version":[{"id":13104,"href":"https:\/\/wsm.art.pl\/index.php?rest_route=\/wp\/v2\/pages\/9623\/revisions\/13104"}],"wp:attachment":[{"href":"https:\/\/wsm.art.pl\/index.php?rest_route=%2Fwp%2Fv2%2Fmedia&parent=9623"}],"curies":[{"name":"wp","href":"https:\/\/api.w.org\/{rel}","templated":true}]}}