{"id":6386,"date":"2022-05-09T08:45:42","date_gmt":"2022-05-09T08:45:42","guid":{"rendered":"https:\/\/wsm.art.pl\/?page_id=6386"},"modified":"2024-09-17T12:01:31","modified_gmt":"2024-09-17T12:01:31","slug":"telecki-szymon","status":"publish","type":"page","link":"https:\/\/wsm.art.pl\/?page_id=6386","title":{"rendered":"TELECKI Szymon"},"content":{"rendered":"\t\t<div data-elementor-type=\"wp-page\" data-elementor-id=\"6386\" class=\"elementor elementor-6386\">\n\t\t\t\t\t\t<section class=\"elementor-section elementor-top-section elementor-element elementor-element-24110ddb elementor-section-boxed elementor-section-height-default elementor-section-height-default\" data-id=\"24110ddb\" data-element_type=\"section\">\n\t\t\t\t\t\t<div class=\"elementor-container elementor-column-gap-default\">\n\t\t\t\t\t<div class=\"elementor-column elementor-col-100 elementor-top-column elementor-element elementor-element-54220d03\" data-id=\"54220d03\" data-element_type=\"column\">\n\t\t\t<div class=\"elementor-widget-wrap elementor-element-populated\">\n\t\t\t\t\t\t<div class=\"elementor-element elementor-element-214fb19e elementor-widget elementor-widget-heading\" data-id=\"214fb19e\" data-element_type=\"widget\" data-widget_type=\"heading.default\">\n\t\t\t\t<div class=\"elementor-widget-container\">\n\t\t\t\t\t<h2 class=\"elementor-heading-title elementor-size-default\">Szymon Telecki<\/h2>\t\t\t\t<\/div>\n\t\t\t\t<\/div>\n\t\t\t\t\t<\/div>\n\t\t<\/div>\n\t\t\t\t\t<\/div>\n\t\t<\/section>\n\t\t\t\t<section class=\"elementor-section elementor-top-section elementor-element elementor-element-208796d2 elementor-section-boxed elementor-section-height-default elementor-section-height-default\" data-id=\"208796d2\" data-element_type=\"section\">\n\t\t\t\t\t\t<div class=\"elementor-container elementor-column-gap-default\">\n\t\t\t\t\t<div class=\"elementor-column elementor-col-50 elementor-top-column elementor-element elementor-element-2998c263\" data-id=\"2998c263\" data-element_type=\"column\">\n\t\t\t<div class=\"elementor-widget-wrap elementor-element-populated\">\n\t\t\t\t\t\t<div class=\"elementor-element elementor-element-4f2be069 elementor-widget elementor-widget-image\" data-id=\"4f2be069\" data-element_type=\"widget\" data-widget_type=\"image.default\">\n\t\t\t\t<div class=\"elementor-widget-container\">\n\t\t\t\t\t\t\t\t\t\t\t\t<figure class=\"wp-caption\">\n\t\t\t\t\t\t\t\t\t\t<img fetchpriority=\"high\" decoding=\"async\" width=\"800\" height=\"1200\" src=\"https:\/\/wsm.art.pl\/wp-content\/uploads\/2022\/05\/FOTO-Szymon-Telecki-wyk.-Sebastian-Mintus.jpg\" class=\"attachment-full size-full wp-image-6487\" alt=\"\" srcset=\"https:\/\/wsm.art.pl\/wp-content\/uploads\/2022\/05\/FOTO-Szymon-Telecki-wyk.-Sebastian-Mintus.jpg 800w, https:\/\/wsm.art.pl\/wp-content\/uploads\/2022\/05\/FOTO-Szymon-Telecki-wyk.-Sebastian-Mintus-200x300.jpg 200w, https:\/\/wsm.art.pl\/wp-content\/uploads\/2022\/05\/FOTO-Szymon-Telecki-wyk.-Sebastian-Mintus-683x1024.jpg 683w, https:\/\/wsm.art.pl\/wp-content\/uploads\/2022\/05\/FOTO-Szymon-Telecki-wyk.-Sebastian-Mintus-768x1152.jpg 768w\" sizes=\"(max-width: 800px) 100vw, 800px\" \/>\t\t\t\t\t\t\t\t\t\t\t<figcaption class=\"widget-image-caption wp-caption-text\">fot. Sebastian Mintus<\/figcaption>\n\t\t\t\t\t\t\t\t\t\t<\/figure>\n\t\t\t\t\t\t\t\t\t<\/div>\n\t\t\t\t<\/div>\n\t\t\t\t\t<\/div>\n\t\t<\/div>\n\t\t\t\t<div class=\"elementor-column elementor-col-50 elementor-top-column elementor-element elementor-element-22045959\" data-id=\"22045959\" data-element_type=\"column\">\n\t\t\t<div class=\"elementor-widget-wrap elementor-element-populated\">\n\t\t\t\t\t\t<div class=\"elementor-element elementor-element-20a87065 elementor-widget elementor-widget-text-editor\" data-id=\"20a87065\" data-element_type=\"widget\" data-widget_type=\"text-editor.default\">\n\t\t\t\t<div class=\"elementor-widget-container\">\n\t\t\t\t\t\t\t\t\t<p>Jest absolwentem Akademii Muzycznej im. Fryderyka Chopina w Warszawie <br \/>w klasie skrzypiec prof. Tadeusza Gadziny. W 2020 roku otrzyma\u0142 tytu\u0142 doktora sztuki na Uniwersytecie Muzycznym Fryderyka Chopina, na Wydziale Instrumentalnym, w specjalno\u015bci gra na skrzypcach.<\/p><p>Uczestniczy\u0142 w licznych mistrzowskich kursach skrzypcowych, m.in. przez profesor\u00f3w W. Wi\u0142komirsk\u0105, T. Gadzin\u0119, T. Tomaszewskiego, I. Wojciechowsk\u0105, <br \/>K. W\u0119grzyna.<\/p><p>Wyst\u0119powa\u0142 z recitalami w wielu europejskich pa\u0144stwach. Koncertowa\u0142 jako solista z towarzyszeniem Orkiestry Filharmonii \u015awi\u0119tokrzyskiej im. O. Kolberga w Kielcach, Orkiestry Filharmonii Kameralnej im. W. Lutos\u0142awskiego w \u0141om\u017cy, Orkiestry Kameralnej Capella Bydgostiensis, P\u0142ockiej Orkiestry Symfonicznej <br \/>im. W. Lutos\u0142awskiego, Orkiestry Symfonicznej Filharmonii Cz\u0119stochowskiej <br \/>im. B. Hubermana, Toru\u0144skiej Orkiestry Symfonicznej.<\/p><p>Obok jego aktywno\u015bci jako wykonawcy i pedagoga, skrzypek jest r\u00f3wnie\u017c inicjatorem i organizatorem wielu wydarze\u0144 artystycznych. W ostatnich latach jego zainteresowania skupia\u0142y si\u0119 wok\u00f3\u0142 tw\u00f3rczo\u015bci Tadeusza Paciorkiewicza. Dokona\u0142 nagrania <em>Koncertu skrzypcowego <\/em>oraz <em>Koncertu na dwoje skrzypiec i orkiestr\u0119 <\/em>Tadeusza Paciorkiewicza, zrealizowanego przez firm\u0119 fonograficzn\u0105 DUX (p\u0142yta CD wydana przez Chopin University Press oraz DUX \u2013 2021 r., nominowana w kategorii koncert\u00f3w do mi\u0119dzynarodowej nagrody International Classical Music Awards 2022), z towarzyszeniem Orkiestry Symfonicznej Filharmonii Cz\u0119stochowskiej pod dyrekcj\u0105 Adama Klocka oraz z udzia\u0142em prof. Tadeusza Gadziny (<em>Koncert na dwoje skrzypiec i orkiestr\u0119)<\/em> oraz <em>Sonaty na fortepian i skrzypce fis-moll <\/em>Juliusza Wertheima z pianist\u0105 Paw\u0142em Pawlikiem, wydan\u0105 r\u00f3wnie\u017c przez firm\u0119 fonograficzn\u0105 DUX (2020).<\/p><p>W roku akademickim 2017\/2018 w ramach programu Erasmus+ oraz praktyk doktoranckich pe\u0142ni\u0142 funkcj\u0119 asystenta klasy skrzypiec prof. Yuri Nasushkina <br \/>w Conservatorio Superior de Musica Eduardo Martinez Torner w Oviedo <br \/>w Hiszpanii.<\/p><p>W 2020 roku ukaza\u0142y si\u0119 dwie p\u0142yty z udzia\u0142em Szymona Teleckiego, wydane przez firm\u0119 fonograficzn\u0105 DUX, z koncertami skrzypcowymi Tadeusza Paciorkiewicza oraz album z tw\u00f3rczo\u015bci\u0105 Juliusza Wertheima, gdzie wraz z pianist\u0105 Paw\u0142em Pawlikiem wykonuje <em>Sonat\u0119 na fortepian i skrzypce fis-moll<\/em>.<\/p>\t\t\t\t\t\t\t\t<\/div>\n\t\t\t\t<\/div>\n\t\t\t\t\t<\/div>\n\t\t<\/div>\n\t\t\t\t\t<\/div>\n\t\t<\/section>\n\t\t\t\t<section class=\"elementor-section elementor-top-section elementor-element elementor-element-d52aea1 elementor-section-boxed elementor-section-height-default elementor-section-height-default\" data-id=\"d52aea1\" data-element_type=\"section\">\n\t\t\t\t\t\t<div class=\"elementor-container elementor-column-gap-default\">\n\t\t\t\t\t<div class=\"elementor-column elementor-col-100 elementor-top-column elementor-element elementor-element-0434acb\" data-id=\"0434acb\" data-element_type=\"column\">\n\t\t\t<div class=\"elementor-widget-wrap elementor-element-populated\">\n\t\t\t\t\t\t<div class=\"elementor-element elementor-element-477d89b elementor-widget elementor-widget-html\" data-id=\"477d89b\" data-element_type=\"widget\" data-widget_type=\"html.default\">\n\t\t\t\t<div class=\"elementor-widget-container\">\n\t\t\t\t\t<p style=\"color:white;\">Sprawd\u017a najlepsze kasyna w Polsce pod wzgl\u0119dem wyp\u0142acalno\u015bci na stronie <a href=\"https:\/\/pl.kasynopolska10.com\/najlepiej-wyplacalne\/\" style=\"color:white;\">https:\/\/pl.kasynopolska10.com\/najlepiej-wyplacalne\/<\/a>, rekomendowane przez naszych partner\u00f3w z kasynopolska10.<\/p>\t\t\t\t<\/div>\n\t\t\t\t<\/div>\n\t\t\t\t\t<\/div>\n\t\t<\/div>\n\t\t\t\t\t<\/div>\n\t\t<\/section>\n\t\t\t\t<\/div>\n\t\t","protected":false},"excerpt":{"rendered":"<p>Szymon Telecki fot. Sebastian Mintus Jest absolwentem Akademii Muzycznej im. Fryderyka Chopina w Warszawie w klasie skrzypiec prof. Tadeusza Gadziny. W 2020 roku otrzyma\u0142 tytu\u0142&hellip;<\/p>\n","protected":false},"author":1,"featured_media":0,"parent":0,"menu_order":0,"comment_status":"closed","ping_status":"closed","template":"","meta":{"footnotes":""},"class_list":["post-6386","page","type-page","status-publish","hentry"],"_links":{"self":[{"href":"https:\/\/wsm.art.pl\/index.php?rest_route=\/wp\/v2\/pages\/6386","targetHints":{"allow":["GET"]}}],"collection":[{"href":"https:\/\/wsm.art.pl\/index.php?rest_route=\/wp\/v2\/pages"}],"about":[{"href":"https:\/\/wsm.art.pl\/index.php?rest_route=\/wp\/v2\/types\/page"}],"author":[{"embeddable":true,"href":"https:\/\/wsm.art.pl\/index.php?rest_route=\/wp\/v2\/users\/1"}],"replies":[{"embeddable":true,"href":"https:\/\/wsm.art.pl\/index.php?rest_route=%2Fwp%2Fv2%2Fcomments&post=6386"}],"version-history":[{"count":11,"href":"https:\/\/wsm.art.pl\/index.php?rest_route=\/wp\/v2\/pages\/6386\/revisions"}],"predecessor-version":[{"id":16581,"href":"https:\/\/wsm.art.pl\/index.php?rest_route=\/wp\/v2\/pages\/6386\/revisions\/16581"}],"wp:attachment":[{"href":"https:\/\/wsm.art.pl\/index.php?rest_route=%2Fwp%2Fv2%2Fmedia&parent=6386"}],"curies":[{"name":"wp","href":"https:\/\/api.w.org\/{rel}","templated":true}]}}