{"id":6368,"date":"2022-05-09T08:43:44","date_gmt":"2022-05-09T08:43:44","guid":{"rendered":"https:\/\/wsm.art.pl\/?page_id=6368"},"modified":"2022-05-15T18:15:35","modified_gmt":"2022-05-15T18:15:35","slug":"kawalerowie-blotni","status":"publish","type":"page","link":"https:\/\/wsm.art.pl\/?page_id=6368","title":{"rendered":"KAWALEROWIE B\u0141OTNI"},"content":{"rendered":"\t\t<div data-elementor-type=\"wp-page\" data-elementor-id=\"6368\" class=\"elementor elementor-6368\">\n\t\t\t\t\t\t<section class=\"elementor-section elementor-top-section elementor-element elementor-element-24110ddb elementor-section-boxed elementor-section-height-default elementor-section-height-default\" data-id=\"24110ddb\" data-element_type=\"section\">\n\t\t\t\t\t\t<div class=\"elementor-container elementor-column-gap-default\">\n\t\t\t\t\t<div class=\"elementor-column elementor-col-100 elementor-top-column elementor-element elementor-element-54220d03\" data-id=\"54220d03\" data-element_type=\"column\">\n\t\t\t<div class=\"elementor-widget-wrap elementor-element-populated\">\n\t\t\t\t\t\t<div class=\"elementor-element elementor-element-214fb19e elementor-widget elementor-widget-heading\" data-id=\"214fb19e\" data-element_type=\"widget\" data-widget_type=\"heading.default\">\n\t\t\t\t<div class=\"elementor-widget-container\">\n\t\t\t\t\t<h2 class=\"elementor-heading-title elementor-size-default\">Kawalerowie B\u0142otni<\/h2>\t\t\t\t<\/div>\n\t\t\t\t<\/div>\n\t\t\t\t\t<\/div>\n\t\t<\/div>\n\t\t\t\t\t<\/div>\n\t\t<\/section>\n\t\t\t\t<section class=\"elementor-section elementor-top-section elementor-element elementor-element-208796d2 elementor-section-boxed elementor-section-height-default elementor-section-height-default\" data-id=\"208796d2\" data-element_type=\"section\">\n\t\t\t\t\t\t<div class=\"elementor-container elementor-column-gap-default\">\n\t\t\t\t\t<div class=\"elementor-column elementor-col-50 elementor-top-column elementor-element elementor-element-2998c263\" data-id=\"2998c263\" data-element_type=\"column\">\n\t\t\t<div class=\"elementor-widget-wrap elementor-element-populated\">\n\t\t\t\t\t\t<div class=\"elementor-element elementor-element-4f2be069 elementor-widget elementor-widget-image\" data-id=\"4f2be069\" data-element_type=\"widget\" data-widget_type=\"image.default\">\n\t\t\t\t<div class=\"elementor-widget-container\">\n\t\t\t\t\t\t\t\t\t\t\t\t<figure class=\"wp-caption\">\n\t\t\t\t\t\t\t\t\t\t<img fetchpriority=\"high\" decoding=\"async\" width=\"660\" height=\"412\" src=\"https:\/\/wsm.art.pl\/wp-content\/uploads\/2022\/05\/kawalerowie-Blotni-fot.-Mariusz-Widerynski-1.jpg\" class=\"attachment-full size-full wp-image-6492\" alt=\"\" srcset=\"https:\/\/wsm.art.pl\/wp-content\/uploads\/2022\/05\/kawalerowie-Blotni-fot.-Mariusz-Widerynski-1.jpg 660w, https:\/\/wsm.art.pl\/wp-content\/uploads\/2022\/05\/kawalerowie-Blotni-fot.-Mariusz-Widerynski-1-300x187.jpg 300w\" sizes=\"(max-width: 660px) 100vw, 660px\" \/>\t\t\t\t\t\t\t\t\t\t\t<figcaption class=\"widget-image-caption wp-caption-text\">fot. Mariusz Widery\u0144ski<\/figcaption>\n\t\t\t\t\t\t\t\t\t\t<\/figure>\n\t\t\t\t\t\t\t\t\t<\/div>\n\t\t\t\t<\/div>\n\t\t\t\t\t<\/div>\n\t\t<\/div>\n\t\t\t\t<div class=\"elementor-column elementor-col-50 elementor-top-column elementor-element elementor-element-22045959\" data-id=\"22045959\" data-element_type=\"column\">\n\t\t\t<div class=\"elementor-widget-wrap elementor-element-populated\">\n\t\t\t\t\t\t\t<\/div>\n\t\t<\/div>\n\t\t\t\t\t<\/div>\n\t\t<\/section>\n\t\t\t\t<section class=\"elementor-section elementor-top-section elementor-element elementor-element-ccbfb0d elementor-section-boxed elementor-section-height-default elementor-section-height-default\" data-id=\"ccbfb0d\" data-element_type=\"section\">\n\t\t\t\t\t\t<div class=\"elementor-container elementor-column-gap-default\">\n\t\t\t\t\t<div class=\"elementor-column elementor-col-100 elementor-top-column elementor-element elementor-element-a823868\" data-id=\"a823868\" data-element_type=\"column\">\n\t\t\t<div class=\"elementor-widget-wrap elementor-element-populated\">\n\t\t\t\t\t\t<div class=\"elementor-element elementor-element-51864c9 elementor-widget elementor-widget-text-editor\" data-id=\"51864c9\" data-element_type=\"widget\" data-widget_type=\"text-editor.default\">\n\t\t\t\t<div class=\"elementor-widget-container\">\n\t\t\t\t\t\t\t\t\t<p>Grup\u0119 utworzyli\u015bmy w roku 2001. Od 2003 dzia\u0142a w sta\u0142ym\u00a0 sk\u0142adzie z\u0142o\u017conym z 6 sta\u0142ych cz\u0142onk\u00f3w i wielu innych wykonawc\u00f3w go\u015bcinnych, z kt\u00f3rymi czasami tworzymy rozbudowane sk\u0142ady. Grali\u015bmy przez lata z ok. 50 muzykami \u2013 solistami z wielu kraj\u00f3w \u015bwiata oraz z kilkoma innymi zespo\u0142ami, w tym orkiestrowymi. Grupa nale\u017cy do najbardziej aktywnych zespo\u0142\u00f3w intuicyjnych w Polsce i Europie \u015arodkowej.<br \/><br \/>Dzia\u0142alno\u015b\u0107 Kawaler\u00f3w \u0142\u0105czy tradycj\u0119, ow\u0105 intuicyjno\u015b\u0107 z tradycj\u0105 freejazzow\u0105 i komponowaniem. Dlatego w grupie spotykaj\u0105 si\u0119 specjali\u015bci od kszta\u0142towania przestrzeni muzycznej: graj\u0105cy kompozytorzy, improwizatorzy i inni trudni do zakwalifikowania gatunkowego muzycy, nazwijmy ich: alternatywni. W sta\u0142y sk\u0142ad grupy wchodz\u0105: Jerzy Kornowicz \u2013 fortepian, Krzysztof Knittel \u2013 instrumenty elektroniczne, Tadeusz Wielecki \u2013 kontrabas, Tadeusz Sudnik \u2013 groovebox, Ryszard Latecki \u2013 tr\u0105bka, Mieczys\u0142aw Litwi\u0144ski \u2013 \u015bpiew, instrumenty dawne i ludowe.<br \/><br \/>Wyst\u0119pujemy wielu krajach Europy. W miejscach nietypowych (\u0142\u0105ki i lasy, brzegi rzek, place), jak i salach koncertowych, festiwalach takich jak: Warszawska Jesie\u0144, Chopin i jego Europa, Musica Polonica Nova, Ad Libitum, Kody, w ostatnich latach w Bukareszcie, Lwowie, Moskwie, Berlinie, Mi\u0144sku, czy Brukseli. Cz\u0142onkowie Grupy od roku 2004 prowadz\u0105 coroczny <em>Og\u00f3lnopolski Skup D\u017awi\u0119k\u00f3w Nowych i U\u017cywanych<\/em> \u2013 warsztaty dla entuzjast\u00f3w improwizacji i komponowania na \u017cywo. Ka\u017cdy z cz\u0142onk\u00f3w grupy prowadzi tak\u017ce swoj\u0105 indywidualn\u0105 aktywno\u015b\u0107 tw\u00f3rcz\u0105, ka\u017cdy robi to w spos\u00f3b wyrazisty i od lat publicznie rozpoznany.<br \/><br \/>Radosne granie improwizowane nie jest domen\u0105 Grupy, cho\u0107 stanowi bazowy sk\u0142adnik jej techniki muzycznej. Zajmujemy si\u0119 czym\u015b w rodzaju hermeneutyki muzycznej. Prezentujemy swoiste rozprawy d\u017awi\u0119kowe na r\u00f3\u017cne tematy \u2013 teatr idei. Jeste\u015bmy wra\u017cliwi na antropologiczny rys stawianych problem\u00f3w.\u00a0 Podejmujemy swoiste wyprawy kulturowe, czy te\u017c przeprowadzamy studia nad r\u00f3\u017cnymi zjawiskami muzycznymi i kulturowymi. Wyra\u017camy swoje my\u015bli poprzez kompozycje realizowane z wykorzystaniem improwizacji, tym niemniej r\u00f3\u017cne kluczowe elementy naszych wypowiedzi muzycznych s\u0105 zdefiniowane.<br \/>Dla przyk\u0142adu: zajmowali\u015bmy si\u0119 fenomenem muzyki Chopina (<em>Archipelag Chopin<\/em>), piosenki popularnej (<em>\u015apiewnik kawaleryjski<\/em>), to\u017csamo\u015bci r\u00f3\u017cnych europejskich miast (<em>Sonosfera \u2013 Metropolie i Mity<\/em>), to\u017csamo\u015bci pogranicza polsko-ukrai\u0144skiego i polsko-bia\u0142oruskiego (<em>Sen o Podlasiu<\/em>), natur\u0105 tr\u00f3jdzielnego rytmu mazurka \u2013 polskiego ta\u0144ca ludowego (<em>Prosto z pieca<\/em>), relacjami pomi\u0119dzy muzyk\u0105 tradycyjn\u0105 a wsp\u00f3\u0142czesn\u0105 improwizacj\u0105 (<em>Sceny z bezkresu<\/em>),<br \/>eksploracj\u0105 wsp\u00f3lnych kom\u00f3rek rytmicznych muzyki ludowej i naszej improwizacji (<em>Ziarna<\/em>). Jedno z naszych przedsi\u0119wzi\u0119\u0107 polega\u0142o na nieomal orkiestrowej, bo 20 osobowej improwizacji do wykresu formy utworu <em>Livre pour Orchestre<\/em> Witolda\u00a0 Lutos\u0142awskiego. Rzecz by\u0142a o uniwersalno\u015bci doskona\u0142ej formy zamkni\u0119tej. Sprawdzali\u015bmy, jak ta forma sprawdza si\u0119 z innymi \u015bwiatami d\u017awi\u0119kowymi \u2013 innymi ni\u017c d\u017awi\u0119ki Lutos\u0142awskiego.<\/p><p>Wykonywali\u015bmy przez lata ok. 30 r\u00f3\u017cnych program\u00f3w koncertowych. Grupa nagra\u0142a razem z Zespo\u0142em Europejskiej Szko\u0142y \u015apiewu Tradycyjnego p\u0142yt\u0119 <em>Sceny z bezkresu<\/em> wyprodukowan\u0105 przez O\u015brodek Mi\u0119dzykulturowych Inicjatyw Tw\u00f3rczych \u201eRozdro\u017ca\u201d w Lublinie. P\u0142yta zosta\u0142a wydana w roku 2012.<br \/><br \/><em>Jerzy Kornowicz<\/em><\/p><p><br \/><em><strong>Archipelag Witkacy<\/strong><\/em> sk\u0142ada si\u0119 z siedmiu faz, z kt\u00f3rych trzy stanowi\u0105 cz\u0119\u015bci zasadnicze, za\u015b cztery stanowi\u0105 preludium, dwa interludia i postludium <br \/>o charakterze refrenowym. Stanowi inter-medialny traktat odnosz\u0105cy si\u0119 do tw\u00f3rczo\u015bci wielkiego artysty i wizjonera Stanis\u0142awa Ignacego Witkiewicza, jednej z najwa\u017cniejszych postaci pierwszej polskiej i europejskiej awangardy. Cz\u0119\u015bci g\u0142\u00f3wne odnosz\u0105 si\u0119 do trzech rewolucji ewokowanych przez Stanis\u0142awa Ignacego Witkiewicza w jego ostatnim uko\u0144czonym w 1934 r. dramacie Szewcy: rewolucji faszystowskiej, socjalistycznej i technokratycznej. Pozosta\u0142e cztery cz\u0119\u015bci maj\u0105 charakter refrenowy, za inspiracj\u0119 do nich s\u0142u\u017cy s\u0142ynny Witkacego <em>Portret wielokrotny<\/em> powsta\u0142y pomi\u0119dzy rokiem 2014 a 2018. W utworze wykorzystane s\u0105 tak\u017ce wybrane s\u0142owa \u2013 klucze z dramatu Witkacego m\u00f3wione przez muzyk\u00f3w i wydobywane z sampler\u00f3w oraz obrazy i fotografie autorstwa Witkacego projektowane przez rzutniki obrazu.<br \/><br \/>Wizje Witkacego dotycz\u0105 spo\u0142ecznych formacji, kt\u00f3re odbieraj\u0105 cz\u0142owiekowi jego wolno\u015b\u0107 czyni\u0105c go trybikiem w machinie pa\u0144stwa (rewolucja faszystowska), dominuj\u0105cej grupy spo\u0142ecznej (rewolucja socjalistyczna) czy technokratycznego wyzysku (rewolucja technologiczna jako narz\u0119dzie autorytaryzmu). Wszystkie s\u0105 formacjami zdehumanizowanymi. Wszystkie ewokacje wyra\u017caj\u0105 sprzeciw Witkacego wobec system\u00f3w spo\u0142ecznych limituj\u0105cych cz\u0142owieka w jego prze\u017cywaniu \u015bwiata, stanowi\u0105 wo\u0142anie o \u017cycie pe\u0142ne, z otwarto\u015bci\u0105 poznawcz\u0105 i konstytuuj\u0105cym cz\u0142owieka prze\u017cyciem metafizycznym. Przywo\u0142ywanie <em>Portretu wielokrotnego<\/em> stanowi wyraz splotu kilku osobowo\u015bci \u2013 warstw psychologicznych obecnych w konstrukcji wewn\u0119trznej cz\u0142owieka, kilku r\u00f3wnoczesnych poziom\u00f3w zanurzenia w \u015bwiecie. Daje wyraz niejednoznaczno\u015bci poznawczej, tajemnicy istotno\u015bci, kt\u00f3rej tylko dotykamy powierzchownie. <br \/><br \/>Z kolei aspekt formalny utworu odnosi si\u0119 do Witkiewiczowskiej \u201eczystej formy\u201d. Inter-medialny utw\u00f3r Archipelag Witkacy by\u0142 dotychczas wykonany m.in. na festiwalach muzyki wsp\u00f3\u0142czesnej Kontrasty we Lwowie (2018), Meridian w Bukareszcie (2018) i NEXT w Bratys\u0142awie (2019).<br \/><br \/><em>Jerzy Kornowicz<\/em><\/p><p>\u00a0<\/p>\t\t\t\t\t\t\t\t<\/div>\n\t\t\t\t<\/div>\n\t\t\t\t\t<\/div>\n\t\t<\/div>\n\t\t\t\t\t<\/div>\n\t\t<\/section>\n\t\t\t\t<\/div>\n\t\t","protected":false},"excerpt":{"rendered":"<p>Kawalerowie B\u0142otni fot. Mariusz Widery\u0144ski Grup\u0119 utworzyli\u015bmy w roku 2001. Od 2003 dzia\u0142a w sta\u0142ym&nbsp; sk\u0142adzie z\u0142o\u017conym z 6 sta\u0142ych cz\u0142onk\u00f3w i wielu innych wykonawc\u00f3w&hellip;<\/p>\n","protected":false},"author":1,"featured_media":0,"parent":0,"menu_order":0,"comment_status":"closed","ping_status":"closed","template":"","meta":{"footnotes":""},"class_list":["post-6368","page","type-page","status-publish","hentry"],"_links":{"self":[{"href":"https:\/\/wsm.art.pl\/index.php?rest_route=\/wp\/v2\/pages\/6368","targetHints":{"allow":["GET"]}}],"collection":[{"href":"https:\/\/wsm.art.pl\/index.php?rest_route=\/wp\/v2\/pages"}],"about":[{"href":"https:\/\/wsm.art.pl\/index.php?rest_route=\/wp\/v2\/types\/page"}],"author":[{"embeddable":true,"href":"https:\/\/wsm.art.pl\/index.php?rest_route=\/wp\/v2\/users\/1"}],"replies":[{"embeddable":true,"href":"https:\/\/wsm.art.pl\/index.php?rest_route=%2Fwp%2Fv2%2Fcomments&post=6368"}],"version-history":[{"count":11,"href":"https:\/\/wsm.art.pl\/index.php?rest_route=\/wp\/v2\/pages\/6368\/revisions"}],"predecessor-version":[{"id":7903,"href":"https:\/\/wsm.art.pl\/index.php?rest_route=\/wp\/v2\/pages\/6368\/revisions\/7903"}],"wp:attachment":[{"href":"https:\/\/wsm.art.pl\/index.php?rest_route=%2Fwp%2Fv2%2Fmedia&parent=6368"}],"curies":[{"name":"wp","href":"https:\/\/api.w.org\/{rel}","templated":true}]}}