{"id":6354,"date":"2022-05-09T08:42:09","date_gmt":"2022-05-09T08:42:09","guid":{"rendered":"https:\/\/wsm.art.pl\/?page_id=6354"},"modified":"2022-05-15T18:25:41","modified_gmt":"2022-05-15T18:25:41","slug":"sniady-marta","status":"publish","type":"page","link":"https:\/\/wsm.art.pl\/?page_id=6354","title":{"rendered":"\u015aNIADY Marta"},"content":{"rendered":"\t\t<div data-elementor-type=\"wp-page\" data-elementor-id=\"6354\" class=\"elementor elementor-6354\">\n\t\t\t\t\t\t<section class=\"elementor-section elementor-top-section elementor-element elementor-element-24110ddb elementor-section-boxed elementor-section-height-default elementor-section-height-default\" data-id=\"24110ddb\" data-element_type=\"section\">\n\t\t\t\t\t\t<div class=\"elementor-container elementor-column-gap-default\">\n\t\t\t\t\t<div class=\"elementor-column elementor-col-100 elementor-top-column elementor-element elementor-element-54220d03\" data-id=\"54220d03\" data-element_type=\"column\">\n\t\t\t<div class=\"elementor-widget-wrap elementor-element-populated\">\n\t\t\t\t\t\t<div class=\"elementor-element elementor-element-214fb19e elementor-widget elementor-widget-heading\" data-id=\"214fb19e\" data-element_type=\"widget\" data-widget_type=\"heading.default\">\n\t\t\t\t<div class=\"elementor-widget-container\">\n\t\t\t\t\t<h2 class=\"elementor-heading-title elementor-size-default\">Marta \u015aniady<\/h2>\t\t\t\t<\/div>\n\t\t\t\t<\/div>\n\t\t\t\t\t<\/div>\n\t\t<\/div>\n\t\t\t\t\t<\/div>\n\t\t<\/section>\n\t\t\t\t<section class=\"elementor-section elementor-top-section elementor-element elementor-element-208796d2 elementor-section-boxed elementor-section-height-default elementor-section-height-default\" data-id=\"208796d2\" data-element_type=\"section\">\n\t\t\t\t\t\t<div class=\"elementor-container elementor-column-gap-default\">\n\t\t\t\t\t<div class=\"elementor-column elementor-col-50 elementor-top-column elementor-element elementor-element-2998c263\" data-id=\"2998c263\" data-element_type=\"column\">\n\t\t\t<div class=\"elementor-widget-wrap elementor-element-populated\">\n\t\t\t\t\t\t<div class=\"elementor-element elementor-element-4f2be069 elementor-widget elementor-widget-image\" data-id=\"4f2be069\" data-element_type=\"widget\" data-widget_type=\"image.default\">\n\t\t\t\t<div class=\"elementor-widget-container\">\n\t\t\t\t\t\t\t\t\t\t\t\t<figure class=\"wp-caption\">\n\t\t\t\t\t\t\t\t\t\t<img fetchpriority=\"high\" decoding=\"async\" width=\"1400\" height=\"934\" src=\"https:\/\/wsm.art.pl\/wp-content\/uploads\/2022\/05\/Marta-Sniady-fot.-Bartek-Sadowski-1.jpg\" class=\"attachment-full size-full wp-image-7000\" alt=\"\" srcset=\"https:\/\/wsm.art.pl\/wp-content\/uploads\/2022\/05\/Marta-Sniady-fot.-Bartek-Sadowski-1.jpg 1400w, https:\/\/wsm.art.pl\/wp-content\/uploads\/2022\/05\/Marta-Sniady-fot.-Bartek-Sadowski-1-300x200.jpg 300w, https:\/\/wsm.art.pl\/wp-content\/uploads\/2022\/05\/Marta-Sniady-fot.-Bartek-Sadowski-1-1024x683.jpg 1024w, https:\/\/wsm.art.pl\/wp-content\/uploads\/2022\/05\/Marta-Sniady-fot.-Bartek-Sadowski-1-768x512.jpg 768w\" sizes=\"(max-width: 1400px) 100vw, 1400px\" \/>\t\t\t\t\t\t\t\t\t\t\t<figcaption class=\"widget-image-caption wp-caption-text\">fot. Bartek Sadowski<\/figcaption>\n\t\t\t\t\t\t\t\t\t\t<\/figure>\n\t\t\t\t\t\t\t\t\t<\/div>\n\t\t\t\t<\/div>\n\t\t\t\t\t<\/div>\n\t\t<\/div>\n\t\t\t\t<div class=\"elementor-column elementor-col-50 elementor-top-column elementor-element elementor-element-22045959\" data-id=\"22045959\" data-element_type=\"column\">\n\t\t\t<div class=\"elementor-widget-wrap elementor-element-populated\">\n\t\t\t\t\t\t<div class=\"elementor-element elementor-element-20a87065 elementor-widget elementor-widget-text-editor\" data-id=\"20a87065\" data-element_type=\"widget\" data-widget_type=\"text-editor.default\">\n\t\t\t\t<div class=\"elementor-widget-container\">\n\t\t\t\t\t\t\t\t\t<p>Kompozytorka urodzona w 1986 roku w Pabianicach, obecnie mieszka <br \/>we Wroc\u0142awiu. Uko\u0144czy\u0142a z wyr\u00f3\u017cnieniem Akademi\u0119 Muzyczn\u0105 <br \/>im. G. i K. Bacewicz\u00f3w w \u0141odzi, w klasie prof. Bronis\u0142awa Kazimierza Przybylskiego (2010). Przez dwa lata kszta\u0142ci\u0142a si\u0119 w ramach Podyplomowych Studi\u00f3w Muzyki Filmowej, Komputerowej i Tw\u00f3rczo\u015bci Audiowizualnej w \u0141odzi, a w 2019 uko\u0144czy\u0142a studia podyplomowe w The Royal Academy of Music w Aarhus (Dania) w klasie Simona Steen-Andersena i Nielsa R\u00f8nsholdta.<\/p><p>Jej utwory by\u0142y prezentowane w Polsce, Francji, Niemczech, Hiszpanii, Szwecji <br \/>i Danii, podczas takich festiwali jak Mi\u0119dzynarodowy Festiwal Muzyki Wsp\u00f3\u0142czesnej \u201eWarszawska Jesie\u0144\u201d, Musica Electronica Nova, Frau Musica (Nova), Sacrum Profanum, Pulsar, Klang, RAMA, Musica Estranha i Percussion Plus. Wsp\u00f3\u0142pracowa\u0142a z takimi zespo\u0142ami jak: Kwartludium, EllettroVoce, Sp\u00f3\u0142dzielnia Muzyczna, Orkiestra Muzyki Nowej, Ensemble Garage, Njyd, Hashtag Ensemble <br \/>oraz Duo van Vliet.<\/p><p>Jest autork\u0105 muzyki instrumentalnej, scenicznej, elektroakustycznej. Obecnie zajmuje si\u0119 przede wszystkim muzyk\u0105 audio-video.<\/p><p>W 2013 roku zdoby\u0142a I nagrod\u0119 na XI Og\u00f3lnopolskim Konkursie Kompozytorskim <br \/>im. Tadeusza Ochlewskiego w Krakowie. W 2016 roku Polskie Radio zg\u0142osi\u0142o kompozycj\u0119<em> aer<\/em> na klarnet\/klarnet basowy i orkiestr\u0119 na 63. Mi\u0119dzynarodow\u0105 Trybun\u0119 Kompozytor\u00f3w. W 2017 roku zosta\u0142a stypendystk\u0105 programu Ministerstwa Kultury i Dziedzictwa Narodowego w Polsce.<\/p><p>W 2015 roku obroni\u0142a doktorat w zakresie kompozycji w Akademii Muzycznej <br \/>w \u0141odzi, gdzie obecnie pracuje na stanowisku adiunkta.<\/p>\t\t\t\t\t\t\t\t<\/div>\n\t\t\t\t<\/div>\n\t\t\t\t\t<\/div>\n\t\t<\/div>\n\t\t\t\t\t<\/div>\n\t\t<\/section>\n\t\t\t\t<\/div>\n\t\t","protected":false},"excerpt":{"rendered":"<p>Marta \u015aniady fot. Bartek Sadowski Kompozytorka urodzona w 1986 roku w Pabianicach, obecnie mieszka we Wroc\u0142awiu. Uko\u0144czy\u0142a z wyr\u00f3\u017cnieniem Akademi\u0119 Muzyczn\u0105 im. G. i K.&hellip;<\/p>\n","protected":false},"author":1,"featured_media":0,"parent":0,"menu_order":0,"comment_status":"closed","ping_status":"closed","template":"","meta":{"footnotes":""},"class_list":["post-6354","page","type-page","status-publish","hentry"],"_links":{"self":[{"href":"https:\/\/wsm.art.pl\/index.php?rest_route=\/wp\/v2\/pages\/6354","targetHints":{"allow":["GET"]}}],"collection":[{"href":"https:\/\/wsm.art.pl\/index.php?rest_route=\/wp\/v2\/pages"}],"about":[{"href":"https:\/\/wsm.art.pl\/index.php?rest_route=\/wp\/v2\/types\/page"}],"author":[{"embeddable":true,"href":"https:\/\/wsm.art.pl\/index.php?rest_route=\/wp\/v2\/users\/1"}],"replies":[{"embeddable":true,"href":"https:\/\/wsm.art.pl\/index.php?rest_route=%2Fwp%2Fv2%2Fcomments&post=6354"}],"version-history":[{"count":8,"href":"https:\/\/wsm.art.pl\/index.php?rest_route=\/wp\/v2\/pages\/6354\/revisions"}],"predecessor-version":[{"id":7943,"href":"https:\/\/wsm.art.pl\/index.php?rest_route=\/wp\/v2\/pages\/6354\/revisions\/7943"}],"wp:attachment":[{"href":"https:\/\/wsm.art.pl\/index.php?rest_route=%2Fwp%2Fv2%2Fmedia&parent=6354"}],"curies":[{"name":"wp","href":"https:\/\/api.w.org\/{rel}","templated":true}]}}