{"id":6352,"date":"2022-05-09T08:42:06","date_gmt":"2022-05-09T08:42:06","guid":{"rendered":"https:\/\/wsm.art.pl\/?page_id=6352"},"modified":"2022-05-15T18:25:05","modified_gmt":"2022-05-15T18:25:05","slug":"slowinski-krzysztof","status":"publish","type":"page","link":"https:\/\/wsm.art.pl\/?page_id=6352","title":{"rendered":"S\u0141OWI\u0143SKI Krzysztof"},"content":{"rendered":"\t\t<div data-elementor-type=\"wp-page\" data-elementor-id=\"6352\" class=\"elementor elementor-6352\">\n\t\t\t\t\t\t<section class=\"elementor-section elementor-top-section elementor-element elementor-element-24110ddb elementor-section-boxed elementor-section-height-default elementor-section-height-default\" data-id=\"24110ddb\" data-element_type=\"section\">\n\t\t\t\t\t\t<div class=\"elementor-container elementor-column-gap-default\">\n\t\t\t\t\t<div class=\"elementor-column elementor-col-100 elementor-top-column elementor-element elementor-element-54220d03\" data-id=\"54220d03\" data-element_type=\"column\">\n\t\t\t<div class=\"elementor-widget-wrap elementor-element-populated\">\n\t\t\t\t\t\t<div class=\"elementor-element elementor-element-214fb19e elementor-widget elementor-widget-heading\" data-id=\"214fb19e\" data-element_type=\"widget\" data-widget_type=\"heading.default\">\n\t\t\t\t<div class=\"elementor-widget-container\">\n\t\t\t\t\t<h2 class=\"elementor-heading-title elementor-size-default\">Krzysztof S\u0142owi\u0144ski<\/h2>\t\t\t\t<\/div>\n\t\t\t\t<\/div>\n\t\t\t\t\t<\/div>\n\t\t<\/div>\n\t\t\t\t\t<\/div>\n\t\t<\/section>\n\t\t\t\t<section class=\"elementor-section elementor-top-section elementor-element elementor-element-208796d2 elementor-section-boxed elementor-section-height-default elementor-section-height-default\" data-id=\"208796d2\" data-element_type=\"section\">\n\t\t\t\t\t\t<div class=\"elementor-container elementor-column-gap-default\">\n\t\t\t\t\t<div class=\"elementor-column elementor-col-50 elementor-top-column elementor-element elementor-element-2998c263\" data-id=\"2998c263\" data-element_type=\"column\">\n\t\t\t<div class=\"elementor-widget-wrap elementor-element-populated\">\n\t\t\t\t\t\t<div class=\"elementor-element elementor-element-4f2be069 elementor-widget elementor-widget-image\" data-id=\"4f2be069\" data-element_type=\"widget\" data-widget_type=\"image.default\">\n\t\t\t\t<div class=\"elementor-widget-container\">\n\t\t\t\t\t\t\t\t\t\t\t\t<figure class=\"wp-caption\">\n\t\t\t\t\t\t\t\t\t\t<img fetchpriority=\"high\" decoding=\"async\" width=\"1120\" height=\"1400\" src=\"https:\/\/wsm.art.pl\/wp-content\/uploads\/2022\/05\/Krzysztof-Slowinski-small-fot.-Mariusz-Widerynski.jpg\" class=\"attachment-full size-full wp-image-6996\" alt=\"\" srcset=\"https:\/\/wsm.art.pl\/wp-content\/uploads\/2022\/05\/Krzysztof-Slowinski-small-fot.-Mariusz-Widerynski.jpg 1120w, https:\/\/wsm.art.pl\/wp-content\/uploads\/2022\/05\/Krzysztof-Slowinski-small-fot.-Mariusz-Widerynski-240x300.jpg 240w, https:\/\/wsm.art.pl\/wp-content\/uploads\/2022\/05\/Krzysztof-Slowinski-small-fot.-Mariusz-Widerynski-819x1024.jpg 819w, https:\/\/wsm.art.pl\/wp-content\/uploads\/2022\/05\/Krzysztof-Slowinski-small-fot.-Mariusz-Widerynski-768x960.jpg 768w\" sizes=\"(max-width: 1120px) 100vw, 1120px\" \/>\t\t\t\t\t\t\t\t\t\t\t<figcaption class=\"widget-image-caption wp-caption-text\">fot. Mariusz Widery\u0144ski<\/figcaption>\n\t\t\t\t\t\t\t\t\t\t<\/figure>\n\t\t\t\t\t\t\t\t\t<\/div>\n\t\t\t\t<\/div>\n\t\t\t\t\t<\/div>\n\t\t<\/div>\n\t\t\t\t<div class=\"elementor-column elementor-col-50 elementor-top-column elementor-element elementor-element-22045959\" data-id=\"22045959\" data-element_type=\"column\">\n\t\t\t<div class=\"elementor-widget-wrap elementor-element-populated\">\n\t\t\t\t\t\t<div class=\"elementor-element elementor-element-20a87065 elementor-widget elementor-widget-text-editor\" data-id=\"20a87065\" data-element_type=\"widget\" data-widget_type=\"text-editor.default\">\n\t\t\t\t<div class=\"elementor-widget-container\">\n\t\t\t\t\t\t\t\t\t<p>Urodzony w 1954 roku w Poznaniu w rodzinie muzyk\u00f3w. Po uko\u0144czeniu <br \/>z wyr\u00f3\u017cnieniem studi\u00f3w pianistycznych w Akademii Muzycznej w Warszawie, <br \/>w klasie prof. Jana Ekiera, kontynuowa\u0142 studia jako stypendysta Fundacji Ko\u015bciuszkowskiej w Indiana Univesity School of Musik w Bloomington (USA) u prof. Gy\u00f6rgy Seboka.<\/p><p>Po powrocie do kraju podj\u0105\u0142 dzia\u0142alno\u015b\u0107 koncertow\u0105 oraz dokona\u0142 licznych nagra\u0144 radiowych dla Polskiego Radia, Radia France i Radia Belgrad oraz p\u0142ytowej rejestracji koncert\u00f3w fortepianowych W.A. Mozarta z Polsk\u0105 Orkiestr\u0105 Kameraln\u0105 pod dyr. Jerzego Maksymiuka.<\/p><p>W latach 1979-1982 studiowa\u0142 dyrygentur\u0119 w Hochschule f\u00fcr Musik w Kolonii u prof. Volkera Wangenheima. Od pocz\u0105tku lat 80-tych dzia\u0142a\u0142 jako dyrygent w niemieckich teatrach operowych, m.in. w Dortmundzie, Ulm, Regensburgu, Altenburgu &amp; Gerze, Trewirze (w dw\u00f3ch ostatnich jako pierwszy dyrygent), wyst\u0119puj\u0105c go\u015bcinnie m.in. <br \/>w teatrach w Hannowerze, Brunszwiku, Berlinie, Mannheim i Kaiserslautern.<\/p><p>W sezonie 1999\/2000 obj\u0105\u0142 stanowisko dyrektora muzycznego Teatru Wielkiego <br \/>w Poznaniu, gdzie wystawi\u0142 m.in. <em>Madama Butterfly<\/em> G. Pucciniego i <em>Parsifal<\/em>a <br \/>R. Wagnera. W latach 2000\u20132003 by\u0142 dyrektorem artystycznym Opery Ba\u0142tyckiej <br \/>w Gda\u0144sku w kt\u00f3rej zrealizowa\u0142 m.in. polsk\u0105 premier\u0119 <em>Luisy Miller<\/em> G. Verdiego), <br \/>a w latach 2004-2006 pierwszym dyrygentem opery Altenburg\/Gera w Turyngii <br \/>w Niemczech.<\/p><p>Posiada niezwykle obszerny repertuar operowy (ponad 60 pozycji) oraz symfoniczny. Wsp\u00f3\u0142pracowa\u0142 z wieloma polskimi orkiestrami, m.in. NOSPR, Sinfonia Varsovia, Polska Orkiestra Radiowa, Orkiestra Kameralna Filharmonii Narodowej, Sinfonia Iuventus oraz z takimi artystami, jak Ivan Monighetti, Konstanty Andrzej Kulka, Alvaro Pierri, Jonas Kaufmann, Adam Makowicz, \u0141ukasz D\u0142ugosz, <br \/>The Rascher Quartett.<\/p><p>Jako dyrygent by\u0142 przez wiele lat go\u015bciem festiwalu Warszawskie Spotkania Muzyczne. Od 2018 roku powr\u00f3ci\u0142 do swych dawnych zainteresowa\u0144 kompozycj\u0105, czego owocem jest m.in. wykonywana w tym roku <em>Sinfonitta assortita.<\/em><\/p>\t\t\t\t\t\t\t\t<\/div>\n\t\t\t\t<\/div>\n\t\t\t\t\t<\/div>\n\t\t<\/div>\n\t\t\t\t\t<\/div>\n\t\t<\/section>\n\t\t\t\t<\/div>\n\t\t","protected":false},"excerpt":{"rendered":"<p>Krzysztof S\u0142owi\u0144ski fot. Mariusz Widery\u0144ski Urodzony w 1954 roku w Poznaniu w rodzinie muzyk\u00f3w. Po uko\u0144czeniu z wyr\u00f3\u017cnieniem studi\u00f3w pianistycznych w Akademii Muzycznej w Warszawie,&hellip;<\/p>\n","protected":false},"author":1,"featured_media":0,"parent":0,"menu_order":0,"comment_status":"closed","ping_status":"closed","template":"","meta":{"footnotes":""},"class_list":["post-6352","page","type-page","status-publish","hentry"],"_links":{"self":[{"href":"https:\/\/wsm.art.pl\/index.php?rest_route=\/wp\/v2\/pages\/6352","targetHints":{"allow":["GET"]}}],"collection":[{"href":"https:\/\/wsm.art.pl\/index.php?rest_route=\/wp\/v2\/pages"}],"about":[{"href":"https:\/\/wsm.art.pl\/index.php?rest_route=\/wp\/v2\/types\/page"}],"author":[{"embeddable":true,"href":"https:\/\/wsm.art.pl\/index.php?rest_route=\/wp\/v2\/users\/1"}],"replies":[{"embeddable":true,"href":"https:\/\/wsm.art.pl\/index.php?rest_route=%2Fwp%2Fv2%2Fcomments&post=6352"}],"version-history":[{"count":8,"href":"https:\/\/wsm.art.pl\/index.php?rest_route=\/wp\/v2\/pages\/6352\/revisions"}],"predecessor-version":[{"id":7941,"href":"https:\/\/wsm.art.pl\/index.php?rest_route=\/wp\/v2\/pages\/6352\/revisions\/7941"}],"wp:attachment":[{"href":"https:\/\/wsm.art.pl\/index.php?rest_route=%2Fwp%2Fv2%2Fmedia&parent=6352"}],"curies":[{"name":"wp","href":"https:\/\/api.w.org\/{rel}","templated":true}]}}