{"id":6330,"date":"2022-05-09T08:38:29","date_gmt":"2022-05-09T08:38:29","guid":{"rendered":"https:\/\/wsm.art.pl\/?page_id=6330"},"modified":"2022-05-15T18:17:38","modified_gmt":"2022-05-15T18:17:38","slug":"kordaczuk-jaroslaw","status":"publish","type":"page","link":"https:\/\/wsm.art.pl\/?page_id=6330","title":{"rendered":"KORDACZUK Jaros\u0142aw"},"content":{"rendered":"\t\t<div data-elementor-type=\"wp-page\" data-elementor-id=\"6330\" class=\"elementor elementor-6330\">\n\t\t\t\t\t\t<section class=\"elementor-section elementor-top-section elementor-element elementor-element-24110ddb elementor-section-boxed elementor-section-height-default elementor-section-height-default\" data-id=\"24110ddb\" data-element_type=\"section\">\n\t\t\t\t\t\t<div class=\"elementor-container elementor-column-gap-default\">\n\t\t\t\t\t<div class=\"elementor-column elementor-col-100 elementor-top-column elementor-element elementor-element-54220d03\" data-id=\"54220d03\" data-element_type=\"column\">\n\t\t\t<div class=\"elementor-widget-wrap elementor-element-populated\">\n\t\t\t\t\t\t<div class=\"elementor-element elementor-element-214fb19e elementor-widget elementor-widget-heading\" data-id=\"214fb19e\" data-element_type=\"widget\" data-widget_type=\"heading.default\">\n\t\t\t\t<div class=\"elementor-widget-container\">\n\t\t\t\t\t<h2 class=\"elementor-heading-title elementor-size-default\">Jarek Kordaczuk<\/h2>\t\t\t\t<\/div>\n\t\t\t\t<\/div>\n\t\t\t\t\t<\/div>\n\t\t<\/div>\n\t\t\t\t\t<\/div>\n\t\t<\/section>\n\t\t\t\t<section class=\"elementor-section elementor-top-section elementor-element elementor-element-208796d2 elementor-section-boxed elementor-section-height-default elementor-section-height-default\" data-id=\"208796d2\" data-element_type=\"section\">\n\t\t\t\t\t\t<div class=\"elementor-container elementor-column-gap-default\">\n\t\t\t\t\t<div class=\"elementor-column elementor-col-50 elementor-top-column elementor-element elementor-element-2998c263\" data-id=\"2998c263\" data-element_type=\"column\">\n\t\t\t<div class=\"elementor-widget-wrap elementor-element-populated\">\n\t\t\t\t\t\t<div class=\"elementor-element elementor-element-4f2be069 elementor-widget elementor-widget-image\" data-id=\"4f2be069\" data-element_type=\"widget\" data-widget_type=\"image.default\">\n\t\t\t\t<div class=\"elementor-widget-container\">\n\t\t\t\t\t\t\t\t\t\t\t\t<figure class=\"wp-caption\">\n\t\t\t\t\t\t\t\t\t\t<img fetchpriority=\"high\" decoding=\"async\" width=\"664\" height=\"1000\" src=\"https:\/\/wsm.art.pl\/wp-content\/uploads\/2022\/05\/Jarek-Kordaczuk.jpg\" class=\"attachment-full size-full wp-image-6713\" alt=\"\" srcset=\"https:\/\/wsm.art.pl\/wp-content\/uploads\/2022\/05\/Jarek-Kordaczuk.jpg 664w, https:\/\/wsm.art.pl\/wp-content\/uploads\/2022\/05\/Jarek-Kordaczuk-199x300.jpg 199w\" sizes=\"(max-width: 664px) 100vw, 664px\" \/>\t\t\t\t\t\t\t\t\t\t\t<figcaption class=\"widget-image-caption wp-caption-text\">fot. Centrum Sztuki Dziecka w Poznaniu<\/figcaption>\n\t\t\t\t\t\t\t\t\t\t<\/figure>\n\t\t\t\t\t\t\t\t\t<\/div>\n\t\t\t\t<\/div>\n\t\t\t\t\t<\/div>\n\t\t<\/div>\n\t\t\t\t<div class=\"elementor-column elementor-col-50 elementor-top-column elementor-element elementor-element-22045959\" data-id=\"22045959\" data-element_type=\"column\">\n\t\t\t<div class=\"elementor-widget-wrap elementor-element-populated\">\n\t\t\t\t\t\t<div class=\"elementor-element elementor-element-20a87065 elementor-widget elementor-widget-text-editor\" data-id=\"20a87065\" data-element_type=\"widget\" data-widget_type=\"text-editor.default\">\n\t\t\t\t<div class=\"elementor-widget-container\">\n\t\t\t\t\t\t\t\t\t<p>Kompozytor, artysta d\u017awi\u0119ku; ur. 18 sierpnia 1967 w Biskupcu. Kordaczuk w swojej tw\u00f3rczo\u015bci ch\u0119tnie \u0142\u0105czy akustyczny i elektroakustyczny aparat wykonawczy. <br \/>W szczeg\u00f3lno\u015bci kreowanie d\u017awi\u0119ku \u201ena \u017cywo\u201d zdaje si\u0119 pozostawa\u0107 najbli\u017cej centrum jego upodoba\u0144 kompozytorskich w tym aspekcie. Sam uczestniczy cz\u0119sto <br \/>w wykonywaniu swoich utwor\u00f3w czy to jako dyrygent, czy jako wykonawca np. partii monoctone \u2013 oryginalnego instrumentu elektroakustycznego, kt\u00f3rego jest konstruktorem. Bardzo wa\u017cnym utworem jest w tym kontek\u015bcie<em> Strumenti della Passione<\/em> na zesp\u00f3\u0142 instrument\u00f3w dawnych, solist\u00f3w, perkusj\u0119 i elektronik\u0119 \u2013 rodzaj wsp\u00f3\u0142czesnej pasji pisanej na zam\u00f3wienie orkiestry barokowej Arte dei Suonatori (Zam\u00f3wienie Kompozytorskie MKiDN).<\/p><p>Jest niew\u0105tpliwie jednym z najpr\u0119\u017cniej dzia\u0142aj\u0105cych polskich kompozytor\u00f3w <br \/>w domenie tw\u00f3rczo\u015bci dla dzieci. Autor poka\u017anej liczby kompozycji wprowadzaj\u0105cych dzieci w \u015bwiat muzyki wsp\u00f3\u0142czesnej, z czego du\u017ca cz\u0119\u015b\u0107 <br \/>na zam\u00f3wienie Centrum Sztuki Dziecka w Poznaniu. Za utw\u00f3r <em>Titelitury<\/em> do ba\u015bni Braci Grimm kompozytor otrzyma\u0142 I nagrod\u0119 na Mi\u0119dzynarodowym Konkursie Kompozytorskim im. Murraya Schafera.<\/p><p>Tw\u00f3rca szeregu utwor\u00f3w interaktywnych. Projekt performatywny oparty <br \/>na sensorach Kt\u00f3r\u0119dy do d\u017awi\u0119ku stworzony na zam\u00f3wienie Centrum Sztuki Dziecka w Poznaniu mia\u0142 ju\u017c blisko 100 realizacji na terenie ca\u0142ego kraju <br \/>i za granic\u0105. Na uwag\u0119 zas\u0142uguj\u0105 tak\u017ce dwa projekty realizowane na zam\u00f3wienie Filharmonii Gorzowskiej: <em>Ksi\u0119ga ba\u0142aganu<\/em> (dzieci), <em>Ksi\u0119ga emocji<\/em> (m\u0142odzie\u017c) oraz <em>Generator X<\/em> i <em>Generator Y<\/em> na zam\u00f3wienie Filharmonii w Szczecinie. Kordaczuk jest te\u017c autorem unikatowego <em>Koncertu fortepianowego<\/em> dla dzieci oraz opery <em>Gwiezdnik<\/em> poruszaj\u0105cej trudny dla dzieci temat odchodzenia bliskich.<\/p><p>W 2020 roku, jw ramach stypendium Ministra MKiDN, stworzy\u0142 projekt <br \/><em>Chromatofon<\/em> \u2013 warsztaty koloru i d\u017awi\u0119ku oparte na prototypowym instrumencie przetwarzaj\u0105cym kolory RGB na sygna\u0142y MIDI. W 2021 roku w ramach projektu <em>Dotykanie d\u017awi\u0119ku<\/em> opracowa\u0142 system obiekt\u00f3w dr\u017c\u0105cych, w kt\u00f3rych d\u017awi\u0119k jest wyzwalany i \u201es\u0142yszany\u201d dotykiem. Umo\u017cliwia to wykonanie cyklu 3 utwor\u00f3w Kordaczuka pod tym samym tytu\u0142em przez osoby nies\u0142ysz\u0105ce.<\/p><p>Wi\u0119cej informacji: <a href=\"http:\/\/jarekkordaczuk.pl\/\">http:\/\/jarekkordaczuk.pl\/<\/a><\/p><p><em><strong><br \/>Kt\u00f3r\u0119dy do d\u017awi\u0119ku? <\/strong><\/em>&#8211; instalacja d\u017awi\u0119kowa dla dzieci, warsztaty tworzenia muzyki ruchem i gestem<\/p>\t\t\t\t\t\t\t\t<\/div>\n\t\t\t\t<\/div>\n\t\t\t\t\t<\/div>\n\t\t<\/div>\n\t\t\t\t\t<\/div>\n\t\t<\/section>\n\t\t\t\t<\/div>\n\t\t","protected":false},"excerpt":{"rendered":"<p>Jarek Kordaczuk fot. Centrum Sztuki Dziecka w Poznaniu Kompozytor, artysta d\u017awi\u0119ku; ur. 18 sierpnia 1967 w Biskupcu. Kordaczuk w swojej tw\u00f3rczo\u015bci ch\u0119tnie \u0142\u0105czy akustyczny i&hellip;<\/p>\n","protected":false},"author":1,"featured_media":0,"parent":0,"menu_order":0,"comment_status":"closed","ping_status":"closed","template":"","meta":{"footnotes":""},"class_list":["post-6330","page","type-page","status-publish","hentry"],"_links":{"self":[{"href":"https:\/\/wsm.art.pl\/index.php?rest_route=\/wp\/v2\/pages\/6330","targetHints":{"allow":["GET"]}}],"collection":[{"href":"https:\/\/wsm.art.pl\/index.php?rest_route=\/wp\/v2\/pages"}],"about":[{"href":"https:\/\/wsm.art.pl\/index.php?rest_route=\/wp\/v2\/types\/page"}],"author":[{"embeddable":true,"href":"https:\/\/wsm.art.pl\/index.php?rest_route=\/wp\/v2\/users\/1"}],"replies":[{"embeddable":true,"href":"https:\/\/wsm.art.pl\/index.php?rest_route=%2Fwp%2Fv2%2Fcomments&post=6330"}],"version-history":[{"count":26,"href":"https:\/\/wsm.art.pl\/index.php?rest_route=\/wp\/v2\/pages\/6330\/revisions"}],"predecessor-version":[{"id":7909,"href":"https:\/\/wsm.art.pl\/index.php?rest_route=\/wp\/v2\/pages\/6330\/revisions\/7909"}],"wp:attachment":[{"href":"https:\/\/wsm.art.pl\/index.php?rest_route=%2Fwp%2Fv2%2Fmedia&parent=6330"}],"curies":[{"name":"wp","href":"https:\/\/api.w.org\/{rel}","templated":true}]}}