{"id":6327,"date":"2022-05-09T08:38:20","date_gmt":"2022-05-09T08:38:20","guid":{"rendered":"https:\/\/wsm.art.pl\/?page_id=6327"},"modified":"2022-05-15T18:14:38","modified_gmt":"2022-05-15T18:14:38","slug":"janiak-rafal","status":"publish","type":"page","link":"https:\/\/wsm.art.pl\/?page_id=6327","title":{"rendered":"JANIAK Rafa\u0142"},"content":{"rendered":"\t\t<div data-elementor-type=\"wp-page\" data-elementor-id=\"6327\" class=\"elementor elementor-6327\">\n\t\t\t\t\t\t<section class=\"elementor-section elementor-top-section elementor-element elementor-element-24110ddb elementor-section-boxed elementor-section-height-default elementor-section-height-default\" data-id=\"24110ddb\" data-element_type=\"section\">\n\t\t\t\t\t\t<div class=\"elementor-container elementor-column-gap-default\">\n\t\t\t\t\t<div class=\"elementor-column elementor-col-100 elementor-top-column elementor-element elementor-element-54220d03\" data-id=\"54220d03\" data-element_type=\"column\">\n\t\t\t<div class=\"elementor-widget-wrap elementor-element-populated\">\n\t\t\t\t\t\t<div class=\"elementor-element elementor-element-214fb19e elementor-widget elementor-widget-heading\" data-id=\"214fb19e\" data-element_type=\"widget\" data-widget_type=\"heading.default\">\n\t\t\t\t<div class=\"elementor-widget-container\">\n\t\t\t\t\t<h2 class=\"elementor-heading-title elementor-size-default\">Rafa\u0142 Janiak<\/h2>\t\t\t\t<\/div>\n\t\t\t\t<\/div>\n\t\t\t\t\t<\/div>\n\t\t<\/div>\n\t\t\t\t\t<\/div>\n\t\t<\/section>\n\t\t\t\t<section class=\"elementor-section elementor-top-section elementor-element elementor-element-208796d2 elementor-section-boxed elementor-section-height-default elementor-section-height-default\" data-id=\"208796d2\" data-element_type=\"section\">\n\t\t\t\t\t\t<div class=\"elementor-container elementor-column-gap-default\">\n\t\t\t\t\t<div class=\"elementor-column elementor-col-50 elementor-top-column elementor-element elementor-element-2998c263\" data-id=\"2998c263\" data-element_type=\"column\">\n\t\t\t<div class=\"elementor-widget-wrap elementor-element-populated\">\n\t\t\t\t\t\t<div class=\"elementor-element elementor-element-4f2be069 elementor-widget elementor-widget-image\" data-id=\"4f2be069\" data-element_type=\"widget\" data-widget_type=\"image.default\">\n\t\t\t\t<div class=\"elementor-widget-container\">\n\t\t\t\t\t\t\t\t\t\t\t\t<figure class=\"wp-caption\">\n\t\t\t\t\t\t\t\t\t\t<img fetchpriority=\"high\" decoding=\"async\" width=\"1166\" height=\"1500\" src=\"https:\/\/wsm.art.pl\/wp-content\/uploads\/2022\/05\/Rafal-Janiak.jpg\" class=\"attachment-full size-full wp-image-6465\" alt=\"\" srcset=\"https:\/\/wsm.art.pl\/wp-content\/uploads\/2022\/05\/Rafal-Janiak.jpg 1166w, https:\/\/wsm.art.pl\/wp-content\/uploads\/2022\/05\/Rafal-Janiak-233x300.jpg 233w, https:\/\/wsm.art.pl\/wp-content\/uploads\/2022\/05\/Rafal-Janiak-796x1024.jpg 796w, https:\/\/wsm.art.pl\/wp-content\/uploads\/2022\/05\/Rafal-Janiak-768x988.jpg 768w\" sizes=\"(max-width: 1166px) 100vw, 1166px\" \/>\t\t\t\t\t\t\t\t\t\t\t<figcaption class=\"widget-image-caption wp-caption-text\">fot. mat. w\u0142asne<\/figcaption>\n\t\t\t\t\t\t\t\t\t\t<\/figure>\n\t\t\t\t\t\t\t\t\t<\/div>\n\t\t\t\t<\/div>\n\t\t\t\t\t<\/div>\n\t\t<\/div>\n\t\t\t\t<div class=\"elementor-column elementor-col-50 elementor-top-column elementor-element elementor-element-22045959\" data-id=\"22045959\" data-element_type=\"column\">\n\t\t\t<div class=\"elementor-widget-wrap elementor-element-populated\">\n\t\t\t\t\t\t<div class=\"elementor-element elementor-element-20a87065 elementor-widget elementor-widget-text-editor\" data-id=\"20a87065\" data-element_type=\"widget\" data-widget_type=\"text-editor.default\">\n\t\t\t\t<div class=\"elementor-widget-container\">\n\t\t\t\t\t\t\t\t\t<p>Kompozytor, dyrygent i pedagog. Uko\u0144czy\u0142 z wyr\u00f3\u017cnieniem studia kompozytorskie <br \/>w klasie prof. Stanis\u0142awa Moryto (2010), a tak\u017ce studia dyrygenckie pod kierunkiem prof. Antoniego Wita (2011) na UMFC w Warszawie. Jest doktorem habilitowanym sztuk muzycznych.<br \/><br \/>W swoim dorobku posiada wiele wa\u017cnych nagr\u00f3d zdobytych w konkursach og\u00f3lnopolskich i mi\u0119dzynarodowych w tym m.in. I nagrod\u0119 I Konkursu Kompozytorskiego im. Jana Paw\u0142a II w Warszawie (2007), III nagrod\u0119 IV Mi\u0119dzynarodowego Konkursu Kompozytorskiego Musica Sacra w Cz\u0119stochowie (2008), wyr\u00f3\u017cnienie na 51. Og\u00f3lnopolskim Konkursie M\u0142odych Kompozytor\u00f3w im. Tadeusza Bairda w Warszawie (2010), a tak\u017ce Grand Prix przyznane jednog\u0142o\u015bnie przez jury pod przewodnictwem prof. Krzysztofa Pendereckiego w konkursie na napisanie opery organizowanym przez Teatr Wielki w \u0141odzi. Dodatkowo zdoby\u0142 r\u00f3wnie\u017c laur nagrody publiczno\u015bci. Premiera opery <em>Cz\u0142owiek z Manufaktury<\/em> odby\u0142a si\u0119 w lutym 2019, a jej wersja plenerowa w maju 2019 na rynku \u0141\u00f3dzkich W\u0142\u00f3kniarek by\u0142a wydarzeniem bez precedensu. Kompozycje Rafa\u0142a Janiaka wykonywane by\u0142y przez takie zespo\u0142y jak Narodowa Orkiestra Symfoniczna Polskiego Radia w Katowicach, Orkiestra Polskiego Radia w Warszawie, Orkiestra Filharmonii Narodowej i Krakowskiej, czy Polska Filharmonia Kameralna Sopot.<\/p><p>Jako dyrygent Rafa\u0142 Janiak regularnie koncertowa\u0142 z wi\u0119kszo\u015bci\u0105 polskich orkiestr m.in. Filharmonii Narodowej czy NOSPR. Prowadzi\u0142 przedstawienia operowe <br \/>w Teatrze Wielkim w Warszawie, \u0141odzi, Operze Ba\u0142tyckiej czy w Warszawskiej Operze Kameralnej. W sezonie 2012\/13 by\u0142 asystentem Antoniego Wita, a w sezonie 2013\/14 Jacka Kaspszyka w Filharmonii Narodowej. Od 2017 roku jest kierownikiem artystycznym nowopowsta\u0142ej Chopin University Chamber Orchestra, <br \/>z kt\u00f3r\u0105 odnosi wiele znacz\u0105cych sukces\u00f3w. Aktualnie pracuje na stanowisku adiunkta na swojej macierzystej uczelni pe\u0142ni\u0105c funkcj\u0119 dziekana Wydzia\u0142u Dyrygentury Symfoniczno-Operowej UMFC.<\/p><p><strong><em>Sonata Mysteria Luminosa<\/em><\/strong> jest pr\u00f3b\u0105 uzupe\u0142nienia Biberowskiego cyklu <em>Sonat R\u00f3\u017ca\u0144cowych<\/em> o dodane przez Jana Paw\u0142a II Tajemnice \u015awiat\u0142a. Nowa kompozycja nie operuje j\u0119zykiem barokowego kompozytora \u2013 stanowi wsp\u00f3\u0142czesn\u0105 pr\u00f3b\u0119 kontemplacji muzycznej. Wsp\u00f3lnym elementem staje si\u0119 jedynie u\u017cyte barokowe instrumentarium.<\/p><p>Kompozycja powsta\u0142a z inicjatywy p. Agaty Sapiechy. Zam\u00f3wienie zosta\u0142o sfinansowane przez Fundusz Popierania Tw\u00f3rczo\u015bci ZAIKS.<br \/><br \/><em>Rafa\u0142 Janiak<\/em><\/p>\t\t\t\t\t\t\t\t<\/div>\n\t\t\t\t<\/div>\n\t\t\t\t\t<\/div>\n\t\t<\/div>\n\t\t\t\t\t<\/div>\n\t\t<\/section>\n\t\t\t\t<\/div>\n\t\t","protected":false},"excerpt":{"rendered":"<p>Rafa\u0142 Janiak fot. mat. w\u0142asne Kompozytor, dyrygent i pedagog. Uko\u0144czy\u0142 z wyr\u00f3\u017cnieniem studia kompozytorskie w klasie prof. Stanis\u0142awa Moryto (2010), a tak\u017ce studia dyrygenckie pod&hellip;<\/p>\n","protected":false},"author":1,"featured_media":0,"parent":0,"menu_order":0,"comment_status":"closed","ping_status":"closed","template":"","meta":{"footnotes":""},"class_list":["post-6327","page","type-page","status-publish","hentry"],"_links":{"self":[{"href":"https:\/\/wsm.art.pl\/index.php?rest_route=\/wp\/v2\/pages\/6327","targetHints":{"allow":["GET"]}}],"collection":[{"href":"https:\/\/wsm.art.pl\/index.php?rest_route=\/wp\/v2\/pages"}],"about":[{"href":"https:\/\/wsm.art.pl\/index.php?rest_route=\/wp\/v2\/types\/page"}],"author":[{"embeddable":true,"href":"https:\/\/wsm.art.pl\/index.php?rest_route=\/wp\/v2\/users\/1"}],"replies":[{"embeddable":true,"href":"https:\/\/wsm.art.pl\/index.php?rest_route=%2Fwp%2Fv2%2Fcomments&post=6327"}],"version-history":[{"count":11,"href":"https:\/\/wsm.art.pl\/index.php?rest_route=\/wp\/v2\/pages\/6327\/revisions"}],"predecessor-version":[{"id":7899,"href":"https:\/\/wsm.art.pl\/index.php?rest_route=\/wp\/v2\/pages\/6327\/revisions\/7899"}],"wp:attachment":[{"href":"https:\/\/wsm.art.pl\/index.php?rest_route=%2Fwp%2Fv2%2Fmedia&parent=6327"}],"curies":[{"name":"wp","href":"https:\/\/api.w.org\/{rel}","templated":true}]}}