{"id":4757,"date":"2021-05-08T22:42:30","date_gmt":"2021-05-08T22:42:30","guid":{"rendered":"https:\/\/wsm.art.pl\/?page_id=4757"},"modified":"2021-05-10T01:10:30","modified_gmt":"2021-05-10T01:10:30","slug":"mikolaj-zielenski","status":"publish","type":"page","link":"https:\/\/wsm.art.pl\/?page_id=4757","title":{"rendered":"Miko\u0142aj Ziele\u0144ski"},"content":{"rendered":"\t\t<div data-elementor-type=\"wp-page\" data-elementor-id=\"4757\" class=\"elementor elementor-4757\">\n\t\t\t\t\t\t<section class=\"elementor-section elementor-top-section elementor-element elementor-element-24110ddb elementor-section-boxed elementor-section-height-default elementor-section-height-default\" data-id=\"24110ddb\" data-element_type=\"section\">\n\t\t\t\t\t\t<div class=\"elementor-container elementor-column-gap-default\">\n\t\t\t\t\t<div class=\"elementor-column elementor-col-100 elementor-top-column elementor-element elementor-element-54220d03\" data-id=\"54220d03\" data-element_type=\"column\">\n\t\t\t<div class=\"elementor-widget-wrap elementor-element-populated\">\n\t\t\t\t\t\t<div class=\"elementor-element elementor-element-214fb19e elementor-widget elementor-widget-heading\" data-id=\"214fb19e\" data-element_type=\"widget\" data-widget_type=\"heading.default\">\n\t\t\t\t<div class=\"elementor-widget-container\">\n\t\t\t\t\t<h2 class=\"elementor-heading-title elementor-size-default\">Miko\u0142aj Ziele\u0144ski<\/h2>\t\t\t\t<\/div>\n\t\t\t\t<\/div>\n\t\t\t\t\t<\/div>\n\t\t<\/div>\n\t\t\t\t\t<\/div>\n\t\t<\/section>\n\t\t\t\t<section class=\"elementor-section elementor-top-section elementor-element elementor-element-208796d2 elementor-section-boxed elementor-section-height-default elementor-section-height-default\" data-id=\"208796d2\" data-element_type=\"section\">\n\t\t\t\t\t\t<div class=\"elementor-container elementor-column-gap-default\">\n\t\t\t\t\t<div class=\"elementor-column elementor-col-50 elementor-top-column elementor-element elementor-element-2998c263\" data-id=\"2998c263\" data-element_type=\"column\">\n\t\t\t<div class=\"elementor-widget-wrap elementor-element-populated\">\n\t\t\t\t\t\t<div class=\"elementor-element elementor-element-4f2be069 elementor-widget elementor-widget-image\" data-id=\"4f2be069\" data-element_type=\"widget\" data-widget_type=\"image.default\">\n\t\t\t\t<div class=\"elementor-widget-container\">\n\t\t\t\t\t\t\t\t\t\t\t\t<figure class=\"wp-caption\">\n\t\t\t\t\t\t\t\t\t\t<img fetchpriority=\"high\" decoding=\"async\" width=\"768\" height=\"980\" src=\"https:\/\/wsm.art.pl\/wp-content\/uploads\/2021\/05\/diagonali_3_malinowski-lite-768x980.jpg\" class=\"attachment-medium_large size-medium_large wp-image-4760\" alt=\"\" srcset=\"https:\/\/wsm.art.pl\/wp-content\/uploads\/2021\/05\/diagonali_3_malinowski-lite-768x980.jpg 768w, https:\/\/wsm.art.pl\/wp-content\/uploads\/2021\/05\/diagonali_3_malinowski-lite-235x300.jpg 235w, https:\/\/wsm.art.pl\/wp-content\/uploads\/2021\/05\/diagonali_3_malinowski-lite-802x1024.jpg 802w, https:\/\/wsm.art.pl\/wp-content\/uploads\/2021\/05\/diagonali_3_malinowski-lite.jpg 940w\" sizes=\"(max-width: 768px) 100vw, 768px\" \/>\t\t\t\t\t\t\t\t\t\t\t<figcaption class=\"widget-image-caption wp-caption-text\"><\/figcaption>\n\t\t\t\t\t\t\t\t\t\t<\/figure>\n\t\t\t\t\t\t\t\t\t<\/div>\n\t\t\t\t<\/div>\n\t\t\t\t\t<\/div>\n\t\t<\/div>\n\t\t\t\t<div class=\"elementor-column elementor-col-50 elementor-top-column elementor-element elementor-element-22045959\" data-id=\"22045959\" data-element_type=\"column\">\n\t\t\t<div class=\"elementor-widget-wrap elementor-element-populated\">\n\t\t\t\t\t\t<div class=\"elementor-element elementor-element-20a87065 elementor-widget elementor-widget-text-editor\" data-id=\"20a87065\" data-element_type=\"widget\" data-widget_type=\"text-editor.default\">\n\t\t\t\t<div class=\"elementor-widget-container\">\n\t\t\t\t\t\t\t\t\t<p>Posiadamy bardzo sk\u0105pe wiadomo\u015bci o jego \u017cyciu. By\u0142 dyrygentem i organist\u0105 kapeli prymasa Wojciecha Baranowskiego w \u0141owiczu i pozostawa\u0142 na tych stanowiskach zapewne do \u015bmierci prymasa w 1615. W 1611 w Wenecji u Jacopo Vincentiego wyda\u0142 swoje kompozycje, przeznaczone na ca\u0142y rok ko\u015bcielny w obszernym, dwucz\u0119\u015bciowym dziele \u2013 I. &#8222;Offertoria totius anni\u2026&#8221; i II. &#8222;Communiones totius anni\u2026&#8221; oraz w formie partytury na organy.<\/p><p>Jedyny znany pe\u0142ny egzemplarz dzie\u0142a Ziele\u0144skiego znajdowa\u0142 si\u0119 do ok. 1865 w bibliotece ko\u015bcio\u0142a \u015bw. Bernardyna we Wroc\u0142awiu, nast\u0119pnie do 1939 w Bibliotece Miejskiej we Wroc\u0142awiu. Podczas II wojny \u015bwiatowej zosta\u0142 zdekompletowany. Obecnie niekt\u00f3re ksi\u0119gi g\u0142osowe znajduj\u0105 si\u0119 w Bibliotece Uniwersyteckiej we Wroc\u0142awiu, jedna ksi\u0119ga g\u0142osowa w Bibliotece Jagiello\u0144skiej w Krakowie, partytura na organy w Bibliotece Czartoryskich w Krakowie.<\/p><p>wi\u0119cej na <a href=\"https:\/\/culture.pl\/pl\/tworca\/mikolaj-zielenski\"><strong>www.culture.pl<\/strong><\/a><\/p>\t\t\t\t\t\t\t\t<\/div>\n\t\t\t\t<\/div>\n\t\t\t\t\t<\/div>\n\t\t<\/div>\n\t\t\t\t\t<\/div>\n\t\t<\/section>\n\t\t\t\t<\/div>\n\t\t","protected":false},"excerpt":{"rendered":"<p>Miko\u0142aj Ziele\u0144ski Posiadamy bardzo sk\u0105pe wiadomo\u015bci o jego \u017cyciu. By\u0142 dyrygentem i organist\u0105 kapeli prymasa Wojciecha Baranowskiego w \u0141owiczu i pozostawa\u0142 na tych stanowiskach zapewne&hellip;<\/p>\n","protected":false},"author":1,"featured_media":0,"parent":0,"menu_order":0,"comment_status":"closed","ping_status":"closed","template":"","meta":{"footnotes":""},"class_list":["post-4757","page","type-page","status-publish","hentry"],"_links":{"self":[{"href":"https:\/\/wsm.art.pl\/index.php?rest_route=\/wp\/v2\/pages\/4757","targetHints":{"allow":["GET"]}}],"collection":[{"href":"https:\/\/wsm.art.pl\/index.php?rest_route=\/wp\/v2\/pages"}],"about":[{"href":"https:\/\/wsm.art.pl\/index.php?rest_route=\/wp\/v2\/types\/page"}],"author":[{"embeddable":true,"href":"https:\/\/wsm.art.pl\/index.php?rest_route=\/wp\/v2\/users\/1"}],"replies":[{"embeddable":true,"href":"https:\/\/wsm.art.pl\/index.php?rest_route=%2Fwp%2Fv2%2Fcomments&post=4757"}],"version-history":[{"count":11,"href":"https:\/\/wsm.art.pl\/index.php?rest_route=\/wp\/v2\/pages\/4757\/revisions"}],"predecessor-version":[{"id":5137,"href":"https:\/\/wsm.art.pl\/index.php?rest_route=\/wp\/v2\/pages\/4757\/revisions\/5137"}],"wp:attachment":[{"href":"https:\/\/wsm.art.pl\/index.php?rest_route=%2Fwp%2Fv2%2Fmedia&parent=4757"}],"curies":[{"name":"wp","href":"https:\/\/api.w.org\/{rel}","templated":true}]}}