{"id":21,"date":"2021-03-22T12:06:59","date_gmt":"2021-03-22T12:06:59","guid":{"rendered":"https:\/\/wsm2.ptmw.art.pl\/?page_id=21"},"modified":"2022-10-18T01:13:22","modified_gmt":"2022-10-18T01:13:22","slug":"program","status":"publish","type":"page","link":"https:\/\/wsm.art.pl\/?page_id=21","title":{"rendered":"Program 2021"},"content":{"rendered":"\t\t<div data-elementor-type=\"wp-page\" data-elementor-id=\"21\" class=\"elementor elementor-21\">\n\t\t\t\t\t\t<section class=\"elementor-section elementor-top-section elementor-element elementor-element-725a404 elementor-section-boxed elementor-section-height-default elementor-section-height-default\" data-id=\"725a404\" data-element_type=\"section\">\n\t\t\t\t\t\t<div class=\"elementor-container elementor-column-gap-default\">\n\t\t\t\t\t<div class=\"elementor-column elementor-col-50 elementor-top-column elementor-element elementor-element-dc213fa\" data-id=\"dc213fa\" data-element_type=\"column\">\n\t\t\t<div class=\"elementor-widget-wrap elementor-element-populated\">\n\t\t\t\t\t\t<div class=\"elementor-element elementor-element-e62a844 elementor-widget elementor-widget-image\" data-id=\"e62a844\" data-element_type=\"widget\" data-widget_type=\"image.default\">\n\t\t\t\t<div class=\"elementor-widget-container\">\n\t\t\t\t\t\t\t\t\t\t\t\t\t\t\t<img decoding=\"async\" width=\"300\" height=\"75\" src=\"https:\/\/wsm.art.pl\/wp-content\/uploads\/2021\/04\/16.04-paski-big-stronka-wsm-01-1-300x75.png\" class=\"attachment-medium size-medium wp-image-1678\" alt=\"\" srcset=\"https:\/\/wsm.art.pl\/wp-content\/uploads\/2021\/04\/16.04-paski-big-stronka-wsm-01-1-300x75.png 300w, https:\/\/wsm.art.pl\/wp-content\/uploads\/2021\/04\/16.04-paski-big-stronka-wsm-01-1-1024x257.png 1024w, https:\/\/wsm.art.pl\/wp-content\/uploads\/2021\/04\/16.04-paski-big-stronka-wsm-01-1-768x193.png 768w, https:\/\/wsm.art.pl\/wp-content\/uploads\/2021\/04\/16.04-paski-big-stronka-wsm-01-1-1536x386.png 1536w, https:\/\/wsm.art.pl\/wp-content\/uploads\/2021\/04\/16.04-paski-big-stronka-wsm-01-1-2048x515.png 2048w\" sizes=\"(max-width: 300px) 100vw, 300px\" \/>\t\t\t\t\t\t\t\t\t\t\t\t\t\t\t<\/div>\n\t\t\t\t<\/div>\n\t\t\t\t\t<\/div>\n\t\t<\/div>\n\t\t\t\t<div class=\"elementor-column elementor-col-50 elementor-top-column elementor-element elementor-element-9cad865\" data-id=\"9cad865\" data-element_type=\"column\">\n\t\t\t<div class=\"elementor-widget-wrap elementor-element-populated\">\n\t\t\t\t\t\t<div class=\"elementor-element elementor-element-082a6ae elementor-align-justify elementor-widget elementor-widget-button\" data-id=\"082a6ae\" data-element_type=\"widget\" data-widget_type=\"button.default\">\n\t\t\t\t<div class=\"elementor-widget-container\">\n\t\t\t\t\t\t\t\t\t<div class=\"elementor-button-wrapper\">\n\t\t\t\t\t<a class=\"elementor-button elementor-button-link elementor-size-md\" href=\"https:\/\/wsm.art.pl\/wp-content\/uploads\/2021\/05\/35.WSM-Program-A4.pdf\" target=\"_blank\">\n\t\t\t\t\t\t<span class=\"elementor-button-content-wrapper\">\n\t\t\t\t\t\t<span class=\"elementor-button-icon\">\n\t\t\t\t<i aria-hidden=\"true\" class=\"far fa-file-pdf\"><\/i>\t\t\t<\/span>\n\t\t\t\t\t\t\t\t\t<span class=\"elementor-button-text\">Ksi\u0105\u017cka Programowa 2021 do pobrania w PDF<\/span>\n\t\t\t\t\t<\/span>\n\t\t\t\t\t<\/a>\n\t\t\t\t<\/div>\n\t\t\t\t\t\t\t\t<\/div>\n\t\t\t\t<\/div>\n\t\t\t\t\t<\/div>\n\t\t<\/div>\n\t\t\t\t\t<\/div>\n\t\t<\/section>\n\t\t\t\t<section class=\"elementor-section elementor-top-section elementor-element elementor-element-5ddba75 elementor-section-boxed elementor-section-height-default elementor-section-height-default\" data-id=\"5ddba75\" data-element_type=\"section\">\n\t\t\t\t\t\t<div class=\"elementor-container elementor-column-gap-default\">\n\t\t\t\t\t<div class=\"elementor-column elementor-col-50 elementor-top-column elementor-element elementor-element-97a9e9c\" data-id=\"97a9e9c\" data-element_type=\"column\">\n\t\t\t<div class=\"elementor-widget-wrap elementor-element-populated\">\n\t\t\t\t\t\t<div class=\"elementor-element elementor-element-6b96483 elementor-widget elementor-widget-text-editor\" data-id=\"6b96483\" data-element_type=\"widget\" data-widget_type=\"text-editor.default\">\n\t\t\t\t<div class=\"elementor-widget-container\">\n\t\t\t\t\t\t\t\t\t<p><span style=\"color: #000000;\"><strong><span style=\"color: #800080;\"><span style=\"text-decoration: underline;\">pi\u0105tek 7 maja godz. 19:00<\/span><br \/>Uniwersytet Muzyczny Fryderyka Chopina<\/span><\/strong><span style=\"color: #800080;\">\u00a0<\/span>(brak mo\u017cliwo\u015bci wej\u015bcia)<br \/><span style=\"color: #800080;\">wirtualny koncert immersyjny 360\u00b0<\/span><br \/><\/span><a href=\"https:\/\/youtu.be\/Jz1Z72JLTnU\" target=\"_blank\" rel=\"noopener\"><span style=\"color: #ff0000;\"><strong>transmisja<\/strong><\/span><\/a><\/p><p><span style=\"color: #000000;\"><strong>Hob-beats Percussion Group<\/strong> w sk\u0142adzie:<\/span><br \/><span style=\"color: #000000;\"><strong>Mateusz Bednarczyk<\/strong><\/span><br \/><span style=\"color: #000000;\"><strong>Jan Gralla<\/strong><\/span><br \/><span style=\"color: #000000;\"><strong>Gabriel Jasiorowski<\/strong><\/span><br \/><span style=\"color: #000000;\"><strong>Magdalena Kordylasi\u0144ska-P\u0119kala<\/strong><\/span><br \/><span style=\"color: #000000;\"><strong>Mi\u0142osz P\u0119kala<\/strong> &#8211; kierownictwo muzyczne<\/span><br \/><span style=\"color: #000000;\"><strong>Jakub Radwa\u0144ski<\/strong><\/span><br \/><span style=\"color: #000000;\"><strong>Bart\u0142omiej Sutt<\/strong><\/span><br \/><span style=\"color: #000000;\"><strong>Adam \u015awistulski<\/strong><\/span><br \/><span style=\"color: #000000;\"><strong>Marianna Zagrodzka<\/strong><\/span><\/p><p><span style=\"color: #000000;\"><strong>Agata Pankowska<\/strong> &#8211; choreografia, wykonanie<\/span><\/p><p>re\u017cyseria d\u017awi\u0119ku i obrazu:<br \/><strong>Przemys\u0142aw Danowski<\/strong><br \/><strong>Kajetan Zakrzewski<\/strong><br \/>realizacja d\u017awi\u0119ku:<br \/><strong>Piotr \u0141osiak<\/strong><\/p><p><span style=\"text-decoration: underline;\"><span style=\"color: #000000; text-decoration: underline;\">w programie:<\/span><\/span><\/p><p><strong><span style=\"color: #000000;\">Zbigniew Penherski<\/span><\/strong><span style=\"color: #000000;\"> (1935-2019)<\/span><br \/><span style=\"color: #000000;\"><em>Incantationi I<\/em> dla 6 perkusist\u00f3w (1972)<\/span><br \/><strong><span style=\"color: #000000;\">Andrzej Jakuszew<\/span><\/strong><br \/><span style=\"color: #000000;\"><em>H.C.A.B. 847<\/em> dla 4 perkusist\u00f3w (2020)<\/span><br \/><strong><span style=\"color: #000000;\">Zbigniew Bargielski<\/span><\/strong><br \/><span style=\"color: #000000;\"><em>Hierofania I<\/em> dla 5 perkusist\u00f3w (1996)<\/span><span style=\"color: #000000;\"><br \/><strong>Krzysztof Kicior<\/strong><br \/><em>m\u00e9tensomatose<\/em> na 4 perkusje (2021)*<br \/><\/span><strong><span style=\"color: #000000;\">Marian Borkowski<\/span><\/strong><br \/><span style=\"color: #000000;\"><em>Dynamics II<\/em> na 6 perkusist\u00f3w (2010)<\/span><\/p><p><span style=\"color: #000000;\"><span style=\"text-decoration: underline;\"><span style=\"color: #800080;\"><strong><br \/>sobota 8 maja godz. 19:00 <\/strong><\/span><\/span><br \/><span style=\"color: #800080;\"><strong>Ko\u015bci\u00f3\u0142 Ewangelicko-Augsburski \u015awi\u0119tej Tr\u00f3jcy<\/strong><\/span> (brak mo\u017cliwo\u015bci wej\u015bcia)<\/span><br \/><a href=\"https:\/\/youtu.be\/9XR_1S23Ylo\" target=\"_blank\" rel=\"noopener\"><strong><span style=\"color: #ff0000;\">transmisja<\/span><\/strong><\/a><\/p><p><span style=\"color: #000000;\"><strong>La Tempesta<\/strong>\u00a0w sk\u0142adzie:<\/span><br \/><span style=\"color: #000000;\"><strong>Jakub Burzy\u0144ski<\/strong> \u2013 kontratenor, kierownictwo artystyczne<\/span><br \/><span style=\"color: #000000;\"><strong>Adam S\u0142awi\u0144ski<\/strong> \u2013 tenor<\/span><br \/><span style=\"color: #000000;\"><strong>Andrzej Marusiak<\/strong> \u2013 tenor<\/span><br \/><span style=\"color: #000000;\"><strong>Martin M. Sobczyk <\/strong>\u2013 baryton<\/span><br \/><span style=\"color: #000000;\"><strong>Roman Wawreczko<\/strong> \u2013 bas<\/span><\/p><p><span style=\"color: #000000;\"><strong>Leszek Lorent<\/strong> \u2013 instrumenty perkusyjne<\/span><\/p><p><span style=\"text-decoration: underline;\"><span style=\"color: #000000; text-decoration: underline;\">w programie:<\/span><\/span><\/p><p><span style=\"color: #000000;\"><strong>Josquin Desprez\u00a0<\/strong>(ok. 1450-1521)<\/span><br \/><span style=\"color: #000000;\"><em>De profundis clamavi<\/em><em><br \/><\/em><strong>Miko\u0142aj Ziele\u0144ski <\/strong>(1560-1620)<\/span><br \/><span style=\"color: #000000;\"><em>In Monte oliveti<\/em><em><br \/><\/em><strong>Carlo Gesualdo da Venosa<\/strong> (1566-1613)<strong><br \/><\/strong><em>Tribularer si nescirem<\/em><\/span><br \/><span style=\"color: #000000;\"><em>Gi\u00e0 piansi nel dolore<\/em><em><br \/>Languisce al fin<br \/>Moro, lasso<br \/>Ancide sol la morte<\/em><\/span><br \/><span style=\"color: #000000;\"><em>Ancor che per amarti<\/em><\/span><br \/><span style=\"color: #000000;\"><em>\u201eMerc\u00e8!\u201d, grido piangendo<br \/><\/em><\/span><\/p><p><span style=\"color: #000000;\">utworom towarzysz\u0105 improwizowane interludia <strong>Leszka Lorenta<\/strong><\/span><\/p><p><span style=\"color: #000000;\"><span style=\"text-decoration: underline;\"><strong><span style=\"color: #800080; text-decoration: underline;\">niedziela 9 maja godz. 18:00<\/span><\/strong><\/span> <br \/><span style=\"color: #800080;\"><strong>S\u0142u\u017cewski Dom Kultury, ul. Jana Sebastiana Bacha 15<\/strong><span style=\"color: #000000;\">\u00a0(brak mo\u017cliwo\u015bci wej\u015bcia)<\/span><\/span><\/span><br \/><a href=\"https:\/\/youtu.be\/BXbzvHPMTQQ\" target=\"_blank\" rel=\"noopener\"><span style=\"color: #ff0000;\"><strong>transmisja<\/strong><\/span><\/a><\/p><p><span style=\"color: #000000;\"><strong>Joanna Freszel<\/strong> \u2013 sopran<\/span><br \/><span style=\"color: #000000;\"><strong>Artur Janda<\/strong> \u2013 bas baryton<\/span><\/p><p><span style=\"color: #000000;\"><strong>Kwartet Polonika<\/strong> w sk\u0142adzie:<\/span><br \/><span style=\"color: #000000;\"><strong>Paulina Kusa<\/strong> \u2013 I skrzypce <\/span><br \/><span style=\"color: #000000;\"><strong>Anna Szali\u0144ska-Zazi\u0119b\u0142o<\/strong> \u2013 II skrzypce <\/span><br \/><span style=\"color: #000000;\"><strong>Magdalena Ma\u0142ecka-Wippich<\/strong> \u2013 alt\u00f3wka <\/span><br \/><span style=\"color: #000000;\"><strong>Krystyna Wi\u015bniewska<\/strong> \u2013 wiolonczela<\/span><\/p><p><span style=\"color: #000000;\"><strong>Magdalena Ma\u0142ecka-Wippich<\/strong> \u2013 re\u017cyseria, libretto i teksty piosenek<br \/><strong>Ma\u0142gorzata Strza\u0142kowska<\/strong> \u2013 teksty piosenek<br \/><strong>Marta Kodeniec<\/strong>\u00a0&#8211; kostiumy<br \/><strong>Anna Seniuk<\/strong> \u2013 konsultacje aktorskie<br \/><\/span><\/p><p><span style=\"text-decoration: underline;\"><span style=\"color: #000000; text-decoration: underline;\">w programie:<\/span><\/span><\/p><p><strong><span style=\"color: #000000;\">Maciej Ma\u0142ecki <\/span><\/strong><br \/><span style=\"color: #000000;\"><em>Operowy zawr\u00f3t g\u0142owy<\/em> \u2013 mini opera dla dzieci (2017)<\/span><\/p><p><span style=\"color: #800080;\"><strong><span style=\"text-decoration: underline;\">poniedzia\u0142ek 10 maja godz. 19:00<\/span> <br \/>PROM Kultury Saska K\u0119pa, ul. Brukselska 23<\/strong><span style=\"color: #000000;\">\u00a0(brak mo\u017cliwo\u015bci wej\u015bcia)<\/span><\/span><br \/><a href=\"https:\/\/youtu.be\/zShh4lJcXjQ\" target=\"_blank\" rel=\"noopener\"><span style=\"color: #ff0000;\"><strong>transmisja<\/strong><\/span><\/a><\/p><p><span style=\"color: #000000;\"><strong>Kuba Soko\u0142owski<\/strong> \u2013 fortepian<\/span><br \/><span style=\"color: #000000;\">z go\u015bcinnym udzia\u0142em <strong>Sz\u00e1bolcsa Eszt\u00e9nyi\u2019ego<\/strong><\/span><\/p><p><span style=\"text-decoration: underline;\"><span style=\"color: #000000; text-decoration: underline;\">w programie:<\/span><\/span><\/p><p><span style=\"color: #000000;\"><strong>Sz\u00e1bolcs Eszt\u00e9nyi<\/strong><br \/><em>Muzyka Kreowana nr 3 in memoriam Tomasz Sikorski<\/em> (1989)<\/span><br \/><span style=\"color: #000000;\"><strong>Jan Gaca<\/strong> <br \/><\/span><em><span style=\"color: #000000;\">5 melodii ludowych: <\/span><\/em><span style=\"color: #000000;\">(lata 40-te XX w.)<\/span><br \/><em><span style=\"color: #000000;\">&#8211; Oberek ci\u0105g\u0142y<\/span><\/em><br \/><em><span style=\"color: #000000;\">&#8211; Od Przysuchy chmura idzie<\/span><\/em><br \/><em><span style=\"color: #000000;\">&#8211; Nie rusz\u0105 koniki drobno<\/span><\/em><br \/><em><span style=\"color: #000000;\">&#8211; Mazurek po Zarasiu <\/span><\/em><br \/><em><span style=\"color: #000000;\">&#8211; Mazurek po Wandzie Osi\u0144skiej <\/span><\/em><br \/><span style=\"color: #000000;\"><strong>Sz\u00e1bolcs Eszt\u00e9nyi<br \/><\/strong><em>Muzyka Kreowana nr 1 in memoriam Andrzej Bie\u017can<\/em> (1987)<\/span><\/p><p><span style=\"color: #800080;\"><strong><span style=\"text-decoration: underline;\"><br \/>wtorek 11 maja godz. 19:00<\/span><br \/>Ko\u015bci\u00f3\u0142 Ewangelicko-Reformowany, al. Solidarno\u015bci 76a<\/strong><span style=\"color: #000000;\">\u00a0(brak mo\u017cliwo\u015bci wej\u015bcia)<\/span><\/span><br \/><a href=\"https:\/\/youtu.be\/9-Xppg1LZeM\" target=\"_blank\" rel=\"noopener\"><span style=\"color: #ff0000;\"><strong>transmisja<\/strong><\/span><\/a><\/p><p><span style=\"color: #000000;\"><strong>Micha\u0142 Markuszewski<\/strong> \u2013 organy<\/span><\/p><p><span style=\"text-decoration: underline;\"><span style=\"color: #000000; text-decoration: underline;\">w programie:<\/span><\/span><\/p><p><span style=\"color: #000000;\"><strong>August Freyer<\/strong> (1801-1883)<\/span><br \/><span style=\"color: #000000;\"><em>Wariacje koncertowe n.t. Lvova<\/em> op. 2<br \/><\/span><span style=\"color: #000000;\"><strong>Feliks R\u0105czkowski<\/strong> (1906-1989)<\/span><br \/><span style=\"color: #ff00ff;\"><span style=\"color: #000000;\"><em>2 Chora\u0142y<\/em> na organy (1945):<\/span><br \/><\/span><span style=\"color: #000000;\"><em>Ach, m\u00f3j Jezu<br \/>Gorzkie \u017cale<\/em><\/span><br \/><span style=\"color: #000000;\"><strong>Tadeusz Machl<\/strong> (1922-2003)<\/span><br \/><span style=\"color: #000000;\"><em>Etiuda nr 5<\/em> (1960)<\/span><br \/><span style=\"color: #000000;\"><strong>Marian Sawa<\/strong> (1937-2005)<\/span><br \/><span style=\"color: #000000;\"><em>Partita \u201eWeso\u0142y nam dzie\u0144 dzi\u015b nasta\u0142\u201d<\/em> (1980)<\/span><br \/><strong><span style=\"color: #000000;\">Pawe\u0142 \u0141ukaszewski<\/span><\/strong><br \/><em><span style=\"color: #000000;\">Souvenire <\/span><\/em><span style=\"color: #000000;\">(1999)<\/span><br \/><strong><span style=\"color: #000000;\">Juliusz \u0141uciuk<\/span><\/strong><span style=\"color: #000000;\"> (1927-2020)<\/span><br \/><em><span style=\"color: #000000;\">Preludia Maryjne <\/span><\/em><span style=\"color: #000000;\">(1982)<\/span><br \/><span style=\"color: #000000;\"><strong>Augustyn Bloch<\/strong> (1929-2006)<\/span><br \/><span style=\"color: #000000;\"><em>Fantasia per Organo<\/em> (1953)<br \/><strong>Micha\u0142 Markuszewski<br \/><\/strong><\/span><em>improwizacja<\/em><\/p><p><span style=\"color: #000000;\"><span style=\"text-decoration: underline;\"><strong><span style=\"color: #800080; text-decoration: underline;\"><br \/>\u015broda 12 maja godz. 19:00<\/span><\/strong><\/span><br \/><strong><span style=\"color: #800080;\">Studio Koncertowe Polskiego Radia im. Witolda Lutos\u0142awskiego<\/span><\/strong> (brak mo\u017cliwo\u015bci wej\u015bcia)<\/span><br \/><a href=\"https:\/\/youtu.be\/J1Fm5zASazc\" target=\"_blank\" rel=\"noopener\"><strong><span style=\"color: #ff0000;\">transmisja<\/span><\/strong><\/a><\/p><p><span style=\"color: #000000;\"><strong>Sikora Piano Duo<\/strong> w sk\u0142adzie:<\/span><br \/><span style=\"color: #000000;\"><strong>Marta W\u00f3jcik-Sikora<\/strong> \u2013 fortepian<\/span><br \/><span style=\"color: #000000;\"><strong>Jakub Sikora<\/strong> \u2013 fortepian<\/span><br \/><strong>Filharmonia Kameralna im. Witolda Lutos\u0142awskiego w \u0141om\u017cy<\/strong><br \/><span style=\"color: #000000;\"><strong>Jan Mi\u0142osz Zarzycki<\/strong> \u2013 dyrygent<\/span><\/p><p><span style=\"color: #000000;\"><strong>Roman Maciejewski<\/strong> (1910-1998)<\/span><br \/><span style=\"color: #000000;\"><em>Ko\u0142ysanka\/Berceuse<\/em> na dwa fortepiany (1938)<\/span><br \/><strong><span style=\"color: #000000;\">Romuald Twardowski<\/span><\/strong><br \/><span style=\"color: #000000;\"><em>Improvvisazione e toccata<\/em> na dwa fortepiany (1974)<\/span><br \/><strong><span style=\"color: #000000;\">Hanna Kulenty<\/span><\/strong><br \/><span style=\"color: #000000;\"><em>Van<\/em> na fortepian na cztery r\u0119ce lub na dwa fortepiany (2014)<\/span><br \/><strong><span style=\"color: #000000;\">Pawe\u0142 \u0141ukaszewski<\/span><\/strong><br \/><span style=\"color: #000000;\"><em>Pearl of wisdom<\/em> na dwa fortepiany (2005)<\/span><br \/><strong><span style=\"color: #000000;\">Aleksander Ko\u015bci\u00f3w<\/span><\/strong><br \/><span style=\"color: #000000;\"><em>Liber figurarum aquae<\/em> na dwa fortepiany (2002)<\/span><br \/><strong><span style=\"color: #000000;\">Marta Ptaszy\u0144ska<\/span><\/strong><br \/><span style=\"color: #000000;\"><em>3 Interludia<\/em> na dwa fortepiany (1969)<\/span><\/p><p><span style=\"color: #000000;\">***<\/span><\/p><p><strong><span style=\"color: #000000;\">W\u0142adys\u0142aw S\u0142owi\u0144ski<br \/><\/span><\/strong><span style=\"color: #000000;\"><em>Jesienna opowie\u015b\u0107<\/em><\/span><span style=\"color: #000000;\"> na kwartet smyczkowy \u2013 wersja na orkiestr\u0119 smyczkow\u0105 (2007\/2020)<\/span><strong><span style=\"color: #000000;\"><br \/>Edward Sielicki<\/span><\/strong><br \/><span style=\"color: #000000;\"><em>Deszcze<\/em> na fortepian na 4 r\u0119ce i orkiestr\u0119 smyczkow\u0105 (2012\/2013) <\/span><br \/><span style=\"color: #000000;\">&#8211; <em>Cherrapungi<\/em><br \/><\/span><span style=\"color: #000000;\">&#8211; <em>Sople lodu<\/em><br \/>&#8211; <em>Europa po deszczu<\/em><br \/>&#8211; <em>Regentag (Deszczowy dzie\u0144)<\/em><br \/>&#8211; <em>Las w deszczu<\/em><\/span><span style=\"color: #000000;\"><br \/><\/span><strong><span style=\"color: #000000;\">S\u0142awomir Czarnecki<\/span><\/strong><br \/><span style=\"color: #000000;\"><em>Narew Concerto<\/em> op. 62 na orkiestr\u0119 smyczkow\u0105 (2019)<\/span><\/p><hr \/><p>* prawykonanie<\/p>\t\t\t\t\t\t\t\t<\/div>\n\t\t\t\t<\/div>\n\t\t\t\t\t<\/div>\n\t\t<\/div>\n\t\t\t\t<div class=\"elementor-column elementor-col-50 elementor-top-column elementor-element elementor-element-68abac7\" data-id=\"68abac7\" data-element_type=\"column\">\n\t\t\t<div class=\"elementor-widget-wrap elementor-element-populated\">\n\t\t\t\t\t\t<div class=\"elementor-element elementor-element-a70368b elementor-align-justify elementor-widget elementor-widget-button\" data-id=\"a70368b\" data-element_type=\"widget\" data-widget_type=\"button.default\">\n\t\t\t\t<div class=\"elementor-widget-container\">\n\t\t\t\t\t\t\t\t\t<div class=\"elementor-button-wrapper\">\n\t\t\t\t\t<a class=\"elementor-button elementor-button-link elementor-size-sm\" href=\"https:\/\/wsm.art.pl\/?page_id=3996\">\n\t\t\t\t\t\t<span class=\"elementor-button-content-wrapper\">\n\t\t\t\t\t\t\t\t\t<span class=\"elementor-button-text\">WSM 2021<\/span>\n\t\t\t\t\t<\/span>\n\t\t\t\t\t<\/a>\n\t\t\t\t<\/div>\n\t\t\t\t\t\t\t\t<\/div>\n\t\t\t\t<\/div>\n\t\t\t\t<div class=\"elementor-element elementor-element-5a72a04 elementor-align-justify elementor-widget elementor-widget-button\" data-id=\"5a72a04\" data-element_type=\"widget\" data-widget_type=\"button.default\">\n\t\t\t\t<div class=\"elementor-widget-container\">\n\t\t\t\t\t\t\t\t\t<div class=\"elementor-button-wrapper\">\n\t\t\t\t\t<a class=\"elementor-button elementor-button-link elementor-size-sm\" href=\"https:\/\/wsm.art.pl\/?page_id=23\">\n\t\t\t\t\t\t<span class=\"elementor-button-content-wrapper\">\n\t\t\t\t\t\t\t\t\t<span class=\"elementor-button-text\">KOMPOZYTORZY 2021<\/span>\n\t\t\t\t\t<\/span>\n\t\t\t\t\t<\/a>\n\t\t\t\t<\/div>\n\t\t\t\t\t\t\t\t<\/div>\n\t\t\t\t<\/div>\n\t\t\t\t<div class=\"elementor-element elementor-element-e0f7062 elementor-align-justify elementor-widget elementor-widget-button\" data-id=\"e0f7062\" data-element_type=\"widget\" data-widget_type=\"button.default\">\n\t\t\t\t<div class=\"elementor-widget-container\">\n\t\t\t\t\t\t\t\t\t<div class=\"elementor-button-wrapper\">\n\t\t\t\t\t<a class=\"elementor-button elementor-button-link elementor-size-sm\" href=\"https:\/\/wsm.art.pl\/?page_id=25\">\n\t\t\t\t\t\t<span class=\"elementor-button-content-wrapper\">\n\t\t\t\t\t\t\t\t\t<span class=\"elementor-button-text\">WYKONAWCY 2021<\/span>\n\t\t\t\t\t<\/span>\n\t\t\t\t\t<\/a>\n\t\t\t\t<\/div>\n\t\t\t\t\t\t\t\t<\/div>\n\t\t\t\t<\/div>\n\t\t\t\t<div class=\"elementor-element elementor-element-63a0b42 elementor-align-justify elementor-widget elementor-widget-button\" data-id=\"63a0b42\" data-element_type=\"widget\" data-widget_type=\"button.default\">\n\t\t\t\t<div class=\"elementor-widget-container\">\n\t\t\t\t\t\t\t\t\t<div class=\"elementor-button-wrapper\">\n\t\t\t\t\t<a class=\"elementor-button elementor-button-link elementor-size-sm\" href=\"https:\/\/wsm.art.pl\/?page_id=27\">\n\t\t\t\t\t\t<span class=\"elementor-button-content-wrapper\">\n\t\t\t\t\t\t\t\t\t<span class=\"elementor-button-text\">MIEJSCA 2021<\/span>\n\t\t\t\t\t<\/span>\n\t\t\t\t\t<\/a>\n\t\t\t\t<\/div>\n\t\t\t\t\t\t\t\t<\/div>\n\t\t\t\t<\/div>\n\t\t\t\t<div class=\"elementor-element elementor-element-87ab189 elementor-align-justify elementor-widget elementor-widget-button\" data-id=\"87ab189\" data-element_type=\"widget\" data-widget_type=\"button.default\">\n\t\t\t\t<div class=\"elementor-widget-container\">\n\t\t\t\t\t\t\t\t\t<div class=\"elementor-button-wrapper\">\n\t\t\t\t\t<a class=\"elementor-button elementor-button-link elementor-size-sm\" href=\"https:\/\/wsm.art.pl\/?page_id=4624\">\n\t\t\t\t\t\t<span class=\"elementor-button-content-wrapper\">\n\t\t\t\t\t\t\t\t\t<span class=\"elementor-button-text\">ENGLISH 2021<\/span>\n\t\t\t\t\t<\/span>\n\t\t\t\t\t<\/a>\n\t\t\t\t<\/div>\n\t\t\t\t\t\t\t\t<\/div>\n\t\t\t\t<\/div>\n\t\t\t\t\t<\/div>\n\t\t<\/div>\n\t\t\t\t\t<\/div>\n\t\t<\/section>\n\t\t\t\t<\/div>\n\t\t","protected":false},"excerpt":{"rendered":"<p>Ksi\u0105\u017cka Programowa 2021 do pobrania w PDF pi\u0105tek 7 maja godz. 19:00Uniwersytet Muzyczny Fryderyka Chopina\u00a0(brak mo\u017cliwo\u015bci wej\u015bcia)wirtualny koncert immersyjny 360\u00b0transmisja Hob-beats Percussion Group w sk\u0142adzie:Mateusz&hellip;<\/p>\n","protected":false},"author":1,"featured_media":0,"parent":0,"menu_order":0,"comment_status":"closed","ping_status":"closed","template":"","meta":{"footnotes":""},"class_list":["post-21","page","type-page","status-publish","hentry"],"_links":{"self":[{"href":"https:\/\/wsm.art.pl\/index.php?rest_route=\/wp\/v2\/pages\/21","targetHints":{"allow":["GET"]}}],"collection":[{"href":"https:\/\/wsm.art.pl\/index.php?rest_route=\/wp\/v2\/pages"}],"about":[{"href":"https:\/\/wsm.art.pl\/index.php?rest_route=\/wp\/v2\/types\/page"}],"author":[{"embeddable":true,"href":"https:\/\/wsm.art.pl\/index.php?rest_route=\/wp\/v2\/users\/1"}],"replies":[{"embeddable":true,"href":"https:\/\/wsm.art.pl\/index.php?rest_route=%2Fwp%2Fv2%2Fcomments&post=21"}],"version-history":[{"count":387,"href":"https:\/\/wsm.art.pl\/index.php?rest_route=\/wp\/v2\/pages\/21\/revisions"}],"predecessor-version":[{"id":9203,"href":"https:\/\/wsm.art.pl\/index.php?rest_route=\/wp\/v2\/pages\/21\/revisions\/9203"}],"wp:attachment":[{"href":"https:\/\/wsm.art.pl\/index.php?rest_route=%2Fwp%2Fv2%2Fmedia&parent=21"}],"curies":[{"name":"wp","href":"https:\/\/api.w.org\/{rel}","templated":true}]}}