{"id":18424,"date":"2026-03-21T00:25:32","date_gmt":"2026-03-21T00:25:32","guid":{"rendered":"https:\/\/wsm.art.pl\/?page_id=18424"},"modified":"2026-03-29T15:56:53","modified_gmt":"2026-03-29T15:56:53","slug":"arch-2025-wsm-program","status":"publish","type":"page","link":"https:\/\/wsm.art.pl\/?page_id=18424","title":{"rendered":"ARCH. 2025 WSM PROGRAM"},"content":{"rendered":"\t\t<div data-elementor-type=\"wp-page\" data-elementor-id=\"18424\" class=\"elementor elementor-18424\">\n\t\t\t\t\t\t<section class=\"elementor-section elementor-top-section elementor-element elementor-element-725a404 elementor-section-boxed elementor-section-height-default elementor-section-height-default\" data-id=\"725a404\" data-element_type=\"section\">\n\t\t\t\t\t\t<div class=\"elementor-container elementor-column-gap-default\">\n\t\t\t\t\t<div class=\"elementor-column elementor-col-50 elementor-top-column elementor-element elementor-element-dc213fa\" data-id=\"dc213fa\" data-element_type=\"column\">\n\t\t\t<div class=\"elementor-widget-wrap elementor-element-populated\">\n\t\t\t\t\t\t<div class=\"elementor-element elementor-element-0b8b8c4 elementor-widget elementor-widget-heading\" data-id=\"0b8b8c4\" data-element_type=\"widget\" data-widget_type=\"heading.default\">\n\t\t\t\t<div class=\"elementor-widget-container\">\n\t\t\t\t\t<h2 class=\"elementor-heading-title elementor-size-default\">Program 2025<\/h2>\t\t\t\t<\/div>\n\t\t\t\t<\/div>\n\t\t\t\t<div class=\"elementor-element elementor-element-646c4be elementor-widget elementor-widget-heading\" data-id=\"646c4be\" data-element_type=\"widget\" data-widget_type=\"heading.default\">\n\t\t\t\t<div class=\"elementor-widget-container\">\n\t\t\t\t\t<h2 class=\"elementor-heading-title elementor-size-default\">na wszystkie wydarzenia wst\u0119p bezp\u0142atny<\/h2>\t\t\t\t<\/div>\n\t\t\t\t<\/div>\n\t\t\t\t<div class=\"elementor-element elementor-element-f546521 elementor-widget__width-inherit elementor-widget elementor-widget-text-editor\" data-id=\"f546521\" data-element_type=\"widget\" data-widget_type=\"text-editor.default\">\n\t\t\t\t<div class=\"elementor-widget-container\">\n\t\t\t\t\t\t\t\t\t<div><strong><span style=\"text-decoration: underline;\"><span style=\"color: #cc0004; text-decoration: underline;\">niedziela 11 maja godz. 18:00<\/span><\/span><\/strong><\/div><div><span style=\"color: #cc0004;\">PROM Kultury Saska K\u0119pa, ul. Brukselska 23 (Sala widowiskowa &#8211; I p.)<\/span><\/div><div><strong><span style=\"color: #cc0004;\">OAMENI \u2013 LUDZIE<\/span><\/strong><\/div><div><em><span style=\"color: #cc0004;\">koncert muzyki improwizowanej<\/span><\/em><\/div><div>\u00a0<\/div><div><p><strong>Veranika Los<\/strong> \u2013 \u015bpiew<br \/><strong>Ryszard Latecki<\/strong> \u2013 tr\u0105bka, harmonium, pdeudoinstrumenty<br \/><strong>J\u0119drzej \u0141agodzi\u0144ski<\/strong> &#8211; saksofon<br \/><strong>Tadeusz Wielecki<\/strong> \u2013 kontrabas<br \/><strong>Hubert Zemler<\/strong> \u2013 instrumenty perkusyjne, syntezator, sampler<\/p><p><strong>Vlad Dumitrescu<\/strong> \u2013 fotografie<\/p><\/div><div>\u00a0<\/div><div><em>Partytury Fotograficzne: OAMENI \u2013 LUDZIE**<\/em><\/div><div>\u00a0<\/div><div><em>zam\u00f3wienie Polskiego Towarzystwa Muzyki Wsp\u00f3\u0142czesnej<\/em><\/div><div>\u00a0<\/div><div><span style=\"text-decoration: underline;\"><strong><span style=\"color: #cc0004; text-decoration: underline;\">poniedzia\u0142ek 12 maja godz. 19:00<\/span><\/strong><\/span><\/div><div><span style=\"color: #cc0004;\">Studio Koncertowe PR im. Witolda Lutos\u0142awskiego, ul. Modzelewskiego 59<\/span><\/div><div><strong><span style=\"color: #cc0004;\">FONOPLASTICON<\/span><\/strong><\/div><div><em><span style=\"color: #cc0004;\">koncert kameralny<\/span><\/em><\/div><div>\u00a0<\/div><div><strong>Krakowski Kwintet D\u0119ty<\/strong> w sk\u0142adzie:<\/div><div><strong>Katarzyna Kurowska-Mleczko<\/strong> \u2013 flet<\/div><div><strong>Marek Mleczko<\/strong> \u2013 ob\u00f3j<\/div><div><strong>Roman Widaszek<\/strong> \u2013 klarnet<\/div><div><strong>Pawe\u0142 Solecki<\/strong> \u2013 fagot<\/div><div><strong>Tadeusz Tomaszewski<\/strong> \u2013 waltornia<\/div><div>oraz<\/div><div><strong>Beata Bili\u0144ska<\/strong> \u2013 fortepian<\/div><div>\u00a0<\/div><div><strong>Alexander von Zemlinsky<\/strong> (1871-1942)\u00a0<\/div><div><em>Humoreske (Rondo)<\/em> na kwintet d\u0119ty (1939)<\/div><div><strong>Antoni Sza\u0142owski<\/strong> (1907-1973)\u00a0<\/div><div><em>Trio<\/em> na ob\u00f3j, klarnet i fagot (1936)<\/div><div><strong>Maciej Zieli\u0144ski\u00a0<\/strong><\/div><div><em>Impressioni Concertante<\/em> na kwintet d\u0119ty (2020)<\/div><div><strong>Zbigniew Bargielski\u00a0<\/strong><\/div><div><em>Fonoplasticon<\/em> na kwintet d\u0119ty i fortepian (2016)<\/div><div><strong>Maciej Ma\u0142ecki<\/strong>\u00a0<\/div><div><em>Cztery opowie\u015bci<\/em> na trio stroikowe (2020)<\/div><div><strong>Krzysztof Herdzin<\/strong>\u00a0<\/div><div><em>Sextant<\/em> na kwintet instrument\u00f3w d\u0119tych i fortepian (2024)<\/div><div>\u00a0<\/div><div><span style=\"text-decoration: underline;\"><strong><span style=\"color: #cc0004; text-decoration: underline;\">wtorek 13 maja godz. 19:00<\/span><\/strong><\/span><\/div><div><span style=\"color: #cc0004;\">Studio Koncertowe PR im. Witolda Lutos\u0142awskiego, ul. Modzelewskiego 59<\/span><\/div><div><strong><span style=\"color: #cc0004;\">THE WHOOPER<\/span><\/strong><\/div><div><em><span style=\"color: #cc0004;\">koncert prawykona\u0144<\/span><\/em><\/div><div>\u00a0<\/div><div><strong>The WHOOP Group<\/strong> w sk\u0142adzie:<\/div><div><strong>Jakub Muras<\/strong> \u2013 saksofon sopranowy<\/div><div><strong>Mateusz Dobosz<\/strong> \u2013 saksofon altowy<\/div><div><strong>Krzysztof Koszowski<\/strong> \u2013 saksofon tenorowy<\/div><div><strong>Szymon Zawodny<\/strong> \u2013 saksofon barytonowy<\/div><div>oraz:<\/div><div><strong>Kuba Soko\u0142owski<\/strong> \u2013 fortepian<\/div><div><strong>Jan Gralla<\/strong> \u2013 perkusja<br \/><strong>Pawe\u0142 Pa\u0144ta<\/strong> \u2013 kontrabas<br \/><br \/><\/div><div><div><strong>Anna Maria Huszcza<\/strong>\u00a0<\/div><div><em>Outside the Box<\/em> na kwartet saksofonowy i trio jazzowe (2025)**<\/div><\/div><div><div><strong>Wojciech Kostrzewa<\/strong>\u00a0<\/div><div><em>Reveries<\/em> na kwartet saksofonowy i trio jazzowe (2025)**<br \/><strong>Maciej Zieli\u0144ski<\/strong> <br \/><em>The Whooper<\/em> na kwartet saksofonowy, fortepian, perkusj\u0119 i kontrabas (2025)**<\/div><div><div><strong>Jan Oleszkowicz<\/strong>\u00a0<\/div><div><em>Klangor<\/em> na cztery saksofony, perkusj\u0119, fortepian i kontrabas (2025)**<\/div><\/div><\/div><div><strong>Iwona Kisiel<\/strong>\u00a0<\/div><div><em>Spring Swing<\/em> na kwartet saksofonowy, fortepian, kontrabas i perkusj\u0119 (2025)**<\/div><div><div><strong>Bartosz Smor\u0105giewicz<\/strong>\u00a0<\/div><div><em>Cz\u0142owiek zwielokrotniony<\/em> na kwartet saksofonowy i trio jazzowe (2025)**<\/div><\/div><div><em><br \/>wszystkie utwory na koncercie zosta\u0142y zam\u00f3wione przez Zwi\u0105zek Kompozytor\u00f3w Polskich<\/em><\/div><div>\u00a0<\/div><div><span style=\"text-decoration: underline;\"><strong><span style=\"color: #cc0004; text-decoration: underline;\">\u015broda 14 maja godz. 19:00<\/span><\/strong><\/span><\/div><div><span style=\"color: #cc0004;\">Studio Koncertowe PR im. Witolda Lutos\u0142awskiego, ul. Modzelewskiego 59<\/span><\/div><div><strong><span style=\"color: #cc0004;\">R\u00d3\u017bA WIATR\u00d3W<\/span><\/strong><\/div><div><em><span style=\"color: #cc0004;\">koncert symfoniczny<\/span><\/em><\/div><div>\u00a0<\/div><div><strong>Klaudiusz Baran<\/strong> \u2013 akordeon<\/div><div><strong>Orkiestra Polskiego Radia w Warszawie<\/strong><\/div><div><strong>Rafa\u0142 Janiak<\/strong> \u2013 dyrygent<\/div><div>\u00a0<\/div><div><strong>Zbigniew Bagi\u0144ski<\/strong> (1949-2024)\u00a0<\/div><div><em>Uwertura<\/em> na orkiestr\u0119 (2014)<\/div><div><strong>W\u0142adys\u0142aw S\u0142owi\u0144ski<\/strong> (1930-2024)\u00a0<\/div><div><em>Ultima Volta<\/em> na orkiestr\u0119 (2017)<\/div><div><strong>W\u0142odzimierz Koto\u0144ski<\/strong> (1925-2014)\u00a0<\/div><div><em>R\u00f3\u017ca wiatr\u00f3w<\/em> na orkiestr\u0119 (1976)<\/div><div><strong>Magdalena Bobowik<\/strong>\u00a0<\/div><div><em>Ritorno<\/em> (2023)<\/div><div><strong>Wojciech Cha\u0142upka\u00a0<\/strong><\/div><div>Koncert na akordeon i orkiestr\u0119 symfoniczn\u0105 (2023)<\/div><div>\u00a0<\/div><div><span style=\"text-decoration: underline;\"><strong><span style=\"color: #cc0004; text-decoration: underline;\">czwartek 15 maja godz. 19:00<\/span><\/strong><\/span><\/div><div><span style=\"color: #cc0004;\">\u0141azienki Kr\u00f3lewskie \u2013 Pa\u0142ac na Wyspie<\/span><\/div><div><strong><span style=\"color: #cc0004;\">KOKIETERIA W R\u00d3\u017bNYCH DOMINACH<\/span><\/strong><\/div><div><em><span style=\"color: #cc0004;\">recital klawesynowy<\/span><\/em><\/div><div>\u00a0<\/div><div><strong>Anna Krzysztofik-Buczy\u0144ska<\/strong> \u2013 klawesyn<\/div><div>\u00a0<\/div><div><strong>Fran\u00e7ois Couperin<\/strong> (1668-1733)\u00a0<\/div><div><em>Les Folies fran\u00e7oises ou Les Dominos (XIII Ordre):<\/em><\/div><div>(Szale\u0144stwa francuskie albo Domina, z XIII Ordre):<\/div><div>\u00a0<\/div><div><em>\u2013 La Virginit\u00e9 sous le Domino couleur d\u2019invisible\u00a0<\/em><\/div><div>\u00a0 \u00a0(Dziewictwo w niewidzialnym dominie)<\/div><div><em>\u2013 La Pudeur sous le Domino couleur de Roze<\/em>\u00a0<\/div><div>\u00a0 \u00a0(Wstydliwo\u015b\u0107 oblewaj\u0105ca si\u0119 rumie\u0144cem w kolorze r\u00f3\u017cowym)<\/div><div><em>\u2013 L\u2019Ardeur sous le Domino incarnat<\/em>\u00a0<\/div><div>\u00a0 \u00a0(Zapa\u0142 w dominie czerwonym)<\/div><div><em>\u2013 L\u2019Esp\u00e9rance sous le Domino Vert<\/em>\u00a0<\/div><div>\u00a0 \u00a0(Nadzieja w dominie zielonym)<\/div><div><em>\u2013 La Fidelite sous le Domino Bleu<\/em>\u00a0<\/div><div>\u00a0 \u00a0(Wierno\u015b\u0107 nosi domino niebieskie)<\/div><div><em>\u2013 La Pers\u00e9v\u00e9rance sous le Domino Gris de lin<\/em>\u00a0<\/div><div>\u00a0 \u00a0(Wytrwa\u0142o\u015b\u0107 w dominie lnianej szaro\u015bci)<\/div><div><em>\u2013 La Langueur sous le Domino Violet<\/em>\u00a0<\/div><div>\u00a0 \u00a0(T\u0119sknota w dominie fioletowym)<\/div><div><em>\u2013 La Coqu\u00e9terie sous dif\u00e9rens Dominos<\/em>\u00a0<\/div><div>\u00a0 \u00a0(Kokieteria w r\u00f3\u017cnych dominach)<\/div><div><em>\u2013 Les Vieux galans et les Tr\u00e9sorieres Suran\u00e9es sous les Dominos Pourpres, et feuilles mortes<\/em>\u00a0<\/div><div>\u00a0 \u00a0(Starzy galanci i emerytowani dworacy ku\u015btykaj\u0105 w purpurowych dominach i patynie)\u00a0<\/div><div><em>\u2013 Les Coucous B\u00e9n\u00e9voles sous les Dominos jaunes<\/em>\u00a0<\/div><div>\u00a0 \u00a0(Dobrotliwi rogacze w \u017c\u00f3\u0142tych dominach)<\/div><div><em>\u2013 La Jalousie Taciturne sous le Domino gris de Mare<\/em>\u00a0<\/div><div>\u00a0 \u00a0(Milcz\u0105ca zazdro\u015b\u0107 nosi domino w maureta\u0144skim kolorze ciemno-szarym)<\/div><div><em>\u2013 La Fr\u00e9n\u00e9si\u00e9, ou le D\u00e9sespoir sous le Domino noir<\/em><\/div><div>\u00a0 \u00a0(Szale\u0144stwo i desperacja w kolorze czarnym)<\/div><div>\u00a0<\/div><div><span style=\"color: #000000;\"><em>\u017ar\u00f3d\u0142o t\u0142umacze\u0144 tytu\u0142\u00f3w:\u00a0<\/em><\/span><\/div><div><span style=\"color: #000000;\"><em>Zwierciad\u0142o ludzkiego \u017cywota \u2013 J. Clark, D. Cannon, wyd. Astraia 2014, t\u0142um. B. \u015awiderska<\/em><\/span><\/div><div>\u00a0<\/div><div><strong>Antonio Vivaldi<\/strong> (1678-1741)\u00a0<\/div><div>anonimowe transkrypcje koncert\u00f3w A. Vivaldiego ze zbioru L\u2019estro armonico op.3 (wyd. 1711):<\/div><div><em>Sonata F<\/em> &#8211; wg <em>Koncertu nr 7<\/em> RV 567 (II tom)<\/div><div><em>Sonata D<\/em> &#8211; wg <em>Koncertu nr 9<\/em> RV 230 (I tom)<\/div><div>\u00a0<\/div><div><strong>Rafa\u0142 Stradomski<\/strong><\/div><div><em>Hornpipe<\/em> \u2013 Wariacje podw\u00f3jne na tematy Purcella na klawesyn (fortepian) (2019)*<\/div><div>\u00a0<\/div><div><strong>Tomasz Kamieniak<\/strong><\/div><div><em>6 Powa\u017cnych utwor\u00f3w<\/em> na klawesyn lub fortepian op.47 (2011-2021):<\/div><div>\u00a0<\/div><div><em>\u2013 Et\u00fcde-Quasi Alkan<\/em><\/div><div><em>\u2013 Elegie\u00a0<\/em><\/div><div><em>\u2013 Scherzo\u00a0<\/em><\/div><div><em>\u2013 Trauermarch\u00a0<\/em><\/div><div><em>\u2013 Choral\u00a0<\/em><\/div><div><em>\u2013 Postludium. Kiedy my\u015bli staj\u0105 si\u0119 niezno\u015bne.<\/em><\/div><div>\u00a0<\/div><div><em>7 Bagatel<\/em> na klawesyn solo op.70 (2019):<\/div><div>\u00a0 \u00a0 \u00a0 \u00a0 \u00a0<\/div><div><em>\u2013 Lento di antico\u00a0<\/em><\/div><div><em>\u2013 Andante monotamente\u00a0<\/em><\/div><div><em>\u2013 Deciso e spigoloso\u00a0<\/em><\/div><div><em>\u2013 Andante\u00a0<\/em><\/div><div><em>\u2013 Tempo di marcia<\/em><\/div><div><em>\u2013 Andante cantabile\u00a0<\/em><\/div><div><em>\u2013 Vivace<\/em><\/div><div>\u00a0<\/div><div><em>Valse de Poniatowski<\/em> na klawesyn op. 87 (2025)*<\/div><div>\u00a0<\/div><div>\u00a0<\/div><div><span style=\"text-decoration: underline;\"><strong><span style=\"color: #cc0004; text-decoration: underline;\">pi\u0105tek 16 maja godz. 18:00\u00a0<\/span><\/strong><\/span><\/div><div><span style=\"color: #cc0004;\">Uniwersytet Muzyczny Fryderyka Chopina\u00a0<\/span><\/div><div><span style=\"color: #cc0004;\">ul. Ok\u00f3lnik 2 (Sala operowa)<\/span><\/div><div><strong><span style=\"color: #cc0004;\">KOTO\u0143SKI: TW\u00d3RCA PRZYSZ\u0141O\u015aCI?<\/span><\/strong><\/div><div><em><span style=\"color: #cc0004;\">Laboratorium Teorii Muzyki \u2013 edycja specjalna w 100-lecie urodzin kompozytora<\/span><\/em><\/div><div>\u00a0<\/div><div><strong>Aleksandra Bili\u0144ska<\/strong> &#8211; prowadzenie<\/div><div>\u00a0<\/div><div><span style=\"color: #cc0004;\"><span style=\"text-decoration: underline;\"><strong>sobota 17 maja godz. 19:00 \u2013 22:00<\/strong><\/span> (Noc Muze\u00f3w)<\/span><\/div><div><span style=\"color: #cc0004;\">Cytadela Warszawska \u2013 Park Fosa, Al. Wojska Polskiego 1b (pod Dzia\u0142obitni\u0105)\u00a0<\/span><\/div><div><strong><span style=\"color: #cc0004;\">GADATLIWO\u015a\u0106 DRZEW<\/span><\/strong><\/div><div><em><span style=\"color: #cc0004;\">plenerowy koncert elektroakustyczny<\/span><\/em><\/div><div>\u00a0<\/div><div><strong>Rafa\u0142 Smoli\u0144ski<\/strong> \u2013 projekcja d\u017awi\u0119ku<\/div><div><strong>Kamil Kowalski<\/strong> \u2013 instalacja wideo<\/div><div>\u00a0<\/div><div><strong>Anna J\u0119drzejewska<\/strong>\u00a0<\/div><div><p><em>Gadatliwo\u015b\u0107 drzew<\/em> wielokana\u0142owa instalacja d\u017awi\u0119kowo-wizualna (2025)**<\/p><p><em>zam\u00f3wienie Zwi\u0105zku Kompozytor\u00f3w Polskich<\/em><\/p><\/div><div>________________<\/div><div><em>\u00a0 * prawykonanie<\/em><\/div><div><em>** prawykonanie \u2013 dofinansowano ze \u015brodk\u00f3w Ministra Kultury i Dziedzictwa Narodowego pochodz\u0105cych z Funduszu Promocji Kultury \u2013 pa\u0144stwowego funduszu celowego \u2013 w ramach programu \u201eZam\u00f3wienia kompozytorskie\u201d, realizowanego przez Narodowy Instytut Muzyki i Ta\u0144ca<\/em><\/div>\t\t\t\t\t\t\t\t<\/div>\n\t\t\t\t<\/div>\n\t\t\t\t\t<\/div>\n\t\t<\/div>\n\t\t\t\t<div class=\"elementor-column elementor-col-50 elementor-top-column elementor-element elementor-element-9cad865\" data-id=\"9cad865\" data-element_type=\"column\">\n\t\t\t<div class=\"elementor-widget-wrap\">\n\t\t\t\t\t\t\t<\/div>\n\t\t<\/div>\n\t\t\t\t\t<\/div>\n\t\t<\/section>\n\t\t\t\t<\/div>\n\t\t","protected":false},"excerpt":{"rendered":"<p>Program 2025 na wszystkie wydarzenia wst\u0119p bezp\u0142atny niedziela 11 maja godz. 18:00PROM Kultury Saska K\u0119pa, ul. Brukselska 23 (Sala widowiskowa &#8211; I p.)OAMENI \u2013 LUDZIEkoncert&hellip;<\/p>\n","protected":false},"author":8,"featured_media":0,"parent":0,"menu_order":0,"comment_status":"closed","ping_status":"closed","template":"","meta":{"footnotes":""},"class_list":["post-18424","page","type-page","status-publish","hentry"],"_links":{"self":[{"href":"https:\/\/wsm.art.pl\/index.php?rest_route=\/wp\/v2\/pages\/18424","targetHints":{"allow":["GET"]}}],"collection":[{"href":"https:\/\/wsm.art.pl\/index.php?rest_route=\/wp\/v2\/pages"}],"about":[{"href":"https:\/\/wsm.art.pl\/index.php?rest_route=\/wp\/v2\/types\/page"}],"author":[{"embeddable":true,"href":"https:\/\/wsm.art.pl\/index.php?rest_route=\/wp\/v2\/users\/8"}],"replies":[{"embeddable":true,"href":"https:\/\/wsm.art.pl\/index.php?rest_route=%2Fwp%2Fv2%2Fcomments&post=18424"}],"version-history":[{"count":4,"href":"https:\/\/wsm.art.pl\/index.php?rest_route=\/wp\/v2\/pages\/18424\/revisions"}],"predecessor-version":[{"id":18567,"href":"https:\/\/wsm.art.pl\/index.php?rest_route=\/wp\/v2\/pages\/18424\/revisions\/18567"}],"wp:attachment":[{"href":"https:\/\/wsm.art.pl\/index.php?rest_route=%2Fwp%2Fv2%2Fmedia&parent=18424"}],"curies":[{"name":"wp","href":"https:\/\/api.w.org\/{rel}","templated":true}]}}