{"id":17694,"date":"2025-05-31T18:39:26","date_gmt":"2025-05-31T18:39:26","guid":{"rendered":"https:\/\/wsm.art.pl\/?page_id=17694"},"modified":"2025-06-03T15:00:14","modified_gmt":"2025-06-03T15:00:14","slug":"galeria-11-05-2025","status":"publish","type":"page","link":"https:\/\/wsm.art.pl\/?page_id=17694","title":{"rendered":"Galeria 2025 11 maja Oameni-Ludzie"},"content":{"rendered":"\t\t<div data-elementor-type=\"wp-page\" data-elementor-id=\"17694\" class=\"elementor elementor-17694\">\n\t\t\t\t\t\t<section class=\"elementor-section elementor-top-section elementor-element elementor-element-85e70d8 elementor-section-boxed elementor-section-height-default elementor-section-height-default\" data-id=\"85e70d8\" data-element_type=\"section\">\n\t\t\t\t\t\t<div class=\"elementor-container elementor-column-gap-default\">\n\t\t\t\t\t<div class=\"elementor-column elementor-col-33 elementor-top-column elementor-element elementor-element-8526e47\" data-id=\"8526e47\" data-element_type=\"column\">\n\t\t\t<div class=\"elementor-widget-wrap elementor-element-populated\">\n\t\t\t\t\t\t<div class=\"elementor-element elementor-element-74661e8 elementor-widget elementor-widget-image\" data-id=\"74661e8\" data-element_type=\"widget\" data-widget_type=\"image.default\">\n\t\t\t\t<div class=\"elementor-widget-container\">\n\t\t\t\t\t\t\t\t\t\t\t\t<figure class=\"wp-caption\">\n\t\t\t\t\t\t\t\t\t\t\t<a href=\"https:\/\/wsm.art.pl\/wp-content\/uploads\/2025\/05\/01.-IMG_2551.jpg\" data-elementor-open-lightbox=\"yes\" data-elementor-lightbox-title=\"11.05.2025\" data-e-action-hash=\"#elementor-action%3Aaction%3Dlightbox%26settings%3DeyJpZCI6MTc3MTYsInVybCI6Imh0dHBzOlwvXC93c20uYXJ0LnBsXC93cC1jb250ZW50XC91cGxvYWRzXC8yMDI1XC8wNVwvMDEuLUlNR18yNTUxLmpwZyJ9\">\n\t\t\t\t\t\t\t<img fetchpriority=\"high\" decoding=\"async\" width=\"667\" height=\"1024\" src=\"https:\/\/wsm.art.pl\/wp-content\/uploads\/2025\/05\/01.-IMG_2551-667x1024.jpg\" class=\"attachment-large size-large wp-image-17716\" alt=\"\" srcset=\"https:\/\/wsm.art.pl\/wp-content\/uploads\/2025\/05\/01.-IMG_2551-667x1024.jpg 667w, https:\/\/wsm.art.pl\/wp-content\/uploads\/2025\/05\/01.-IMG_2551-195x300.jpg 195w, https:\/\/wsm.art.pl\/wp-content\/uploads\/2025\/05\/01.-IMG_2551-768x1179.jpg 768w, https:\/\/wsm.art.pl\/wp-content\/uploads\/2025\/05\/01.-IMG_2551-1001x1536.jpg 1001w, https:\/\/wsm.art.pl\/wp-content\/uploads\/2025\/05\/01.-IMG_2551.jpg 1303w\" sizes=\"(max-width: 667px) 100vw, 667px\" \/>\t\t\t\t\t\t\t\t<\/a>\n\t\t\t\t\t\t\t\t\t\t\t<figcaption class=\"widget-image-caption wp-caption-text\">Jaros\u0142aw Siwi\u0144ski fot. Maciej Borowski<\/figcaption>\n\t\t\t\t\t\t\t\t\t\t<\/figure>\n\t\t\t\t\t\t\t\t\t<\/div>\n\t\t\t\t<\/div>\n\t\t\t\t\t<\/div>\n\t\t<\/div>\n\t\t\t\t<div class=\"elementor-column elementor-col-33 elementor-top-column elementor-element elementor-element-02605b6\" data-id=\"02605b6\" data-element_type=\"column\">\n\t\t\t<div class=\"elementor-widget-wrap elementor-element-populated\">\n\t\t\t\t\t\t<div class=\"elementor-element elementor-element-61a16ed elementor-widget elementor-widget-image\" data-id=\"61a16ed\" data-element_type=\"widget\" data-widget_type=\"image.default\">\n\t\t\t\t<div class=\"elementor-widget-container\">\n\t\t\t\t\t\t\t\t\t\t\t\t<figure class=\"wp-caption\">\n\t\t\t\t\t\t\t\t\t\t\t<a href=\"https:\/\/wsm.art.pl\/wp-content\/uploads\/2025\/05\/02.-IMG_2448.jpg\" data-elementor-open-lightbox=\"yes\" data-elementor-lightbox-title=\"11.05.2025\" data-e-action-hash=\"#elementor-action%3Aaction%3Dlightbox%26settings%3DeyJpZCI6MTc3MTcsInVybCI6Imh0dHBzOlwvXC93c20uYXJ0LnBsXC93cC1jb250ZW50XC91cGxvYWRzXC8yMDI1XC8wNVwvMDIuLUlNR18yNDQ4LmpwZyJ9\">\n\t\t\t\t\t\t\t<img decoding=\"async\" width=\"667\" height=\"1024\" src=\"https:\/\/wsm.art.pl\/wp-content\/uploads\/2025\/05\/02.-IMG_2448-667x1024.jpg\" class=\"attachment-large size-large wp-image-17717\" alt=\"\" srcset=\"https:\/\/wsm.art.pl\/wp-content\/uploads\/2025\/05\/02.-IMG_2448-667x1024.jpg 667w, https:\/\/wsm.art.pl\/wp-content\/uploads\/2025\/05\/02.-IMG_2448-195x300.jpg 195w, https:\/\/wsm.art.pl\/wp-content\/uploads\/2025\/05\/02.-IMG_2448-768x1179.jpg 768w, https:\/\/wsm.art.pl\/wp-content\/uploads\/2025\/05\/02.-IMG_2448-1000x1536.jpg 1000w, https:\/\/wsm.art.pl\/wp-content\/uploads\/2025\/05\/02.-IMG_2448.jpg 1100w\" sizes=\"(max-width: 667px) 100vw, 667px\" \/>\t\t\t\t\t\t\t\t<\/a>\n\t\t\t\t\t\t\t\t\t\t\t<figcaption class=\"widget-image-caption wp-caption-text\">Ryszard Latecki fot. Maciej Borowski<\/figcaption>\n\t\t\t\t\t\t\t\t\t\t<\/figure>\n\t\t\t\t\t\t\t\t\t<\/div>\n\t\t\t\t<\/div>\n\t\t\t\t\t<\/div>\n\t\t<\/div>\n\t\t\t\t<div class=\"elementor-column elementor-col-33 elementor-top-column elementor-element elementor-element-21972fa\" data-id=\"21972fa\" data-element_type=\"column\">\n\t\t\t<div class=\"elementor-widget-wrap elementor-element-populated\">\n\t\t\t\t\t\t<div class=\"elementor-element elementor-element-e992186 elementor-widget elementor-widget-image\" data-id=\"e992186\" data-element_type=\"widget\" data-widget_type=\"image.default\">\n\t\t\t\t<div class=\"elementor-widget-container\">\n\t\t\t\t\t\t\t\t\t\t\t\t<figure class=\"wp-caption\">\n\t\t\t\t\t\t\t\t\t\t\t<a href=\"https:\/\/wsm.art.pl\/wp-content\/uploads\/2025\/05\/03.-IMG_2462.jpg\" data-elementor-open-lightbox=\"yes\" data-elementor-lightbox-title=\"11.05.2025\" data-e-action-hash=\"#elementor-action%3Aaction%3Dlightbox%26settings%3DeyJpZCI6MTc3MTgsInVybCI6Imh0dHBzOlwvXC93c20uYXJ0LnBsXC93cC1jb250ZW50XC91cGxvYWRzXC8yMDI1XC8wNVwvMDMuLUlNR18yNDYyLmpwZyJ9\">\n\t\t\t\t\t\t\t<img decoding=\"async\" width=\"667\" height=\"1024\" src=\"https:\/\/wsm.art.pl\/wp-content\/uploads\/2025\/05\/03.-IMG_2462-667x1024.jpg\" class=\"attachment-large size-large wp-image-17718\" alt=\"\" srcset=\"https:\/\/wsm.art.pl\/wp-content\/uploads\/2025\/05\/03.-IMG_2462-667x1024.jpg 667w, https:\/\/wsm.art.pl\/wp-content\/uploads\/2025\/05\/03.-IMG_2462-195x300.jpg 195w, https:\/\/wsm.art.pl\/wp-content\/uploads\/2025\/05\/03.-IMG_2462-768x1179.jpg 768w, https:\/\/wsm.art.pl\/wp-content\/uploads\/2025\/05\/03.-IMG_2462-1001x1536.jpg 1001w, https:\/\/wsm.art.pl\/wp-content\/uploads\/2025\/05\/03.-IMG_2462.jpg 1200w\" sizes=\"(max-width: 667px) 100vw, 667px\" \/>\t\t\t\t\t\t\t\t<\/a>\n\t\t\t\t\t\t\t\t\t\t\t<figcaption class=\"widget-image-caption wp-caption-text\">Tadeusz Wielecki fot. Maciej Borowski<\/figcaption>\n\t\t\t\t\t\t\t\t\t\t<\/figure>\n\t\t\t\t\t\t\t\t\t<\/div>\n\t\t\t\t<\/div>\n\t\t\t\t\t<\/div>\n\t\t<\/div>\n\t\t\t\t\t<\/div>\n\t\t<\/section>\n\t\t\t\t<section class=\"elementor-section elementor-top-section elementor-element elementor-element-bb494df elementor-section-boxed elementor-section-height-default elementor-section-height-default\" data-id=\"bb494df\" data-element_type=\"section\">\n\t\t\t\t\t\t<div class=\"elementor-container elementor-column-gap-default\">\n\t\t\t\t\t<div class=\"elementor-column elementor-col-33 elementor-top-column elementor-element elementor-element-9066c04\" data-id=\"9066c04\" data-element_type=\"column\">\n\t\t\t<div class=\"elementor-widget-wrap elementor-element-populated\">\n\t\t\t\t\t\t<div class=\"elementor-element elementor-element-629849f elementor-widget elementor-widget-image\" data-id=\"629849f\" data-element_type=\"widget\" data-widget_type=\"image.default\">\n\t\t\t\t<div class=\"elementor-widget-container\">\n\t\t\t\t\t\t\t\t\t\t\t\t<figure class=\"wp-caption\">\n\t\t\t\t\t\t\t\t\t\t\t<a href=\"https:\/\/wsm.art.pl\/wp-content\/uploads\/2025\/05\/04.-IMG_2505.jpg\" data-elementor-open-lightbox=\"yes\" data-elementor-lightbox-title=\"11.05.2025\" data-e-action-hash=\"#elementor-action%3Aaction%3Dlightbox%26settings%3DeyJpZCI6MTc3MTksInVybCI6Imh0dHBzOlwvXC93c20uYXJ0LnBsXC93cC1jb250ZW50XC91cGxvYWRzXC8yMDI1XC8wNVwvMDQuLUlNR18yNTA1LmpwZyJ9\">\n\t\t\t\t\t\t\t<img loading=\"lazy\" decoding=\"async\" width=\"667\" height=\"1024\" src=\"https:\/\/wsm.art.pl\/wp-content\/uploads\/2025\/05\/04.-IMG_2505-667x1024.jpg\" class=\"attachment-large size-large wp-image-17719\" alt=\"\" srcset=\"https:\/\/wsm.art.pl\/wp-content\/uploads\/2025\/05\/04.-IMG_2505-667x1024.jpg 667w, https:\/\/wsm.art.pl\/wp-content\/uploads\/2025\/05\/04.-IMG_2505-195x300.jpg 195w, https:\/\/wsm.art.pl\/wp-content\/uploads\/2025\/05\/04.-IMG_2505-768x1179.jpg 768w, https:\/\/wsm.art.pl\/wp-content\/uploads\/2025\/05\/04.-IMG_2505-1001x1536.jpg 1001w, https:\/\/wsm.art.pl\/wp-content\/uploads\/2025\/05\/04.-IMG_2505.jpg 1200w\" sizes=\"(max-width: 667px) 100vw, 667px\" \/>\t\t\t\t\t\t\t\t<\/a>\n\t\t\t\t\t\t\t\t\t\t\t<figcaption class=\"widget-image-caption wp-caption-text\">Hubert Zemler fot. Maciej Borowski<\/figcaption>\n\t\t\t\t\t\t\t\t\t\t<\/figure>\n\t\t\t\t\t\t\t\t\t<\/div>\n\t\t\t\t<\/div>\n\t\t\t\t\t<\/div>\n\t\t<\/div>\n\t\t\t\t<div class=\"elementor-column elementor-col-33 elementor-top-column elementor-element elementor-element-ec3fc25\" data-id=\"ec3fc25\" data-element_type=\"column\">\n\t\t\t<div class=\"elementor-widget-wrap elementor-element-populated\">\n\t\t\t\t\t\t<div class=\"elementor-element elementor-element-aeeada4 elementor-widget elementor-widget-image\" data-id=\"aeeada4\" data-element_type=\"widget\" data-widget_type=\"image.default\">\n\t\t\t\t<div class=\"elementor-widget-container\">\n\t\t\t\t\t\t\t\t\t\t\t\t<figure class=\"wp-caption\">\n\t\t\t\t\t\t\t\t\t\t\t<a href=\"https:\/\/wsm.art.pl\/wp-content\/uploads\/2025\/05\/05.-IMG_2502.jpg\" data-elementor-open-lightbox=\"yes\" data-elementor-lightbox-title=\"11.05.2025\" data-e-action-hash=\"#elementor-action%3Aaction%3Dlightbox%26settings%3DeyJpZCI6MTc3MjAsInVybCI6Imh0dHBzOlwvXC93c20uYXJ0LnBsXC93cC1jb250ZW50XC91cGxvYWRzXC8yMDI1XC8wNVwvMDUuLUlNR18yNTAyLmpwZyJ9\">\n\t\t\t\t\t\t\t<img loading=\"lazy\" decoding=\"async\" width=\"667\" height=\"1024\" src=\"https:\/\/wsm.art.pl\/wp-content\/uploads\/2025\/05\/05.-IMG_2502-667x1024.jpg\" class=\"attachment-large size-large wp-image-17720\" alt=\"\" srcset=\"https:\/\/wsm.art.pl\/wp-content\/uploads\/2025\/05\/05.-IMG_2502-667x1024.jpg 667w, https:\/\/wsm.art.pl\/wp-content\/uploads\/2025\/05\/05.-IMG_2502-195x300.jpg 195w, https:\/\/wsm.art.pl\/wp-content\/uploads\/2025\/05\/05.-IMG_2502-768x1179.jpg 768w, https:\/\/wsm.art.pl\/wp-content\/uploads\/2025\/05\/05.-IMG_2502-1001x1536.jpg 1001w, https:\/\/wsm.art.pl\/wp-content\/uploads\/2025\/05\/05.-IMG_2502.jpg 1200w\" sizes=\"(max-width: 667px) 100vw, 667px\" \/>\t\t\t\t\t\t\t\t<\/a>\n\t\t\t\t\t\t\t\t\t\t\t<figcaption class=\"widget-image-caption wp-caption-text\">Veranika Los fot. Maciej Borowski<\/figcaption>\n\t\t\t\t\t\t\t\t\t\t<\/figure>\n\t\t\t\t\t\t\t\t\t<\/div>\n\t\t\t\t<\/div>\n\t\t\t\t\t<\/div>\n\t\t<\/div>\n\t\t\t\t<div class=\"elementor-column elementor-col-33 elementor-top-column elementor-element elementor-element-e3620f9\" data-id=\"e3620f9\" data-element_type=\"column\">\n\t\t\t<div class=\"elementor-widget-wrap elementor-element-populated\">\n\t\t\t\t\t\t<div class=\"elementor-element elementor-element-2ed4b6e elementor-widget elementor-widget-image\" data-id=\"2ed4b6e\" data-element_type=\"widget\" data-widget_type=\"image.default\">\n\t\t\t\t<div class=\"elementor-widget-container\">\n\t\t\t\t\t\t\t\t\t\t\t\t<figure class=\"wp-caption\">\n\t\t\t\t\t\t\t\t\t\t\t<a href=\"https:\/\/wsm.art.pl\/wp-content\/uploads\/2025\/05\/06.-IMG_2492.jpg\" data-elementor-open-lightbox=\"yes\" data-elementor-lightbox-title=\"11.05.2025\" data-e-action-hash=\"#elementor-action%3Aaction%3Dlightbox%26settings%3DeyJpZCI6MTc3MjEsInVybCI6Imh0dHBzOlwvXC93c20uYXJ0LnBsXC93cC1jb250ZW50XC91cGxvYWRzXC8yMDI1XC8wNVwvMDYuLUlNR18yNDkyLmpwZyJ9\">\n\t\t\t\t\t\t\t<img loading=\"lazy\" decoding=\"async\" width=\"667\" height=\"1024\" src=\"https:\/\/wsm.art.pl\/wp-content\/uploads\/2025\/05\/06.-IMG_2492-667x1024.jpg\" class=\"attachment-large size-large wp-image-17721\" alt=\"\" srcset=\"https:\/\/wsm.art.pl\/wp-content\/uploads\/2025\/05\/06.-IMG_2492-667x1024.jpg 667w, https:\/\/wsm.art.pl\/wp-content\/uploads\/2025\/05\/06.-IMG_2492-195x300.jpg 195w, https:\/\/wsm.art.pl\/wp-content\/uploads\/2025\/05\/06.-IMG_2492-768x1180.jpg 768w, https:\/\/wsm.art.pl\/wp-content\/uploads\/2025\/05\/06.-IMG_2492-1000x1536.jpg 1000w, https:\/\/wsm.art.pl\/wp-content\/uploads\/2025\/05\/06.-IMG_2492.jpg 1172w\" sizes=\"(max-width: 667px) 100vw, 667px\" \/>\t\t\t\t\t\t\t\t<\/a>\n\t\t\t\t\t\t\t\t\t\t\t<figcaption class=\"widget-image-caption wp-caption-text\">J\u0119drzej \u0141agodzi\u0144ski fot. Maciej Borowski<\/figcaption>\n\t\t\t\t\t\t\t\t\t\t<\/figure>\n\t\t\t\t\t\t\t\t\t<\/div>\n\t\t\t\t<\/div>\n\t\t\t\t\t<\/div>\n\t\t<\/div>\n\t\t\t\t\t<\/div>\n\t\t<\/section>\n\t\t\t\t<section class=\"elementor-section elementor-top-section elementor-element elementor-element-a56cb58 elementor-section-boxed elementor-section-height-default elementor-section-height-default\" data-id=\"a56cb58\" data-element_type=\"section\">\n\t\t\t\t\t\t<div class=\"elementor-container elementor-column-gap-default\">\n\t\t\t\t\t<div class=\"elementor-column elementor-col-33 elementor-top-column elementor-element elementor-element-38382ef\" data-id=\"38382ef\" data-element_type=\"column\">\n\t\t\t<div class=\"elementor-widget-wrap elementor-element-populated\">\n\t\t\t\t\t\t<div class=\"elementor-element elementor-element-350f602 elementor-widget elementor-widget-image\" data-id=\"350f602\" data-element_type=\"widget\" data-widget_type=\"image.default\">\n\t\t\t\t<div class=\"elementor-widget-container\">\n\t\t\t\t\t\t\t\t\t\t\t\t<figure class=\"wp-caption\">\n\t\t\t\t\t\t\t\t\t\t\t<a href=\"https:\/\/wsm.art.pl\/wp-content\/uploads\/2025\/05\/07-IMG_2560.jpg\" data-elementor-open-lightbox=\"yes\" data-elementor-lightbox-title=\"11.05.2025\" data-e-action-hash=\"#elementor-action%3Aaction%3Dlightbox%26settings%3DeyJpZCI6MTc3MjIsInVybCI6Imh0dHBzOlwvXC93c20uYXJ0LnBsXC93cC1jb250ZW50XC91cGxvYWRzXC8yMDI1XC8wNVwvMDctSU1HXzI1NjAuanBnIn0%3D\">\n\t\t\t\t\t\t\t<img loading=\"lazy\" decoding=\"async\" width=\"843\" height=\"549\" src=\"https:\/\/wsm.art.pl\/wp-content\/uploads\/2025\/05\/07-IMG_2560-1024x667.jpg\" class=\"attachment-large size-large wp-image-17722\" alt=\"\" srcset=\"https:\/\/wsm.art.pl\/wp-content\/uploads\/2025\/05\/07-IMG_2560-1024x667.jpg 1024w, https:\/\/wsm.art.pl\/wp-content\/uploads\/2025\/05\/07-IMG_2560-300x196.jpg 300w, https:\/\/wsm.art.pl\/wp-content\/uploads\/2025\/05\/07-IMG_2560-768x500.jpg 768w, https:\/\/wsm.art.pl\/wp-content\/uploads\/2025\/05\/07-IMG_2560-1536x1001.jpg 1536w, https:\/\/wsm.art.pl\/wp-content\/uploads\/2025\/05\/07-IMG_2560-2048x1335.jpg 2048w\" sizes=\"(max-width: 843px) 100vw, 843px\" \/>\t\t\t\t\t\t\t\t<\/a>\n\t\t\t\t\t\t\t\t\t\t\t<figcaption class=\"widget-image-caption wp-caption-text\">Vlad Dumitrescu fot. Maciej Borowski<\/figcaption>\n\t\t\t\t\t\t\t\t\t\t<\/figure>\n\t\t\t\t\t\t\t\t\t<\/div>\n\t\t\t\t<\/div>\n\t\t\t\t\t<\/div>\n\t\t<\/div>\n\t\t\t\t<div class=\"elementor-column elementor-col-33 elementor-top-column elementor-element elementor-element-9673086\" data-id=\"9673086\" data-element_type=\"column\">\n\t\t\t<div class=\"elementor-widget-wrap elementor-element-populated\">\n\t\t\t\t\t\t<div class=\"elementor-element elementor-element-284f1df elementor-widget elementor-widget-image\" data-id=\"284f1df\" data-element_type=\"widget\" data-widget_type=\"image.default\">\n\t\t\t\t<div class=\"elementor-widget-container\">\n\t\t\t\t\t\t\t\t\t\t\t\t<figure class=\"wp-caption\">\n\t\t\t\t\t\t\t\t\t\t\t<a href=\"https:\/\/wsm.art.pl\/wp-content\/uploads\/2025\/05\/08-IMG_2576.jpg\" data-elementor-open-lightbox=\"yes\" data-elementor-lightbox-title=\"11.05.2025\" data-e-action-hash=\"#elementor-action%3Aaction%3Dlightbox%26settings%3DeyJpZCI6MTc3MjMsInVybCI6Imh0dHBzOlwvXC93c20uYXJ0LnBsXC93cC1jb250ZW50XC91cGxvYWRzXC8yMDI1XC8wNVwvMDgtSU1HXzI1NzYuanBnIn0%3D\">\n\t\t\t\t\t\t\t<img loading=\"lazy\" decoding=\"async\" width=\"843\" height=\"549\" src=\"https:\/\/wsm.art.pl\/wp-content\/uploads\/2025\/05\/08-IMG_2576-1024x667.jpg\" class=\"attachment-large size-large wp-image-17723\" alt=\"\" srcset=\"https:\/\/wsm.art.pl\/wp-content\/uploads\/2025\/05\/08-IMG_2576-1024x667.jpg 1024w, https:\/\/wsm.art.pl\/wp-content\/uploads\/2025\/05\/08-IMG_2576-300x195.jpg 300w, https:\/\/wsm.art.pl\/wp-content\/uploads\/2025\/05\/08-IMG_2576-768x500.jpg 768w, https:\/\/wsm.art.pl\/wp-content\/uploads\/2025\/05\/08-IMG_2576-1536x1001.jpg 1536w, https:\/\/wsm.art.pl\/wp-content\/uploads\/2025\/05\/08-IMG_2576.jpg 1842w\" sizes=\"(max-width: 843px) 100vw, 843px\" \/>\t\t\t\t\t\t\t\t<\/a>\n\t\t\t\t\t\t\t\t\t\t\t<figcaption class=\"widget-image-caption wp-caption-text\">Veranika Los i Tadeusz Wielecki fot. Maciej Borowski<\/figcaption>\n\t\t\t\t\t\t\t\t\t\t<\/figure>\n\t\t\t\t\t\t\t\t\t<\/div>\n\t\t\t\t<\/div>\n\t\t\t\t\t<\/div>\n\t\t<\/div>\n\t\t\t\t<div class=\"elementor-column elementor-col-33 elementor-top-column elementor-element elementor-element-77239d7\" data-id=\"77239d7\" data-element_type=\"column\">\n\t\t\t<div class=\"elementor-widget-wrap elementor-element-populated\">\n\t\t\t\t\t\t<div class=\"elementor-element elementor-element-8634667 elementor-widget elementor-widget-image\" data-id=\"8634667\" data-element_type=\"widget\" data-widget_type=\"image.default\">\n\t\t\t\t<div class=\"elementor-widget-container\">\n\t\t\t\t\t\t\t\t\t\t\t\t<figure class=\"wp-caption\">\n\t\t\t\t\t\t\t\t\t\t\t<a href=\"https:\/\/wsm.art.pl\/wp-content\/uploads\/2025\/05\/09-IMG_2614.jpg\" data-elementor-open-lightbox=\"yes\" data-elementor-lightbox-title=\"11.05.2025\" data-e-action-hash=\"#elementor-action%3Aaction%3Dlightbox%26settings%3DeyJpZCI6MTc3MjQsInVybCI6Imh0dHBzOlwvXC93c20uYXJ0LnBsXC93cC1jb250ZW50XC91cGxvYWRzXC8yMDI1XC8wNVwvMDktSU1HXzI2MTQuanBnIn0%3D\">\n\t\t\t\t\t\t\t<img loading=\"lazy\" decoding=\"async\" width=\"843\" height=\"549\" src=\"https:\/\/wsm.art.pl\/wp-content\/uploads\/2025\/05\/09-IMG_2614-1024x667.jpg\" class=\"attachment-large size-large wp-image-17724\" alt=\"\" srcset=\"https:\/\/wsm.art.pl\/wp-content\/uploads\/2025\/05\/09-IMG_2614-1024x667.jpg 1024w, https:\/\/wsm.art.pl\/wp-content\/uploads\/2025\/05\/09-IMG_2614-300x195.jpg 300w, https:\/\/wsm.art.pl\/wp-content\/uploads\/2025\/05\/09-IMG_2614-768x500.jpg 768w, https:\/\/wsm.art.pl\/wp-content\/uploads\/2025\/05\/09-IMG_2614-1536x1001.jpg 1536w, https:\/\/wsm.art.pl\/wp-content\/uploads\/2025\/05\/09-IMG_2614-2048x1334.jpg 2048w\" sizes=\"(max-width: 843px) 100vw, 843px\" \/>\t\t\t\t\t\t\t\t<\/a>\n\t\t\t\t\t\t\t\t\t\t\t<figcaption class=\"widget-image-caption wp-caption-text\">J\u0119drzej \u0141agodzi\u0144ski, Hubert Zemler i Ryszard Latecki fot. Maciej Borowski<\/figcaption>\n\t\t\t\t\t\t\t\t\t\t<\/figure>\n\t\t\t\t\t\t\t\t\t<\/div>\n\t\t\t\t<\/div>\n\t\t\t\t\t<\/div>\n\t\t<\/div>\n\t\t\t\t\t<\/div>\n\t\t<\/section>\n\t\t\t\t<section class=\"elementor-section elementor-top-section elementor-element elementor-element-39d21e6 elementor-section-boxed elementor-section-height-default elementor-section-height-default\" data-id=\"39d21e6\" data-element_type=\"section\">\n\t\t\t\t\t\t<div class=\"elementor-container elementor-column-gap-default\">\n\t\t\t\t\t<div class=\"elementor-column elementor-col-33 elementor-top-column elementor-element elementor-element-31ad785\" data-id=\"31ad785\" data-element_type=\"column\">\n\t\t\t<div class=\"elementor-widget-wrap elementor-element-populated\">\n\t\t\t\t\t\t<div class=\"elementor-element elementor-element-d32a046 elementor-widget elementor-widget-image\" data-id=\"d32a046\" data-element_type=\"widget\" data-widget_type=\"image.default\">\n\t\t\t\t<div class=\"elementor-widget-container\">\n\t\t\t\t\t\t\t\t\t\t\t\t<figure class=\"wp-caption\">\n\t\t\t\t\t\t\t\t\t\t\t<a href=\"https:\/\/wsm.art.pl\/wp-content\/uploads\/2025\/05\/10.-IMG_2630.jpg\" data-elementor-open-lightbox=\"yes\" data-elementor-lightbox-title=\"11.05.2025\" data-e-action-hash=\"#elementor-action%3Aaction%3Dlightbox%26settings%3DeyJpZCI6MTc3MjUsInVybCI6Imh0dHBzOlwvXC93c20uYXJ0LnBsXC93cC1jb250ZW50XC91cGxvYWRzXC8yMDI1XC8wNVwvMTAuLUlNR18yNjMwLmpwZyJ9\">\n\t\t\t\t\t\t\t<img loading=\"lazy\" decoding=\"async\" width=\"843\" height=\"549\" src=\"https:\/\/wsm.art.pl\/wp-content\/uploads\/2025\/05\/10.-IMG_2630-1024x667.jpg\" class=\"attachment-large size-large wp-image-17725\" alt=\"\" srcset=\"https:\/\/wsm.art.pl\/wp-content\/uploads\/2025\/05\/10.-IMG_2630-1024x667.jpg 1024w, https:\/\/wsm.art.pl\/wp-content\/uploads\/2025\/05\/10.-IMG_2630-300x195.jpg 300w, https:\/\/wsm.art.pl\/wp-content\/uploads\/2025\/05\/10.-IMG_2630-768x500.jpg 768w, https:\/\/wsm.art.pl\/wp-content\/uploads\/2025\/05\/10.-IMG_2630-1536x1001.jpg 1536w, https:\/\/wsm.art.pl\/wp-content\/uploads\/2025\/05\/10.-IMG_2630.jpg 1842w\" sizes=\"(max-width: 843px) 100vw, 843px\" \/>\t\t\t\t\t\t\t\t<\/a>\n\t\t\t\t\t\t\t\t\t\t\t<figcaption class=\"widget-image-caption wp-caption-text\">Vlad Dumitrescu, J\u0119drzej \u0141agodzi\u0144ski, Hubert Zemler, Veranika Los, Tadeusz Wielecki i Ryszard Latecki fot. Maciej Borowski<\/figcaption>\n\t\t\t\t\t\t\t\t\t\t<\/figure>\n\t\t\t\t\t\t\t\t\t<\/div>\n\t\t\t\t<\/div>\n\t\t\t\t\t<\/div>\n\t\t<\/div>\n\t\t\t\t<div class=\"elementor-column elementor-col-33 elementor-top-column elementor-element elementor-element-449f6b3\" data-id=\"449f6b3\" data-element_type=\"column\">\n\t\t\t<div class=\"elementor-widget-wrap elementor-element-populated\">\n\t\t\t\t\t\t<div class=\"elementor-element elementor-element-6016799 elementor-widget elementor-widget-image\" data-id=\"6016799\" data-element_type=\"widget\" data-widget_type=\"image.default\">\n\t\t\t\t<div class=\"elementor-widget-container\">\n\t\t\t\t\t\t\t\t\t\t\t\t<figure class=\"wp-caption\">\n\t\t\t\t\t\t\t\t\t\t\t<a href=\"https:\/\/wsm.art.pl\/wp-content\/uploads\/2025\/05\/IMG_2638.jpg\" data-elementor-open-lightbox=\"yes\" data-elementor-lightbox-title=\"11.05.2025\" data-e-action-hash=\"#elementor-action%3Aaction%3Dlightbox%26settings%3DeyJpZCI6MTc3MjYsInVybCI6Imh0dHBzOlwvXC93c20uYXJ0LnBsXC93cC1jb250ZW50XC91cGxvYWRzXC8yMDI1XC8wNVwvSU1HXzI2MzguanBnIn0%3D\">\n\t\t\t\t\t\t\t<img loading=\"lazy\" decoding=\"async\" width=\"843\" height=\"549\" src=\"https:\/\/wsm.art.pl\/wp-content\/uploads\/2025\/05\/IMG_2638-1024x667.jpg\" class=\"attachment-large size-large wp-image-17726\" alt=\"\" srcset=\"https:\/\/wsm.art.pl\/wp-content\/uploads\/2025\/05\/IMG_2638-1024x667.jpg 1024w, https:\/\/wsm.art.pl\/wp-content\/uploads\/2025\/05\/IMG_2638-300x195.jpg 300w, https:\/\/wsm.art.pl\/wp-content\/uploads\/2025\/05\/IMG_2638-768x500.jpg 768w, https:\/\/wsm.art.pl\/wp-content\/uploads\/2025\/05\/IMG_2638.jpg 1535w\" sizes=\"(max-width: 843px) 100vw, 843px\" \/>\t\t\t\t\t\t\t\t<\/a>\n\t\t\t\t\t\t\t\t\t\t\t<figcaption class=\"widget-image-caption wp-caption-text\">Po koncercie fot. Maciej Borowski<\/figcaption>\n\t\t\t\t\t\t\t\t\t\t<\/figure>\n\t\t\t\t\t\t\t\t\t<\/div>\n\t\t\t\t<\/div>\n\t\t\t\t\t<\/div>\n\t\t<\/div>\n\t\t\t\t<div class=\"elementor-column elementor-col-33 elementor-top-column elementor-element elementor-element-f48e6a0\" data-id=\"f48e6a0\" data-element_type=\"column\">\n\t\t\t<div class=\"elementor-widget-wrap elementor-element-populated\">\n\t\t\t\t\t\t<div class=\"elementor-element elementor-element-c546ff7 elementor-widget elementor-widget-image\" data-id=\"c546ff7\" data-element_type=\"widget\" data-widget_type=\"image.default\">\n\t\t\t\t<div class=\"elementor-widget-container\">\n\t\t\t\t\t\t\t\t\t\t\t\t<figure class=\"wp-caption\">\n\t\t\t\t\t\t\t\t\t\t\t<a href=\"https:\/\/wsm.art.pl\/wp-content\/uploads\/2025\/05\/IMG_2662.jpg\" data-elementor-open-lightbox=\"yes\" data-elementor-lightbox-title=\"11.05.2025\" data-e-action-hash=\"#elementor-action%3Aaction%3Dlightbox%26settings%3DeyJpZCI6MTc3MjcsInVybCI6Imh0dHBzOlwvXC93c20uYXJ0LnBsXC93cC1jb250ZW50XC91cGxvYWRzXC8yMDI1XC8wNVwvSU1HXzI2NjIuanBnIn0%3D\">\n\t\t\t\t\t\t\t<img loading=\"lazy\" decoding=\"async\" width=\"843\" height=\"549\" src=\"https:\/\/wsm.art.pl\/wp-content\/uploads\/2025\/05\/IMG_2662-1024x667.jpg\" class=\"attachment-large size-large wp-image-17727\" alt=\"\" srcset=\"https:\/\/wsm.art.pl\/wp-content\/uploads\/2025\/05\/IMG_2662-1024x667.jpg 1024w, https:\/\/wsm.art.pl\/wp-content\/uploads\/2025\/05\/IMG_2662-300x195.jpg 300w, https:\/\/wsm.art.pl\/wp-content\/uploads\/2025\/05\/IMG_2662-768x500.jpg 768w, https:\/\/wsm.art.pl\/wp-content\/uploads\/2025\/05\/IMG_2662.jpg 1535w\" sizes=\"(max-width: 843px) 100vw, 843px\" \/>\t\t\t\t\t\t\t\t<\/a>\n\t\t\t\t\t\t\t\t\t\t\t<figcaption class=\"widget-image-caption wp-caption-text\">Rafa\u0142 Stradomski i Sabra Daici fot. Maciej Borowski<\/figcaption>\n\t\t\t\t\t\t\t\t\t\t<\/figure>\n\t\t\t\t\t\t\t\t\t<\/div>\n\t\t\t\t<\/div>\n\t\t\t\t\t<\/div>\n\t\t<\/div>\n\t\t\t\t\t<\/div>\n\t\t<\/section>\n\t\t\t\t<\/div>\n\t\t","protected":false},"excerpt":{"rendered":"<p>Jaros\u0142aw Siwi\u0144ski fot. Maciej Borowski Ryszard Latecki fot. Maciej Borowski Tadeusz Wielecki fot. Maciej Borowski Hubert Zemler fot. Maciej Borowski Veranika Los fot. Maciej Borowski&hellip;<\/p>\n","protected":false},"author":1,"featured_media":0,"parent":0,"menu_order":0,"comment_status":"closed","ping_status":"closed","template":"","meta":{"footnotes":""},"class_list":["post-17694","page","type-page","status-publish","hentry"],"_links":{"self":[{"href":"https:\/\/wsm.art.pl\/index.php?rest_route=\/wp\/v2\/pages\/17694","targetHints":{"allow":["GET"]}}],"collection":[{"href":"https:\/\/wsm.art.pl\/index.php?rest_route=\/wp\/v2\/pages"}],"about":[{"href":"https:\/\/wsm.art.pl\/index.php?rest_route=\/wp\/v2\/types\/page"}],"author":[{"embeddable":true,"href":"https:\/\/wsm.art.pl\/index.php?rest_route=\/wp\/v2\/users\/1"}],"replies":[{"embeddable":true,"href":"https:\/\/wsm.art.pl\/index.php?rest_route=%2Fwp%2Fv2%2Fcomments&post=17694"}],"version-history":[{"count":46,"href":"https:\/\/wsm.art.pl\/index.php?rest_route=\/wp\/v2\/pages\/17694\/revisions"}],"predecessor-version":[{"id":17977,"href":"https:\/\/wsm.art.pl\/index.php?rest_route=\/wp\/v2\/pages\/17694\/revisions\/17977"}],"wp:attachment":[{"href":"https:\/\/wsm.art.pl\/index.php?rest_route=%2Fwp%2Fv2%2Fmedia&parent=17694"}],"curies":[{"name":"wp","href":"https:\/\/api.w.org\/{rel}","templated":true}]}}