{"id":17469,"date":"2025-04-29T20:21:03","date_gmt":"2025-04-29T20:21:03","guid":{"rendered":"https:\/\/wsm.art.pl\/?page_id=17469"},"modified":"2025-04-29T20:22:03","modified_gmt":"2025-04-29T20:22:03","slug":"2025-sokolowski","status":"publish","type":"page","link":"https:\/\/wsm.art.pl\/?page_id=17469","title":{"rendered":"2025 SOKO\u0141OWSKI Kuba"},"content":{"rendered":"\t\t<div data-elementor-type=\"wp-page\" data-elementor-id=\"17469\" class=\"elementor elementor-17469\">\n\t\t\t\t\t\t<section class=\"elementor-section elementor-top-section elementor-element elementor-element-8b249b1 elementor-section-boxed elementor-section-height-default elementor-section-height-default\" data-id=\"8b249b1\" data-element_type=\"section\">\n\t\t\t\t\t\t<div class=\"elementor-container elementor-column-gap-default\">\n\t\t\t\t\t<div class=\"elementor-column elementor-col-100 elementor-top-column elementor-element elementor-element-1aeb34e\" data-id=\"1aeb34e\" data-element_type=\"column\">\n\t\t\t<div class=\"elementor-widget-wrap elementor-element-populated\">\n\t\t\t\t\t\t<div class=\"elementor-element elementor-element-90cdfe6 elementor-widget elementor-widget-heading\" data-id=\"90cdfe6\" data-element_type=\"widget\" data-widget_type=\"heading.default\">\n\t\t\t\t<div class=\"elementor-widget-container\">\n\t\t\t\t\t<h2 class=\"elementor-heading-title elementor-size-default\">Kuba Soko\u0142owski<\/h2>\t\t\t\t<\/div>\n\t\t\t\t<\/div>\n\t\t\t\t\t<\/div>\n\t\t<\/div>\n\t\t\t\t\t<\/div>\n\t\t<\/section>\n\t\t\t\t<section class=\"elementor-section elementor-top-section elementor-element elementor-element-208796d2 elementor-section-boxed elementor-section-height-default elementor-section-height-default\" data-id=\"208796d2\" data-element_type=\"section\">\n\t\t\t\t\t\t<div class=\"elementor-container elementor-column-gap-default\">\n\t\t\t\t\t<div class=\"elementor-column elementor-col-50 elementor-top-column elementor-element elementor-element-2998c263\" data-id=\"2998c263\" data-element_type=\"column\">\n\t\t\t<div class=\"elementor-widget-wrap elementor-element-populated\">\n\t\t\t\t\t\t<div class=\"elementor-element elementor-element-4f2be069 elementor-widget elementor-widget-image\" data-id=\"4f2be069\" data-element_type=\"widget\" data-widget_type=\"image.default\">\n\t\t\t\t<div class=\"elementor-widget-container\">\n\t\t\t\t\t\t\t\t\t\t\t\t<figure class=\"wp-caption\">\n\t\t\t\t\t\t\t\t\t\t<img fetchpriority=\"high\" decoding=\"async\" width=\"768\" height=\"768\" src=\"https:\/\/wsm.art.pl\/wp-content\/uploads\/2025\/04\/Kuba-Sokolowski-small-768x768.jpg\" class=\"attachment-medium_large size-medium_large wp-image-17471\" alt=\"\" srcset=\"https:\/\/wsm.art.pl\/wp-content\/uploads\/2025\/04\/Kuba-Sokolowski-small-768x768.jpg 768w, https:\/\/wsm.art.pl\/wp-content\/uploads\/2025\/04\/Kuba-Sokolowski-small-300x300.jpg 300w, https:\/\/wsm.art.pl\/wp-content\/uploads\/2025\/04\/Kuba-Sokolowski-small-150x150.jpg 150w, https:\/\/wsm.art.pl\/wp-content\/uploads\/2025\/04\/Kuba-Sokolowski-small.jpg 900w\" sizes=\"(max-width: 768px) 100vw, 768px\" \/>\t\t\t\t\t\t\t\t\t\t\t<figcaption class=\"widget-image-caption wp-caption-text\"><\/figcaption>\n\t\t\t\t\t\t\t\t\t\t<\/figure>\n\t\t\t\t\t\t\t\t\t<\/div>\n\t\t\t\t<\/div>\n\t\t\t\t\t<\/div>\n\t\t<\/div>\n\t\t\t\t<div class=\"elementor-column elementor-col-50 elementor-top-column elementor-element elementor-element-22045959\" data-id=\"22045959\" data-element_type=\"column\">\n\t\t\t<div class=\"elementor-widget-wrap elementor-element-populated\">\n\t\t\t\t\t\t<div class=\"elementor-element elementor-element-20a87065 elementor-widget elementor-widget-text-editor\" data-id=\"20a87065\" data-element_type=\"widget\" data-widget_type=\"text-editor.default\">\n\t\t\t\t<div class=\"elementor-widget-container\">\n\t\t\t\t\t\t\t\t\t<p class=\"western\" style=\"text-align: left;\" align=\"justify\"><span style=\"font-size: small;\"><span style=\"font-size: medium;\">P<\/span><span style=\"font-size: medium;\">ianista, kompozytor i wyk\u0142adowca Uniwersytetu Fryderyka Chopina w Warszawie. Od 2010 roku czynnie zwi\u0105zany ze \u015brodowiskiem sztuki improwizowanej jak i akademick\u0105 klasyk\u0105. Stypendysta School For Improvisational Music. Jako solista wsp\u00f3\u0142pracowa\u0142, realizuj\u0105c fonograficzne projekty, z zespo\u0142em Hedone, Micha\u0142em Jeziorskim (duet Apollo), Maciejem Obar\u0105, Tomaszem D\u0105browskim, Evanem Ziporynem, Miko\u0142ajem Pa\u0142oszem.<\/span><\/span><\/p><p class=\"western\" style=\"text-align: left;\" align=\"justify\"><span style=\"font-size: small;\"><span style=\"font-size: medium;\">Od 2018 roku zwi\u0105zany z wytw\u00f3rni\u0105 B\u00f4\u0142t Records nagra\u0142 solowe kompozycje Szabolcsa Esztenyego z kompletem <\/span><span style=\"font-size: medium;\"><i>Muzyk Kreowanych<\/i><\/span><span style=\"font-size: medium;\">, <\/span><span style=\"font-size: medium;\"><i>Muzyczki<\/i><\/span><span style=\"font-size: medium;\"> H.M. G\u00f3reckiego, autorski projekt ERRATA z Paw\u0142em Stasiewiczem, kompozycje Bogus\u0142awa Schaeffera z Piotrem Zabrodzkim i projekt JAGD pod kuratel\u0105 Barbary Kingi Majewskiej z Emilem Miszkiem, Hubertem Zemlerem, Mi\u0142oszem P\u0119kal\u0105 i Jurkiem Rogiewiczem. Jako jeden z wielu polskich artyst\u00f3w nagra\u0142 cz\u0119\u015b\u0107 projektu <\/span><span style=\"font-size: medium;\"><i>Radical Songbook<\/i><\/span><span style=\"font-size: medium;\">, tworz\u0105c rework utwor\u00f3w ludowych Jana Gacy.<\/span><\/span><\/p>\t\t\t\t\t\t\t\t<\/div>\n\t\t\t\t<\/div>\n\t\t\t\t\t<\/div>\n\t\t<\/div>\n\t\t\t\t\t<\/div>\n\t\t<\/section>\n\t\t\t\t<\/div>\n\t\t","protected":false},"excerpt":{"rendered":"<p>Kuba Soko\u0142owski Pianista, kompozytor i wyk\u0142adowca Uniwersytetu Fryderyka Chopina w Warszawie. Od 2010 roku czynnie zwi\u0105zany ze \u015brodowiskiem sztuki improwizowanej jak i akademick\u0105 klasyk\u0105. Stypendysta&hellip;<\/p>\n","protected":false},"author":1,"featured_media":0,"parent":0,"menu_order":0,"comment_status":"closed","ping_status":"closed","template":"","meta":{"footnotes":""},"class_list":["post-17469","page","type-page","status-publish","hentry"],"_links":{"self":[{"href":"https:\/\/wsm.art.pl\/index.php?rest_route=\/wp\/v2\/pages\/17469","targetHints":{"allow":["GET"]}}],"collection":[{"href":"https:\/\/wsm.art.pl\/index.php?rest_route=\/wp\/v2\/pages"}],"about":[{"href":"https:\/\/wsm.art.pl\/index.php?rest_route=\/wp\/v2\/types\/page"}],"author":[{"embeddable":true,"href":"https:\/\/wsm.art.pl\/index.php?rest_route=\/wp\/v2\/users\/1"}],"replies":[{"embeddable":true,"href":"https:\/\/wsm.art.pl\/index.php?rest_route=%2Fwp%2Fv2%2Fcomments&post=17469"}],"version-history":[{"count":4,"href":"https:\/\/wsm.art.pl\/index.php?rest_route=\/wp\/v2\/pages\/17469\/revisions"}],"predecessor-version":[{"id":17474,"href":"https:\/\/wsm.art.pl\/index.php?rest_route=\/wp\/v2\/pages\/17469\/revisions\/17474"}],"wp:attachment":[{"href":"https:\/\/wsm.art.pl\/index.php?rest_route=%2Fwp%2Fv2%2Fmedia&parent=17469"}],"curies":[{"name":"wp","href":"https:\/\/api.w.org\/{rel}","templated":true}]}}