{"id":17460,"date":"2025-04-29T20:13:37","date_gmt":"2025-04-29T20:13:37","guid":{"rendered":"https:\/\/wsm.art.pl\/?page_id=17460"},"modified":"2025-04-29T20:16:52","modified_gmt":"2025-04-29T20:16:52","slug":"2025-smolinski","status":"publish","type":"page","link":"https:\/\/wsm.art.pl\/?page_id=17460","title":{"rendered":"2025 SMOLI\u0143SKI Rafa\u0142"},"content":{"rendered":"\t\t<div data-elementor-type=\"wp-page\" data-elementor-id=\"17460\" class=\"elementor elementor-17460\">\n\t\t\t\t\t\t<section class=\"elementor-section elementor-top-section elementor-element elementor-element-8b249b1 elementor-section-boxed elementor-section-height-default elementor-section-height-default\" data-id=\"8b249b1\" data-element_type=\"section\">\n\t\t\t\t\t\t<div class=\"elementor-container elementor-column-gap-default\">\n\t\t\t\t\t<div class=\"elementor-column elementor-col-100 elementor-top-column elementor-element elementor-element-1aeb34e\" data-id=\"1aeb34e\" data-element_type=\"column\">\n\t\t\t<div class=\"elementor-widget-wrap elementor-element-populated\">\n\t\t\t\t\t\t<div class=\"elementor-element elementor-element-90cdfe6 elementor-widget elementor-widget-heading\" data-id=\"90cdfe6\" data-element_type=\"widget\" data-widget_type=\"heading.default\">\n\t\t\t\t<div class=\"elementor-widget-container\">\n\t\t\t\t\t<h2 class=\"elementor-heading-title elementor-size-default\">Rafa\u0142 Smoli\u0144ski<\/h2>\t\t\t\t<\/div>\n\t\t\t\t<\/div>\n\t\t\t\t\t<\/div>\n\t\t<\/div>\n\t\t\t\t\t<\/div>\n\t\t<\/section>\n\t\t\t\t<section class=\"elementor-section elementor-top-section elementor-element elementor-element-208796d2 elementor-section-boxed elementor-section-height-default elementor-section-height-default\" data-id=\"208796d2\" data-element_type=\"section\">\n\t\t\t\t\t\t<div class=\"elementor-container elementor-column-gap-default\">\n\t\t\t\t\t<div class=\"elementor-column elementor-col-50 elementor-top-column elementor-element elementor-element-2998c263\" data-id=\"2998c263\" data-element_type=\"column\">\n\t\t\t<div class=\"elementor-widget-wrap elementor-element-populated\">\n\t\t\t\t\t\t<div class=\"elementor-element elementor-element-4f2be069 elementor-widget elementor-widget-image\" data-id=\"4f2be069\" data-element_type=\"widget\" data-widget_type=\"image.default\">\n\t\t\t\t<div class=\"elementor-widget-container\">\n\t\t\t\t\t\t\t\t\t\t\t\t<figure class=\"wp-caption\">\n\t\t\t\t\t\t\t\t\t\t<img fetchpriority=\"high\" decoding=\"async\" width=\"768\" height=\"1024\" src=\"https:\/\/wsm.art.pl\/wp-content\/uploads\/2025\/04\/Rafal-Smolinski-small-768x1024.jpg\" class=\"attachment-medium_large size-medium_large wp-image-17462\" alt=\"\" srcset=\"https:\/\/wsm.art.pl\/wp-content\/uploads\/2025\/04\/Rafal-Smolinski-small-768x1024.jpg 768w, https:\/\/wsm.art.pl\/wp-content\/uploads\/2025\/04\/Rafal-Smolinski-small-225x300.jpg 225w, https:\/\/wsm.art.pl\/wp-content\/uploads\/2025\/04\/Rafal-Smolinski-small.jpg 900w\" sizes=\"(max-width: 768px) 100vw, 768px\" \/>\t\t\t\t\t\t\t\t\t\t\t<figcaption class=\"widget-image-caption wp-caption-text\"><\/figcaption>\n\t\t\t\t\t\t\t\t\t\t<\/figure>\n\t\t\t\t\t\t\t\t\t<\/div>\n\t\t\t\t<\/div>\n\t\t\t\t\t<\/div>\n\t\t<\/div>\n\t\t\t\t<div class=\"elementor-column elementor-col-50 elementor-top-column elementor-element elementor-element-22045959\" data-id=\"22045959\" data-element_type=\"column\">\n\t\t\t<div class=\"elementor-widget-wrap elementor-element-populated\">\n\t\t\t\t\t\t<div class=\"elementor-element elementor-element-20a87065 elementor-widget elementor-widget-text-editor\" data-id=\"20a87065\" data-element_type=\"widget\" data-widget_type=\"text-editor.default\">\n\t\t\t\t<div class=\"elementor-widget-container\">\n\t\t\t\t\t\t\t\t\t<p class=\"western\" style=\"text-align: left;\" align=\"justify\"><span style=\"font-family: Arial, sans-serif;\"><span style=\"font-size: medium;\">Jako realizator nagra\u0144, muzyk lub producent muzyczny wsp\u00f3\u0142pracowa\u0142 z Tadeuszem Sudnikiem, Mieczys\u0142awem Litwi\u0144skim, Edwardem Sielickim, Micha\u0142em Urbaniakiem, Krzesimirem D\u0119bskim, Ann\u0105 J\u0119drzejewsk\u0105, Andrzejem Rejmanem, Erykiem Kulmem i wieloma innymi wybitnymi postaciami z r\u00f3\u017cnych nurt\u00f3w i \u015brodowisk muzycznych.<\/span><\/span><\/p><p class=\"western\" style=\"text-align: left;\" align=\"justify\"><span style=\"font-family: Arial, sans-serif;\"><span style=\"font-size: medium;\">Wraz z Mart\u0105 Kaweck\u0105 jest tw\u00f3rc\u0105 obiekt\u00f3w wizualnych i d\u017awi\u0119kowych, kt\u00f3re wystawiane by\u0142y w galeriach tak polskich jak i europejskich.<\/span><\/span><\/p><p class=\"western\" style=\"text-align: left;\" align=\"justify\"><span style=\"font-family: Arial, sans-serif;\"><span style=\"font-size: medium;\">Jako realizator nagra\u0144 specjalizuje si\u0119 w nagraniach mobilnych oraz eksperymentalnym field-recordingu. W\u0142a\u015bciciel pracowni muzycznej w Warszawie, gdzie istotny jest sam proces tworzenia prac dzwi\u0119kowych lub wizualnych oraz \u0142\u0105czenie artyst\u00f3w bez wzgl\u0119du na generacje lub gatunki w kt\u00f3rych si\u0119 wyspecjalizowali.<\/span><\/span><\/p><p class=\"western\" style=\"text-align: left;\" align=\"justify\"><span style=\"font-family: Arial, sans-serif;\"><span style=\"font-size: medium;\">R\u00f3\u017cnorodno\u015b\u0107 aktywno\u015bci Rafa\u0142a pokazuj\u0105 przyk\u0142adowe realizacje: Circular Breathing Festival \u2013 nagrania w kaplicy \u015bw. Wawrzy\u0144ca na \u015anie\u017cce, 1603 (m.n.p.m); nagranie interwencyjne w Prochowni Twierdzy Modlin p\u0142yty <\/span><\/span><span style=\"font-family: Arial, sans-serif;\"><span style=\"font-size: medium;\"><i>Lamunan<\/i><\/span><\/span><span style=\"font-family: Arial, sans-serif;\"><span style=\"font-size: medium;\"> Antoniny Nowackiej; Me\u0142ech\/Majewski\/Kr\u00f3likowski\/Buhl realizacja nagrania w XIX-wiecznej stodole w Tylawie; nagranie pierwszej p\u0142yty Trio Szpety w Podziemiu Pokamedulskim w Lasku Biela\u0144skim w Warszawie; Warszawska Jesie\u0144 2020, Ola Cie\u015blak\/Edward Sielicki <\/span><\/span><span style=\"font-family: Arial, sans-serif;\"><span style=\"font-size: medium;\"><i>Piwnica<\/i><\/span><\/span><span style=\"font-family: Arial, sans-serif;\"><span style=\"font-size: medium;\"> nagrania g\u0142os\u00f3w operowych w Podziemiach Muzeum Warszawy; tw\u00f3rcza realizacja nagrania performansu na Kopie Cwila, Ch\u00f3r w Ruchu\/Komuna Warszawa; nagranie opery <\/span><\/span><span style=\"font-family: Arial, sans-serif;\"><span style=\"font-size: medium;\"><i>Duszysko<\/i><\/span><\/span><span style=\"font-family: Arial, sans-serif;\"><span style=\"font-size: medium;\"> Anny J\u0119drzejewskiej w klasztorze cysterskim w Lubi\u0105\u017cu.<\/span><\/span><\/p>\t\t\t\t\t\t\t\t<\/div>\n\t\t\t\t<\/div>\n\t\t\t\t\t<\/div>\n\t\t<\/div>\n\t\t\t\t\t<\/div>\n\t\t<\/section>\n\t\t\t\t<\/div>\n\t\t","protected":false},"excerpt":{"rendered":"<p>Rafa\u0142 Smoli\u0144ski Jako realizator nagra\u0144, muzyk lub producent muzyczny wsp\u00f3\u0142pracowa\u0142 z Tadeuszem Sudnikiem, Mieczys\u0142awem Litwi\u0144skim, Edwardem Sielickim, Micha\u0142em Urbaniakiem, Krzesimirem D\u0119bskim, Ann\u0105 J\u0119drzejewsk\u0105, Andrzejem Rejmanem,&hellip;<\/p>\n","protected":false},"author":1,"featured_media":0,"parent":0,"menu_order":0,"comment_status":"closed","ping_status":"closed","template":"","meta":{"footnotes":""},"class_list":["post-17460","page","type-page","status-publish","hentry"],"_links":{"self":[{"href":"https:\/\/wsm.art.pl\/index.php?rest_route=\/wp\/v2\/pages\/17460","targetHints":{"allow":["GET"]}}],"collection":[{"href":"https:\/\/wsm.art.pl\/index.php?rest_route=\/wp\/v2\/pages"}],"about":[{"href":"https:\/\/wsm.art.pl\/index.php?rest_route=\/wp\/v2\/types\/page"}],"author":[{"embeddable":true,"href":"https:\/\/wsm.art.pl\/index.php?rest_route=\/wp\/v2\/users\/1"}],"replies":[{"embeddable":true,"href":"https:\/\/wsm.art.pl\/index.php?rest_route=%2Fwp%2Fv2%2Fcomments&post=17460"}],"version-history":[{"count":4,"href":"https:\/\/wsm.art.pl\/index.php?rest_route=\/wp\/v2\/pages\/17460\/revisions"}],"predecessor-version":[{"id":17465,"href":"https:\/\/wsm.art.pl\/index.php?rest_route=\/wp\/v2\/pages\/17460\/revisions\/17465"}],"wp:attachment":[{"href":"https:\/\/wsm.art.pl\/index.php?rest_route=%2Fwp%2Fv2%2Fmedia&parent=17460"}],"curies":[{"name":"wp","href":"https:\/\/api.w.org\/{rel}","templated":true}]}}