{"id":17441,"date":"2025-04-29T20:02:40","date_gmt":"2025-04-29T20:02:40","guid":{"rendered":"https:\/\/wsm.art.pl\/?page_id=17441"},"modified":"2025-04-29T20:05:57","modified_gmt":"2025-04-29T20:05:57","slug":"2025-oprw","status":"publish","type":"page","link":"https:\/\/wsm.art.pl\/?page_id=17441","title":{"rendered":"2025 Orkierstra Polskiego Radia w Warszawie"},"content":{"rendered":"\t\t<div data-elementor-type=\"wp-page\" data-elementor-id=\"17441\" class=\"elementor elementor-17441\">\n\t\t\t\t\t\t<section class=\"elementor-section elementor-top-section elementor-element elementor-element-8b249b1 elementor-section-boxed elementor-section-height-default elementor-section-height-default\" data-id=\"8b249b1\" data-element_type=\"section\">\n\t\t\t\t\t\t<div class=\"elementor-container elementor-column-gap-default\">\n\t\t\t\t\t<div class=\"elementor-column elementor-col-100 elementor-top-column elementor-element elementor-element-1aeb34e\" data-id=\"1aeb34e\" data-element_type=\"column\">\n\t\t\t<div class=\"elementor-widget-wrap elementor-element-populated\">\n\t\t\t\t\t\t<div class=\"elementor-element elementor-element-90cdfe6 elementor-widget elementor-widget-heading\" data-id=\"90cdfe6\" data-element_type=\"widget\" data-widget_type=\"heading.default\">\n\t\t\t\t<div class=\"elementor-widget-container\">\n\t\t\t\t\t<h2 class=\"elementor-heading-title elementor-size-default\">Orkiestra Polskiego Radia w Warszawie<\/h2>\t\t\t\t<\/div>\n\t\t\t\t<\/div>\n\t\t\t\t\t<\/div>\n\t\t<\/div>\n\t\t\t\t\t<\/div>\n\t\t<\/section>\n\t\t\t\t<section class=\"elementor-section elementor-top-section elementor-element elementor-element-208796d2 elementor-section-boxed elementor-section-height-default elementor-section-height-default\" data-id=\"208796d2\" data-element_type=\"section\">\n\t\t\t\t\t\t<div class=\"elementor-container elementor-column-gap-default\">\n\t\t\t\t\t<div class=\"elementor-column elementor-col-50 elementor-top-column elementor-element elementor-element-2998c263\" data-id=\"2998c263\" data-element_type=\"column\">\n\t\t\t<div class=\"elementor-widget-wrap elementor-element-populated\">\n\t\t\t\t\t\t<div class=\"elementor-element elementor-element-4f2be069 elementor-widget elementor-widget-image\" data-id=\"4f2be069\" data-element_type=\"widget\" data-widget_type=\"image.default\">\n\t\t\t\t<div class=\"elementor-widget-container\">\n\t\t\t\t\t\t\t\t\t\t\t\t<figure class=\"wp-caption\">\n\t\t\t\t\t\t\t\t\t\t<img fetchpriority=\"high\" decoding=\"async\" width=\"768\" height=\"511\" src=\"https:\/\/wsm.art.pl\/wp-content\/uploads\/2025\/04\/OPRW-fot.-Bruno-Fidrych-small-768x511.jpg\" class=\"attachment-medium_large size-medium_large wp-image-17443\" alt=\"\" srcset=\"https:\/\/wsm.art.pl\/wp-content\/uploads\/2025\/04\/OPRW-fot.-Bruno-Fidrych-small-768x511.jpg 768w, https:\/\/wsm.art.pl\/wp-content\/uploads\/2025\/04\/OPRW-fot.-Bruno-Fidrych-small-300x200.jpg 300w, https:\/\/wsm.art.pl\/wp-content\/uploads\/2025\/04\/OPRW-fot.-Bruno-Fidrych-small-1024x681.jpg 1024w, https:\/\/wsm.art.pl\/wp-content\/uploads\/2025\/04\/OPRW-fot.-Bruno-Fidrych-small-1536x1021.jpg 1536w, https:\/\/wsm.art.pl\/wp-content\/uploads\/2025\/04\/OPRW-fot.-Bruno-Fidrych-small.jpg 1800w\" sizes=\"(max-width: 768px) 100vw, 768px\" \/>\t\t\t\t\t\t\t\t\t\t\t<figcaption class=\"widget-image-caption wp-caption-text\">fot. Bruno Fidrych<\/figcaption>\n\t\t\t\t\t\t\t\t\t\t<\/figure>\n\t\t\t\t\t\t\t\t\t<\/div>\n\t\t\t\t<\/div>\n\t\t\t\t\t<\/div>\n\t\t<\/div>\n\t\t\t\t<div class=\"elementor-column elementor-col-50 elementor-top-column elementor-element elementor-element-22045959\" data-id=\"22045959\" data-element_type=\"column\">\n\t\t\t<div class=\"elementor-widget-wrap\">\n\t\t\t\t\t\t\t<\/div>\n\t\t<\/div>\n\t\t\t\t\t<\/div>\n\t\t<\/section>\n\t\t\t\t<section class=\"elementor-section elementor-top-section elementor-element elementor-element-e9b4925 elementor-section-boxed elementor-section-height-default elementor-section-height-default\" data-id=\"e9b4925\" data-element_type=\"section\">\n\t\t\t\t\t\t<div class=\"elementor-container elementor-column-gap-default\">\n\t\t\t\t\t<div class=\"elementor-column elementor-col-100 elementor-top-column elementor-element elementor-element-6e2d0a3\" data-id=\"6e2d0a3\" data-element_type=\"column\">\n\t\t\t<div class=\"elementor-widget-wrap elementor-element-populated\">\n\t\t\t\t\t\t<div class=\"elementor-element elementor-element-fca46ec elementor-widget elementor-widget-text-editor\" data-id=\"fca46ec\" data-element_type=\"widget\" data-widget_type=\"text-editor.default\">\n\t\t\t\t<div class=\"elementor-widget-container\">\n\t\t\t\t\t\t\t\t\t<p style=\"text-align: left;\" align=\"justify\"><span style=\"font-family: Arial, sans-serif;\"><span style=\"font-size: medium;\">W roku 2025 minie 80 lat od formalnego powo\u0142ania przez Stefana Rachonia<\/span><\/span> <span style=\"font-family: Arial, sans-serif;\"><span style=\"font-size: medium;\">ORKIESTRY POLSKIEGO RADIA W WARSZAWIE<\/span><\/span><span style=\"font-family: Arial, sans-serif;\"><span style=\"font-size: medium;\">,<\/span><\/span> <span style=\"font-family: Arial, sans-serif;\"><span style=\"font-size: medium;\">jednak historia zespo\u0142u si\u0119ga jeszcze czas\u00f3w przedwojennych a jej pocz\u0105tek datuje si\u0119 na rok 1934. Dzi\u015b OPRW to ostatni zesp\u00f3\u0142 artystyczny w strukturze Polskiego Radia. Ka\u017cdego roku za spraw\u0105 Orkiestry w eter p\u0142yn\u0105 godziny muzyki zarejestrowanej podczas koncert\u00f3w i sesji nagraniowych. Zesp\u00f3\u0142 ma tak\u017ce w swym dorobku nagrania muzyki do ponad 100 film\u00f3w i seriali.<\/span><\/span><\/p><p style=\"text-align: left;\" align=\"justify\"><span style=\"font-family: Arial, sans-serif;\"><span style=\"font-size: medium;\">Od roku 2015 dyrektorem artystycznym OPRW jest Micha\u0142 Klauza.<\/span><\/span> <span style=\"font-family: Arial, sans-serif;\"><span style=\"font-size: medium;\">Kolejne sezony otwiera\u0142y wykonania dzie\u0142 wokalno-instrumentalnych: Ogi\u0144skiego, Nowowiejskiego czy Kurpi\u0144skiego. P\u0142ytowa rejestracja <\/span><\/span><span style=\"font-family: Arial, sans-serif;\"><span style=\"font-size: medium;\"><i>Hagith <\/i><\/span><\/span><span style=\"font-family: Arial, sans-serif;\"><span style=\"font-size: medium;\">Karola Szymanowskiego przynios\u0142a Orkiestrze FRYDERYKA 2020.<\/span><\/span><\/p><p style=\"text-align: left;\" align=\"justify\"><span style=\"font-family: Arial, sans-serif;\"><span style=\"font-size: medium;\">W latach 2007\u20132015 zespo\u0142em kierowa\u0142 \u0141ukasz Borowicz, kt\u00f3rego znakiem rozpoznawczym sta\u0142y si\u0119 koncertowe wykonania nieznanych lub zapomnianych polskich oper, m.in. <\/span><\/span><span style=\"font-family: Arial, sans-serif;\"><span style=\"font-size: medium;\"><i>Maria <\/i><\/span><\/span><span style=\"font-family: Arial, sans-serif;\"><span style=\"font-size: medium;\">Statkowskiego, <\/span><\/span><span style=\"font-family: Arial, sans-serif;\"><span style=\"font-size: medium;\"><i>Flis<\/i><\/span><\/span><span style=\"font-family: Arial, sans-serif;\"><span style=\"font-size: medium;\">, <\/span><\/span><span style=\"font-family: Arial, sans-serif;\"><span style=\"font-size: medium;\"><i>Verbum nobile <\/i><\/span><\/span><span style=\"font-family: Arial, sans-serif;\"><span style=\"font-size: medium;\">Moniuszki, <\/span><\/span><span style=\"font-family: Arial, sans-serif;\"><span style=\"font-size: medium;\"><i>Monbar czyli Flibustierowie <\/i><\/span><\/span><span style=\"font-family: Arial, sans-serif;\"><span style=\"font-size: medium;\">Dobrzy\u0144skiego, czy <\/span><\/span><span style=\"font-family: Arial, sans-serif;\"><span style=\"font-size: medium;\"><i>Zemsta za mur graniczny <\/i><\/span><\/span><span style=\"font-family: Arial, sans-serif;\"><span style=\"font-size: medium;\">Noskowskiego.<\/span><\/span><\/p><p style=\"text-align: left;\" align=\"justify\"><span style=\"font-family: Arial, sans-serif;\"><span style=\"font-size: medium;\">OPRW pracowa\u0142a z najwybitniejszymi polskimi dyrygentami &#8211;<\/span><\/span> <span style=\"font-family: Arial, sans-serif;\"><span style=\"font-size: medium;\">Jerzym Maksymiukiem, Jackiem Kaspszykiem, Antonim Witem, Janem Krenzem, Markiem Mosiem \u2013 czy solistami: Aleksandr\u0105 Kurzak, Olg\u0105 Pasiecznik, Ew\u0105 Podle\u015b, Jadwig\u0105 Rapp\u00e9, Ma\u0142gorzat\u0105 Walewsk\u0105, Piotrem Becza\u0142\u0105, Tomaszem Koniecznym, Mariuszem Kwietniem, Krzysztofem i Jakubem Jakowiczami, Konstantym Andrzejem Kulk\u0105, Rafa\u0142em Blechaczem, Charlesem Richardem-Hamelinem, Krzysztofem Jab\u0142o\u0144skim, Piotrem Palecznym, czy Dang Thai Sonem.<\/span><\/span><\/p>\t\t\t\t\t\t\t\t<\/div>\n\t\t\t\t<\/div>\n\t\t\t\t\t<\/div>\n\t\t<\/div>\n\t\t\t\t\t<\/div>\n\t\t<\/section>\n\t\t\t\t<\/div>\n\t\t","protected":false},"excerpt":{"rendered":"<p>Orkiestra Polskiego Radia w Warszawie fot. Bruno Fidrych W roku 2025 minie 80 lat od formalnego powo\u0142ania przez Stefana Rachonia ORKIESTRY POLSKIEGO RADIA W WARSZAWIE,&hellip;<\/p>\n","protected":false},"author":1,"featured_media":0,"parent":0,"menu_order":0,"comment_status":"closed","ping_status":"closed","template":"","meta":{"footnotes":""},"class_list":["post-17441","page","type-page","status-publish","hentry"],"_links":{"self":[{"href":"https:\/\/wsm.art.pl\/index.php?rest_route=\/wp\/v2\/pages\/17441","targetHints":{"allow":["GET"]}}],"collection":[{"href":"https:\/\/wsm.art.pl\/index.php?rest_route=\/wp\/v2\/pages"}],"about":[{"href":"https:\/\/wsm.art.pl\/index.php?rest_route=\/wp\/v2\/types\/page"}],"author":[{"embeddable":true,"href":"https:\/\/wsm.art.pl\/index.php?rest_route=\/wp\/v2\/users\/1"}],"replies":[{"embeddable":true,"href":"https:\/\/wsm.art.pl\/index.php?rest_route=%2Fwp%2Fv2%2Fcomments&post=17441"}],"version-history":[{"count":5,"href":"https:\/\/wsm.art.pl\/index.php?rest_route=\/wp\/v2\/pages\/17441\/revisions"}],"predecessor-version":[{"id":17447,"href":"https:\/\/wsm.art.pl\/index.php?rest_route=\/wp\/v2\/pages\/17441\/revisions\/17447"}],"wp:attachment":[{"href":"https:\/\/wsm.art.pl\/index.php?rest_route=%2Fwp%2Fv2%2Fmedia&parent=17441"}],"curies":[{"name":"wp","href":"https:\/\/api.w.org\/{rel}","templated":true}]}}