{"id":17398,"date":"2025-04-29T19:39:48","date_gmt":"2025-04-29T19:39:48","guid":{"rendered":"https:\/\/wsm.art.pl\/?page_id=17398"},"modified":"2025-04-29T19:41:54","modified_gmt":"2025-04-29T19:41:54","slug":"2025-krzysztofik-buczynska","status":"publish","type":"page","link":"https:\/\/wsm.art.pl\/?page_id=17398","title":{"rendered":"2025 KRZYSZTOFIK-BUCZY\u0143SKA Anna"},"content":{"rendered":"\t\t<div data-elementor-type=\"wp-page\" data-elementor-id=\"17398\" class=\"elementor elementor-17398\">\n\t\t\t\t\t\t<section class=\"elementor-section elementor-top-section elementor-element elementor-element-8b249b1 elementor-section-boxed elementor-section-height-default elementor-section-height-default\" data-id=\"8b249b1\" data-element_type=\"section\">\n\t\t\t\t\t\t<div class=\"elementor-container elementor-column-gap-default\">\n\t\t\t\t\t<div class=\"elementor-column elementor-col-100 elementor-top-column elementor-element elementor-element-1aeb34e\" data-id=\"1aeb34e\" data-element_type=\"column\">\n\t\t\t<div class=\"elementor-widget-wrap elementor-element-populated\">\n\t\t\t\t\t\t<div class=\"elementor-element elementor-element-90cdfe6 elementor-widget elementor-widget-heading\" data-id=\"90cdfe6\" data-element_type=\"widget\" data-widget_type=\"heading.default\">\n\t\t\t\t<div class=\"elementor-widget-container\">\n\t\t\t\t\t<h2 class=\"elementor-heading-title elementor-size-default\">Anna Krzysztofik-Buczy\u0144ska<\/h2>\t\t\t\t<\/div>\n\t\t\t\t<\/div>\n\t\t\t\t\t<\/div>\n\t\t<\/div>\n\t\t\t\t\t<\/div>\n\t\t<\/section>\n\t\t\t\t<section class=\"elementor-section elementor-top-section elementor-element elementor-element-208796d2 elementor-section-boxed elementor-section-height-default elementor-section-height-default\" data-id=\"208796d2\" data-element_type=\"section\">\n\t\t\t\t\t\t<div class=\"elementor-container elementor-column-gap-default\">\n\t\t\t\t\t<div class=\"elementor-column elementor-col-50 elementor-top-column elementor-element elementor-element-2998c263\" data-id=\"2998c263\" data-element_type=\"column\">\n\t\t\t<div class=\"elementor-widget-wrap elementor-element-populated\">\n\t\t\t\t\t\t<div class=\"elementor-element elementor-element-4f2be069 elementor-widget elementor-widget-image\" data-id=\"4f2be069\" data-element_type=\"widget\" data-widget_type=\"image.default\">\n\t\t\t\t<div class=\"elementor-widget-container\">\n\t\t\t\t\t\t\t\t\t\t\t\t<figure class=\"wp-caption\">\n\t\t\t\t\t\t\t\t\t\t<img fetchpriority=\"high\" decoding=\"async\" width=\"768\" height=\"512\" src=\"https:\/\/wsm.art.pl\/wp-content\/uploads\/2025\/04\/Anna-Krzysztofik-Buczynska-small-fot.-A.-Wojcik-768x512.jpg\" class=\"attachment-medium_large size-medium_large wp-image-17400\" alt=\"\" srcset=\"https:\/\/wsm.art.pl\/wp-content\/uploads\/2025\/04\/Anna-Krzysztofik-Buczynska-small-fot.-A.-Wojcik-768x512.jpg 768w, https:\/\/wsm.art.pl\/wp-content\/uploads\/2025\/04\/Anna-Krzysztofik-Buczynska-small-fot.-A.-Wojcik-300x200.jpg 300w, https:\/\/wsm.art.pl\/wp-content\/uploads\/2025\/04\/Anna-Krzysztofik-Buczynska-small-fot.-A.-Wojcik-1024x683.jpg 1024w, https:\/\/wsm.art.pl\/wp-content\/uploads\/2025\/04\/Anna-Krzysztofik-Buczynska-small-fot.-A.-Wojcik.jpg 1200w\" sizes=\"(max-width: 768px) 100vw, 768px\" \/>\t\t\t\t\t\t\t\t\t\t\t<figcaption class=\"widget-image-caption wp-caption-text\">fot. A. W\u00f3jcik<\/figcaption>\n\t\t\t\t\t\t\t\t\t\t<\/figure>\n\t\t\t\t\t\t\t\t\t<\/div>\n\t\t\t\t<\/div>\n\t\t\t\t\t<\/div>\n\t\t<\/div>\n\t\t\t\t<div class=\"elementor-column elementor-col-50 elementor-top-column elementor-element elementor-element-22045959\" data-id=\"22045959\" data-element_type=\"column\">\n\t\t\t<div class=\"elementor-widget-wrap\">\n\t\t\t\t\t\t\t<\/div>\n\t\t<\/div>\n\t\t\t\t\t<\/div>\n\t\t<\/section>\n\t\t\t\t<section class=\"elementor-section elementor-top-section elementor-element elementor-element-e9b4925 elementor-section-boxed elementor-section-height-default elementor-section-height-default\" data-id=\"e9b4925\" data-element_type=\"section\">\n\t\t\t\t\t\t<div class=\"elementor-container elementor-column-gap-default\">\n\t\t\t\t\t<div class=\"elementor-column elementor-col-100 elementor-top-column elementor-element elementor-element-6e2d0a3\" data-id=\"6e2d0a3\" data-element_type=\"column\">\n\t\t\t<div class=\"elementor-widget-wrap elementor-element-populated\">\n\t\t\t\t\t\t<div class=\"elementor-element elementor-element-fca46ec elementor-widget elementor-widget-text-editor\" data-id=\"fca46ec\" data-element_type=\"widget\" data-widget_type=\"text-editor.default\">\n\t\t\t\t<div class=\"elementor-widget-container\">\n\t\t\t\t\t\t\t\t\t<p class=\"western\" lang=\"en-US\" style=\"text-align: left;\" align=\"justify\"><span style=\"color: #000000;\"><span style=\"font-family: Arial, sans-serif;\"><span style=\"font-size: medium;\"><span lang=\"de-DE\">Klawesynistka i pianistka. W 2015 uzyska\u0142a tytu\u0142 doktora sztuki muzycznej na podstawie rozprawy doktorskiej \u201eMi\u0119dzy klawesynem a fortepianem \u2013 r\u00f3\u017cnice w interpretacji na podstawie wybranych utwor\u00f3w\u201d. W 2024 uzyska\u0142a tytu\u0142 doktora habilitowanego w oparciu o swoj\u0105 dzia\u0142alno\u015b\u0107 artystyczn\u0105 oraz nagranie p\u0142yty <\/span><\/span><\/span><\/span><span style=\"color: #000000;\"><span style=\"font-family: Arial, sans-serif;\"><span style=\"font-size: medium;\"><span lang=\"de-DE\"><i>Tomasz Kamieniak &#8211; Utwory klawesynowe<\/i><\/span><\/span><\/span><\/span><span style=\"color: #000000;\"><span style=\"font-family: Arial, sans-serif;\"><span style=\"font-size: medium;\"><span lang=\"de-DE\">.<\/span><\/span><\/span><\/span><\/p><p class=\"western\" lang=\"en-US\" style=\"text-align: left;\" align=\"justify\"><span style=\"color: #000000;\"><span style=\"font-family: Arial, sans-serif;\"><span style=\"font-size: medium;\"><span lang=\"de-DE\">Jest prodziekanem Wydzia\u0142u Instrumentalno-Pedagogicznego, Edukacji Muzycznej i Wokalistyki Uniwersytetu Muzycznego Fryderyka Chopina &#8211; Filii <\/span><\/span><\/span><\/span><span style=\"color: #000000;\"><span style=\"font-family: Arial, sans-serif;\"><span style=\"font-size: medium;\"><span lang=\"fr-FR\">UMFC<\/span><\/span><\/span><\/span><span style=\"color: #000000;\"><span style=\"font-family: Arial, sans-serif;\"><span style=\"font-size: medium;\"><span lang=\"de-DE\"> w Bia\u0142ymstoku. Prowadzi klas\u0119 klawesynu g\u0142\u00f3wnego oraz zaj\u0119cia zwi\u0105zane z tematyk\u0105 wykonawstwa muzyki dawnej.<\/span><\/span><\/span><\/span><\/p><p class=\"western\" lang=\"en-US\" style=\"text-align: left;\" align=\"justify\"><span style=\"color: #000000;\"><span style=\"font-family: Arial, sans-serif;\"><span style=\"font-size: medium;\"><span lang=\"de-DE\">W ramach Ko\u0142a Muzyki Dawnej prowadzi Dawne Poniedzia\u0142ki &#8211; cykliczne spotkania ze studentami, kt\u00f3re s\u0105 miejscem do prezentowania zagadnie\u0144 wykonawczych i interpretacyjnych muzyki dawnej. Realizuje tak\u017ce z udzia\u0142em student\u00f3w Filii UMFC w Bia\u0142ymstoku operowe projekty wokalno-instrumentalne, kt\u00f3re prowadzi jako kierownik muzyczny: W.A. Mozart <\/span><\/span><\/span><\/span><span style=\"color: #000000;\"><span style=\"font-family: Arial, sans-serif;\"><span style=\"font-size: medium;\"><span lang=\"de-DE\"><i>Bastien i Bastienne<\/i><\/span><\/span><\/span><\/span><span style=\"color: #000000;\"><span style=\"font-family: Arial, sans-serif;\"><span style=\"font-size: medium;\"><span lang=\"de-DE\"> KV 50\/46b (2023r.), J.S. Bach <\/span><\/span><\/span><\/span><span style=\"color: #000000;\"><span style=\"font-family: Arial, sans-serif;\"><span style=\"font-size: medium;\"><span lang=\"de-DE\"><i>Kantata o Kawie<\/i><\/span><\/span><\/span><\/span><span style=\"color: #000000;\"><span style=\"font-family: Arial, sans-serif;\"><span style=\"font-size: medium;\"><span lang=\"de-DE\"> BWV 211 (2024). Jako konsultant CEA prowadzi seminaria z zakresu wykonawstwa muzyki dawnej dla pianist\u00f3w i organist\u00f3w umo\u017cliwiaj\u0105c dzieciom i m\u0142odzie\u017cy kontakt z historycznym instrumentarium klawiszowym.<\/span><\/span><\/span><\/span><\/p><p class=\"western\" lang=\"de-DE\" style=\"text-align: left;\" align=\"justify\"><span style=\"font-family: Arial, sans-serif;\"><span style=\"font-size: medium;\">Dwukrotnie wyr\u00f3\u017cniona Nagrod\u0105 Rektora UMFC w 2016 i 2023 roku. Decyzj\u0105 Prezydenta Rzeczpospolitej Polskiej w 2024 zosta\u0142a odznaczona Medalem Srebrnym za d\u0142ugoletni\u0105 s\u0142u\u017cb\u0119 oraz Br\u0105zowym Medalem Zas\u0142u\u017cony Kulturze Gloria Artis 2025.<\/span><\/span><\/p><p class=\"western\" lang=\"de-DE\" style=\"text-align: left;\" align=\"justify\"><span style=\"font-family: Arial, sans-serif;\"><span style=\"font-size: medium;\">Jest wsp\u00f3\u0142za\u0142o\u017cycielk\u0105 Zespo\u0142u Muzyki Dawnej CONSORT 415, z kt\u00f3rym wyst\u0119puje jako solistka i kameralistka, realizuj\u0105c partie klawesynu i pozytywu. Pracuje w Operze i Filharmonii Podlaskiej &#8211; Europejskim Centrum Sztuki im. St. Moniuszki w Bia\u0142ymstoku jako coach wokalny i muzyk orkiestrowy Orkiestry Symfonicznej, realizuj\u0105c tam partie fortepianu, klawesynu, czelesty, organ\u00f3w oraz elektronicznych instrument\u00f3w klawiszowych.<\/span><\/span><\/p><p class=\"western\" lang=\"de-DE\" style=\"text-align: left;\" align=\"justify\"><span style=\"font-family: Arial, sans-serif;\"><span style=\"font-size: medium;\">Jest tw\u00f3rc\u0105 kana\u0142u muzycznego na YouTube, popularyzuj\u0105cego muzyk\u0119 dawn\u0105 &#8211; Buczy\u0144scy Baroque Music. Dzi\u0119ki grze na kilku instrumentach wykonuje muzyk\u0119 od XVI-wiecznej do wsp\u00f3\u0142czesnej.<\/span><\/span><\/p>\t\t\t\t\t\t\t\t<\/div>\n\t\t\t\t<\/div>\n\t\t\t\t\t<\/div>\n\t\t<\/div>\n\t\t\t\t\t<\/div>\n\t\t<\/section>\n\t\t\t\t<\/div>\n\t\t","protected":false},"excerpt":{"rendered":"<p>Anna Krzysztofik-Buczy\u0144ska fot. A. W\u00f3jcik Klawesynistka i pianistka. W 2015 uzyska\u0142a tytu\u0142 doktora sztuki muzycznej na podstawie rozprawy doktorskiej \u201eMi\u0119dzy klawesynem a fortepianem \u2013 r\u00f3\u017cnice&hellip;<\/p>\n","protected":false},"author":1,"featured_media":0,"parent":0,"menu_order":0,"comment_status":"closed","ping_status":"closed","template":"","meta":{"footnotes":""},"class_list":["post-17398","page","type-page","status-publish","hentry"],"_links":{"self":[{"href":"https:\/\/wsm.art.pl\/index.php?rest_route=\/wp\/v2\/pages\/17398","targetHints":{"allow":["GET"]}}],"collection":[{"href":"https:\/\/wsm.art.pl\/index.php?rest_route=\/wp\/v2\/pages"}],"about":[{"href":"https:\/\/wsm.art.pl\/index.php?rest_route=\/wp\/v2\/types\/page"}],"author":[{"embeddable":true,"href":"https:\/\/wsm.art.pl\/index.php?rest_route=\/wp\/v2\/users\/1"}],"replies":[{"embeddable":true,"href":"https:\/\/wsm.art.pl\/index.php?rest_route=%2Fwp%2Fv2%2Fcomments&post=17398"}],"version-history":[{"count":4,"href":"https:\/\/wsm.art.pl\/index.php?rest_route=\/wp\/v2\/pages\/17398\/revisions"}],"predecessor-version":[{"id":17403,"href":"https:\/\/wsm.art.pl\/index.php?rest_route=\/wp\/v2\/pages\/17398\/revisions\/17403"}],"wp:attachment":[{"href":"https:\/\/wsm.art.pl\/index.php?rest_route=%2Fwp%2Fv2%2Fmedia&parent=17398"}],"curies":[{"name":"wp","href":"https:\/\/api.w.org\/{rel}","templated":true}]}}