{"id":17389,"date":"2025-04-29T19:30:54","date_gmt":"2025-04-29T19:30:54","guid":{"rendered":"https:\/\/wsm.art.pl\/?page_id=17389"},"modified":"2025-04-29T19:32:58","modified_gmt":"2025-04-29T19:32:58","slug":"2025-krakowski-kwintet-dety","status":"publish","type":"page","link":"https:\/\/wsm.art.pl\/?page_id=17389","title":{"rendered":"2025 KRAKOWSKI KWINTET D\u0118TY"},"content":{"rendered":"\t\t<div data-elementor-type=\"wp-page\" data-elementor-id=\"17389\" class=\"elementor elementor-17389\">\n\t\t\t\t\t\t<section class=\"elementor-section elementor-top-section elementor-element elementor-element-8b249b1 elementor-section-boxed elementor-section-height-default elementor-section-height-default\" data-id=\"8b249b1\" data-element_type=\"section\">\n\t\t\t\t\t\t<div class=\"elementor-container elementor-column-gap-default\">\n\t\t\t\t\t<div class=\"elementor-column elementor-col-100 elementor-top-column elementor-element elementor-element-1aeb34e\" data-id=\"1aeb34e\" data-element_type=\"column\">\n\t\t\t<div class=\"elementor-widget-wrap elementor-element-populated\">\n\t\t\t\t\t\t<div class=\"elementor-element elementor-element-90cdfe6 elementor-widget elementor-widget-heading\" data-id=\"90cdfe6\" data-element_type=\"widget\" data-widget_type=\"heading.default\">\n\t\t\t\t<div class=\"elementor-widget-container\">\n\t\t\t\t\t<h2 class=\"elementor-heading-title elementor-size-default\">Krakowski Kwintet D\u0119ty<\/h2>\t\t\t\t<\/div>\n\t\t\t\t<\/div>\n\t\t\t\t\t<\/div>\n\t\t<\/div>\n\t\t\t\t\t<\/div>\n\t\t<\/section>\n\t\t\t\t<section class=\"elementor-section elementor-top-section elementor-element elementor-element-208796d2 elementor-section-boxed elementor-section-height-default elementor-section-height-default\" data-id=\"208796d2\" data-element_type=\"section\">\n\t\t\t\t\t\t<div class=\"elementor-container elementor-column-gap-default\">\n\t\t\t\t\t<div class=\"elementor-column elementor-col-50 elementor-top-column elementor-element elementor-element-2998c263\" data-id=\"2998c263\" data-element_type=\"column\">\n\t\t\t<div class=\"elementor-widget-wrap elementor-element-populated\">\n\t\t\t\t\t\t<div class=\"elementor-element elementor-element-4f2be069 elementor-widget elementor-widget-image\" data-id=\"4f2be069\" data-element_type=\"widget\" data-widget_type=\"image.default\">\n\t\t\t\t<div class=\"elementor-widget-container\">\n\t\t\t\t\t\t\t\t\t\t\t\t<figure class=\"wp-caption\">\n\t\t\t\t\t\t\t\t\t\t<img fetchpriority=\"high\" decoding=\"async\" width=\"843\" height=\"454\" src=\"https:\/\/wsm.art.pl\/wp-content\/uploads\/2025\/04\/KKD-small-1024x552.jpg\" class=\"attachment-large size-large wp-image-17391\" alt=\"\" srcset=\"https:\/\/wsm.art.pl\/wp-content\/uploads\/2025\/04\/KKD-small-1024x552.jpg 1024w, https:\/\/wsm.art.pl\/wp-content\/uploads\/2025\/04\/KKD-small-300x162.jpg 300w, https:\/\/wsm.art.pl\/wp-content\/uploads\/2025\/04\/KKD-small-768x414.jpg 768w, https:\/\/wsm.art.pl\/wp-content\/uploads\/2025\/04\/KKD-small.jpg 1200w\" sizes=\"(max-width: 843px) 100vw, 843px\" \/>\t\t\t\t\t\t\t\t\t\t\t<figcaption class=\"widget-image-caption wp-caption-text\">fot. KKD<\/figcaption>\n\t\t\t\t\t\t\t\t\t\t<\/figure>\n\t\t\t\t\t\t\t\t\t<\/div>\n\t\t\t\t<\/div>\n\t\t\t\t\t<\/div>\n\t\t<\/div>\n\t\t\t\t<div class=\"elementor-column elementor-col-50 elementor-top-column elementor-element elementor-element-22045959\" data-id=\"22045959\" data-element_type=\"column\">\n\t\t\t<div class=\"elementor-widget-wrap\">\n\t\t\t\t\t\t\t<\/div>\n\t\t<\/div>\n\t\t\t\t\t<\/div>\n\t\t<\/section>\n\t\t\t\t<section class=\"elementor-section elementor-top-section elementor-element elementor-element-9295c6a elementor-section-boxed elementor-section-height-default elementor-section-height-default\" data-id=\"9295c6a\" data-element_type=\"section\">\n\t\t\t\t\t\t<div class=\"elementor-container elementor-column-gap-default\">\n\t\t\t\t\t<div class=\"elementor-column elementor-col-100 elementor-top-column elementor-element elementor-element-5b6c180\" data-id=\"5b6c180\" data-element_type=\"column\">\n\t\t\t<div class=\"elementor-widget-wrap elementor-element-populated\">\n\t\t\t\t\t\t<div class=\"elementor-element elementor-element-7926094 elementor-widget elementor-widget-text-editor\" data-id=\"7926094\" data-element_type=\"widget\" data-widget_type=\"text-editor.default\">\n\t\t\t\t<div class=\"elementor-widget-container\">\n\t\t\t\t\t\t\t\t\t<p class=\"western\" align=\"justify\"><span style=\"font-family: Arial, sans-serif;\"><span style=\"font-size: medium;\">Krakowski Kwintet D\u0119ty<\/span><\/span> <span style=\"font-family: Arial, sans-serif;\"><span style=\"font-size: medium;\">powsta\u0142 w 1998 roku i tworz\u0105 go cz\u0142onkowie Krakowskiego Tria Stroikowego \u2013 oboista Marek<\/span><\/span> <span style=\"font-family: Arial, sans-serif;\"><span style=\"font-size: medium;\">Mleczko, klarnecista Roman Widaszek, fagocista Pawe\u0142<\/span><\/span> <span style=\"font-family: Arial, sans-serif;\"><span style=\"font-size: medium;\">Solecki<\/span><\/span> <span style=\"font-family: Arial, sans-serif;\"><span style=\"font-size: medium;\">oraz<\/span><\/span> <span style=\"font-family: Arial, sans-serif;\"><span style=\"font-size: medium;\">flecistka<\/span><\/span> <span style=\"font-family: Arial, sans-serif;\"><span style=\"font-size: medium;\">Katarzyna<\/span><\/span> <span style=\"font-family: Arial, sans-serif;\"><span style=\"font-size: medium;\">Kurowska-Mleczko i<\/span><\/span> <span style=\"font-family: Arial, sans-serif;\"><span style=\"font-size: medium;\">waltornista<\/span><\/span> <span style=\"font-family: Arial, sans-serif;\"><span style=\"font-size: medium;\">Tadeusz<\/span><\/span> <span style=\"font-family: Arial, sans-serif;\"><span style=\"font-size: medium;\">Tomaszewski.<\/span><\/span> <span style=\"font-family: Arial, sans-serif;\"><span style=\"font-size: medium;\">Spotkali<\/span><\/span> <span style=\"font-family: Arial, sans-serif;\"><span style=\"font-size: medium;\">si\u0119<\/span><\/span> <span style=\"font-family: Arial, sans-serif;\"><span style=\"font-size: medium;\">w<\/span><\/span> <span style=\"font-family: Arial, sans-serif;\"><span style=\"font-size: medium;\">krakowskiej orkiestrze kameralnej Capella Cracoviensis,<\/span><\/span> <span style=\"font-family: Arial, sans-serif;\"><span style=\"font-size: medium;\">wsp\u00f3\u0142tworz\u0105c przez wiele lat grup\u0119 d\u0119t\u0105 o uniwersalnym charakterze. Wszyscy s\u0105 laureatami licznych<\/span><\/span> <span style=\"font-family: Arial, sans-serif;\"><span style=\"font-size: medium;\">konkurs\u00f3w<\/span><\/span> <span style=\"font-family: Arial, sans-serif;\"><span style=\"font-size: medium;\">muzycznych.<\/span><\/span> <span style=\"font-family: Arial, sans-serif;\"><span style=\"font-size: medium;\">W<\/span><\/span> <span style=\"font-family: Arial, sans-serif;\"><span style=\"font-size: medium;\">swym<\/span><\/span> <span style=\"font-family: Arial, sans-serif;\"><span style=\"font-size: medium;\">dorobku<\/span><\/span> <span style=\"font-family: Arial, sans-serif;\"><span style=\"font-size: medium;\">maj\u0105<\/span><\/span> <span style=\"font-family: Arial, sans-serif;\"><span style=\"font-size: medium;\">wiele<\/span><\/span> <span style=\"font-family: Arial, sans-serif;\"><span style=\"font-size: medium;\">koncert\u00f3w<\/span><\/span> <span style=\"font-family: Arial, sans-serif;\"><span style=\"font-size: medium;\">kameralnych<\/span><\/span> <span style=\"font-family: Arial, sans-serif;\"><span style=\"font-size: medium;\">z<\/span><\/span> <span style=\"font-family: Arial, sans-serif;\"><span style=\"font-size: medium;\">r\u00f3\u017cnorodnym<\/span><\/span> <span style=\"font-family: Arial, sans-serif;\"><span style=\"font-size: medium;\">repertuarem,<\/span><\/span> <span style=\"font-family: Arial, sans-serif;\"><span style=\"font-size: medium;\">od muzyki barokowej do wsp\u00f3\u0142czesnej. Wyst\u0119powali w wielu wa\u017cnych o\u015brodkach muzycznych Europy,<\/span><\/span> <span style=\"font-family: Arial, sans-serif;\"><span style=\"font-size: medium;\">m.in. w Pary\u017cu, Wiedniu, Lizbonie oraz niemal\u017ce na<\/span><\/span> <span style=\"font-family: Arial, sans-serif;\"><span style=\"font-size: medium;\">wszystkich<\/span><\/span> <span style=\"font-family: Arial, sans-serif;\"><span style=\"font-size: medium;\">presti\u017cowych<\/span><\/span> <span style=\"font-family: Arial, sans-serif;\"><span style=\"font-size: medium;\">festiwalach<\/span><\/span> <span style=\"font-family: Arial, sans-serif;\"><span style=\"font-size: medium;\">muzycznych<\/span><\/span> <span style=\"font-family: Arial, sans-serif;\"><span style=\"font-size: medium;\">w<\/span><\/span> <span style=\"font-family: Arial, sans-serif;\"><span style=\"font-size: medium;\">Polsce,<\/span><\/span> <span style=\"font-family: Arial, sans-serif;\"><span style=\"font-size: medium;\">spotykaj\u0105c<\/span><\/span> <span style=\"font-family: Arial, sans-serif;\"><span style=\"font-size: medium;\">si\u0119<\/span><\/span> <span style=\"font-family: Arial, sans-serif;\"><span style=\"font-size: medium;\">z<\/span><\/span> <span style=\"font-family: Arial, sans-serif;\"><span style=\"font-size: medium;\">entuzjazmem<\/span><\/span> <span style=\"font-family: Arial, sans-serif;\"><span style=\"font-size: medium;\">publiczno\u015bci<\/span><\/span> <span style=\"font-family: Arial, sans-serif;\"><span style=\"font-size: medium;\">i uznaniem krytyk\u00f3w.<\/span><\/span><\/p><p class=\"western\" align=\"justify\"><span style=\"font-family: Arial, sans-serif;\"><span style=\"font-size: medium;\">Wsp\u00f3\u0142pracuj\u0105c z pianistk\u0105 Beat\u0105 Bili\u0144sk\u0105, kwintet<\/span><\/span> <span style=\"font-family: Arial, sans-serif;\"><span style=\"font-size: medium;\">nagra\u0142<\/span><\/span> <span style=\"font-family: Arial, sans-serif;\"><span style=\"font-size: medium;\">p\u0142yt\u0119<\/span><\/span> <span style=\"font-family: Arial, sans-serif;\"><span style=\"font-size: medium;\">z<\/span><\/span> <span style=\"font-family: Arial, sans-serif;\"><span style=\"font-size: medium;\">dzie\u0142ami<\/span><\/span> <span style=\"font-family: Arial, sans-serif;\"><span style=\"font-size: medium;\">Wolfganga<\/span><\/span> <span style=\"font-family: Arial, sans-serif;\"><span style=\"font-size: medium;\">Amadeusa<\/span><\/span> <span style=\"font-family: Arial, sans-serif;\"><span style=\"font-size: medium;\">Mozarta,<\/span><\/span> <span style=\"font-family: Arial, sans-serif;\"><span style=\"font-size: medium;\">Franza<\/span><\/span> <span style=\"font-family: Arial, sans-serif;\"><span style=\"font-size: medium;\">Danziego,<\/span><\/span> <span style=\"font-family: Arial, sans-serif;\"><span style=\"font-size: medium;\">Gy\u00f6rgy\u2019a<\/span><\/span> <span style=\"font-family: Arial, sans-serif;\"><span style=\"font-size: medium;\">Ligetiego<\/span><\/span> <span style=\"font-family: Arial, sans-serif;\"><span style=\"font-size: medium;\">i<\/span><\/span> <span style=\"font-family: Arial, sans-serif;\"><span style=\"font-size: medium;\">Francisa<\/span><\/span> <span style=\"font-family: Arial, sans-serif;\"><span style=\"font-size: medium;\">Poulenca,<\/span><\/span> <span style=\"font-family: Arial, sans-serif;\"><span style=\"font-size: medium;\">kt\u00f3ra<\/span><\/span> <span style=\"font-family: Arial, sans-serif;\"><span style=\"font-size: medium;\">by\u0142a<\/span><\/span> <span style=\"font-family: Arial, sans-serif;\"><span style=\"font-size: medium;\">nominowana<\/span><\/span> <span style=\"font-family: Arial, sans-serif;\"><span style=\"font-size: medium;\">do<\/span><\/span> <span style=\"font-family: Arial, sans-serif;\"><span style=\"font-size: medium;\">nagrody<\/span><\/span> <span style=\"font-family: Arial, sans-serif;\"><span style=\"font-size: medium;\">FRYDERYK<\/span><\/span> <span style=\"font-family: Arial, sans-serif;\"><span style=\"font-size: medium;\">2017.<\/span><\/span><\/p><p class=\"western\" align=\"justify\"><span style=\"font-family: Arial, sans-serif;\"><span style=\"font-size: medium;\">Wsp\u00f3\u0142praca ta owocuje nowymi kompozycjami, kt\u00f3re<\/span><\/span> <span style=\"font-family: Arial, sans-serif;\"><span style=\"font-size: medium;\">s\u0105 dedykowane zespo\u0142owi. Krakowski Kwintet D\u0119ty<\/span><\/span> <span style=\"font-family: Arial, sans-serif;\"><span style=\"font-size: medium;\">wraz z Beat\u0105 Bili\u0144sk\u0105 dokona\u0142 r\u00f3wnie\u017c prawykonania<\/span><\/span> <span style=\"font-family: Arial, sans-serif;\"><span style=\"font-size: medium;\">sekstetu <\/span><\/span><span style=\"font-family: Arial, sans-serif;\"><span style=\"font-size: medium;\"><i>Fonoplasticon <\/i><\/span><\/span><span style=\"font-family: Arial, sans-serif;\"><span style=\"font-size: medium;\">Zbigniewa Bargielskiego oraz<\/span><\/span> <span style=\"font-family: Arial, sans-serif;\"><span style=\"font-size: medium;\"><i>Burleski <\/i><\/span><\/span><span style=\"font-family: Arial, sans-serif;\"><span style=\"font-size: medium;\">Miko\u0142aja G\u00f3reckiego.<\/span><\/span><\/p><p class=\"western\" align=\"justify\"><span style=\"font-family: Arial, sans-serif;\"><span style=\"font-size: medium;\">W 2019, z okazji jubileuszu 20-lecia<\/span><\/span> <span style=\"font-family: Arial, sans-serif;\"><span style=\"font-size: medium;\">dzia\u0142alno\u015bci,<\/span><\/span> <span style=\"font-family: Arial, sans-serif;\"><span style=\"font-size: medium;\">ukaza\u0142a<\/span><\/span> <span style=\"font-family: Arial, sans-serif;\"><span style=\"font-size: medium;\">si\u0119<\/span><\/span> <span style=\"font-family: Arial, sans-serif;\"><span style=\"font-size: medium;\">kolejna<\/span><\/span> <span style=\"font-family: Arial, sans-serif;\"><span style=\"font-size: medium;\">p\u0142yta<\/span><\/span> <span style=\"font-family: Arial, sans-serif;\"><span style=\"font-size: medium;\">zespo\u0142u<\/span><\/span> <span style=\"font-family: Arial, sans-serif;\"><span style=\"font-size: medium;\">nagrana<\/span><\/span> <span style=\"font-family: Arial, sans-serif;\"><span style=\"font-size: medium;\">z Beat\u0105 Bili\u0144sk\u0105 oraz saksofonist\u0105 Paw\u0142em Gusnarem,<\/span><\/span> <span style=\"font-family: Arial, sans-serif;\"><span style=\"font-size: medium;\">na<\/span><\/span> <span style=\"font-family: Arial, sans-serif;\"><span style=\"font-size: medium;\">kt\u00f3rej<\/span><\/span> <span style=\"font-family: Arial, sans-serif;\"><span style=\"font-size: medium;\">znalaz\u0142y<\/span><\/span> <span style=\"font-family: Arial, sans-serif;\"><span style=\"font-size: medium;\">si\u0119<\/span><\/span> <span style=\"font-family: Arial, sans-serif;\"><span style=\"font-size: medium;\">kompozycje<\/span><\/span> <span style=\"font-family: Arial, sans-serif;\"><span style=\"font-size: medium;\">Artura<\/span><\/span> <span style=\"font-family: Arial, sans-serif;\"><span style=\"font-size: medium;\">Malawskiego,<\/span><\/span> <span style=\"font-family: Arial, sans-serif;\"><span style=\"font-size: medium;\">Alexandra von Zemlinsky\u2019ego, Krzesimira D\u0119bskiego,<\/span><\/span> <span style=\"font-family: Arial, sans-serif;\"><span style=\"font-size: medium;\">Paw\u0142a<\/span><\/span> <span style=\"font-family: Arial, sans-serif;\"><span style=\"font-size: medium;\">\u0141ukaszewskiego,<\/span><\/span> <span style=\"font-family: Arial, sans-serif;\"><span style=\"font-size: medium;\">Dariusa<\/span><\/span> <span style=\"font-family: Arial, sans-serif;\"><span style=\"font-size: medium;\">Milhaud<\/span><\/span> <span style=\"font-family: Arial, sans-serif;\"><span style=\"font-size: medium;\">i<\/span><\/span> <span style=\"font-family: Arial, sans-serif;\"><span style=\"font-size: medium;\">Miko\u0142aja<\/span><\/span> <span style=\"font-family: Arial, sans-serif;\"><span style=\"font-size: medium;\">G\u00f3reckiego.<\/span><\/span> <span style=\"font-family: Arial, sans-serif;\"><span style=\"font-size: medium;\">P\u0142yta<\/span><\/span> <span style=\"font-family: Arial, sans-serif;\"><span style=\"font-size: medium;\">by\u0142a<\/span><\/span> <span style=\"font-family: Arial, sans-serif;\"><span style=\"font-size: medium;\">nominowana<\/span><\/span> <span style=\"font-family: Arial, sans-serif;\"><span style=\"font-size: medium;\">do<\/span><\/span> <span style=\"font-family: Arial, sans-serif;\"><span style=\"font-size: medium;\">nagrody<\/span><\/span> <span style=\"font-family: Arial, sans-serif;\"><span style=\"font-size: medium;\">FRYDERYK<\/span><\/span> <span style=\"font-family: Arial, sans-serif;\"><span style=\"font-size: medium;\">2020.<\/span><\/span><\/p><p class=\"western\" align=\"justify\">Cz\u0142onkowie Krakowskiego Kwintetu D\u0119tego prowadz\u0105 r\u00f3wnie\u017c dzia\u0142alno\u015b\u0107 pedagogiczn\u0105 w akademiach muzycznych w Krakowie i Katowicach oraz szko\u0142ach muzycznych II stopnia.<\/p>\t\t\t\t\t\t\t\t<\/div>\n\t\t\t\t<\/div>\n\t\t\t\t\t<\/div>\n\t\t<\/div>\n\t\t\t\t\t<\/div>\n\t\t<\/section>\n\t\t\t\t<\/div>\n\t\t","protected":false},"excerpt":{"rendered":"<p>Krakowski Kwintet D\u0119ty fot. KKD Krakowski Kwintet D\u0119ty powsta\u0142 w 1998 roku i tworz\u0105 go cz\u0142onkowie Krakowskiego Tria Stroikowego \u2013 oboista Marek Mleczko, klarnecista Roman&hellip;<\/p>\n","protected":false},"author":1,"featured_media":0,"parent":0,"menu_order":0,"comment_status":"closed","ping_status":"closed","template":"","meta":{"footnotes":""},"class_list":["post-17389","page","type-page","status-publish","hentry"],"_links":{"self":[{"href":"https:\/\/wsm.art.pl\/index.php?rest_route=\/wp\/v2\/pages\/17389","targetHints":{"allow":["GET"]}}],"collection":[{"href":"https:\/\/wsm.art.pl\/index.php?rest_route=\/wp\/v2\/pages"}],"about":[{"href":"https:\/\/wsm.art.pl\/index.php?rest_route=\/wp\/v2\/types\/page"}],"author":[{"embeddable":true,"href":"https:\/\/wsm.art.pl\/index.php?rest_route=\/wp\/v2\/users\/1"}],"replies":[{"embeddable":true,"href":"https:\/\/wsm.art.pl\/index.php?rest_route=%2Fwp%2Fv2%2Fcomments&post=17389"}],"version-history":[{"count":4,"href":"https:\/\/wsm.art.pl\/index.php?rest_route=\/wp\/v2\/pages\/17389\/revisions"}],"predecessor-version":[{"id":17394,"href":"https:\/\/wsm.art.pl\/index.php?rest_route=\/wp\/v2\/pages\/17389\/revisions\/17394"}],"wp:attachment":[{"href":"https:\/\/wsm.art.pl\/index.php?rest_route=%2Fwp%2Fv2%2Fmedia&parent=17389"}],"curies":[{"name":"wp","href":"https:\/\/api.w.org\/{rel}","templated":true}]}}