{"id":17380,"date":"2025-04-29T19:26:20","date_gmt":"2025-04-29T19:26:20","guid":{"rendered":"https:\/\/wsm.art.pl\/?page_id=17380"},"modified":"2025-04-29T19:28:00","modified_gmt":"2025-04-29T19:28:00","slug":"2025-kowalski-kamil","status":"publish","type":"page","link":"https:\/\/wsm.art.pl\/?page_id=17380","title":{"rendered":"2025 KOWALSKI Kamil"},"content":{"rendered":"\t\t<div data-elementor-type=\"wp-page\" data-elementor-id=\"17380\" class=\"elementor elementor-17380\">\n\t\t\t\t\t\t<section class=\"elementor-section elementor-top-section elementor-element elementor-element-8b249b1 elementor-section-boxed elementor-section-height-default elementor-section-height-default\" data-id=\"8b249b1\" data-element_type=\"section\">\n\t\t\t\t\t\t<div class=\"elementor-container elementor-column-gap-default\">\n\t\t\t\t\t<div class=\"elementor-column elementor-col-100 elementor-top-column elementor-element elementor-element-1aeb34e\" data-id=\"1aeb34e\" data-element_type=\"column\">\n\t\t\t<div class=\"elementor-widget-wrap elementor-element-populated\">\n\t\t\t\t\t\t<div class=\"elementor-element elementor-element-90cdfe6 elementor-widget elementor-widget-heading\" data-id=\"90cdfe6\" data-element_type=\"widget\" data-widget_type=\"heading.default\">\n\t\t\t\t<div class=\"elementor-widget-container\">\n\t\t\t\t\t<h2 class=\"elementor-heading-title elementor-size-default\">Kamil Kowalski<\/h2>\t\t\t\t<\/div>\n\t\t\t\t<\/div>\n\t\t\t\t\t<\/div>\n\t\t<\/div>\n\t\t\t\t\t<\/div>\n\t\t<\/section>\n\t\t\t\t<section class=\"elementor-section elementor-top-section elementor-element elementor-element-208796d2 elementor-section-boxed elementor-section-height-default elementor-section-height-default\" data-id=\"208796d2\" data-element_type=\"section\">\n\t\t\t\t\t\t<div class=\"elementor-container elementor-column-gap-default\">\n\t\t\t\t\t<div class=\"elementor-column elementor-col-50 elementor-top-column elementor-element elementor-element-2998c263\" data-id=\"2998c263\" data-element_type=\"column\">\n\t\t\t<div class=\"elementor-widget-wrap elementor-element-populated\">\n\t\t\t\t\t\t<div class=\"elementor-element elementor-element-4f2be069 elementor-widget elementor-widget-image\" data-id=\"4f2be069\" data-element_type=\"widget\" data-widget_type=\"image.default\">\n\t\t\t\t<div class=\"elementor-widget-container\">\n\t\t\t\t\t\t\t\t\t\t\t\t<figure class=\"wp-caption\">\n\t\t\t\t\t\t\t\t\t\t<img fetchpriority=\"high\" decoding=\"async\" width=\"576\" height=\"844\" src=\"https:\/\/wsm.art.pl\/wp-content\/uploads\/2025\/04\/Kamil-Kowalski.jpg\" class=\"attachment-medium_large size-medium_large wp-image-17382\" alt=\"\" srcset=\"https:\/\/wsm.art.pl\/wp-content\/uploads\/2025\/04\/Kamil-Kowalski.jpg 576w, https:\/\/wsm.art.pl\/wp-content\/uploads\/2025\/04\/Kamil-Kowalski-205x300.jpg 205w\" sizes=\"(max-width: 576px) 100vw, 576px\" \/>\t\t\t\t\t\t\t\t\t\t\t<figcaption class=\"widget-image-caption wp-caption-text\"><\/figcaption>\n\t\t\t\t\t\t\t\t\t\t<\/figure>\n\t\t\t\t\t\t\t\t\t<\/div>\n\t\t\t\t<\/div>\n\t\t\t\t\t<\/div>\n\t\t<\/div>\n\t\t\t\t<div class=\"elementor-column elementor-col-50 elementor-top-column elementor-element elementor-element-22045959\" data-id=\"22045959\" data-element_type=\"column\">\n\t\t\t<div class=\"elementor-widget-wrap elementor-element-populated\">\n\t\t\t\t\t\t<div class=\"elementor-element elementor-element-20a87065 elementor-widget elementor-widget-text-editor\" data-id=\"20a87065\" data-element_type=\"widget\" data-widget_type=\"text-editor.default\">\n\t\t\t\t<div class=\"elementor-widget-container\">\n\t\t\t\t\t\t\t\t\t<p class=\"western\" style=\"text-align: left;\" align=\"justify\"><span style=\"font-family: Arial, sans-serif;\"><span style=\"font-size: medium;\">S<\/span><\/span><span style=\"font-family: Arial, sans-serif;\"><span style=\"font-size: medium;\">tudiowa\u0142 w Akademii Sztuk Pi\u0119knych w Warszawie na kierunku grafika, specjalizacja multimedia. Zajmuje si\u0119 grafik\u0105 u\u017cytkow\u0105, a r\u00f3wnolegle rozwija praktyk\u0119 malarsk\u0105 i fotograficzn\u0105. Wsp\u00f3\u0142tworzy\u0142 liczne inicjatywy artystyczne, m.in. 1500 m\u00b2, Pracowni\u0119 plakatu ulicznego Piotra M\u0142odo\u017ce\u0144ca, Festiwal Saska K\u0119pa, Noc Muze\u00f3w na ASP oraz Galeri\u0119 Koloru. Bra\u0142 udzia\u0142 w wielu wystawach malarstwa i plakatu. Jego prace cechuje oszcz\u0119dno\u015b\u0107 formy i \u015bwiadome ograniczanie \u015brodk\u00f3w wyrazu \u2013 daleki od dekoracyjno\u015bci, inspiruje si\u0119 modernizmem, futuryzmem i unizmem, zmierzaj\u0105c ku abstrakcji. Fotografuje ludzi i przestrzenie miejskie w konwencji reporta\u017cu. W\u015br\u00f3d ostatnich projekt\u00f3w s\u0105: <\/span><\/span><span style=\"font-family: Arial, sans-serif;\"><span style=\"font-size: medium;\"><i>Niewidzialne Miasta<\/i><\/span><\/span><span style=\"font-family: Arial, sans-serif;\"><span style=\"font-size: medium;\"> (wystawa malarstwa, Galeria PanDymi\u0144ska 2021), <\/span><\/span><span style=\"font-family: Arial, sans-serif;\"><span style=\"font-size: medium;\"><i>Duszysko<\/i><\/span><\/span><span style=\"font-family: Arial, sans-serif;\"><span style=\"font-size: medium;\"> (scenografia mikroopery, Warszawa 2021), <\/span><\/span><span style=\"font-family: Arial, sans-serif;\"><span style=\"font-size: medium;\"><i>UMBRA<\/i><\/span><\/span><span style=\"font-family: Arial, sans-serif;\"><span style=\"font-size: medium;\"> (wizualizacje do mikroopery, 2021), <\/span><\/span><span style=\"font-family: Arial, sans-serif;\"><span style=\"font-size: medium;\"><i>SUPERASTRAL <\/i><\/span><\/span><span style=\"font-family: Arial, sans-serif;\"><span style=\"font-size: medium;\">(audiowizualny projekt video, Festiwal Audio Art 2021, Krak\u00f3w) oraz <\/span><\/span><span style=\"font-family: Arial, sans-serif;\"><span style=\"font-size: medium;\"><i>Tribute to Schaeffer<\/i><\/span><\/span><span style=\"font-family: Arial, sans-serif;\"><span style=\"font-size: medium;\"> (Festiwal Syntezy, Krak\u00f3w 2023).<\/span><\/span><\/p>\t\t\t\t\t\t\t\t<\/div>\n\t\t\t\t<\/div>\n\t\t\t\t\t<\/div>\n\t\t<\/div>\n\t\t\t\t\t<\/div>\n\t\t<\/section>\n\t\t\t\t<\/div>\n\t\t","protected":false},"excerpt":{"rendered":"<p>Kamil Kowalski Studiowa\u0142 w Akademii Sztuk Pi\u0119knych w Warszawie na kierunku grafika, specjalizacja multimedia. Zajmuje si\u0119 grafik\u0105 u\u017cytkow\u0105, a r\u00f3wnolegle rozwija praktyk\u0119 malarsk\u0105 i fotograficzn\u0105.&hellip;<\/p>\n","protected":false},"author":1,"featured_media":0,"parent":0,"menu_order":0,"comment_status":"closed","ping_status":"closed","template":"","meta":{"footnotes":""},"class_list":["post-17380","page","type-page","status-publish","hentry"],"_links":{"self":[{"href":"https:\/\/wsm.art.pl\/index.php?rest_route=\/wp\/v2\/pages\/17380","targetHints":{"allow":["GET"]}}],"collection":[{"href":"https:\/\/wsm.art.pl\/index.php?rest_route=\/wp\/v2\/pages"}],"about":[{"href":"https:\/\/wsm.art.pl\/index.php?rest_route=\/wp\/v2\/types\/page"}],"author":[{"embeddable":true,"href":"https:\/\/wsm.art.pl\/index.php?rest_route=\/wp\/v2\/users\/1"}],"replies":[{"embeddable":true,"href":"https:\/\/wsm.art.pl\/index.php?rest_route=%2Fwp%2Fv2%2Fcomments&post=17380"}],"version-history":[{"count":4,"href":"https:\/\/wsm.art.pl\/index.php?rest_route=\/wp\/v2\/pages\/17380\/revisions"}],"predecessor-version":[{"id":17385,"href":"https:\/\/wsm.art.pl\/index.php?rest_route=\/wp\/v2\/pages\/17380\/revisions\/17385"}],"wp:attachment":[{"href":"https:\/\/wsm.art.pl\/index.php?rest_route=%2Fwp%2Fv2%2Fmedia&parent=17380"}],"curies":[{"name":"wp","href":"https:\/\/api.w.org\/{rel}","templated":true}]}}