{"id":17371,"date":"2025-04-29T19:21:10","date_gmt":"2025-04-29T19:21:10","guid":{"rendered":"https:\/\/wsm.art.pl\/?page_id=17371"},"modified":"2025-04-29T19:22:45","modified_gmt":"2025-04-29T19:22:45","slug":"2025-janiak","status":"publish","type":"page","link":"https:\/\/wsm.art.pl\/?page_id=17371","title":{"rendered":"2025 JANIAK Rafa\u0142"},"content":{"rendered":"\t\t<div data-elementor-type=\"wp-page\" data-elementor-id=\"17371\" class=\"elementor elementor-17371\">\n\t\t\t\t\t\t<section class=\"elementor-section elementor-top-section elementor-element elementor-element-8b249b1 elementor-section-boxed elementor-section-height-default elementor-section-height-default\" data-id=\"8b249b1\" data-element_type=\"section\">\n\t\t\t\t\t\t<div class=\"elementor-container elementor-column-gap-default\">\n\t\t\t\t\t<div class=\"elementor-column elementor-col-100 elementor-top-column elementor-element elementor-element-1aeb34e\" data-id=\"1aeb34e\" data-element_type=\"column\">\n\t\t\t<div class=\"elementor-widget-wrap elementor-element-populated\">\n\t\t\t\t\t\t<div class=\"elementor-element elementor-element-90cdfe6 elementor-widget elementor-widget-heading\" data-id=\"90cdfe6\" data-element_type=\"widget\" data-widget_type=\"heading.default\">\n\t\t\t\t<div class=\"elementor-widget-container\">\n\t\t\t\t\t<h2 class=\"elementor-heading-title elementor-size-default\">Rafa\u0142 Janiak<\/h2>\t\t\t\t<\/div>\n\t\t\t\t<\/div>\n\t\t\t\t\t<\/div>\n\t\t<\/div>\n\t\t\t\t\t<\/div>\n\t\t<\/section>\n\t\t\t\t<section class=\"elementor-section elementor-top-section elementor-element elementor-element-208796d2 elementor-section-boxed elementor-section-height-default elementor-section-height-default\" data-id=\"208796d2\" data-element_type=\"section\">\n\t\t\t\t\t\t<div class=\"elementor-container elementor-column-gap-default\">\n\t\t\t\t\t<div class=\"elementor-column elementor-col-50 elementor-top-column elementor-element elementor-element-2998c263\" data-id=\"2998c263\" data-element_type=\"column\">\n\t\t\t<div class=\"elementor-widget-wrap elementor-element-populated\">\n\t\t\t\t\t\t<div class=\"elementor-element elementor-element-4f2be069 elementor-widget elementor-widget-image\" data-id=\"4f2be069\" data-element_type=\"widget\" data-widget_type=\"image.default\">\n\t\t\t\t<div class=\"elementor-widget-container\">\n\t\t\t\t\t\t\t\t\t\t\t\t<figure class=\"wp-caption\">\n\t\t\t\t\t\t\t\t\t\t<img fetchpriority=\"high\" decoding=\"async\" width=\"768\" height=\"988\" src=\"https:\/\/wsm.art.pl\/wp-content\/uploads\/2025\/04\/Rafal-Janiak-fot.-Anita-Wasik-Plocinska-small-768x988.jpg\" class=\"attachment-medium_large size-medium_large wp-image-17373\" alt=\"\" srcset=\"https:\/\/wsm.art.pl\/wp-content\/uploads\/2025\/04\/Rafal-Janiak-fot.-Anita-Wasik-Plocinska-small-768x988.jpg 768w, https:\/\/wsm.art.pl\/wp-content\/uploads\/2025\/04\/Rafal-Janiak-fot.-Anita-Wasik-Plocinska-small-233x300.jpg 233w, https:\/\/wsm.art.pl\/wp-content\/uploads\/2025\/04\/Rafal-Janiak-fot.-Anita-Wasik-Plocinska-small-796x1024.jpg 796w, https:\/\/wsm.art.pl\/wp-content\/uploads\/2025\/04\/Rafal-Janiak-fot.-Anita-Wasik-Plocinska-small-1194x1536.jpg 1194w, https:\/\/wsm.art.pl\/wp-content\/uploads\/2025\/04\/Rafal-Janiak-fot.-Anita-Wasik-Plocinska-small.jpg 1555w\" sizes=\"(max-width: 768px) 100vw, 768px\" \/>\t\t\t\t\t\t\t\t\t\t\t<figcaption class=\"widget-image-caption wp-caption-text\">fot. Anita W\u0105sik-P\u0142oci\u0144ska<\/figcaption>\n\t\t\t\t\t\t\t\t\t\t<\/figure>\n\t\t\t\t\t\t\t\t\t<\/div>\n\t\t\t\t<\/div>\n\t\t\t\t\t<\/div>\n\t\t<\/div>\n\t\t\t\t<div class=\"elementor-column elementor-col-50 elementor-top-column elementor-element elementor-element-22045959\" data-id=\"22045959\" data-element_type=\"column\">\n\t\t\t<div class=\"elementor-widget-wrap elementor-element-populated\">\n\t\t\t\t\t\t<div class=\"elementor-element elementor-element-20a87065 elementor-widget elementor-widget-text-editor\" data-id=\"20a87065\" data-element_type=\"widget\" data-widget_type=\"text-editor.default\">\n\t\t\t\t<div class=\"elementor-widget-container\">\n\t\t\t\t\t\t\t\t\t<p class=\"western\" style=\"text-align: left;\" align=\"justify\"><span style=\"font-family: Arial, sans-serif;\"><span style=\"font-size: medium;\">K<\/span><\/span><span style=\"font-family: Arial, sans-serif;\"><span style=\"font-size: medium;\">ompozytor, dyrygent, pedagog urodzony w 1986 roku. Z wyr\u00f3\u017cnieniem uko\u0144czy\u0142 studia dyrygenckie pod kierunkiem prof. Antoniego Wita (2011) oraz kompozytorskie w klasie prof. Stanis\u0142awa Moryto (2010) na Uniwersytecie Muzycznym Fryderyka Chopina w Warszawie. W 2016 roku uzyska\u0142 stopie\u0144 doktora sztuk muzycznych w zakresie dyrygentury, a w 2020 \u2013 doktora habilitowanego. Obecnie pracuje na stanowisku profesora uczelni. W latach 2019-2024 by\u0142 dziekanem wydzia\u0142u Dyrygentury Symfoniczno-Operowej. Od 2024 jest kierownikiem katedry Dyrygentury Symfoniczno-Operowej oraz prorektorem ds. artystycznych Uniwersytetu Muzycznego Fryderyka Chopina w Warszawie.<\/span><\/span><\/p><p class=\"western\" style=\"text-align: left;\" align=\"justify\"><span style=\"font-family: Arial, sans-serif;\"><span style=\"font-size: medium;\">Od 2023 roku pe\u0142ni funkcj\u0119 zast\u0119pcy dyrektora ds. artystycznych Teatru Wielkiego w \u0141odzi.<\/span><\/span><\/p><p class=\"western\" style=\"text-align: left;\" align=\"justify\"><span style=\"font-family: Arial, sans-serif;\"><span style=\"font-size: medium;\">Karier\u0119 dyrygenck\u0105 rozpocz\u0105\u0142 w 2011 roku, debiutuj\u0105c podczas koncertu dyplomowego z Orkiestr\u0105 Filharmonii Narodowej. Kontynuuj\u0105c wsp\u00f3\u0142prac\u0119 z t\u0105 instytucj\u0105 w latach 2012\u20132013 pe\u0142ni\u0142 funkcj\u0119 asystenta dyrygenta wsp\u00f3\u0142pracuj\u0105c z Antonim Witem i Jackiem Kaspszykiem oraz wieloma wybitnymi dyrygentami go\u015bcinnymi, prowadz\u0105c r\u00f3wnie\u017c wiele koncert\u00f3w w tym fina\u0142 festiwalu Warszawskiej Jesieni w 2013 roku.<\/span><\/span><\/p><p class=\"western\" style=\"text-align: left;\" align=\"justify\"><span style=\"font-family: Arial, sans-serif;\"><span style=\"font-size: medium;\">Premier\u0105 opery <\/span><\/span><span style=\"font-family: Arial, sans-serif;\"><span style=\"font-size: medium;\"><i>Cosi fan tutte<\/i><\/span><\/span><span style=\"font-family: Arial, sans-serif;\"><span style=\"font-size: medium;\"> Mozarta w 2011 rozpocz\u0105\u0142 swoj\u0105 dzia\u0142alno\u015b\u0107 operow\u0105. Od tego czasu w ramach wsp\u00f3\u0142pracy z UMFC przygotowa\u0142 i poprowadzi\u0142 nowe inscenizacje <\/span><\/span><span style=\"font-family: Arial, sans-serif;\"><span style=\"font-size: medium;\"><i>Don Giovanniego<\/i><\/span><\/span><span style=\"font-family: Arial, sans-serif;\"><span style=\"font-size: medium;\"> Mozarta (Warszawska Opera Kameralna), <\/span><\/span><span style=\"font-family: Arial, sans-serif;\"><span style=\"font-size: medium;\"><i>Eugeniusza Oniegina<\/i><\/span><\/span><span style=\"font-family: Arial, sans-serif;\"><span style=\"font-size: medium;\"> Czajkowskiego oraz<\/span><\/span><span style=\"font-family: Arial, sans-serif;\"><span style=\"font-size: medium;\"><i> Suor Angelica<\/i><\/span><\/span><span style=\"font-family: Arial, sans-serif;\"><span style=\"font-size: medium;\"> i <\/span><\/span><span style=\"font-family: Arial, sans-serif;\"><span style=\"font-size: medium;\"><i>Gianni Schicchi<\/i><\/span><\/span><span style=\"font-family: Arial, sans-serif;\"><span style=\"font-size: medium;\"> Pucciniego (Teatr Wielki Opera Narodowa). Dyrygowa\u0142 r\u00f3wnie\u017c przedstawienia: <\/span><\/span><span style=\"font-family: Arial, sans-serif;\"><span style=\"font-size: medium;\"><i>Cyrulika sewilskiego<\/i><\/span><\/span><span style=\"font-family: Arial, sans-serif;\"><span style=\"font-size: medium;\"> Rossiniego (Opera Ba\u0142tycka w Gda\u0144sku) a tak\u017ce w Teatrze Wielkim w \u0141odzi m.in. <\/span><\/span><span style=\"font-family: Arial, sans-serif;\"><span style=\"font-size: medium;\"><i>Turandot <\/i><\/span><\/span><span style=\"font-family: Arial, sans-serif;\"><span style=\"font-size: medium;\">Pucciniego, <\/span><\/span><span style=\"font-family: Arial, sans-serif;\"><span style=\"font-size: medium;\"><i>Carmen<\/i><\/span><\/span><span style=\"font-family: Arial, sans-serif;\"><span style=\"font-size: medium;\"> Bizeta, <\/span><\/span><span style=\"font-family: Arial, sans-serif;\"><span style=\"font-size: medium;\"><i>Barona Cyga\u0144skiego <\/i><\/span><\/span><span style=\"font-family: Arial, sans-serif;\"><span style=\"font-size: medium;\">Straussa<\/span><\/span><span style=\"font-family: Arial, sans-serif;\"><span style=\"font-size: medium;\"><i> Straszny dw\u00f3r <\/i><\/span><\/span><span style=\"font-family: Arial, sans-serif;\"><span style=\"font-size: medium;\">Moniuszki, <\/span><\/span><span style=\"font-family: Arial, sans-serif;\"><span style=\"font-size: medium;\"><i>Holendra Tu\u0142acza <\/i><\/span><\/span><span style=\"font-family: Arial, sans-serif;\"><span style=\"font-size: medium;\">Wagnera oraz wiele innych.<\/span><\/span><\/p><p class=\"western\" style=\"text-align: left;\" align=\"justify\"><span style=\"font-family: Arial, sans-serif;\"><span style=\"font-size: medium;\">Podczas swojej dyrekcji, jako kierownik muzyczny, przygotowa\u0142 premiery oper: <\/span><\/span><span style=\"font-family: Arial, sans-serif;\"><span style=\"font-size: medium;\"><i>Fausta<\/i><\/span><\/span><span style=\"font-family: Arial, sans-serif;\"><span style=\"font-size: medium;\"> Gounoda, <\/span><\/span><span style=\"font-family: Arial, sans-serif;\"><span style=\"font-size: medium;\"><i>Raju utraconego<\/i><\/span><\/span><span style=\"font-family: Arial, sans-serif;\"><span style=\"font-size: medium;\"> Pendereckiego \u2013 nagrodzony Teatralnymi Nagrodami Muzycznymi im. Jana Kiepury za m.in. najlepszy spektakl i nominacja do International Classical Music Awards za nagranie DVD, <\/span><\/span><span style=\"font-family: Arial, sans-serif;\"><span style=\"font-size: medium;\"><i>Traviaty<\/i><\/span><\/span><span style=\"font-family: Arial, sans-serif;\"><span style=\"font-size: medium;\"> Verdiego,<\/span><\/span><span style=\"font-family: Arial, sans-serif;\"><span style=\"font-size: medium;\"><i>\u201eRomeo i Julia<\/i><\/span><\/span><span style=\"font-family: Arial, sans-serif;\"><span style=\"font-size: medium;\"> Berlioza, <\/span><\/span><span style=\"font-family: Arial, sans-serif;\"><span style=\"font-size: medium;\"><i>Jasia i Ma\u0142gosi<\/i><\/span><\/span><span style=\"font-family: Arial, sans-serif;\"><span style=\"font-size: medium;\"> Humperdincka oraz <\/span><\/span><span style=\"font-family: Arial, sans-serif;\"><span style=\"font-size: medium;\"><i>Cyganeria<\/i><\/span><\/span><span style=\"font-family: Arial, sans-serif;\"><span style=\"font-size: medium;\"> Giacomo Pucciniego. W instytucji zainicjowa\u0142 m.in. Festiwal Pucciniowski a tak\u017ce cykl Koncert\u00f3w z Gwiazd\u0105, podczas kt\u00f3rych wyst\u0105pi\u0142 z artystami takimi jak Pretty Yende, Francesco Demuro czy Aleksandra Kurzak.<\/span><\/span><\/p><p class=\"western\" style=\"text-align: left;\" align=\"justify\"><span style=\"font-family: Arial, sans-serif;\"><span style=\"font-size: medium;\">Wsp\u00f3\u0142pracowa\u0142 z wieloma czo\u0142owymi polskimi orkiestrami, m.in. Filharmoni\u0105 Narodow\u0105, Narodow\u0105 Orkiestr\u0105 Polskiego Radia w Katowicach, Filharmoni\u0105 Krakowsk\u0105, \u0141\u00f3dzk\u0105, \u015al\u0105sk\u0105, Ba\u0142tyck\u0105, Lubelsk\u0105, Gorzowsk\u0105, Zielonog\u00f3rsk\u0105, Podkarpack\u0105, Opolsk\u0105 i Polsk\u0105 Filharmoni\u0105 Kameraln\u0105 Sopot. Regularnie wyst\u0119puje jako dyrygent w kraju i za granic\u0105, prowadz\u0105c koncerty symfoniczne i oratoryjne.<\/span><\/span><\/p><p class=\"western\" style=\"text-align: left;\" align=\"justify\"><span style=\"font-family: Arial, sans-serif;\"><span style=\"font-size: medium;\">Za swoj\u0105 dzia\u0142alno\u015b\u0107 naukowo-artystyczn\u0105 otrzyma\u0142 liczne stypendia, w tym Ministra Kultury i Dziedzictwa Narodowego (2007, 2012), Prezydenta Miasta Gda\u0144ska (2005, 2009), Keimyung University Foundation (Korea Po\u0142udniowa, 2009), program \u201eM\u0142oda Polska\u201d oraz presti\u017cowe stypendium dla wybitnego m\u0142odego naukowca przyznane przez Ministerstwo Nauki i Szkolnictwa Wy\u017cszego.<\/span><\/span><\/p><p class=\"western\" style=\"text-align: left;\" align=\"justify\"><span style=\"font-family: Arial, sans-serif;\"><span style=\"font-size: medium;\">W latach 2017-24 by\u0142 kierownikiem artystycznym Chopin University Chamber Orchestra, z kt\u00f3r\u0105 koncertowa\u0142 na ca\u0142ym \u015bwiecie, w tym podczas tourn\u00e9e po Chinach w 2019 roku. Pod jego kierownictwem zesp\u00f3\u0142 nagra\u0142 kilka p\u0142yt, z kt\u00f3rych kilka zosta\u0142a nominowana do nagrody \u201eFRYDERYK\u201d. W swoim dorobku artystycznym posiada \u0142\u0105cznie kilkana\u015bcie p\u0142yt CD i DVD nagranymi ze znacz\u0105cymi polskimi zespo\u0142ami artystycznymi.<\/span><\/span><\/p><p class=\"western\" style=\"text-align: left;\" align=\"justify\"><span style=\"font-family: Arial, sans-serif;\"><span style=\"font-size: medium;\">Jego dzia\u0142alno\u015b\u0107 zosta\u0142a uhonorowana wieloma nagrodami, m.in. I nagrod\u0105 Konkursu Kompozytorskiego im. Jana Paw\u0142a II w Warszawie (2007), III nagrod\u0105 Mi\u0119dzynarodowego Konkursu Kompozytorskiego \u201eMusica Sacra\u201d w Cz\u0119stochowie (2008) oraz wyr\u00f3\u017cnieniem na Og\u00f3lnopolskim Konkursie M\u0142odych Kompozytor\u00f3w im. Tadeusza Bairda w Warszawie (2010). By\u0142 tak\u017ce p\u00f3\u0142finalist\u0105 Conducting Competition <\/span><\/span><span style=\"font-family: Arial, sans-serif;\"><span style=\"font-size: medium;\"><i>Donatella Flick<\/i><\/span><\/span><span style=\"font-family: Arial, sans-serif;\"><span style=\"font-size: medium;\"> w Londynie (2014).<\/span><\/span><\/p><p class=\"western\" style=\"text-align: left;\" align=\"justify\"><span style=\"font-family: Arial, sans-serif;\"><span style=\"font-size: medium;\">Szczeg\u00f3lnym osi\u0105gni\u0119ciem Rafa\u0142a Janiaka jest opera <\/span><\/span><span style=\"font-family: Arial, sans-serif;\"><span style=\"font-size: medium;\"><i>Cz\u0142owiek z Manufaktury<\/i><\/span><\/span><span style=\"font-family: Arial, sans-serif;\"><span style=\"font-size: medium;\">, kt\u00f3ra przynios\u0142a mu zwyci\u0119stwo w konkursie Teatru Wielkiego w \u0141odzi. Jury pod przewodnictwem prof. Krzysztofa Pendereckiego jednog\u0142o\u015bnie przyzna\u0142o mu Grand Prix, a utw\u00f3r zdoby\u0142 tak\u017ce nagrod\u0119 publiczno\u015bci. Prapremiera opery mia\u0142a miejsce w 2019 roku w Teatrze Wielkim w \u0141odzi, a jej plenerowe wykonanie na Rynku W\u0142\u00f3kniarek \u0141\u00f3dzkich sta\u0142o si\u0119 jednym z najbardziej spektakularnych wydarze\u0144 w historii miasta.<\/span><\/span><\/p><p class=\"western\" style=\"text-align: left;\" align=\"justify\">Rafa\u0142 Janiak konsekwentnie \u0142\u0105czy dzia\u0142alno\u015b\u0107 artystyczn\u0105, kompozytorsk\u0105 i dydaktyczn\u0105, przyczyniaj\u0105c si\u0119 do promocji polskiej kultury muzycznej zar\u00f3wno w kraju, jak i za granic\u0105.<\/p>\t\t\t\t\t\t\t\t<\/div>\n\t\t\t\t<\/div>\n\t\t\t\t\t<\/div>\n\t\t<\/div>\n\t\t\t\t\t<\/div>\n\t\t<\/section>\n\t\t\t\t<\/div>\n\t\t","protected":false},"excerpt":{"rendered":"<p>Rafa\u0142 Janiak fot. Anita W\u0105sik-P\u0142oci\u0144ska Kompozytor, dyrygent, pedagog urodzony w 1986 roku. Z wyr\u00f3\u017cnieniem uko\u0144czy\u0142 studia dyrygenckie pod kierunkiem prof. Antoniego Wita (2011) oraz kompozytorskie&hellip;<\/p>\n","protected":false},"author":1,"featured_media":0,"parent":0,"menu_order":0,"comment_status":"closed","ping_status":"closed","template":"","meta":{"footnotes":""},"class_list":["post-17371","page","type-page","status-publish","hentry"],"_links":{"self":[{"href":"https:\/\/wsm.art.pl\/index.php?rest_route=\/wp\/v2\/pages\/17371","targetHints":{"allow":["GET"]}}],"collection":[{"href":"https:\/\/wsm.art.pl\/index.php?rest_route=\/wp\/v2\/pages"}],"about":[{"href":"https:\/\/wsm.art.pl\/index.php?rest_route=\/wp\/v2\/types\/page"}],"author":[{"embeddable":true,"href":"https:\/\/wsm.art.pl\/index.php?rest_route=\/wp\/v2\/users\/1"}],"replies":[{"embeddable":true,"href":"https:\/\/wsm.art.pl\/index.php?rest_route=%2Fwp%2Fv2%2Fcomments&post=17371"}],"version-history":[{"count":4,"href":"https:\/\/wsm.art.pl\/index.php?rest_route=\/wp\/v2\/pages\/17371\/revisions"}],"predecessor-version":[{"id":17376,"href":"https:\/\/wsm.art.pl\/index.php?rest_route=\/wp\/v2\/pages\/17371\/revisions\/17376"}],"wp:attachment":[{"href":"https:\/\/wsm.art.pl\/index.php?rest_route=%2Fwp%2Fv2%2Fmedia&parent=17371"}],"curies":[{"name":"wp","href":"https:\/\/api.w.org\/{rel}","templated":true}]}}