{"id":17330,"date":"2025-04-29T18:44:40","date_gmt":"2025-04-29T18:44:40","guid":{"rendered":"https:\/\/wsm.art.pl\/?page_id=17330"},"modified":"2025-04-29T18:46:46","modified_gmt":"2025-04-29T18:46:46","slug":"2025-baran","status":"publish","type":"page","link":"https:\/\/wsm.art.pl\/?page_id=17330","title":{"rendered":"2025 BARAN Klaudiusz"},"content":{"rendered":"\t\t<div data-elementor-type=\"wp-page\" data-elementor-id=\"17330\" class=\"elementor elementor-17330\">\n\t\t\t\t\t\t<section class=\"elementor-section elementor-top-section elementor-element elementor-element-8b249b1 elementor-section-boxed elementor-section-height-default elementor-section-height-default\" data-id=\"8b249b1\" data-element_type=\"section\">\n\t\t\t\t\t\t<div class=\"elementor-container elementor-column-gap-default\">\n\t\t\t\t\t<div class=\"elementor-column elementor-col-100 elementor-top-column elementor-element elementor-element-1aeb34e\" data-id=\"1aeb34e\" data-element_type=\"column\">\n\t\t\t<div class=\"elementor-widget-wrap elementor-element-populated\">\n\t\t\t\t\t\t<div class=\"elementor-element elementor-element-90cdfe6 elementor-widget elementor-widget-heading\" data-id=\"90cdfe6\" data-element_type=\"widget\" data-widget_type=\"heading.default\">\n\t\t\t\t<div class=\"elementor-widget-container\">\n\t\t\t\t\t<h2 class=\"elementor-heading-title elementor-size-default\">Klaudiusz Baran<\/h2>\t\t\t\t<\/div>\n\t\t\t\t<\/div>\n\t\t\t\t\t<\/div>\n\t\t<\/div>\n\t\t\t\t\t<\/div>\n\t\t<\/section>\n\t\t\t\t<section class=\"elementor-section elementor-top-section elementor-element elementor-element-208796d2 elementor-section-boxed elementor-section-height-default elementor-section-height-default\" data-id=\"208796d2\" data-element_type=\"section\">\n\t\t\t\t\t\t<div class=\"elementor-container elementor-column-gap-default\">\n\t\t\t\t\t<div class=\"elementor-column elementor-col-50 elementor-top-column elementor-element elementor-element-2998c263\" data-id=\"2998c263\" data-element_type=\"column\">\n\t\t\t<div class=\"elementor-widget-wrap elementor-element-populated\">\n\t\t\t\t\t\t<div class=\"elementor-element elementor-element-4f2be069 elementor-widget elementor-widget-image\" data-id=\"4f2be069\" data-element_type=\"widget\" data-widget_type=\"image.default\">\n\t\t\t\t<div class=\"elementor-widget-container\">\n\t\t\t\t\t\t\t\t\t\t\t\t<figure class=\"wp-caption\">\n\t\t\t\t\t\t\t\t\t\t<img fetchpriority=\"high\" decoding=\"async\" width=\"768\" height=\"1194\" src=\"https:\/\/wsm.art.pl\/wp-content\/uploads\/2025\/04\/Klaudiusz-Baran-10p-1-small-768x1194.jpg\" class=\"attachment-medium_large size-medium_large wp-image-17332\" alt=\"\" srcset=\"https:\/\/wsm.art.pl\/wp-content\/uploads\/2025\/04\/Klaudiusz-Baran-10p-1-small-768x1194.jpg 768w, https:\/\/wsm.art.pl\/wp-content\/uploads\/2025\/04\/Klaudiusz-Baran-10p-1-small-193x300.jpg 193w, https:\/\/wsm.art.pl\/wp-content\/uploads\/2025\/04\/Klaudiusz-Baran-10p-1-small-659x1024.jpg 659w, https:\/\/wsm.art.pl\/wp-content\/uploads\/2025\/04\/Klaudiusz-Baran-10p-1-small-988x1536.jpg 988w, https:\/\/wsm.art.pl\/wp-content\/uploads\/2025\/04\/Klaudiusz-Baran-10p-1-small.jpg 1029w\" sizes=\"(max-width: 768px) 100vw, 768px\" \/>\t\t\t\t\t\t\t\t\t\t\t<figcaption class=\"widget-image-caption wp-caption-text\">fot. Eugeniusz Szustow<\/figcaption>\n\t\t\t\t\t\t\t\t\t\t<\/figure>\n\t\t\t\t\t\t\t\t\t<\/div>\n\t\t\t\t<\/div>\n\t\t\t\t\t<\/div>\n\t\t<\/div>\n\t\t\t\t<div class=\"elementor-column elementor-col-50 elementor-top-column elementor-element elementor-element-22045959\" data-id=\"22045959\" data-element_type=\"column\">\n\t\t\t<div class=\"elementor-widget-wrap elementor-element-populated\">\n\t\t\t\t\t\t<div class=\"elementor-element elementor-element-20a87065 elementor-widget elementor-widget-text-editor\" data-id=\"20a87065\" data-element_type=\"widget\" data-widget_type=\"text-editor.default\">\n\t\t\t\t<div class=\"elementor-widget-container\">\n\t\t\t\t\t\t\t\t\t<p style=\"text-align: left;\" align=\"justify\"><span style=\"font-family: Arial, sans-serif;\"><span style=\"font-size: medium;\">A<\/span><\/span><span style=\"font-family: Arial, sans-serif;\"><span style=\"font-size: medium;\">kordeonista, bandoneonista, kameralista, pedagog, profesor doktor habilitowany. Uko\u0144czy\u0142 Akademi\u0119 Muzyczn\u0105 im. Fryderyka Chopina w<\/span><\/span> <span style=\"font-family: Arial, sans-serif;\"><span style=\"font-size: medium;\">Warszawie (obecnie UMFC) <\/span><\/span><span style=\"font-family: Arial, sans-serif;\">w <\/span><span style=\"font-family: Arial, sans-serif;\"><span style=\"font-size: medium;\">klasie Jerzego Jurka (1995) oraz studia w<\/span><\/span> <span style=\"font-family: Arial, sans-serif;\"><span style=\"font-size: medium;\">Conservatoire Paul Dukas w<\/span><\/span> <span style=\"font-family: Arial, sans-serif;\"><span style=\"font-size: medium;\">Pary\u017cu pod kierunkiem Maxa Bonnaya. Jako pedagog zwi\u0105za\u0142 si\u0119 z<\/span><\/span> <span style=\"font-family: Arial, sans-serif;\"><span style=\"font-size: medium;\">macierzyst\u0105 uczelni\u0105, gdzie od 2002 pe\u0142ni\u0142 kierownicze funkcje, po t\u0119 najwa\u017cniejsz\u0105 \u2013 rektora przez dwie kadencje 2016-2020 oraz 2020-2024.<\/span><\/span><\/p><p style=\"text-align: left;\" align=\"justify\"><span style=\"font-family: Arial, sans-serif;\"><span style=\"font-size: medium;\">Jest artyst\u0105 wszechstronnym, obdarzonym wyj\u0105tkow\u0105 wra\u017cliwo\u015bci\u0105 muzyczn\u0105. Jego dokonania artystyczne zmieni\u0142y w<\/span><\/span> <span style=\"font-family: Arial, sans-serif;\"><span style=\"font-size: medium;\">Polsce postrzeganie akordeonu: wynios\u0142y go do pozycji pe\u0142noprawnego instrumentu kszta\u0142tuj\u0105cego realny \u015bwiat muzyczny. W<\/span><\/span> <span style=\"font-family: Arial, sans-serif;\"><span style=\"font-size: medium;\">swoich interpretacjach potrafi splata\u0107 pokor\u0119 wobec dzie\u0142a muzycznego z<\/span><\/span> <span style=\"font-family: Arial, sans-serif;\"><span style=\"font-size: medium;\">bogactwem inwencji, osobistym pojmowaniem czasu w<\/span><\/span> <span style=\"font-family: Arial, sans-serif;\"><span style=\"font-size: medium;\">muzyce, wyj\u0105tkow\u0105 sceniczn\u0105 charyzm\u0105 i<\/span><\/span> <span style=\"font-family: Arial, sans-serif;\"><span style=\"font-size: medium;\">naturalno\u015bci\u0105 ekspresji. Ze swobod\u0105 porusza si\u0119 w<\/span><\/span> <span style=\"font-family: Arial, sans-serif;\"><span style=\"font-size: medium;\">r\u00f3\u017cnorodnym repertuarze wielu epok, jednak najwi\u0119ksze uznanie wzbudzaj\u0105 jego interpretacje muzyki najnowszej, w<\/span><\/span> <span style=\"font-family: Arial, sans-serif;\"><span style=\"font-size: medium;\">tym prawie 50 prawykona\u0144 dzie\u0142 solowych, kameralnych i<\/span><\/span> <span style=\"font-family: Arial, sans-serif;\"><span style=\"font-size: medium;\">z<\/span><\/span> <span style=\"font-family: Arial, sans-serif;\"><span style=\"font-size: medium;\">towarzyszeniem orkiestr, z<\/span><\/span> <span style=\"font-family: Arial, sans-serif;\"><span style=\"font-size: medium;\">kt\u00f3rych wi\u0119kszo\u015b\u0107 by\u0142a mu dedykowana albo powsta\u0142a z<\/span><\/span> <span style=\"font-family: Arial, sans-serif;\"><span style=\"font-size: medium;\">jego inspiracji. Jego wielk\u0105 nami\u0119tno\u015bci\u0105 jest argenty\u0144skie tango, w<\/span><\/span> <span style=\"font-family: Arial, sans-serif;\"><span style=\"font-size: medium;\">szczeg\u00f3lno\u015bci zwi\u0105zane z<\/span><\/span> <span style=\"font-family: Arial, sans-serif;\"><span style=\"font-size: medium;\">Astorem Piazzoll\u0105 tango nuevo, wirtuozowsko wykonywane na bandoneonie, kt\u00f3ry jako pierwszy polski instrumentalista wprowadzi\u0142 na sale koncertowe. By\u0142 wsp\u00f3\u0142tw\u00f3rc\u0105 i<\/span><\/span> <span style=\"font-family: Arial, sans-serif;\"><span style=\"font-size: medium;\">liderem najs\u0142ynniejszych formacji tangowych, takich jak Tangata Quintet czy Machina del Tango, kreuj\u0105cych polsk\u0105 kultur\u0119 tanga.<\/span><\/span><\/p><p style=\"text-align: left;\" align=\"justify\"><span style=\"font-family: Arial, sans-serif;\"><span style=\"font-size: medium;\">Jako pierwszy akordeonista wyst\u0105pi\u0142 jako solista z<\/span><\/span> <span style=\"font-family: Arial, sans-serif;\"><span style=\"font-size: medium;\">towarzyszeniem Orkiestry Filharmonii Narodowej, jak r\u00f3wnie\u017c z<\/span><\/span> <span style=\"font-family: Arial, sans-serif;\"><span style=\"font-size: medium;\">wi\u0119kszo\u015bci\u0105 najwa\u017cniejszych polskich orkiestr. Koncertuje w<\/span><\/span> <span style=\"font-family: Arial, sans-serif;\"><span style=\"font-size: medium;\">Polsce, wielu miastach europejskich, a<\/span><\/span> <span style=\"font-family: Arial, sans-serif;\"><span style=\"font-size: medium;\">tak\u017ce w<\/span><\/span> <span style=\"font-family: Arial, sans-serif;\"><span style=\"font-size: medium;\">Chinach i<\/span><\/span> <span style=\"font-family: Arial, sans-serif;\"><span style=\"font-size: medium;\">Argentynie. Jako kameralista wyst\u0119powa\u0142 z<\/span><\/span> <span style=\"font-family: Arial, sans-serif;\"><span style=\"font-size: medium;\">takimi mistrzami, jak Ivan Monighetti, Roby Lakatos, Julius Berger, Konstanty Andrzej Kulka i<\/span><\/span> <span style=\"font-family: Arial, sans-serif;\"><span style=\"font-size: medium;\">wielu innych. Warto\u015b\u0107 jego muzycznych kreacji by\u0142a wielokrotnie doceniana w<\/span><\/span> <span style=\"font-family: Arial, sans-serif;\"><span style=\"font-size: medium;\">entuzjastycznych recenzjach, przek\u0142ada\u0142a si\u0119 na nagrody w<\/span><\/span> <span style=\"font-family: Arial, sans-serif;\"><span style=\"font-size: medium;\">konkursach instrumentalnych, nominacje i<\/span><\/span> <span style=\"font-family: Arial, sans-serif;\"><span style=\"font-size: medium;\">nagrody artystyczne. Jest zdobywc\u0105 trzech F<\/span><\/span><span style=\"font-family: Arial, sans-serif;\">RYDERYK\u00d3W<\/span><span style=\"font-family: Arial, sans-serif;\"><span style=\"font-size: medium;\">. W<\/span><\/span> <span style=\"font-family: Arial, sans-serif;\"><span style=\"font-size: medium;\">2003 jako pierwszy akordeonista otrzyma\u0142 statuetk\u0119 za p\u0142yt\u0119 Astor Piazzolla \u2013 Tango (Sony Classical), w<\/span><\/span> <span style=\"font-family: Arial, sans-serif;\"><span style=\"font-size: medium;\">2020 presti\u017cowy box 100 na 100. Muzyczne dekady wolno\u015bci (PWM) z<\/span><\/span> <span style=\"font-family: Arial, sans-serif;\"><span style=\"font-size: medium;\">jego udzia\u0142em zosta\u0142 nagrodzony w<\/span><\/span> <span style=\"font-family: Arial, sans-serif;\"><span style=\"font-size: medium;\">dw\u00f3ch kategoriach: \u201eAlbum roku \u2013 muzyka symfoniczna\u201d oraz \u201eNajwybitniejsze nagranie muzyki polskiej\u201d. W<\/span><\/span> <span style=\"font-family: Arial, sans-serif;\"><span style=\"font-size: medium;\">dorobku ma ponad 80 p\u0142yt. Tworzy grup\u0119 world music, jako muzyk sesyjny nagrywa muzyk\u0119 filmow\u0105 i<\/span><\/span> <span style=\"font-family: Arial, sans-serif;\"><span style=\"font-size: medium;\">rozrywkow\u0105, towarzyszy piosence aktorskiej. W 2010 zosta\u0142 odznaczony Br\u0105zowym Medalem, a<\/span><\/span> <span style=\"font-family: Arial, sans-serif;\"><span style=\"font-size: medium;\">w<\/span><\/span> <span style=\"font-family: Arial, sans-serif;\"><span style=\"font-size: medium;\">2024 Z\u0142otym Medalem \u201eZas\u0142u\u017cony Kulturze Gloria Artis\u201d.<\/span><\/span><\/p>\t\t\t\t\t\t\t\t<\/div>\n\t\t\t\t<\/div>\n\t\t\t\t\t<\/div>\n\t\t<\/div>\n\t\t\t\t\t<\/div>\n\t\t<\/section>\n\t\t\t\t<\/div>\n\t\t","protected":false},"excerpt":{"rendered":"<p>Klaudiusz Baran fot. Eugeniusz Szustow Akordeonista, bandoneonista, kameralista, pedagog, profesor doktor habilitowany. Uko\u0144czy\u0142 Akademi\u0119 Muzyczn\u0105 im. Fryderyka Chopina w Warszawie (obecnie UMFC) w klasie Jerzego&hellip;<\/p>\n","protected":false},"author":1,"featured_media":0,"parent":0,"menu_order":0,"comment_status":"closed","ping_status":"closed","template":"","meta":{"footnotes":""},"class_list":["post-17330","page","type-page","status-publish","hentry"],"_links":{"self":[{"href":"https:\/\/wsm.art.pl\/index.php?rest_route=\/wp\/v2\/pages\/17330","targetHints":{"allow":["GET"]}}],"collection":[{"href":"https:\/\/wsm.art.pl\/index.php?rest_route=\/wp\/v2\/pages"}],"about":[{"href":"https:\/\/wsm.art.pl\/index.php?rest_route=\/wp\/v2\/types\/page"}],"author":[{"embeddable":true,"href":"https:\/\/wsm.art.pl\/index.php?rest_route=\/wp\/v2\/users\/1"}],"replies":[{"embeddable":true,"href":"https:\/\/wsm.art.pl\/index.php?rest_route=%2Fwp%2Fv2%2Fcomments&post=17330"}],"version-history":[{"count":4,"href":"https:\/\/wsm.art.pl\/index.php?rest_route=\/wp\/v2\/pages\/17330\/revisions"}],"predecessor-version":[{"id":17335,"href":"https:\/\/wsm.art.pl\/index.php?rest_route=\/wp\/v2\/pages\/17330\/revisions\/17335"}],"wp:attachment":[{"href":"https:\/\/wsm.art.pl\/index.php?rest_route=%2Fwp%2Fv2%2Fmedia&parent=17330"}],"curies":[{"name":"wp","href":"https:\/\/api.w.org\/{rel}","templated":true}]}}