{"id":17241,"date":"2025-04-27T19:08:06","date_gmt":"2025-04-27T19:08:06","guid":{"rendered":"https:\/\/wsm.art.pl\/?page_id=17241"},"modified":"2025-04-27T19:09:42","modified_gmt":"2025-04-27T19:09:42","slug":"2025-stradomski","status":"publish","type":"page","link":"https:\/\/wsm.art.pl\/?page_id=17241","title":{"rendered":"2025 STRADOMSKI Rafa\u0142"},"content":{"rendered":"\t\t<div data-elementor-type=\"wp-page\" data-elementor-id=\"17241\" class=\"elementor elementor-17241\">\n\t\t\t\t\t\t<section class=\"elementor-section elementor-top-section elementor-element elementor-element-7da13de6 elementor-section-boxed elementor-section-height-default elementor-section-height-default\" data-id=\"7da13de6\" data-element_type=\"section\">\n\t\t\t\t\t\t<div class=\"elementor-container elementor-column-gap-default\">\n\t\t\t\t\t<div class=\"elementor-column elementor-col-100 elementor-top-column elementor-element elementor-element-23bcaf58\" data-id=\"23bcaf58\" data-element_type=\"column\">\n\t\t\t<div class=\"elementor-widget-wrap elementor-element-populated\">\n\t\t\t\t\t\t<div class=\"elementor-element elementor-element-4a64ab4c elementor-widget elementor-widget-heading\" data-id=\"4a64ab4c\" data-element_type=\"widget\" data-widget_type=\"heading.default\">\n\t\t\t\t<div class=\"elementor-widget-container\">\n\t\t\t\t\t<h2 class=\"elementor-heading-title elementor-size-default\">Rafa\u0142 Stradomski<\/h2>\t\t\t\t<\/div>\n\t\t\t\t<\/div>\n\t\t\t\t\t<\/div>\n\t\t<\/div>\n\t\t\t\t\t<\/div>\n\t\t<\/section>\n\t\t\t\t<section class=\"elementor-section elementor-top-section elementor-element elementor-element-46548e99 elementor-section-boxed elementor-section-height-default elementor-section-height-default\" data-id=\"46548e99\" data-element_type=\"section\">\n\t\t\t\t\t\t<div class=\"elementor-container elementor-column-gap-default\">\n\t\t\t\t\t<div class=\"elementor-column elementor-col-50 elementor-top-column elementor-element elementor-element-6381e498\" data-id=\"6381e498\" data-element_type=\"column\">\n\t\t\t<div class=\"elementor-widget-wrap elementor-element-populated\">\n\t\t\t\t\t\t<div class=\"elementor-element elementor-element-4a32b6e9 elementor-widget elementor-widget-image\" data-id=\"4a32b6e9\" data-element_type=\"widget\" data-widget_type=\"image.default\">\n\t\t\t\t<div class=\"elementor-widget-container\">\n\t\t\t\t\t\t\t\t\t\t\t\t<figure class=\"wp-caption\">\n\t\t\t\t\t\t\t\t\t\t<img fetchpriority=\"high\" decoding=\"async\" width=\"768\" height=\"1158\" src=\"https:\/\/wsm.art.pl\/wp-content\/uploads\/2025\/04\/STRADOMSKI-768x1158.jpg\" class=\"attachment-medium_large size-medium_large wp-image-17243\" alt=\"\" srcset=\"https:\/\/wsm.art.pl\/wp-content\/uploads\/2025\/04\/STRADOMSKI-768x1158.jpg 768w, https:\/\/wsm.art.pl\/wp-content\/uploads\/2025\/04\/STRADOMSKI-199x300.jpg 199w, https:\/\/wsm.art.pl\/wp-content\/uploads\/2025\/04\/STRADOMSKI-679x1024.jpg 679w, https:\/\/wsm.art.pl\/wp-content\/uploads\/2025\/04\/STRADOMSKI-1019x1536.jpg 1019w, https:\/\/wsm.art.pl\/wp-content\/uploads\/2025\/04\/STRADOMSKI.jpg 1024w\" sizes=\"(max-width: 768px) 100vw, 768px\" \/>\t\t\t\t\t\t\t\t\t\t\t<figcaption class=\"widget-image-caption wp-caption-text\">fot.archiwum kompozytora<\/figcaption>\n\t\t\t\t\t\t\t\t\t\t<\/figure>\n\t\t\t\t\t\t\t\t\t<\/div>\n\t\t\t\t<\/div>\n\t\t\t\t\t<\/div>\n\t\t<\/div>\n\t\t\t\t<div class=\"elementor-column elementor-col-50 elementor-top-column elementor-element elementor-element-239de16a\" data-id=\"239de16a\" data-element_type=\"column\">\n\t\t\t<div class=\"elementor-widget-wrap elementor-element-populated\">\n\t\t\t\t\t\t<div class=\"elementor-element elementor-element-13eae2b9 elementor-widget elementor-widget-text-editor\" data-id=\"13eae2b9\" data-element_type=\"widget\" data-widget_type=\"text-editor.default\">\n\t\t\t\t<div class=\"elementor-widget-container\">\n\t\t\t\t\t\t\t\t\t<p style=\"text-align: left;\" align=\"justify\"><span style=\"font-family: Arial, sans-serif;\"><span style=\"font-size: medium;\"><b>Rafa\u0142 STRADOMSKI<\/b><\/span><\/span><span style=\"font-family: Arial, sans-serif;\"><span style=\"font-size: medium;\">,<\/span><\/span><b> <\/b><span style=\"font-family: Arial, sans-serif;\"><span style=\"font-size: medium;\">urodzony w 1958 w Warszawie. Uko\u0144czy\u0142 kompozycj\u0119 pod kierunkiem prof. Tadeusza Paciorkiewicza oraz wydzia\u0142 instrumentalny (ob\u00f3j) w warszawskiej Akademii Muzycznej. W 1986 otrzyma\u0142 dwie nagrody: na Konkursie M\u0142odych Kompozytor\u00f3w ZKP za <\/span><\/span><span style=\"font-family: Arial, sans-serif;\"><span style=\"font-size: medium;\"><i>Kwintet d\u0119ty<\/i><\/span><\/span><span style=\"font-family: Arial, sans-serif;\"><span style=\"font-size: medium;\"> i na Konkursie im. G. Fitelberga za <\/span><\/span><span style=\"font-family: Arial, sans-serif;\"><span style=\"font-size: medium;\"><i>A tre<\/i><\/span><\/span><span style=\"font-family: Arial, sans-serif;\"><span style=\"font-size: medium;\"> na wielk\u0105 orkiestr\u0119 symfoniczn\u0105. W latach 1992-93 by\u0142 stypendyst\u0105 Rz\u0105du Francuskiego (Ecole Normale de Musique). W latach 1984-2001 organizowa\u0142 i prowadzi\u0142 koncerty Warszawskiego Towarzystwa Muzycznego, wyst\u0119puj\u0105c r\u00f3wnie\u017c jako pianista i oboista. W 1992 za\u0142o\u017cy\u0142 wydawnictwo Felix Victor.<br \/><\/span><\/span><span style=\"font-family: Arial, sans-serif;\"><span style=\"font-size: medium;\">W swych utworach poszukuje nowych rozwi\u0105za\u0144 raczej w sferze konstrukcji ni\u017c w wynajdywaniu nowych efekt\u00f3w brzmieniowych. Korzysta zar\u00f3wno ze zdobyczy serializmu jak i techniki dodekafonicznej, wykorzystuje elementy jazzu i mo\u017cliwo\u015bci aleatoryzmu. Stosuje tak\u017ce r\u00f3\u017cne, wymy\u015blone przez siebie techniki kompozytorskie, a tak\u017ce system dur-moll.<br \/><\/span><\/span><span style=\"font-family: Arial, sans-serif;\"><span style=\"font-size: medium;\">Skomponowa\u0142 oko\u0142o stu utwor\u00f3w: na orkiestr\u0119 (<\/span><\/span><span style=\"font-family: Arial, sans-serif;\"><span style=\"font-size: medium;\"><i>Rapsodia symfoniczna Ukraina<\/i><\/span><\/span><span style=\"font-family: Arial, sans-serif;\"><span style=\"font-size: medium;\">, <\/span><\/span><span style=\"font-family: Arial, sans-serif;\"><span style=\"font-size: medium;\"><i>Rapsodia bu\u0142garska<\/i><\/span><\/span><span style=\"font-family: Arial, sans-serif;\"><span style=\"font-size: medium;\">, poemat symfoniczny <\/span><\/span><span style=\"font-family: Arial, sans-serif;\"><span style=\"font-size: medium;\"><i>Lawina<\/i><\/span><\/span><span style=\"font-family: Arial, sans-serif;\"><span style=\"font-size: medium;\">, <\/span><\/span><span style=\"font-family: Arial, sans-serif;\"><span style=\"font-size: medium;\"><i>Wiede\u0144ski walc<\/i><\/span><\/span><span style=\"font-family: Arial, sans-serif;\"><span style=\"font-size: medium;\">), zespo\u0142y kameralne (<\/span><\/span><span style=\"font-family: Arial, sans-serif;\"><span style=\"font-size: medium;\"><i>Canzona I<\/i><\/span><\/span><span style=\"font-family: Arial, sans-serif;\"><span style=\"font-size: medium;\"> i <\/span><\/span><span style=\"font-family: Arial, sans-serif;\"><span style=\"font-size: medium;\"><i>II<\/i><\/span><\/span><span style=\"font-family: Arial, sans-serif;\"><span style=\"font-size: medium;\">, <\/span><\/span><span style=\"font-family: Arial, sans-serif;\"><span style=\"font-size: medium;\"><i>3 Pie\u015bni mi\u0142osne<\/i><\/span><\/span><span style=\"font-family: Arial, sans-serif;\"><span style=\"font-size: medium;\"> do s\u0142\u00f3w w\u0142asnych, trzy kwartety smyczkowe), fortepian (<\/span><\/span><span style=\"font-family: Arial, sans-serif;\"><span style=\"font-size: medium;\"><i>Koncert <\/i><\/span><\/span><span style=\"font-family: Arial, sans-serif;\"><span style=\"font-size: medium;\">na fortepian, kwartet saksofonowy i smyczki, <\/span><\/span><span style=\"font-family: Arial, sans-serif;\"><span style=\"font-size: medium;\"><i>Wariacje na temat Chopina<\/i><\/span><\/span><span style=\"font-family: Arial, sans-serif;\"><span style=\"font-size: medium;\">), saksofon (<\/span><\/span><span style=\"font-family: Arial, sans-serif;\"><span style=\"font-size: medium;\"><i>Koncert<\/i><\/span><\/span><span style=\"font-family: Arial, sans-serif;\"><span style=\"font-size: medium;\"> na saksofon altowy i orkiestr\u0119, dwie <\/span><\/span><span style=\"font-family: Arial, sans-serif;\"><span style=\"font-size: medium;\"><i>Sonaty<\/i><\/span><\/span><span style=\"font-family: Arial, sans-serif;\"><span style=\"font-size: medium;\">, <\/span><\/span><span style=\"font-family: Arial, sans-serif;\"><span style=\"font-size: medium;\"><i>Tren<\/i><\/span><\/span><span style=\"font-family: Arial, sans-serif;\"><span style=\"font-size: medium;\">, <\/span><\/span><span style=\"font-family: Arial, sans-serif;\"><span style=\"font-size: medium;\"><i>Per Gato<\/i><\/span><\/span><span style=\"font-family: Arial, sans-serif;\"><span style=\"font-size: medium;\">).<br \/><\/span><\/span><span style=\"font-family: Arial, sans-serif;\"><span style=\"font-size: medium;\">Jest autorem dziewi\u0119ciu powie\u015bci satyrycznych (<\/span><\/span><span style=\"font-family: Arial, sans-serif;\"><span style=\"font-size: medium;\"><i>Widok z pokoju bez okien<\/i><\/span><\/span><span style=\"font-family: Arial, sans-serif;\"><span style=\"font-size: medium;\">, <\/span><\/span><span style=\"font-family: Arial, sans-serif;\"><span style=\"font-size: medium;\"><i>\u017bycie seksualne Mumink\u00f3w<\/i><\/span><\/span><span style=\"font-family: Arial, sans-serif;\"><span style=\"font-size: medium;\">, <\/span><\/span><span style=\"font-family: Arial, sans-serif;\"><span style=\"font-size: medium;\"><i>Ruski sikor albo wieczna mi\u0142o\u015b\u0107<\/i><\/span><\/span><span style=\"font-family: Arial, sans-serif;\"><span style=\"font-size: medium;\">, <\/span><\/span><span style=\"font-family: Arial, sans-serif;\"><span style=\"font-size: medium;\"><i>\u017bycie seksualne kosmit\u00f3w pami\u0119ci Domenico Scarlattiego<\/i><\/span><\/span><span style=\"font-family: Arial, sans-serif;\"><span style=\"font-size: medium;\">). Napisa\u0142 r\u00f3wnie\u017c cztery sztuki teatralne: <\/span><\/span><span style=\"font-family: Arial, sans-serif;\"><span style=\"font-size: medium;\"><i>Trawn<\/i><\/span><\/span><span style=\"font-family: Arial, sans-serif;\"><span style=\"font-size: medium;\">ik, <\/span><\/span><span style=\"font-family: Arial, sans-serif;\"><span style=\"font-size: medium;\"><i>Syn chrzestny<\/i><\/span><\/span><span style=\"font-family: Arial, sans-serif;\"><span style=\"font-size: medium;\">, <\/span><\/span><span style=\"font-family: Arial, sans-serif;\"><span style=\"font-size: medium;\"><i>Flecistka<\/i><\/span><\/span><span style=\"font-family: Arial, sans-serif;\"><span style=\"font-size: medium;\"> i <\/span><\/span><span style=\"font-family: Arial, sans-serif;\"><span style=\"font-size: medium;\"><i>Kontrafagocista<\/i><\/span><\/span><span style=\"font-family: Arial, sans-serif;\"><span style=\"font-size: medium;\">.<\/span><\/span><\/p><p style=\"text-align: left;\" align=\"justify\"><span style=\"font-family: Arial, sans-serif;\"><span style=\"font-size: medium;\"><i><b>Hornpipe Wariacje podw\u00f3jne na tematy Purcella<\/b><\/i><\/span><\/span><span style=\"font-family: Arial, sans-serif;\"><span style=\"font-size: medium;\"> na klawesyn to cykl wariacji charakterystycznych o dw\u00f3ch tematach, zaczerpni\u0119tych z tw\u00f3rczo\u015bci klawesynowej Henry Purcella. Pierwsza my\u015bl muzyczna, <\/span><\/span><span style=\"font-family: Arial, sans-serif;\"><span style=\"font-size: medium;\"><i>Preludium<\/i><\/span><\/span><span style=\"font-family: Arial, sans-serif;\"><span style=\"font-size: medium;\">, jest rodzajem uwertury, a jej pierwsza wariacja przenosi temat do tonacji r\u00f3wnoleg\u0142ej (F-dur \u2013 d-moll). Kolejne wariacje na temat <\/span><\/span><span style=\"font-family: Arial, sans-serif;\"><span style=\"font-size: medium;\"><i>Preludium<\/i><\/span><\/span><span style=\"font-family: Arial, sans-serif;\"><span style=\"font-size: medium;\"> znajd\u0105 si\u0119 w \u015brodkowej cz\u0119\u015bci utworu, kt\u00f3rego g\u0142\u00f3wn\u0105 my\u015bl\u0105 muzyczn\u0105 jest jednak angielsko-irlandzki taniec \u2013 Hornpipe. Poszczeg\u00f3lne ogniwa cyklu przechodz\u0105 p\u0142ynnie w kolejne, a ich budowa nie jest regularna jak w wariacjach typu figuracyjnego. Symetria nie stanowi tu czynnika formotw\u00f3rczego. Budowa dzie\u0142a jest bardziej skomplikowana; zawiera tak\u017ce w\u0105tki powtarzaj\u0105ce si\u0119, rodzaj motyw\u00f3w przewodnich.<br \/><\/span><\/span><span style=\"font-family: Arial, sans-serif;\"><span style=\"font-size: medium;\"><i>Hornpipe. Wariacje podw\u00f3jne na tematy Purcella<\/i><\/span><\/span><span style=\"font-family: Arial, sans-serif;\"><span style=\"font-size: medium;\"> maj\u0105 r\u00f3wnie\u017c wersj\u0119 fortepianow\u0105, cho\u0107 zasadniczo ich inspiracj\u0105 by\u0142o subtelne i ulotne brzmienie klawesynu.<\/span><\/span><\/p><p style=\"text-align: right;\" align=\"right\"><span style=\"color: #000000;\"><span style=\"font-family: Arial, sans-serif;\"><span style=\"font-size: medium;\"><b>Rafa\u0142 Stradomski<\/b><\/span><\/span><\/span><\/p>\t\t\t\t\t\t\t\t<\/div>\n\t\t\t\t<\/div>\n\t\t\t\t\t<\/div>\n\t\t<\/div>\n\t\t\t\t\t<\/div>\n\t\t<\/section>\n\t\t\t\t<\/div>\n\t\t","protected":false},"excerpt":{"rendered":"<p>Rafa\u0142 Stradomski fot.archiwum kompozytora Rafa\u0142 STRADOMSKI, urodzony w 1958 w Warszawie. Uko\u0144czy\u0142 kompozycj\u0119 pod kierunkiem prof. Tadeusza Paciorkiewicza oraz wydzia\u0142 instrumentalny (ob\u00f3j) w warszawskiej Akademii&hellip;<\/p>\n","protected":false},"author":1,"featured_media":0,"parent":0,"menu_order":0,"comment_status":"closed","ping_status":"closed","template":"","meta":{"footnotes":""},"class_list":["post-17241","page","type-page","status-publish","hentry"],"_links":{"self":[{"href":"https:\/\/wsm.art.pl\/index.php?rest_route=\/wp\/v2\/pages\/17241","targetHints":{"allow":["GET"]}}],"collection":[{"href":"https:\/\/wsm.art.pl\/index.php?rest_route=\/wp\/v2\/pages"}],"about":[{"href":"https:\/\/wsm.art.pl\/index.php?rest_route=\/wp\/v2\/types\/page"}],"author":[{"embeddable":true,"href":"https:\/\/wsm.art.pl\/index.php?rest_route=\/wp\/v2\/users\/1"}],"replies":[{"embeddable":true,"href":"https:\/\/wsm.art.pl\/index.php?rest_route=%2Fwp%2Fv2%2Fcomments&post=17241"}],"version-history":[{"count":4,"href":"https:\/\/wsm.art.pl\/index.php?rest_route=\/wp\/v2\/pages\/17241\/revisions"}],"predecessor-version":[{"id":17246,"href":"https:\/\/wsm.art.pl\/index.php?rest_route=\/wp\/v2\/pages\/17241\/revisions\/17246"}],"wp:attachment":[{"href":"https:\/\/wsm.art.pl\/index.php?rest_route=%2Fwp%2Fv2%2Fmedia&parent=17241"}],"curies":[{"name":"wp","href":"https:\/\/api.w.org\/{rel}","templated":true}]}}