{"id":17234,"date":"2025-04-27T18:53:30","date_gmt":"2025-04-27T18:53:30","guid":{"rendered":"https:\/\/wsm.art.pl\/?page_id=17234"},"modified":"2025-04-27T18:56:24","modified_gmt":"2025-04-27T18:56:24","slug":"2025-smoragiewicz","status":"publish","type":"page","link":"https:\/\/wsm.art.pl\/?page_id=17234","title":{"rendered":"2025 SMOR\u0104GIEWICZ Bartosz"},"content":{"rendered":"\t\t<div data-elementor-type=\"wp-page\" data-elementor-id=\"17234\" class=\"elementor elementor-17234\">\n\t\t\t\t\t\t<section class=\"elementor-section elementor-top-section elementor-element elementor-element-7da13de6 elementor-section-boxed elementor-section-height-default elementor-section-height-default\" data-id=\"7da13de6\" data-element_type=\"section\">\n\t\t\t\t\t\t<div class=\"elementor-container elementor-column-gap-default\">\n\t\t\t\t\t<div class=\"elementor-column elementor-col-100 elementor-top-column elementor-element elementor-element-23bcaf58\" data-id=\"23bcaf58\" data-element_type=\"column\">\n\t\t\t<div class=\"elementor-widget-wrap elementor-element-populated\">\n\t\t\t\t\t\t<div class=\"elementor-element elementor-element-4a64ab4c elementor-widget elementor-widget-heading\" data-id=\"4a64ab4c\" data-element_type=\"widget\" data-widget_type=\"heading.default\">\n\t\t\t\t<div class=\"elementor-widget-container\">\n\t\t\t\t\t<h2 class=\"elementor-heading-title elementor-size-default\">Bartosz Smor\u0105giewicz<\/h2>\t\t\t\t<\/div>\n\t\t\t\t<\/div>\n\t\t\t\t\t<\/div>\n\t\t<\/div>\n\t\t\t\t\t<\/div>\n\t\t<\/section>\n\t\t\t\t<section class=\"elementor-section elementor-top-section elementor-element elementor-element-46548e99 elementor-section-boxed elementor-section-height-default elementor-section-height-default\" data-id=\"46548e99\" data-element_type=\"section\">\n\t\t\t\t\t\t<div class=\"elementor-container elementor-column-gap-default\">\n\t\t\t\t\t<div class=\"elementor-column elementor-col-50 elementor-top-column elementor-element elementor-element-6381e498\" data-id=\"6381e498\" data-element_type=\"column\">\n\t\t\t<div class=\"elementor-widget-wrap elementor-element-populated\">\n\t\t\t\t\t\t<div class=\"elementor-element elementor-element-4a32b6e9 elementor-widget elementor-widget-image\" data-id=\"4a32b6e9\" data-element_type=\"widget\" data-widget_type=\"image.default\">\n\t\t\t\t<div class=\"elementor-widget-container\">\n\t\t\t\t\t\t\t\t\t\t\t\t<figure class=\"wp-caption\">\n\t\t\t\t\t\t\t\t\t\t<img fetchpriority=\"high\" decoding=\"async\" width=\"768\" height=\"995\" src=\"https:\/\/wsm.art.pl\/wp-content\/uploads\/2025\/04\/bartosz-smoragiewicz-big-768x995.jpg\" class=\"attachment-medium_large size-medium_large wp-image-17236\" alt=\"\" srcset=\"https:\/\/wsm.art.pl\/wp-content\/uploads\/2025\/04\/bartosz-smoragiewicz-big-768x995.jpg 768w, https:\/\/wsm.art.pl\/wp-content\/uploads\/2025\/04\/bartosz-smoragiewicz-big-232x300.jpg 232w, https:\/\/wsm.art.pl\/wp-content\/uploads\/2025\/04\/bartosz-smoragiewicz-big-791x1024.jpg 791w, https:\/\/wsm.art.pl\/wp-content\/uploads\/2025\/04\/bartosz-smoragiewicz-big-1186x1536.jpg 1186w, https:\/\/wsm.art.pl\/wp-content\/uploads\/2025\/04\/bartosz-smoragiewicz-big.jpg 1544w\" sizes=\"(max-width: 768px) 100vw, 768px\" \/>\t\t\t\t\t\t\t\t\t\t\t<figcaption class=\"widget-image-caption wp-caption-text\">fot.archiwum kompozytora<\/figcaption>\n\t\t\t\t\t\t\t\t\t\t<\/figure>\n\t\t\t\t\t\t\t\t\t<\/div>\n\t\t\t\t<\/div>\n\t\t\t\t\t<\/div>\n\t\t<\/div>\n\t\t\t\t<div class=\"elementor-column elementor-col-50 elementor-top-column elementor-element elementor-element-239de16a\" data-id=\"239de16a\" data-element_type=\"column\">\n\t\t\t<div class=\"elementor-widget-wrap elementor-element-populated\">\n\t\t\t\t\t\t<div class=\"elementor-element elementor-element-13eae2b9 elementor-widget elementor-widget-text-editor\" data-id=\"13eae2b9\" data-element_type=\"widget\" data-widget_type=\"text-editor.default\">\n\t\t\t\t<div class=\"elementor-widget-container\">\n\t\t\t\t\t\t\t\t\t<p style=\"text-align: left;\" align=\"justify\"><span style=\"color: #000000;\"><span style=\"font-family: Times New Roman, serif;\"><span style=\"font-size: medium;\"><span style=\"font-family: Arial, sans-serif;\"><b>Bartosz SMOR\u0104GIEWICZ<\/b><\/span><span style=\"font-family: Arial, sans-serif;\"> ukon\u0301czy\u0142 saksofon jazzowy w Hochschule f\u0171r Musik W\u0171rzburg oraz kompozycje\u0328 jako student prof. Chrisa Beiera. <\/span><\/span><\/span><\/span><span style=\"font-size: medium; font-family: Arial, sans-serif; color: #000000;\">Od 2023 prowadzi Orkiestr\u0119 Jazzow\u0105 Filharmonii Warmi\u0144sko-Mazurskiej.<br \/><\/span><span style=\"color: #000000;\"><span style=\"font-family: Arial, sans-serif;\"><span style=\"font-size: medium;\">Jest stypendyst\u0105 \u201cMeet The Composer\u201d w Nowym Jorku, Otrzyma\u0142 I nagrode\u0328 na IV i III nagrode\u0328 na VII Mie\u0328dzynarodowym Konkursie Kompozytorskim im. Krzysztofa Komedy w S\u0142upsku. Podczas studi\u00f3w w Niemczech dwukrotnie zosta\u0142 laureatem stypendium fundacji Leni Geisler Stiftung.<br \/><\/span><\/span><\/span><span style=\"color: #000000;\"><span style=\"font-family: Arial, sans-serif;\"><span style=\"font-size: medium;\">Otrzymywa\u0142 zam\u00f3wienia na skomponowanie muzyki od r\u00f3z\u0307nych festiwali muzycznych, m.in. w 10. rocznice\u0328 International Chopin &amp; Friends Festival w Nowym Jorku, z MKiDN otrzyma\u0142 dofinansowanie na <\/span><\/span><\/span><span style=\"color: #000000;\"><span style=\"font-family: Arial, sans-serif;\"><span style=\"font-size: medium;\"><i>Rozrywkowe Mazurki<\/i><\/span><\/span><\/span><span style=\"color: #000000;\"><span style=\"font-family: Arial, sans-serif;\"><span style=\"font-size: medium;\"> na skrzypce i wiolonczel\u0119, w ramach programu \u201eKolekcje \u2013 Zam\u00f3wienia kompozytorskie\u201d ( prawykonanie odby\u0142o podczas festiwalu Emanacje), stypendium MKiDN \u201eKultura w sieci\u201d, a w ramach Stypendium MKIDN skomponowa\u0142 <\/span><\/span><\/span><span style=\"color: #000000;\"><span style=\"font-family: Arial, sans-serif;\"><span style=\"font-size: medium;\"><i>Koncert <\/i><\/span><\/span><\/span><span style=\"color: #000000;\"><span style=\"font-family: Arial, sans-serif;\"><span style=\"font-size: medium;\">na klarnet i orkiestr\u0119 smyczkow\u0105, <\/span><\/span><\/span><span style=\"color: #000000;\"><span style=\"font-family: Arial, sans-serif;\"><span style=\"font-size: medium;\"><i>Pie\u015bni<\/i><\/span><\/span><\/span><span style=\"color: #000000;\"><span style=\"font-family: Arial, sans-serif;\"><span style=\"font-size: medium;\"> do s\u0142\u00f3w Wis\u0142awy Szymborskiej dla tenora dr Rafa\u0142a Grozdewa i orkiestr\u0119 smyczkow\u0105, oraz <\/span><\/span><\/span><span style=\"color: #000000;\"><span style=\"font-family: Arial, sans-serif;\"><span style=\"font-size: medium;\"><i>Koncert <\/i><\/span><\/span><\/span><span style=\"color: #000000;\"><span style=\"font-family: Arial, sans-serif;\"><span style=\"font-size: medium;\">na wiolonczel\u0119 i orkiestr\u0119 symfoniczn\u0105.<br \/><\/span><\/span><\/span><span style=\"color: #000000;\"><span style=\"font-family: Arial, sans-serif;\"><span style=\"font-size: medium;\">Komponowa\u0142 i aran\u017cowa\u0142 utwory do film\u00f3w i seriali. Napisa\u0142 muzyk\u0119 do sztuk teatralnych: <\/span><\/span><\/span><span style=\"color: #000000;\"><span style=\"font-family: Arial, sans-serif;\"><span style=\"font-size: medium;\"><i>\u00d3smy cud s\u0301wiata<\/i><\/span><\/span><\/span><span style=\"color: #000000;\"><span style=\"font-family: Arial, sans-serif;\"><span style=\"font-size: medium;\"> i w Teatrze Powszechnym w Radomiu, oraz do przedstawie\u0144 Olszty\u0144skiego Teatru Ta\u0144ca: <\/span><\/span><\/span><span style=\"color: #000000;\"><span style=\"font-family: Arial, sans-serif;\"><span style=\"font-size: medium;\"><i>nie-Uprzejmo\u015b\u0107 w Operze<\/i><\/span><\/span><\/span><span style=\"color: #000000;\"><span style=\"font-family: Arial, sans-serif;\"><span style=\"font-size: medium;\"> oraz <\/span><\/span><\/span><span style=\"color: #000000;\"><span style=\"font-family: Arial, sans-serif;\"><span style=\"font-size: medium;\"><i>MOA<\/i><\/span><\/span><\/span><span style=\"color: #000000;\"><span style=\"font-family: Arial, sans-serif;\"><span style=\"font-size: medium;\">.<br \/><\/span><\/span><\/span><span style=\"color: #000000;\"><span style=\"font-family: Arial, sans-serif;\"><span style=\"font-size: medium;\">Zaaran\u017cowa\u0142 i skomponowa\u0142 muzyk\u0119 do koncertu telewizyjnego z okazji 100-lecia Bitwy Warszawskiej.<br \/><\/span><\/span><\/span><span style=\"color: #000000;\"><span style=\"font-family: Arial, sans-serif;\"><span style=\"font-size: medium;\">Jego jazzowe kompozycje i aran\u017cacje wykonywa\u0142y Big Band Konglomera, 3275kg Orchestra, Filharmonia Warmi\u0144sko-Mazurska, W\u0171rzburger Jazz Orchestra, Big Band Akwarium, Big Band Uniwersytetu Muzycznego w Warszawie, Big Band Akademii Muzycznej w Poznaniu oraz Big Band Hochschule f\u0171r Musik W\u0171rzburg, Score Jazz Orchestra z Holandii, Big Band Aachen, Filharmonia Belgorod w Rosji.<br \/><\/span><\/span><\/span><span style=\"color: #000000;\"><span style=\"font-family: Arial, sans-serif;\"><span style=\"font-size: medium;\">Kompozycje kameralne i solowe wykonywane by\u0142y na Teheran International Contemporary Music Festival, Pozna\u0144skiej Wio\u015bnie Muzycznej, Festiwalu Emanacje w D\u0119bnie, Festiwalu Strefa Ciszy w \u0141azienkach Kr\u00f3lewskich w Warszawie, Janowieckich Interpretacjach Muzyki, Falenickich Koncertach Letnich w Warszawie, czy Festiwalu Telemannowskim w \u017barach, Audio Stage w Warszawie, Elbl\u0105sk\u0105 Orkiestr\u0119 Kameraln\u0105, a. kompozycje symfoniczne przez Filharmoni\u0119 Warmi\u0144sko-Mazursk\u0105.<br \/><\/span><\/span><\/span><span style=\"color: #000000;\"><span style=\"font-family: Arial, sans-serif;\"><span style=\"font-size: medium;\">Jako jedna z kilkunastu os\u00f3b z ca\u0142ego s\u0301wiata zosta\u0142 zaproszony do udzia\u0142u w legendarnych warsztatach kompozytorskich za\u0142oz\u0307onych przez Boba Brookmayera, a obecnie kontynuowanych przez Jima McNeelyego, BMI Jazz Composers&#8217; Workshop, odbywaja\u0328cych sie\u0328 w Nowym Jorku.<br \/><\/span><\/span><\/span><span style=\"color: #000000;\"><span style=\"font-family: Arial, sans-serif;\"><span style=\"font-size: medium;\">Jako multiinstrumentalista wyste\u0328powa\u0142 w Europie, Stanach Zjednoczonych i Japonii.<br \/><\/span><\/span><\/span><span style=\"color: #000000;\"><span style=\"font-family: Arial, sans-serif;\"><span style=\"font-size: medium;\">Wyda\u0142 3 p\u0142yty autorskie, a w 17 p\u0142ytach brak udzia\u0142 jako sideman.<\/span><\/span><\/span><\/p><p style=\"text-align: left;\" align=\"justify\"><span style=\"font-family: Arial, sans-serif;\"><span style=\"font-size: medium;\"><i><b>Cz\u0142owiek zwielokrotniony <\/b><\/i><\/span><\/span><span style=\"font-family: Arial, sans-serif;\"><span style=\"font-size: medium;\">na kwartet saksofonowy i trio jazzowe, to utw\u00f3r odnosz\u0105cy si\u0119 do wsp\u00f3\u0142czesnych problem\u00f3w spo\u0142ecznych i kondycji umys\u0142u w dobie sztucznej inteligencji.<br \/><\/span><\/span><span style=\"font-family: Arial, sans-serif;\"><span style=\"font-size: medium;\">Formalnie jest to kompozycja trzycz\u0119\u015bciowa, a stylistycznie mi\u0119dzygatunkowa. W stylistyk\u0119 muzyki wsp\u00f3\u0142czesnej implementowana jest stylistyka jazzowa, elementy melodyki muzyki hiszpa\u0144skiej i latino, a tak\u017ce element muzyki rozrywkowej. Stylistyki przenikaj\u0105 si\u0119 pr\u00f3buj\u0105 zdominowa\u0107 inne.<\/span><\/span><\/p><p style=\"text-align: right;\" align=\"right\"><span style=\"font-family: Arial, sans-serif;\"><span style=\"font-size: medium;\"><b>Bartosz Smor\u0105giewicz<\/b><\/span><\/span><\/p>\t\t\t\t\t\t\t\t<\/div>\n\t\t\t\t<\/div>\n\t\t\t\t\t<\/div>\n\t\t<\/div>\n\t\t\t\t\t<\/div>\n\t\t<\/section>\n\t\t\t\t<\/div>\n\t\t","protected":false},"excerpt":{"rendered":"<p>Bartosz Smor\u0105giewicz fot.archiwum kompozytora Bartosz SMOR\u0104GIEWICZ ukon\u0301czy\u0142 saksofon jazzowy w Hochschule f\u0171r Musik W\u0171rzburg oraz kompozycje\u0328 jako student prof. Chrisa Beiera. Od 2023 prowadzi Orkiestr\u0119&hellip;<\/p>\n","protected":false},"author":1,"featured_media":0,"parent":0,"menu_order":0,"comment_status":"closed","ping_status":"closed","template":"","meta":{"footnotes":""},"class_list":["post-17234","page","type-page","status-publish","hentry"],"_links":{"self":[{"href":"https:\/\/wsm.art.pl\/index.php?rest_route=\/wp\/v2\/pages\/17234","targetHints":{"allow":["GET"]}}],"collection":[{"href":"https:\/\/wsm.art.pl\/index.php?rest_route=\/wp\/v2\/pages"}],"about":[{"href":"https:\/\/wsm.art.pl\/index.php?rest_route=\/wp\/v2\/types\/page"}],"author":[{"embeddable":true,"href":"https:\/\/wsm.art.pl\/index.php?rest_route=\/wp\/v2\/users\/1"}],"replies":[{"embeddable":true,"href":"https:\/\/wsm.art.pl\/index.php?rest_route=%2Fwp%2Fv2%2Fcomments&post=17234"}],"version-history":[{"count":4,"href":"https:\/\/wsm.art.pl\/index.php?rest_route=\/wp\/v2\/pages\/17234\/revisions"}],"predecessor-version":[{"id":17239,"href":"https:\/\/wsm.art.pl\/index.php?rest_route=\/wp\/v2\/pages\/17234\/revisions\/17239"}],"wp:attachment":[{"href":"https:\/\/wsm.art.pl\/index.php?rest_route=%2Fwp%2Fv2%2Fmedia&parent=17234"}],"curies":[{"name":"wp","href":"https:\/\/api.w.org\/{rel}","templated":true}]}}