{"id":17213,"date":"2025-04-27T18:22:34","date_gmt":"2025-04-27T18:22:34","guid":{"rendered":"https:\/\/wsm.art.pl\/?page_id=17213"},"modified":"2025-04-27T18:24:59","modified_gmt":"2025-04-27T18:24:59","slug":"2025-oleszkowicz","status":"publish","type":"page","link":"https:\/\/wsm.art.pl\/?page_id=17213","title":{"rendered":"2025 OLESZKOWICZ Jan"},"content":{"rendered":"\t\t<div data-elementor-type=\"wp-page\" data-elementor-id=\"17213\" class=\"elementor elementor-17213\">\n\t\t\t\t\t\t<section class=\"elementor-section elementor-top-section elementor-element elementor-element-7da13de6 elementor-section-boxed elementor-section-height-default elementor-section-height-default\" data-id=\"7da13de6\" data-element_type=\"section\">\n\t\t\t\t\t\t<div class=\"elementor-container elementor-column-gap-default\">\n\t\t\t\t\t<div class=\"elementor-column elementor-col-100 elementor-top-column elementor-element elementor-element-23bcaf58\" data-id=\"23bcaf58\" data-element_type=\"column\">\n\t\t\t<div class=\"elementor-widget-wrap elementor-element-populated\">\n\t\t\t\t\t\t<div class=\"elementor-element elementor-element-4a64ab4c elementor-widget elementor-widget-heading\" data-id=\"4a64ab4c\" data-element_type=\"widget\" data-widget_type=\"heading.default\">\n\t\t\t\t<div class=\"elementor-widget-container\">\n\t\t\t\t\t<h2 class=\"elementor-heading-title elementor-size-default\">Jan Oleszkowicz<\/h2>\t\t\t\t<\/div>\n\t\t\t\t<\/div>\n\t\t\t\t\t<\/div>\n\t\t<\/div>\n\t\t\t\t\t<\/div>\n\t\t<\/section>\n\t\t\t\t<section class=\"elementor-section elementor-top-section elementor-element elementor-element-46548e99 elementor-section-boxed elementor-section-height-default elementor-section-height-default\" data-id=\"46548e99\" data-element_type=\"section\">\n\t\t\t\t\t\t<div class=\"elementor-container elementor-column-gap-default\">\n\t\t\t\t\t<div class=\"elementor-column elementor-col-50 elementor-top-column elementor-element elementor-element-6381e498\" data-id=\"6381e498\" data-element_type=\"column\">\n\t\t\t<div class=\"elementor-widget-wrap elementor-element-populated\">\n\t\t\t\t\t\t<div class=\"elementor-element elementor-element-4a32b6e9 elementor-widget elementor-widget-image\" data-id=\"4a32b6e9\" data-element_type=\"widget\" data-widget_type=\"image.default\">\n\t\t\t\t<div class=\"elementor-widget-container\">\n\t\t\t\t\t\t\t\t\t\t\t\t<figure class=\"wp-caption\">\n\t\t\t\t\t\t\t\t\t\t<img fetchpriority=\"high\" decoding=\"async\" width=\"768\" height=\"1123\" src=\"https:\/\/wsm.art.pl\/wp-content\/uploads\/2025\/04\/Jan-Oleszkowicz-768x1123.jpg\" class=\"attachment-medium_large size-medium_large wp-image-17215\" alt=\"\" srcset=\"https:\/\/wsm.art.pl\/wp-content\/uploads\/2025\/04\/Jan-Oleszkowicz-768x1123.jpg 768w, https:\/\/wsm.art.pl\/wp-content\/uploads\/2025\/04\/Jan-Oleszkowicz-205x300.jpg 205w, https:\/\/wsm.art.pl\/wp-content\/uploads\/2025\/04\/Jan-Oleszkowicz-700x1024.jpg 700w, https:\/\/wsm.art.pl\/wp-content\/uploads\/2025\/04\/Jan-Oleszkowicz-1050x1536.jpg 1050w, https:\/\/wsm.art.pl\/wp-content\/uploads\/2025\/04\/Jan-Oleszkowicz.jpg 1182w\" sizes=\"(max-width: 768px) 100vw, 768px\" \/>\t\t\t\t\t\t\t\t\t\t\t<figcaption class=\"widget-image-caption wp-caption-text\">fot. arch. kompozytora <\/figcaption>\n\t\t\t\t\t\t\t\t\t\t<\/figure>\n\t\t\t\t\t\t\t\t\t<\/div>\n\t\t\t\t<\/div>\n\t\t\t\t\t<\/div>\n\t\t<\/div>\n\t\t\t\t<div class=\"elementor-column elementor-col-50 elementor-top-column elementor-element elementor-element-239de16a\" data-id=\"239de16a\" data-element_type=\"column\">\n\t\t\t<div class=\"elementor-widget-wrap elementor-element-populated\">\n\t\t\t\t\t\t<div class=\"elementor-element elementor-element-13eae2b9 elementor-widget elementor-widget-text-editor\" data-id=\"13eae2b9\" data-element_type=\"widget\" data-widget_type=\"text-editor.default\">\n\t\t\t\t<div class=\"elementor-widget-container\">\n\t\t\t\t\t\t\t\t\t<p style=\"text-align: left;\" align=\"justify\"><span style=\"font-family: Arial, sans-serif;\"><span style=\"font-size: medium;\"><b>Jan OLESZKOWICZ<\/b><\/span><\/span><span style=\"font-family: Arial, sans-serif;\"><span style=\"font-size: medium;\">,<\/span><\/span><span style=\"font-family: Arial, sans-serif;\"><span style=\"font-size: medium;\"> urodzony w 1947 w Jeleniej G\u00f3rze. W 1966 uko\u0144czy\u0142 Pa\u0144stwowe Liceum Muzyczne we Wroc\u0142awiu jako skrzypek i klarnecista. Studia kompozytorskie w Pa\u0144stwowej Wy\u017cszej Szkole Muzycznej w Warszawie pod kierunkiem Gra\u017cyny Bacewicz i Andrzeja Dobrowolskiego uko\u0144czy\u0142 z wyr\u00f3\u017cnieniem w 1971 roku.<br \/><\/span><\/span><span style=\"font-family: Arial, sans-serif;\"><span style=\"font-size: medium;\">W 1980 uzyska\u0142 dyplom Konserwatorium Paryskiego w dziedzinie kompozycji w klasie Oliviera Messiaena i Ivo Maleca oraz w dziedzinie muzyki elektroakustycznej w klasie Guy Reibela. W 1981 uko\u0144czy\u0142 kurs muzyki komputerowej w Instytucie Poszukiwa\u0144 Muzycznych IRCAM w Pary\u017cu. Od 1982 prowadzi dzia\u0142alno\u015b\u0107 pedagogiczn\u0105. W 1996 za osi\u0105gni\u0119cia pedagogiczne otrzyma\u0142 od Prezydenta RP Srebrny Krzy\u017c Zas\u0142ugi.<br \/><\/span><\/span><span style=\"font-family: Arial, sans-serif;\"><span style=\"font-size: medium;\">W swoim dorobku tw\u00f3rczym ma oko\u0142o 80 utwor\u00f3w. Wi\u0119kszo\u015b\u0107 z nich by\u0142a wykonywana na festiwalach i koncertach muzyki wsp\u00f3\u0142czesnej w kraju i za granic\u0105. Jest laureatem 13 konkurs\u00f3w kompozytorskich: Konkursu M\u0142odych ZKP (1972), Festiwalu Pianistyki Polskiej w S\u0142upsku (1984), Oddzia\u0142u Warszawskiego ZKP (1984, 1986), II Mi\u0119dzynarodowego Konkursu Kompozytorskiego im. Kazimierza Serockiego (1987), Mi\u0119dzynarodowego Konkursu Muzyki Elektronicznej w Bourges (1990), Mi\u0119dzynarodowego Konkursu Kompozytorskiego w ramach \u015awiatowych Dni Muzyki na oper\u0119 dla dzieci (1991), Konkursu Kompozytorskiego z okazji 50-lecia ZKP (1995), Konkursu Kompozytorskiego Programu 2 Polskiego Radia (1996), Konkursu ZAIKS (1997), Konkursu Kompozytorskiego w Katowicach na msz\u0119 (1998), Konkursu ZAIKS (2003).<br \/><\/span><\/span><span style=\"font-family: Arial, sans-serif;\"><span style=\"font-size: medium;\">Jest autorem ksi\u0105\u017cki \u2013 podr\u0119cznika z p\u0142ytami do nauki improwizacji pt. <\/span><\/span><span style=\"font-family: Arial, sans-serif;\"><span style=\"font-size: medium;\"><i>I Ty mo\u017cesz improwizowa\u0107<\/i><\/span><\/span><span style=\"font-family: Arial, sans-serif;\"><span style=\"font-size: medium;\"> (wyd. Centrum Edukacji Artystycznej, 1998), podr\u0119cznika <\/span><\/span><span style=\"font-family: Arial, sans-serif;\"><span style=\"font-size: medium;\"><i>Gra Muzyka <\/i><\/span><\/span><span style=\"font-family: Arial, sans-serif;\"><span style=\"font-size: medium;\">do gimnazj\u00f3w og\u00f3lnokszta\u0142c\u0105cych (wyd. Nowa Era, 2009) oraz ksi\u0105\u017cki <\/span><\/span><span style=\"font-family: Arial, sans-serif;\"><span style=\"font-size: medium;\"><i>Muzyka Elektronika Informatyka<\/i><\/span><\/span><span style=\"font-family: Arial, sans-serif;\"><span style=\"font-size: medium;\"> (wyd. Centrum Edukacji Artystycznej, 2010).<br \/><\/span><\/span><span style=\"font-family: Arial, sans-serif;\"><span style=\"font-size: medium;\">24 kwietnia 2004 uzyska\u0142 tytu\u0142 doktora sztuki w zakresie kompozycji w Akademii Muzycznej im. K. Lipi\u0144skiego we Wroc\u0142awiu, a w dniu 28 lutego 2017 stopie\u0144 doktora habilitowanego na Uniwersytecie Muzycznym Fryderyka Chopina w Warszawie w dyscyplinie artystycznej kompozycja i teoria muzyki \u2013 specjalno\u015b\u0107 kompozycja.<\/span><\/span><\/p><p style=\"text-align: left;\" align=\"justify\"><span style=\"font-family: Arial, sans-serif;\"><span style=\"font-size: medium;\"><i><b>Klangor<\/b><\/i><\/span><\/span><i> <\/i><span style=\"font-family: Arial, sans-serif;\"><span style=\"font-size: medium;\">na<\/span><\/span><i> <\/i><span style=\"font-family: Arial, sans-serif;\"><span style=\"font-size: medium;\">cztery saksofony, perkusj\u0119, fortepian i kontrabas.<br \/><\/span><\/span><span style=\"font-family: Arial, sans-serif;\"><span style=\"font-size: medium;\">Wiosna, \u017curawie, piskl\u0119ta i \u2026zesp\u00f3\u0142 The WHOOP Group! Czy\u017c to nie pi\u0119kne?<\/span><\/span><\/p><p style=\"text-align: right;\" align=\"right\"><span style=\"font-family: Arial, sans-serif;\"><span style=\"font-size: medium;\"><b>Jan Oleszkowicz<\/b><\/span><\/span><\/p>\t\t\t\t\t\t\t\t<\/div>\n\t\t\t\t<\/div>\n\t\t\t\t\t<\/div>\n\t\t<\/div>\n\t\t\t\t\t<\/div>\n\t\t<\/section>\n\t\t\t\t<\/div>\n\t\t","protected":false},"excerpt":{"rendered":"<p>Jan Oleszkowicz fot. arch. kompozytora Jan OLESZKOWICZ, urodzony w 1947 w Jeleniej G\u00f3rze. W 1966 uko\u0144czy\u0142 Pa\u0144stwowe Liceum Muzyczne we Wroc\u0142awiu jako skrzypek i klarnecista.&hellip;<\/p>\n","protected":false},"author":1,"featured_media":0,"parent":0,"menu_order":0,"comment_status":"closed","ping_status":"closed","template":"","meta":{"footnotes":""},"class_list":["post-17213","page","type-page","status-publish","hentry"],"_links":{"self":[{"href":"https:\/\/wsm.art.pl\/index.php?rest_route=\/wp\/v2\/pages\/17213","targetHints":{"allow":["GET"]}}],"collection":[{"href":"https:\/\/wsm.art.pl\/index.php?rest_route=\/wp\/v2\/pages"}],"about":[{"href":"https:\/\/wsm.art.pl\/index.php?rest_route=\/wp\/v2\/types\/page"}],"author":[{"embeddable":true,"href":"https:\/\/wsm.art.pl\/index.php?rest_route=\/wp\/v2\/users\/1"}],"replies":[{"embeddable":true,"href":"https:\/\/wsm.art.pl\/index.php?rest_route=%2Fwp%2Fv2%2Fcomments&post=17213"}],"version-history":[{"count":4,"href":"https:\/\/wsm.art.pl\/index.php?rest_route=\/wp\/v2\/pages\/17213\/revisions"}],"predecessor-version":[{"id":17218,"href":"https:\/\/wsm.art.pl\/index.php?rest_route=\/wp\/v2\/pages\/17213\/revisions\/17218"}],"wp:attachment":[{"href":"https:\/\/wsm.art.pl\/index.php?rest_route=%2Fwp%2Fv2%2Fmedia&parent=17213"}],"curies":[{"name":"wp","href":"https:\/\/api.w.org\/{rel}","templated":true}]}}