{"id":17191,"date":"2025-04-27T18:03:07","date_gmt":"2025-04-27T18:03:07","guid":{"rendered":"https:\/\/wsm.art.pl\/?page_id=17191"},"modified":"2025-04-27T18:08:49","modified_gmt":"2025-04-27T18:08:49","slug":"2025-kotonski","status":"publish","type":"page","link":"https:\/\/wsm.art.pl\/?page_id=17191","title":{"rendered":"2025 KOTO\u0143SKI W\u0142odzimierz"},"content":{"rendered":"\t\t<div data-elementor-type=\"wp-page\" data-elementor-id=\"17191\" class=\"elementor elementor-17191\">\n\t\t\t\t\t\t<section class=\"elementor-section elementor-top-section elementor-element elementor-element-7da13de6 elementor-section-boxed elementor-section-height-default elementor-section-height-default\" data-id=\"7da13de6\" data-element_type=\"section\">\n\t\t\t\t\t\t<div class=\"elementor-container elementor-column-gap-default\">\n\t\t\t\t\t<div class=\"elementor-column elementor-col-100 elementor-top-column elementor-element elementor-element-23bcaf58\" data-id=\"23bcaf58\" data-element_type=\"column\">\n\t\t\t<div class=\"elementor-widget-wrap elementor-element-populated\">\n\t\t\t\t\t\t<div class=\"elementor-element elementor-element-4a64ab4c elementor-widget elementor-widget-heading\" data-id=\"4a64ab4c\" data-element_type=\"widget\" data-widget_type=\"heading.default\">\n\t\t\t\t<div class=\"elementor-widget-container\">\n\t\t\t\t\t<h2 class=\"elementor-heading-title elementor-size-default\">W\u0142odzimierz Koto\u0144ski<\/h2>\t\t\t\t<\/div>\n\t\t\t\t<\/div>\n\t\t\t\t\t<\/div>\n\t\t<\/div>\n\t\t\t\t\t<\/div>\n\t\t<\/section>\n\t\t\t\t<section class=\"elementor-section elementor-top-section elementor-element elementor-element-46548e99 elementor-section-boxed elementor-section-height-default elementor-section-height-default\" data-id=\"46548e99\" data-element_type=\"section\">\n\t\t\t\t\t\t<div class=\"elementor-container elementor-column-gap-default\">\n\t\t\t\t\t<div class=\"elementor-column elementor-col-50 elementor-top-column elementor-element elementor-element-6381e498\" data-id=\"6381e498\" data-element_type=\"column\">\n\t\t\t<div class=\"elementor-widget-wrap elementor-element-populated\">\n\t\t\t\t\t\t<div class=\"elementor-element elementor-element-4a32b6e9 elementor-widget elementor-widget-image\" data-id=\"4a32b6e9\" data-element_type=\"widget\" data-widget_type=\"image.default\">\n\t\t\t\t<div class=\"elementor-widget-container\">\n\t\t\t\t\t\t\t\t\t\t\t\t<figure class=\"wp-caption\">\n\t\t\t\t\t\t\t\t\t\t<img fetchpriority=\"high\" decoding=\"async\" width=\"592\" height=\"800\" src=\"https:\/\/wsm.art.pl\/wp-content\/uploads\/2025\/04\/kotonski_wlodzimierz_Fot.-Andrzej-Zborski-1974.jpeg\" class=\"attachment-medium_large size-medium_large wp-image-17193\" alt=\"\" srcset=\"https:\/\/wsm.art.pl\/wp-content\/uploads\/2025\/04\/kotonski_wlodzimierz_Fot.-Andrzej-Zborski-1974.jpeg 592w, https:\/\/wsm.art.pl\/wp-content\/uploads\/2025\/04\/kotonski_wlodzimierz_Fot.-Andrzej-Zborski-1974-222x300.jpeg 222w\" sizes=\"(max-width: 592px) 100vw, 592px\" \/>\t\t\t\t\t\t\t\t\t\t\t<figcaption class=\"widget-image-caption wp-caption-text\">fot. Andrzej Zborski (1974)<\/figcaption>\n\t\t\t\t\t\t\t\t\t\t<\/figure>\n\t\t\t\t\t\t\t\t\t<\/div>\n\t\t\t\t<\/div>\n\t\t\t\t\t<\/div>\n\t\t<\/div>\n\t\t\t\t<div class=\"elementor-column elementor-col-50 elementor-top-column elementor-element elementor-element-239de16a\" data-id=\"239de16a\" data-element_type=\"column\">\n\t\t\t<div class=\"elementor-widget-wrap elementor-element-populated\">\n\t\t\t\t\t\t<div class=\"elementor-element elementor-element-13eae2b9 elementor-widget elementor-widget-text-editor\" data-id=\"13eae2b9\" data-element_type=\"widget\" data-widget_type=\"text-editor.default\">\n\t\t\t\t<div class=\"elementor-widget-container\">\n\t\t\t\t\t\t\t\t\t<p class=\"western\" style=\"text-align: left;\" align=\"justify\"><span style=\"font-family: Arial, sans-serif;\"><span style=\"font-size: medium;\"><b>W\u0142odzimierz KOTO\u0143SKI<\/b><\/span><\/span><span style=\"font-family: Arial, sans-serif;\"><span style=\"font-size: medium;\">, <\/span><\/span><span style=\"font-family: Arial, sans-serif;\"><span style=\"font-size: medium;\">kompozytor i pedagog; ur. 23 sierpnia 1925, Warszawa; zm. 4 wrze\u015bnia 2014, tam\u017ce. Studiowa\u0142 kompozycj\u0119 w Pa\u0144stwowej Wy\u017cszej Szkole Muzycznej w Warszawie w klasie Piotra Rytla (1945-51) oraz \u2013 prywatnie \u2013 u Tadeusza Szeligowskiego (1950-51).<br \/><\/span><\/span><span style=\"font-family: Arial, sans-serif;\"><span style=\"font-size: medium;\">W latach 50-tych XX wieku prowadzi\u0142 badania nad polsk\u0105 muzyk\u0105 ludow\u0105 w Pa\u0144stwowym Instytucie Sztuki; ich owocem sta\u0142a si\u0119 ksi\u0105\u017cka pt. <\/span><\/span><span style=\"font-family: Arial, sans-serif;\"><span style=\"font-size: medium;\"><i>G\u00f3ralski i zb\u00f3jnicki<\/i><\/span><\/span><span style=\"font-family: Arial, sans-serif;\"><span style=\"font-size: medium;\"> (PWM, Krak\u00f3w 1956).<br \/><\/span><\/span><span style=\"font-family: Arial, sans-serif;\"><span style=\"font-size: medium;\">W latach 1957-61 uczestniczy\u0142 w Mi\u0119dzynarodowych Kursach Wakacyjnych Nowej Muzyki w Darmstadt. W okresie tym rozpocz\u0105\u0142 eksperymenty z transformacj\u0105 d\u017awi\u0119ku przy u\u017cyciu elektroniki. Efektem poszukiwa\u0144 nowego brzmienia by\u0142a pierwsza w Polsce kompozycja elektroniczna \u2013 <\/span><\/span><span style=\"font-family: Arial, sans-serif;\"><span style=\"font-size: medium;\"><i>Etiuda na jedno uderzenie w talerz<\/i><\/span><\/span><span style=\"font-family: Arial, sans-serif;\"><span style=\"font-size: medium;\"> (1959). Od 1958 kompozytor nale\u017ca\u0142 do sta\u0142ych wsp\u00f3\u0142pracownik\u00f3w Studia Eksperymentalnego Polskiego Radia. Pracowa\u0142 r\u00f3wnie\u017c w innych o\u015brodkach muzyki elektronicznej \u2013 w studiu Westdeutscher Rundfunk w Kolonii (1966-67), w Groupe de Recherches Musicales ORTF w Pary\u017cu (1970), w studiu S\u00fcdwestfunk Baden-Baden we Freiburgu (SWF \u2013 1979), a tak\u017ce w Stiftelsen Elektroakustik Musik i Sverige w Stockholmie (EMS \u2013 1984) i w Groupe de Musique Exp\u00e9rimentale de Bourges (GMEB \u2013 1986). W latach 1970-71 przebywa\u0142 w Berlinie jako stypendysta Deutscher Akademischer Austauschdienst.<br \/><\/span><\/span><span style=\"font-family: Arial, sans-serif;\"><span style=\"font-size: medium;\">W latach 1967-1995 by\u0142 wyk\u0142adowc\u0105 kompozycji w Akademii Muzycznej w Warszawie (od 1972 jako docent, od 1983 jako profesor nadzwyczajny, od 1990 \u2013 profesor zwyczajny) oraz kierowa\u0142 Studiem Muzyki Elektronicznej tej\u017ce uczelni. Studentami jego byli m.in. tacy kompozytorzy, jak: Pawe\u0142 Szyma\u0144ski, Hanna Kulenty, Stanis\u0142aw Krupowicz, Tadeusz Wielecki, Edward Sielicki, Jacek Grudzie\u0144, Jaros\u0142aw Kapu\u015bci\u0144ski, Anna Ignatowicz-Gli\u0144ska i Jaros\u0142aw Siwi\u0144ski. Jako profesor go\u015bcinny wyk\u0142ada\u0142 r\u00f3wnie\u017c kompozycj\u0119 i muzyk\u0119 elektroniczn\u0105 w Kr\u00f3lewskiej Akademii Muzyki w Stockholmie (1971), w State University of New York w Buffalo (1978), w University of Southern California w Los Angeles (1982), w Rubin Academy of Music w Jerozolimie (1990) i w Seulu (1994-95).<br \/><\/span><\/span><span style=\"font-family: Arial, sans-serif;\"><span style=\"font-size: medium;\">W latach 1974-76 by\u0142 naczelnym redaktorem muzycznym Polskiego Radia oraz naczelnym dyrektorem muzycznym Polskiego Radia i Telewizji. W 1983 zosta\u0142 prezesem Polskiego Towarzystwa Muzyki Wsp\u00f3\u0142czesnej (polskiej sekcji ISCM\/SIMC); funkcj\u0119 t\u0119 pe\u0142ni\u0142 do 1989.<br \/><\/span><\/span><span style=\"font-family: Arial, sans-serif;\"><span style=\"font-size: medium;\">W 1963 opublikowa\u0142 ksi\u0105\u017ck\u0119 pt. <\/span><\/span><span style=\"font-family: Arial, sans-serif;\"><span style=\"font-size: medium;\"><i>Instrumenty perkusyjne we wsp\u00f3\u0142czesnej orkiestrze<\/i><\/span><\/span><span style=\"font-family: Arial, sans-serif;\"><span style=\"font-size: medium;\"> (PWM, Krak\u00f3w 1963 przet\u0142umaczona na j\u0119zyk w\u0119gierski i niemiecki), w 1989 prac\u0119 pt. <\/span><\/span><span style=\"font-family: Arial, sans-serif;\"><span style=\"font-size: medium;\"><i>Muzyka elektroniczna<\/i><\/span><\/span><span style=\"font-family: Arial, sans-serif;\"><span style=\"font-size: medium;\"> (PWM, Krak\u00f3w 1989; wyd. II \u2013 2002), a w 1999 \u2013 <\/span><\/span><span style=\"font-family: Arial, sans-serif;\"><span style=\"font-size: medium;\"><i>Leksykon wsp\u00f3\u0142czesnej perkusji<\/i><\/span><\/span><span style=\"font-family: Arial, sans-serif;\"><span style=\"font-size: medium;\"> (PWM, Krak\u00f3w 1999).<br \/><\/span><\/span><span style=\"font-family: Arial, sans-serif;\"><span style=\"font-size: medium;\">By\u0142 cz\u0142onkiem honorowym Zwi\u0105zku Kompozytor\u00f3w Polskich, Polskiego Towarzystwa Muzyki Wsp\u00f3\u0142czesnej oraz Mi\u0119dzynarodowej Konfederacji Muzyki Elektroakustycznej CIME-ICEM.<br \/><\/span><\/span><span style=\"font-family: Arial, sans-serif;\"><span style=\"font-size: medium;\">W\u0142odzimierz Koto\u0144ski zosta\u0142 uhonorowany Nagrod\u0105 Ministra Kultury i Sztuki (1973, 1989 i 2000), Nagrod\u0105 Zwi\u0105zku Kompozytor\u00f3w Polskich (1976), Nagrod\u0105 Przewodnicz\u0105cego Komitetu do Spraw Radia i Telewizji (1979) oraz Prix Magisterium w Bourges (1998), a tak\u017ce odznaczony Z\u0142otym Krzy\u017cem Zas\u0142ugi (1955), Krzy\u017cem Kawalerskim Orderu Odrodzenia Polski (1974) i Krzy\u017cem Oficerskim O. O. Polski (1982), Z\u0142otym Medalem \u201eZas\u0142u\u017cony Kulturze Gloria Artis\u201d (2006).<\/span><\/span><\/p><p class=\"western\" style=\"text-align: right;\" align=\"right\"><span style=\"font-family: Arial, sans-serif;\"><span style=\"font-size: medium;\"><b>Polskie Centrum Informacji Muzycznej POLMIC<\/b><\/span><\/span><\/p><p class=\"western\" style=\"text-align: left;\" align=\"justify\"><span style=\"font-family: Arial, sans-serif;\"><span style=\"font-size: medium;\"><i><b>R\u00f3\u017ca wiatr\u00f3w<\/b><\/i><\/span><\/span><i> <\/i><span style=\"font-family: Arial, sans-serif;\"><span style=\"font-size: medium;\">jest utworem na orkiestr\u0119, wynik\u0142ym jednak w znacznej mierze z moich dotychczasowych do\u015bwiadcze\u0144 w dziedzinie muzyki kameralnej. Napisana zosta\u0142a na zam\u00f3wienie \u201eMusikprotokoll\u201d w Grazu i na tym w\u0142a\u015bnie festiwalu, w pa\u017adzierniku 1976, odby\u0142o si\u0119 jej prawykonanie. Orkiestr\u0105 Radiow\u0105 w Bazylei dyrygowa\u0142 Micha\u0142 Tabachnik.<br \/><\/span><\/span><span style=\"font-family: Arial, sans-serif;\"><span style=\"font-size: medium;\"><i>R\u00f3\u017ca wiatr\u00f3w<\/i><\/span><\/span><span style=\"font-family: Arial, sans-serif;\"><span style=\"font-size: medium;\">, ten dziwny znak \u017ceglarzy mia\u0142 dla mnie zawsze jakie\u015b tajemnicze znaczenie, jakby kry\u0142o si\u0119 za nim co\u015b nieznanego, nieoczekiwanego, ale bardzo wa\u017cnego. Nie mog\u0119 wykluczy\u0107, \u017ce co\u015b z tego znalaz\u0142o odbicie w mojej muzyce. Nie jest to jednak w \u017cadnym wypadku muzyka programowa. R\u00f3wnie dobrze tytu\u0142 jej m\u00f3g\u0142by brzmie\u0107 \u201emusica concertante\u201d. Czas trwania 12\u201930\u201d.<\/span><\/span><\/p><p class=\"western\" style=\"text-align: right;\" align=\"right\"><span style=\"font-family: Arial, sans-serif;\"><span style=\"font-size: medium;\"><b>W\u0142odzimierz Koto\u0144ski<\/b><\/span><\/span><\/p>\t\t\t\t\t\t\t\t<\/div>\n\t\t\t\t<\/div>\n\t\t\t\t\t<\/div>\n\t\t<\/div>\n\t\t\t\t\t<\/div>\n\t\t<\/section>\n\t\t\t\t<\/div>\n\t\t","protected":false},"excerpt":{"rendered":"<p>W\u0142odzimierz Koto\u0144ski fot. Andrzej Zborski (1974) W\u0142odzimierz KOTO\u0143SKI, kompozytor i pedagog; ur. 23 sierpnia 1925, Warszawa; zm. 4 wrze\u015bnia 2014, tam\u017ce. Studiowa\u0142 kompozycj\u0119 w Pa\u0144stwowej&hellip;<\/p>\n","protected":false},"author":1,"featured_media":0,"parent":0,"menu_order":0,"comment_status":"closed","ping_status":"closed","template":"","meta":{"footnotes":""},"class_list":["post-17191","page","type-page","status-publish","hentry"],"_links":{"self":[{"href":"https:\/\/wsm.art.pl\/index.php?rest_route=\/wp\/v2\/pages\/17191","targetHints":{"allow":["GET"]}}],"collection":[{"href":"https:\/\/wsm.art.pl\/index.php?rest_route=\/wp\/v2\/pages"}],"about":[{"href":"https:\/\/wsm.art.pl\/index.php?rest_route=\/wp\/v2\/types\/page"}],"author":[{"embeddable":true,"href":"https:\/\/wsm.art.pl\/index.php?rest_route=\/wp\/v2\/users\/1"}],"replies":[{"embeddable":true,"href":"https:\/\/wsm.art.pl\/index.php?rest_route=%2Fwp%2Fv2%2Fcomments&post=17191"}],"version-history":[{"count":7,"href":"https:\/\/wsm.art.pl\/index.php?rest_route=\/wp\/v2\/pages\/17191\/revisions"}],"predecessor-version":[{"id":17202,"href":"https:\/\/wsm.art.pl\/index.php?rest_route=\/wp\/v2\/pages\/17191\/revisions\/17202"}],"wp:attachment":[{"href":"https:\/\/wsm.art.pl\/index.php?rest_route=%2Fwp%2Fv2%2Fmedia&parent=17191"}],"curies":[{"name":"wp","href":"https:\/\/api.w.org\/{rel}","templated":true}]}}