{"id":17182,"date":"2025-04-27T17:28:48","date_gmt":"2025-04-27T17:28:48","guid":{"rendered":"https:\/\/wsm.art.pl\/?page_id=17182"},"modified":"2025-04-27T17:53:07","modified_gmt":"2025-04-27T17:53:07","slug":"2025-kostrzewa","status":"publish","type":"page","link":"https:\/\/wsm.art.pl\/?page_id=17182","title":{"rendered":"2025 KOSTRZEWA Wojciech"},"content":{"rendered":"\t\t<div data-elementor-type=\"wp-page\" data-elementor-id=\"17182\" class=\"elementor elementor-17182\">\n\t\t\t\t\t\t<section class=\"elementor-section elementor-top-section elementor-element elementor-element-7da13de6 elementor-section-boxed elementor-section-height-default elementor-section-height-default\" data-id=\"7da13de6\" data-element_type=\"section\">\n\t\t\t\t\t\t<div class=\"elementor-container elementor-column-gap-default\">\n\t\t\t\t\t<div class=\"elementor-column elementor-col-100 elementor-top-column elementor-element elementor-element-23bcaf58\" data-id=\"23bcaf58\" data-element_type=\"column\">\n\t\t\t<div class=\"elementor-widget-wrap elementor-element-populated\">\n\t\t\t\t\t\t<div class=\"elementor-element elementor-element-4a64ab4c elementor-widget elementor-widget-heading\" data-id=\"4a64ab4c\" data-element_type=\"widget\" data-widget_type=\"heading.default\">\n\t\t\t\t<div class=\"elementor-widget-container\">\n\t\t\t\t\t<h2 class=\"elementor-heading-title elementor-size-default\">Wojciech Kostrzewa<\/h2>\t\t\t\t<\/div>\n\t\t\t\t<\/div>\n\t\t\t\t\t<\/div>\n\t\t<\/div>\n\t\t\t\t\t<\/div>\n\t\t<\/section>\n\t\t\t\t<section class=\"elementor-section elementor-top-section elementor-element elementor-element-46548e99 elementor-section-boxed elementor-section-height-default elementor-section-height-default\" data-id=\"46548e99\" data-element_type=\"section\">\n\t\t\t\t\t\t<div class=\"elementor-container elementor-column-gap-default\">\n\t\t\t\t\t<div class=\"elementor-column elementor-col-50 elementor-top-column elementor-element elementor-element-6381e498\" data-id=\"6381e498\" data-element_type=\"column\">\n\t\t\t<div class=\"elementor-widget-wrap elementor-element-populated\">\n\t\t\t\t\t\t<div class=\"elementor-element elementor-element-4a32b6e9 elementor-widget elementor-widget-image\" data-id=\"4a32b6e9\" data-element_type=\"widget\" data-widget_type=\"image.default\">\n\t\t\t\t<div class=\"elementor-widget-container\">\n\t\t\t\t\t\t\t\t\t\t\t\t<figure class=\"wp-caption\">\n\t\t\t\t\t\t\t\t\t\t<img fetchpriority=\"high\" decoding=\"async\" width=\"768\" height=\"1152\" src=\"https:\/\/wsm.art.pl\/wp-content\/uploads\/2025\/04\/Wojciech-Kostrzewa-fot.-Mateusz-Zaboklicki-768x1152.jpg\" class=\"attachment-medium_large size-medium_large wp-image-17184\" alt=\"\" srcset=\"https:\/\/wsm.art.pl\/wp-content\/uploads\/2025\/04\/Wojciech-Kostrzewa-fot.-Mateusz-Zaboklicki-768x1152.jpg 768w, https:\/\/wsm.art.pl\/wp-content\/uploads\/2025\/04\/Wojciech-Kostrzewa-fot.-Mateusz-Zaboklicki-200x300.jpg 200w, https:\/\/wsm.art.pl\/wp-content\/uploads\/2025\/04\/Wojciech-Kostrzewa-fot.-Mateusz-Zaboklicki-683x1024.jpg 683w, https:\/\/wsm.art.pl\/wp-content\/uploads\/2025\/04\/Wojciech-Kostrzewa-fot.-Mateusz-Zaboklicki-1024x1536.jpg 1024w, https:\/\/wsm.art.pl\/wp-content\/uploads\/2025\/04\/Wojciech-Kostrzewa-fot.-Mateusz-Zaboklicki.jpg 1138w\" sizes=\"(max-width: 768px) 100vw, 768px\" \/>\t\t\t\t\t\t\t\t\t\t\t<figcaption class=\"widget-image-caption wp-caption-text\">fot. Mateusz \u017baboklicki<\/figcaption>\n\t\t\t\t\t\t\t\t\t\t<\/figure>\n\t\t\t\t\t\t\t\t\t<\/div>\n\t\t\t\t<\/div>\n\t\t\t\t\t<\/div>\n\t\t<\/div>\n\t\t\t\t<div class=\"elementor-column elementor-col-50 elementor-top-column elementor-element elementor-element-239de16a\" data-id=\"239de16a\" data-element_type=\"column\">\n\t\t\t<div class=\"elementor-widget-wrap elementor-element-populated\">\n\t\t\t\t\t\t<div class=\"elementor-element elementor-element-13eae2b9 elementor-widget elementor-widget-text-editor\" data-id=\"13eae2b9\" data-element_type=\"widget\" data-widget_type=\"text-editor.default\">\n\t\t\t\t<div class=\"elementor-widget-container\">\n\t\t\t\t\t\t\t\t\t<p class=\"western\" lang=\"en-US\" style=\"text-align: left;\" align=\"justify\"><span style=\"font-family: Arial, sans-serif;\"><span style=\"font-size: medium;\"><b>Wojciech KOSTRZEWA<\/b><\/span><\/span><span style=\"font-family: Arial, sans-serif;\"><span style=\"font-size: medium;\">,<\/span><\/span><span style=\"font-family: Arial, sans-serif;\"><span style=\"font-size: medium;\"> kompozytor, aran\u017cer, orkiestrator. Uko\u0144czy\u0142 studia licencjackie i magisterskie na Uniwersytecie Muzycznym Fryderyka Chopina, w klasie kompozycji prof. Marcina B\u0142a\u017cewicza. Obecnie doskonali swoje umiej\u0119tno\u015bci w Norwegian Academy of Music w Oslo.<br \/><\/span><\/span><span style=\"font-family: Arial, sans-serif;\"><span style=\"font-size: medium;\">Laureat I nagrody oraz wyr\u00f3\u017cnienia orkiestry w Konkursie Kompozytorskim \u201eIn modo di Lutos\u0142awski\u201d. Zdobywca I miejsca i nagrody publiczno\u015bci w III edycji Konkursu Kompozytorskiego \u201eArboretum\u201d Krzysztofa Pendereckiego (2017). W pa\u017adzierniku 2018 zosta\u0142 zwyci\u0119zc\u0105 Konkursu Kompozytorskiego organizowanego z okazji stulecia Stowarzyszenia Autor\u00f3w ZAiKS, otrzymuj\u0105c r\u00f3wnie\u017c nagrod\u0119 publiczno\u015bci.<br \/><\/span><\/span><span style=\"font-family: Arial, sans-serif;\"><span style=\"font-size: medium;\">Jego kompozycje i aran\u017cacje s\u0105 wykonywane zar\u00f3wno w Polsce, jak i w innych krajach \u015bwiata (Francja, Luksemburg, Norwegia, Szwajcaria, Belgia, W\u0119gry, USA, Hiszpania, Meksyk czy Argentyna) przez takie zespo\u0142y i orkiestry, jak m.in.: Orkiestra Sinfonia Varsovia, orkiestry Teatru Wielkiego-Opery Narodowej i Filharmonii Szczeci\u0144skiej, Theater Orchester Biel Solothurn, Norwegian Radio Orchestra, Det Norske Bl\u00e5seensemble (Halden, Norwegia), NDR Bigband, w tym na takich zagranicznych festiwalach, m.in. La Folle Journ\u00e9e w Nantes, D\u00fcsseldorf Jazz Rally w D\u00fcsseldorfie czy TalentLAB w Luksemburgu.<br \/><\/span><\/span><span style=\"font-family: Arial, sans-serif;\"><span style=\"font-size: medium;\">Warsztat artystyczny rozwija\u0142 pod okiem takich mistrz\u00f3w jak: Lowell Liebermann, Jan A.P. Kaczmarek, Joe Kraemer, Chris Walden i Richard Bellis.<br \/><\/span><\/span><span style=\"font-family: Arial, sans-serif;\"><span style=\"font-size: medium;\">Jest doktorem sztuk muzycznych i adiunktem na Uniwersytecie Muzycznym Fryderyka Chopina w Warszawie.<\/span><\/span><\/p><p class=\"western\" lang=\"en-US\" style=\"text-align: left;\" align=\"justify\"><span style=\"font-family: Arial, sans-serif;\"><span style=\"font-size: medium;\"><i><b>Reveries<\/b><\/i><\/span><\/span><span style=\"font-family: Arial, sans-serif;\"><span style=\"font-size: medium;\"> to kompozycja na kwartet saksofonowy i trio jazzowe, utrzymana w p\u0142ynnym, spokojnym charakterze. Wa\u017cn\u0105 rol\u0119 w utworze odgrywaj\u0105 oddech, przestrze\u0144 i cisza. Faktura oparta na harmonii modalnej i subtelnej rytmice pozostawia muzykom wiele swobody w\u00a0kszta\u0142towaniu fraz oraz przestrze\u0144 do improwizacji. Kompozycja \u2013 w pewnym stopniu \u2013 inspirowana jest muzyk\u0105 dawn\u0105 i ma refleksyjny, medytacyjny nastr\u00f3j.<\/span><\/span><\/p><p class=\"western\" style=\"text-align: right;\" align=\"right\"><span style=\"font-family: Arial, sans-serif;\"><span style=\"font-size: medium;\"><b>Wojciech Kostrzewa<\/b><\/span><\/span><\/p>\t\t\t\t\t\t\t\t<\/div>\n\t\t\t\t<\/div>\n\t\t\t\t\t<\/div>\n\t\t<\/div>\n\t\t\t\t\t<\/div>\n\t\t<\/section>\n\t\t\t\t<\/div>\n\t\t","protected":false},"excerpt":{"rendered":"<p>Wojciech Kostrzewa fot. Mateusz \u017baboklicki Wojciech KOSTRZEWA, kompozytor, aran\u017cer, orkiestrator. Uko\u0144czy\u0142 studia licencjackie i magisterskie na Uniwersytecie Muzycznym Fryderyka Chopina, w klasie kompozycji prof. Marcina&hellip;<\/p>\n","protected":false},"author":1,"featured_media":0,"parent":0,"menu_order":0,"comment_status":"closed","ping_status":"closed","template":"","meta":{"footnotes":""},"class_list":["post-17182","page","type-page","status-publish","hentry"],"_links":{"self":[{"href":"https:\/\/wsm.art.pl\/index.php?rest_route=\/wp\/v2\/pages\/17182","targetHints":{"allow":["GET"]}}],"collection":[{"href":"https:\/\/wsm.art.pl\/index.php?rest_route=\/wp\/v2\/pages"}],"about":[{"href":"https:\/\/wsm.art.pl\/index.php?rest_route=\/wp\/v2\/types\/page"}],"author":[{"embeddable":true,"href":"https:\/\/wsm.art.pl\/index.php?rest_route=\/wp\/v2\/users\/1"}],"replies":[{"embeddable":true,"href":"https:\/\/wsm.art.pl\/index.php?rest_route=%2Fwp%2Fv2%2Fcomments&post=17182"}],"version-history":[{"count":4,"href":"https:\/\/wsm.art.pl\/index.php?rest_route=\/wp\/v2\/pages\/17182\/revisions"}],"predecessor-version":[{"id":17187,"href":"https:\/\/wsm.art.pl\/index.php?rest_route=\/wp\/v2\/pages\/17182\/revisions\/17187"}],"wp:attachment":[{"href":"https:\/\/wsm.art.pl\/index.php?rest_route=%2Fwp%2Fv2%2Fmedia&parent=17182"}],"curies":[{"name":"wp","href":"https:\/\/api.w.org\/{rel}","templated":true}]}}