{"id":17172,"date":"2025-04-27T17:19:48","date_gmt":"2025-04-27T17:19:48","guid":{"rendered":"https:\/\/wsm.art.pl\/?page_id=17172"},"modified":"2025-04-27T17:23:21","modified_gmt":"2025-04-27T17:23:21","slug":"2025-kisiel","status":"publish","type":"page","link":"https:\/\/wsm.art.pl\/?page_id=17172","title":{"rendered":"2025 KISIEL Iwona"},"content":{"rendered":"\t\t<div data-elementor-type=\"wp-page\" data-elementor-id=\"17172\" class=\"elementor elementor-17172\">\n\t\t\t\t\t\t<section class=\"elementor-section elementor-top-section elementor-element elementor-element-7da13de6 elementor-section-boxed elementor-section-height-default elementor-section-height-default\" data-id=\"7da13de6\" data-element_type=\"section\">\n\t\t\t\t\t\t<div class=\"elementor-container elementor-column-gap-default\">\n\t\t\t\t\t<div class=\"elementor-column elementor-col-100 elementor-top-column elementor-element elementor-element-23bcaf58\" data-id=\"23bcaf58\" data-element_type=\"column\">\n\t\t\t<div class=\"elementor-widget-wrap elementor-element-populated\">\n\t\t\t\t\t\t<div class=\"elementor-element elementor-element-4a64ab4c elementor-widget elementor-widget-heading\" data-id=\"4a64ab4c\" data-element_type=\"widget\" data-widget_type=\"heading.default\">\n\t\t\t\t<div class=\"elementor-widget-container\">\n\t\t\t\t\t<h2 class=\"elementor-heading-title elementor-size-default\">Iwona Kisiel<\/h2>\t\t\t\t<\/div>\n\t\t\t\t<\/div>\n\t\t\t\t\t<\/div>\n\t\t<\/div>\n\t\t\t\t\t<\/div>\n\t\t<\/section>\n\t\t\t\t<section class=\"elementor-section elementor-top-section elementor-element elementor-element-46548e99 elementor-section-boxed elementor-section-height-default elementor-section-height-default\" data-id=\"46548e99\" data-element_type=\"section\">\n\t\t\t\t\t\t<div class=\"elementor-container elementor-column-gap-default\">\n\t\t\t\t\t<div class=\"elementor-column elementor-col-50 elementor-top-column elementor-element elementor-element-6381e498\" data-id=\"6381e498\" data-element_type=\"column\">\n\t\t\t<div class=\"elementor-widget-wrap elementor-element-populated\">\n\t\t\t\t\t\t<div class=\"elementor-element elementor-element-4a32b6e9 elementor-widget elementor-widget-image\" data-id=\"4a32b6e9\" data-element_type=\"widget\" data-widget_type=\"image.default\">\n\t\t\t\t<div class=\"elementor-widget-container\">\n\t\t\t\t\t\t\t\t\t\t\t\t<figure class=\"wp-caption\">\n\t\t\t\t\t\t\t\t\t\t<img fetchpriority=\"high\" decoding=\"async\" width=\"768\" height=\"896\" src=\"https:\/\/wsm.art.pl\/wp-content\/uploads\/2025\/04\/Iwona-Kisiel-archiwum-domowe-768x896.jpeg\" class=\"attachment-medium_large size-medium_large wp-image-17174\" alt=\"\" srcset=\"https:\/\/wsm.art.pl\/wp-content\/uploads\/2025\/04\/Iwona-Kisiel-archiwum-domowe-768x896.jpeg 768w, https:\/\/wsm.art.pl\/wp-content\/uploads\/2025\/04\/Iwona-Kisiel-archiwum-domowe-257x300.jpeg 257w, https:\/\/wsm.art.pl\/wp-content\/uploads\/2025\/04\/Iwona-Kisiel-archiwum-domowe-878x1024.jpeg 878w, https:\/\/wsm.art.pl\/wp-content\/uploads\/2025\/04\/Iwona-Kisiel-archiwum-domowe.jpeg 960w\" sizes=\"(max-width: 768px) 100vw, 768px\" \/>\t\t\t\t\t\t\t\t\t\t\t<figcaption class=\"widget-image-caption wp-caption-text\">fot. archiwum kompozytorki<\/figcaption>\n\t\t\t\t\t\t\t\t\t\t<\/figure>\n\t\t\t\t\t\t\t\t\t<\/div>\n\t\t\t\t<\/div>\n\t\t\t\t\t<\/div>\n\t\t<\/div>\n\t\t\t\t<div class=\"elementor-column elementor-col-50 elementor-top-column elementor-element elementor-element-239de16a\" data-id=\"239de16a\" data-element_type=\"column\">\n\t\t\t<div class=\"elementor-widget-wrap elementor-element-populated\">\n\t\t\t\t\t\t<div class=\"elementor-element elementor-element-13eae2b9 elementor-widget elementor-widget-text-editor\" data-id=\"13eae2b9\" data-element_type=\"widget\" data-widget_type=\"text-editor.default\">\n\t\t\t\t<div class=\"elementor-widget-container\">\n\t\t\t\t\t\t\t\t\t<p style=\"text-align: left;\" align=\"justify\"><span style=\"font-family: Arial, sans-serif;\"><span style=\"font-size: medium;\">Urodzona<\/span><\/span> <span style=\"font-family: Arial, sans-serif;\"><span style=\"font-size: medium;\">w<\/span><\/span> <span style=\"font-family: Arial, sans-serif;\"><span style=\"font-size: medium;\">Warszawie<\/span><\/span><span style=\"font-family: Arial, sans-serif;\"><span style=\"font-size: medium;\"> w <\/span><\/span><span style=\"font-family: Arial, sans-serif;\"><span style=\"font-size: medium;\">1972 <\/span><\/span><span style=\"font-family: Arial, sans-serif;\"><span style=\"font-size: medium;\">kompozytorka,<\/span><\/span> <span style=\"font-family: Arial, sans-serif;\"><span style=\"font-size: medium;\">absolwentka<\/span><\/span> <span style=\"font-family: Arial, sans-serif;\"><span style=\"font-size: medium;\">wydzia\u0142u<\/span><\/span> <span style=\"font-family: Arial, sans-serif;\"><span style=\"font-size: medium;\">kompozycji<\/span><\/span> <span style=\"font-family: Arial, sans-serif;\"><span style=\"font-size: medium;\">Warszawskiej Akademii Muzycznej im. Fryderyka Chopina oraz dyplomowana wiolonczelistka.<br \/><\/span><\/span><span style=\"font-family: Arial, sans-serif;\"><span style=\"font-size: medium;\">W jej rodzinie obecne by\u0142y tradycje muzyczne \u2013 cioteczn\u0105 prababk\u0105 kompozytorki by\u0142a znakomita<\/span><\/span> <span style=\"font-family: Arial, sans-serif;\"><span style=\"font-size: medium;\">przedwojenna<\/span><\/span> <span style=\"font-family: Arial, sans-serif;\"><span style=\"font-size: medium;\">i<\/span><\/span> <span style=\"font-family: Arial, sans-serif;\"><span style=\"font-size: medium;\">powojenna<\/span><\/span> <span style=\"font-family: Arial, sans-serif;\"><span style=\"font-size: medium;\">polska<\/span><\/span> <span style=\"font-family: Arial, sans-serif;\"><span style=\"font-size: medium;\">aktorka<\/span><\/span> <span style=\"font-family: Arial, sans-serif;\"><span style=\"font-size: medium;\">i<\/span><\/span> <span style=\"font-family: Arial, sans-serif;\"><span style=\"font-size: medium;\">\u015bpiewaczka,<\/span><\/span> <span style=\"font-family: Arial, sans-serif;\"><span style=\"font-size: medium;\">Tola<\/span><\/span> <span style=\"font-family: Arial, sans-serif;\"><span style=\"font-size: medium;\">Mankiewicz\u00f3wna. Dominuj\u0105cymi elementami i si\u0142\u0105 jej utwor\u00f3w s\u0105\u0328 melodia i harmonia, oparta na wyrafinowanych, septymowo-nonowych wsp\u00f3\u0142brzmieniach oraz przenikaj\u0105cych si\u0119\u0328 stylistykach pocz\u0105wszy od neoromantyzmu, po muzyk\u0119\u0328 wsp\u00f3\u0142czesn\u0105\u0328.<br \/><\/span><\/span><span style=\"font-family: Arial, sans-serif;\"><span style=\"font-size: medium;\">W<\/span><\/span> <span style=\"font-family: Arial, sans-serif;\"><span style=\"font-size: medium;\">jej<\/span><\/span> <span style=\"font-family: Arial, sans-serif;\"><span style=\"font-size: medium;\">muzyce<\/span><\/span> <span style=\"font-family: Arial, sans-serif;\"><span style=\"font-size: medium;\">z<\/span><\/span> <span style=\"font-family: Arial, sans-serif;\"><span style=\"font-size: medium;\">\u0142atwo\u015bci\u0105\u0328<\/span><\/span> <span style=\"font-family: Arial, sans-serif;\"><span style=\"font-size: medium;\">mo\u017cna<\/span><\/span> <span style=\"font-family: Arial, sans-serif;\"><span style=\"font-size: medium;\">te\u017c<\/span><\/span> <span style=\"font-family: Arial, sans-serif;\"><span style=\"font-size: medium;\">us\u0142ysze\u0107\u0301<\/span><\/span> <span style=\"font-family: Arial, sans-serif;\"><span style=\"font-size: medium;\">nawi\u0105zania<\/span><\/span> <span style=\"font-family: Arial, sans-serif;\"><span style=\"font-size: medium;\">do<\/span><\/span> <span style=\"font-family: Arial, sans-serif;\"><span style=\"font-size: medium;\">ukochanego<\/span><\/span> <span style=\"font-family: Arial, sans-serif;\"><span style=\"font-size: medium;\">jazzu<\/span><\/span> <span style=\"font-family: Arial, sans-serif;\"><span style=\"font-size: medium;\">oraz<\/span><\/span> <span style=\"font-family: Arial, sans-serif;\"><span style=\"font-size: medium;\">muzyki filmowej, a jak sama o sobie pisze \u2013 <\/span><\/span><span style=\"font-family: Arial, sans-serif;\"><span style=\"font-size: medium;\"><i>przez lata wypracowa\u0142am sw\u00f3j w\u0142asny j\u0119zyk \u201ewsp\u00f3\u0142czesnej<\/i><\/span><\/span><i> <\/i><span style=\"font-family: Arial, sans-serif;\"><span style=\"font-size: medium;\"><i>tonalno\u015bci\u201d,<\/i><\/span><\/span><i> <\/i><span style=\"font-family: Arial, sans-serif;\"><span style=\"font-size: medium;\"><i>kt\u00f3remu<\/i><\/span><\/span><i> <\/i><span style=\"font-family: Arial, sans-serif;\"><span style=\"font-size: medium;\"><i>pozostaj\u0119<\/i><\/span><\/span><i> <\/i><span style=\"font-family: Arial, sans-serif;\"><span style=\"font-size: medium;\"><i>wierna<\/i><\/span><\/span><i> <\/i><span style=\"font-family: Arial, sans-serif;\"><span style=\"font-size: medium;\"><i>w<\/i><\/span><\/span><i> <\/i><span style=\"font-family: Arial, sans-serif;\"><span style=\"font-size: medium;\"><i>ca\u0142ej<\/i><\/span><\/span><span style=\"font-family: Arial, sans-serif;\"><span style=\"font-size: medium;\"><i> tw\u00f3rczo\u015bci<\/i><\/span><\/span><span style=\"font-family: Arial, sans-serif;\"><span style=\"font-size: medium;\">.<br \/><\/span><\/span><span style=\"font-family: Arial, sans-serif;\"><span style=\"font-size: medium;\">W<\/span><\/span> <span style=\"font-family: Arial, sans-serif;\"><span style=\"font-size: medium;\">jej<\/span><\/span> <span style=\"font-family: Arial, sans-serif;\"><span style=\"font-size: medium;\">zr\u00f3\u017cnicowanym<\/span><\/span> <span style=\"font-family: Arial, sans-serif;\"><span style=\"font-size: medium;\">dorobku<\/span><\/span> <span style=\"font-family: Arial, sans-serif;\"><span style=\"font-size: medium;\">kompozytorskim,<\/span><\/span> <span style=\"font-family: Arial, sans-serif;\"><span style=\"font-size: medium;\">zarejestrowanym<\/span><\/span> <span style=\"font-family: Arial, sans-serif;\"><span style=\"font-size: medium;\">na<\/span><\/span> <span style=\"font-family: Arial, sans-serif;\"><span style=\"font-size: medium;\">kilku<\/span><\/span> <span style=\"font-family: Arial, sans-serif;\"><span style=\"font-size: medium;\">p\u0142ytach<\/span><\/span> <span style=\"font-family: Arial, sans-serif;\"><span style=\"font-size: medium;\">CD, znajduje si\u0119 muzyka kameralna, symfoniczna, utwory na orkiestr\u0119\u0328 smyczkow\u0105, utwory wokalne, w tym ponad 25 pie\u015bni na g\u0142os i fortepian do wierszy polskich poet\u00f3w.<br \/><\/span><\/span><span style=\"font-family: Arial, sans-serif;\"><span style=\"font-size: medium;\">Szczeg\u00f3lne miejsce w jej tw\u00f3rczo\u015bci zajmuje muzyka rozrywkowa. Kompozytorka jest autork\u0105<\/span><\/span> <span style=\"font-family: Arial, sans-serif;\"><span style=\"font-size: medium;\">ponad<\/span><\/span> <span style=\"font-family: Arial, sans-serif;\"><span style=\"font-size: medium;\">60<\/span><\/span> <span style=\"font-family: Arial, sans-serif;\"><span style=\"font-size: medium;\">piosenek<\/span><\/span> <span style=\"font-family: Arial, sans-serif;\"><span style=\"font-size: medium;\">do<\/span><\/span> <span style=\"font-family: Arial, sans-serif;\"><span style=\"font-size: medium;\">s\u0142\u00f3w<\/span><\/span> <span style=\"font-family: Arial, sans-serif;\"><span style=\"font-size: medium;\">m.in.<\/span><\/span> <span style=\"font-family: Arial, sans-serif;\"><span style=\"font-size: medium;\">Olgi<\/span><\/span> <span style=\"font-family: Arial, sans-serif;\"><span style=\"font-size: medium;\">Bo\u0144czyk,<\/span><\/span> <span style=\"font-family: Arial, sans-serif;\"><span style=\"font-size: medium;\">wydanych<\/span><\/span> <span style=\"font-family: Arial, sans-serif;\"><span style=\"font-size: medium;\">na<\/span><\/span> <span style=\"font-family: Arial, sans-serif;\"><span style=\"font-size: medium;\">p\u0142ycie<\/span><\/span> <span style=\"font-family: Arial, sans-serif;\"><span style=\"font-size: medium;\"><i>Piosenkarki<\/i><\/span><\/span> <span style=\"font-family: Arial, sans-serif;\"><span style=\"font-size: medium;\">pt. <\/span><\/span><span style=\"font-family: Arial, sans-serif;\"><span style=\"font-size: medium;\"><i>Pi\u0105ta<\/i><\/span><\/span><i> <\/i><span style=\"font-family: Arial, sans-serif;\"><span style=\"font-size: medium;\"><i>rano<\/i><\/span><\/span><span style=\"font-family: Arial, sans-serif;\"><span style=\"font-size: medium;\">).<br \/><\/span><\/span><span style=\"font-family: Arial, sans-serif;\"><span style=\"font-size: medium;\">Kompozytorka<\/span><\/span> <span style=\"font-family: Arial, sans-serif;\"><span style=\"font-size: medium;\">jest<\/span><\/span> <span style=\"font-family: Arial, sans-serif;\"><span style=\"font-size: medium;\">te\u017c<\/span><\/span> <span style=\"font-family: Arial, sans-serif;\"><span style=\"font-size: medium;\">autork\u0105<\/span><\/span> <span style=\"font-family: Arial, sans-serif;\"><span style=\"font-size: medium;\">muzyki<\/span><\/span> <span style=\"font-family: Arial, sans-serif;\"><span style=\"font-size: medium;\">dla<\/span><\/span> <span style=\"font-family: Arial, sans-serif;\"><span style=\"font-size: medium;\">dzieci,<\/span><\/span> <span style=\"font-family: Arial, sans-serif;\"><span style=\"font-size: medium;\">w<\/span><\/span> <span style=\"font-family: Arial, sans-serif;\"><span style=\"font-size: medium;\">tym<\/span><\/span> <span style=\"font-family: Arial, sans-serif;\"><span style=\"font-size: medium;\">dw\u00f3ch<\/span><\/span> &#8222;<span style=\"font-family: Arial, sans-serif;\"><span style=\"font-size: medium;\">sztuczek<\/span><\/span> <span style=\"font-family: Arial, sans-serif;\"><span style=\"font-size: medium;\">teatralnych&#8221;<\/span><\/span> <span style=\"font-family: Arial, sans-serif;\"><span style=\"font-size: medium;\">oraz piosenek dla dzieci.<br \/><\/span><\/span><span style=\"font-family: Arial, sans-serif;\"><span style=\"font-size: medium;\">Jej<\/span><\/span> <span style=\"font-family: Arial, sans-serif;\"><span style=\"font-size: medium;\">utwory<\/span><\/span> <span style=\"font-family: Arial, sans-serif;\"><span style=\"font-size: medium;\">wielokrotnie<\/span><\/span> <span style=\"font-family: Arial, sans-serif;\"><span style=\"font-size: medium;\">wykonywane<\/span><\/span> <span style=\"font-family: Arial, sans-serif;\"><span style=\"font-size: medium;\">by\u0142y<\/span><\/span> <span style=\"font-family: Arial, sans-serif;\"><span style=\"font-size: medium;\">w<\/span><\/span> <span style=\"font-family: Arial, sans-serif;\"><span style=\"font-size: medium;\">kraju<\/span><\/span> <span style=\"font-family: Arial, sans-serif;\"><span style=\"font-size: medium;\">i<\/span><\/span> <span style=\"font-family: Arial, sans-serif;\"><span style=\"font-size: medium;\">za<\/span><\/span> <span style=\"font-family: Arial, sans-serif;\"><span style=\"font-size: medium;\">granic\u0105,<\/span><\/span> <span style=\"font-family: Arial, sans-serif;\"><span style=\"font-size: medium;\">cho\u0107by<\/span><\/span> <span style=\"font-family: Arial, sans-serif;\"><span style=\"font-size: medium;\">w<\/span><\/span> <span style=\"font-family: Arial, sans-serif;\"><span style=\"font-size: medium;\">Ukrainie,<\/span><\/span> <span style=\"font-family: Arial, sans-serif;\"><span style=\"font-size: medium;\">Rosji, W\u0142oszech, Kanadzie. W lutym 2020, w Parlamencie Europejskim w Brukseli, podczas wydarzenia \u201eZa\u015blubiam Ci\u0119\u0328&#8230;Stulecie powrotu Polski nad Ba\u0142tyk\u201d odby\u0142a si\u0119\u0328 \u015bwiatowa premiera jej utworu na dwa flety i fortepian pt. <\/span><\/span><span style=\"font-family: Arial, sans-serif;\"><span style=\"font-size: medium;\"><i>Once Upon the Sea\u2026<\/i><\/span><\/span><span style=\"font-family: Arial, sans-serif;\"><span style=\"font-size: medium;\">.<br \/><\/span><\/span><span style=\"font-family: Arial, sans-serif;\"><span style=\"font-size: medium;\">Kompozytorka<\/span><\/span> <span style=\"font-family: Arial, sans-serif;\"><span style=\"font-size: medium;\">jest<\/span><\/span> <span style=\"font-family: Arial, sans-serif;\"><span style=\"font-size: medium;\">kilkukrotn\u0105<\/span><\/span> <span style=\"font-family: Arial, sans-serif;\"><span style=\"font-size: medium;\">stypendystk\u0105<\/span><\/span> <span style=\"font-family: Arial, sans-serif;\"><span style=\"font-size: medium;\">Ministra<\/span><\/span> <span style=\"font-family: Arial, sans-serif;\"><span style=\"font-size: medium;\">Kultury<\/span><\/span> <span style=\"font-family: Arial, sans-serif;\"><span style=\"font-size: medium;\">i<\/span><\/span> <span style=\"font-family: Arial, sans-serif;\"><span style=\"font-size: medium;\">Dziedzictwa<\/span><\/span> <span style=\"font-family: Arial, sans-serif;\"><span style=\"font-size: medium;\">Narodowego, Stowarzyszenia Autor\u00f3w ZAiKS oraz miasta sto\u0142ecznego Warszawy.<br \/><\/span><\/span><span style=\"font-family: Arial, sans-serif;\"><span style=\"font-size: medium;\">Jest<\/span><\/span> <span style=\"font-family: Arial, sans-serif;\"><span style=\"font-size: medium;\">obdarzona<\/span><\/span> <span style=\"font-family: Arial, sans-serif;\"><span style=\"font-size: medium;\">niezwykle<\/span><\/span> <span style=\"font-family: Arial, sans-serif;\"><span style=\"font-size: medium;\">rzadkim<\/span><\/span> <span style=\"font-family: Arial, sans-serif;\"><span style=\"font-size: medium;\">s\u0142uchem<\/span><\/span> <span style=\"font-family: Arial, sans-serif;\"><span style=\"font-size: medium;\">absolutnym<\/span><\/span> <span style=\"font-family: Arial, sans-serif;\"><span style=\"font-size: medium;\">oraz<\/span><\/span> <span style=\"font-family: Arial, sans-serif;\"><span style=\"font-size: medium;\">zdolno\u015bci\u0105\u0328<\/span><\/span> <span style=\"font-family: Arial, sans-serif;\"><span style=\"font-size: medium;\">synestezji,<\/span><\/span> <span style=\"font-family: Arial, sans-serif;\"><span style=\"font-size: medium;\">w<\/span><\/span> <span style=\"font-family: Arial, sans-serif;\"><span style=\"font-size: medium;\">tym chromestezji (s\u0142yszenie w kolorach).<\/span><\/span><\/p><p style=\"text-align: left;\" align=\"justify\"><span style=\"font-family: Arial, sans-serif;\"><span style=\"font-size: medium;\"><i><b>Spring<\/b><\/i><\/span><\/span><i><b> <\/b><\/i><span style=\"font-family: Arial, sans-serif;\"><span style=\"font-size: medium;\"><i><b>swing<\/b><\/i><\/span><\/span><b> <\/b><span style=\"font-family: Arial, sans-serif;\"><span style=\"font-size: medium;\">na<\/span><\/span> <span style=\"font-family: Arial, sans-serif;\"><span style=\"font-size: medium;\">kwartet<\/span><\/span> <span style=\"font-family: Arial, sans-serif;\"><span style=\"font-size: medium;\">saksofonowy,<\/span><\/span> <span style=\"font-family: Arial, sans-serif;\"><span style=\"font-size: medium;\">fortepian,<\/span><\/span> <span style=\"font-family: Arial, sans-serif;\"><span style=\"font-size: medium;\">kontrabas<\/span><\/span> <span style=\"font-family: Arial, sans-serif;\"><span style=\"font-size: medium;\">i<\/span><\/span> <span style=\"font-family: Arial, sans-serif;\"><span style=\"font-size: medium;\">perkusj\u0119<\/span><\/span><\/p><p style=\"text-align: left;\" align=\"justify\"><span style=\"font-family: Arial, sans-serif;\"><span style=\"font-size: medium;\">Gdy tylko pozna\u0142am sk\u0142ad instrumentalny Zespo\u0142u natychmiast dostrzeg\u0142am jego ogromny potencja\u0142, co wzbudzi\u0142o we mnie wielk\u0105 rado\u015b\u0107. Od razu wiedzia\u0142am, \u017ce m\u00f3j najnowszy utw\u00f3r b\u0119dzie po\u0142\u0105czeniem jazzu i swingu \u2013 gatunk\u00f3w, kt\u00f3re od najm\u0142odszych lat s\u0105 mi niezwykle<\/span><\/span> <span style=\"font-family: Arial, sans-serif;\"><span style=\"font-size: medium;\">bliskie.<\/span><\/span> <span style=\"font-family: Arial, sans-serif;\"><span style=\"font-size: medium;\">Jazz<\/span><\/span> <span style=\"font-family: Arial, sans-serif;\"><span style=\"font-size: medium;\">jest<\/span><\/span> <span style=\"font-family: Arial, sans-serif;\"><span style=\"font-size: medium;\">moj\u0105<\/span><\/span> <span style=\"font-family: Arial, sans-serif;\"><span style=\"font-size: medium;\">pasj\u0105,<\/span><\/span> <span style=\"font-family: Arial, sans-serif;\"><span style=\"font-size: medium;\">a<\/span><\/span> <span style=\"font-family: Arial, sans-serif;\"><span style=\"font-size: medium;\">w<\/span><\/span> <span style=\"font-family: Arial, sans-serif;\"><span style=\"font-size: medium;\">swoim<\/span><\/span> <span style=\"font-family: Arial, sans-serif;\"><span style=\"font-size: medium;\">dorobku<\/span><\/span> <span style=\"font-family: Arial, sans-serif;\"><span style=\"font-size: medium;\">mam<\/span><\/span> <span style=\"font-family: Arial, sans-serif;\"><span style=\"font-size: medium;\">ju\u017c<\/span><\/span> <span style=\"font-family: Arial, sans-serif;\"><span style=\"font-size: medium;\">kilkana\u015bcie<\/span><\/span> <span style=\"font-family: Arial, sans-serif;\"><span style=\"font-size: medium;\">kompozycji utrzymanych w tej stylistyce. <\/span><\/span><span style=\"font-family: Arial, sans-serif;\"><span style=\"font-size: medium;\">Kieruj\u0105c si\u0119 muzyczn\u0105 intuicj\u0105, stara\u0142am si\u0119 jak najpe\u0142niej odda\u0107 ca\u0142y potencja\u0142 tej wyj\u0105tkowej instrumentacji. Moim celem by\u0142o wykreowanie harmonijnego dialogu mi\u0119dzy sekcj\u0105<\/span><\/span> <span style=\"font-family: Arial, sans-serif;\"><span style=\"font-size: medium;\">d\u0119t\u0105<\/span><\/span> <span style=\"font-family: Arial, sans-serif;\"><span style=\"font-size: medium;\">a<\/span><\/span> <span style=\"font-family: Arial, sans-serif;\"><span style=\"font-size: medium;\">triem,<\/span><\/span> <span style=\"font-family: Arial, sans-serif;\"><span style=\"font-size: medium;\">opartego<\/span><\/span> <span style=\"font-family: Arial, sans-serif;\"><span style=\"font-size: medium;\">na<\/span><\/span> <span style=\"font-family: Arial, sans-serif;\"><span style=\"font-size: medium;\">charakterystycznym<\/span><\/span> <span style=\"font-family: Arial, sans-serif;\"><span style=\"font-size: medium;\">swingowym<\/span><\/span> <span style=\"font-family: Arial, sans-serif;\"><span style=\"font-size: medium;\">pulsie.<\/span><\/span> <span style=\"font-family: Arial, sans-serif;\"><span style=\"font-size: medium;\">D\u0105\u017cy\u0142am<\/span><\/span> <span style=\"font-family: Arial, sans-serif;\"><span style=\"font-size: medium;\">do<\/span><\/span> <span style=\"font-family: Arial, sans-serif;\"><span style=\"font-size: medium;\">tego, aby<\/span><\/span> <span style=\"font-family: Arial, sans-serif;\"><span style=\"font-size: medium;\">wszystkie<\/span><\/span> <span style=\"font-family: Arial, sans-serif;\"><span style=\"font-size: medium;\">instrumenty<\/span><\/span> <span style=\"font-family: Arial, sans-serif;\"><span style=\"font-size: medium;\">wzajemnie<\/span><\/span> <span style=\"font-family: Arial, sans-serif;\"><span style=\"font-size: medium;\">si\u0119<\/span><\/span> <span style=\"font-family: Arial, sans-serif;\"><span style=\"font-size: medium;\">uzupe\u0142nia\u0142y,<\/span><\/span> <span style=\"font-family: Arial, sans-serif;\"><span style=\"font-size: medium;\">zamiast<\/span><\/span> <span style=\"font-family: Arial, sans-serif;\"><span style=\"font-size: medium;\">konkurowa\u0107,<\/span><\/span> <span style=\"font-family: Arial, sans-serif;\"><span style=\"font-size: medium;\">co<\/span><\/span> <span style=\"font-family: Arial, sans-serif;\"><span style=\"font-size: medium;\">dodatkowo wzmocni\u0142o harmoni\u0119 utworu i nada\u0142o mu wi\u0119ksz\u0105 sp\u00f3jno\u015b\u0107 brzmieniow\u0105.<\/span><\/span><\/p><p style=\"text-align: right;\" align=\"right\"><span style=\"font-family: Arial, sans-serif;\"><span style=\"font-size: medium;\"><b>Iwona Kisiel<\/b><\/span><\/span><\/p>\t\t\t\t\t\t\t\t<\/div>\n\t\t\t\t<\/div>\n\t\t\t\t\t<\/div>\n\t\t<\/div>\n\t\t\t\t\t<\/div>\n\t\t<\/section>\n\t\t\t\t<\/div>\n\t\t","protected":false},"excerpt":{"rendered":"<p>Iwona Kisiel fot. archiwum kompozytorki Urodzona w Warszawie w 1972 kompozytorka, absolwentka wydzia\u0142u kompozycji Warszawskiej Akademii Muzycznej im. Fryderyka Chopina oraz dyplomowana wiolonczelistka.W jej rodzinie&hellip;<\/p>\n","protected":false},"author":1,"featured_media":0,"parent":0,"menu_order":0,"comment_status":"closed","ping_status":"closed","template":"","meta":{"footnotes":""},"class_list":["post-17172","page","type-page","status-publish","hentry"],"_links":{"self":[{"href":"https:\/\/wsm.art.pl\/index.php?rest_route=\/wp\/v2\/pages\/17172","targetHints":{"allow":["GET"]}}],"collection":[{"href":"https:\/\/wsm.art.pl\/index.php?rest_route=\/wp\/v2\/pages"}],"about":[{"href":"https:\/\/wsm.art.pl\/index.php?rest_route=\/wp\/v2\/types\/page"}],"author":[{"embeddable":true,"href":"https:\/\/wsm.art.pl\/index.php?rest_route=\/wp\/v2\/users\/1"}],"replies":[{"embeddable":true,"href":"https:\/\/wsm.art.pl\/index.php?rest_route=%2Fwp%2Fv2%2Fcomments&post=17172"}],"version-history":[{"count":5,"href":"https:\/\/wsm.art.pl\/index.php?rest_route=\/wp\/v2\/pages\/17172\/revisions"}],"predecessor-version":[{"id":17178,"href":"https:\/\/wsm.art.pl\/index.php?rest_route=\/wp\/v2\/pages\/17172\/revisions\/17178"}],"wp:attachment":[{"href":"https:\/\/wsm.art.pl\/index.php?rest_route=%2Fwp%2Fv2%2Fmedia&parent=17172"}],"curies":[{"name":"wp","href":"https:\/\/api.w.org\/{rel}","templated":true}]}}