{"id":17163,"date":"2025-04-27T14:02:48","date_gmt":"2025-04-27T14:02:48","guid":{"rendered":"https:\/\/wsm.art.pl\/?page_id=17163"},"modified":"2025-04-27T14:08:24","modified_gmt":"2025-04-27T14:08:24","slug":"2025-kamieniak","status":"publish","type":"page","link":"https:\/\/wsm.art.pl\/?page_id=17163","title":{"rendered":"2025 KAMIENIAK Tomasz"},"content":{"rendered":"\t\t<div data-elementor-type=\"wp-page\" data-elementor-id=\"17163\" class=\"elementor elementor-17163\">\n\t\t\t\t\t\t<section class=\"elementor-section elementor-top-section elementor-element elementor-element-7da13de6 elementor-section-boxed elementor-section-height-default elementor-section-height-default\" data-id=\"7da13de6\" data-element_type=\"section\">\n\t\t\t\t\t\t<div class=\"elementor-container elementor-column-gap-default\">\n\t\t\t\t\t<div class=\"elementor-column elementor-col-100 elementor-top-column elementor-element elementor-element-23bcaf58\" data-id=\"23bcaf58\" data-element_type=\"column\">\n\t\t\t<div class=\"elementor-widget-wrap elementor-element-populated\">\n\t\t\t\t\t\t<div class=\"elementor-element elementor-element-4a64ab4c elementor-widget elementor-widget-heading\" data-id=\"4a64ab4c\" data-element_type=\"widget\" data-widget_type=\"heading.default\">\n\t\t\t\t<div class=\"elementor-widget-container\">\n\t\t\t\t\t<h2 class=\"elementor-heading-title elementor-size-default\">Tomasz Kamieniak<\/h2>\t\t\t\t<\/div>\n\t\t\t\t<\/div>\n\t\t\t\t\t<\/div>\n\t\t<\/div>\n\t\t\t\t\t<\/div>\n\t\t<\/section>\n\t\t\t\t<section class=\"elementor-section elementor-top-section elementor-element elementor-element-46548e99 elementor-section-boxed elementor-section-height-default elementor-section-height-default\" data-id=\"46548e99\" data-element_type=\"section\">\n\t\t\t\t\t\t<div class=\"elementor-container elementor-column-gap-default\">\n\t\t\t\t\t<div class=\"elementor-column elementor-col-50 elementor-top-column elementor-element elementor-element-6381e498\" data-id=\"6381e498\" data-element_type=\"column\">\n\t\t\t<div class=\"elementor-widget-wrap elementor-element-populated\">\n\t\t\t\t\t\t<div class=\"elementor-element elementor-element-4a32b6e9 elementor-widget elementor-widget-image\" data-id=\"4a32b6e9\" data-element_type=\"widget\" data-widget_type=\"image.default\">\n\t\t\t\t<div class=\"elementor-widget-container\">\n\t\t\t\t\t\t\t\t\t\t\t\t<figure class=\"wp-caption\">\n\t\t\t\t\t\t\t\t\t\t<img fetchpriority=\"high\" decoding=\"async\" width=\"768\" height=\"512\" src=\"https:\/\/wsm.art.pl\/wp-content\/uploads\/2025\/04\/Tomasz-Kamieniak-fot.-Chris-Peng-small-768x512.jpg\" class=\"attachment-medium_large size-medium_large wp-image-17165\" alt=\"\" srcset=\"https:\/\/wsm.art.pl\/wp-content\/uploads\/2025\/04\/Tomasz-Kamieniak-fot.-Chris-Peng-small-768x512.jpg 768w, https:\/\/wsm.art.pl\/wp-content\/uploads\/2025\/04\/Tomasz-Kamieniak-fot.-Chris-Peng-small-300x200.jpg 300w, https:\/\/wsm.art.pl\/wp-content\/uploads\/2025\/04\/Tomasz-Kamieniak-fot.-Chris-Peng-small-1024x683.jpg 1024w, https:\/\/wsm.art.pl\/wp-content\/uploads\/2025\/04\/Tomasz-Kamieniak-fot.-Chris-Peng-small.jpg 1500w\" sizes=\"(max-width: 768px) 100vw, 768px\" \/>\t\t\t\t\t\t\t\t\t\t\t<figcaption class=\"widget-image-caption wp-caption-text\">fot. Chris Peng<\/figcaption>\n\t\t\t\t\t\t\t\t\t\t<\/figure>\n\t\t\t\t\t\t\t\t\t<\/div>\n\t\t\t\t<\/div>\n\t\t\t\t\t<\/div>\n\t\t<\/div>\n\t\t\t\t<div class=\"elementor-column elementor-col-50 elementor-top-column elementor-element elementor-element-239de16a\" data-id=\"239de16a\" data-element_type=\"column\">\n\t\t\t<div class=\"elementor-widget-wrap\">\n\t\t\t\t\t\t\t<\/div>\n\t\t<\/div>\n\t\t\t\t\t<\/div>\n\t\t<\/section>\n\t\t\t\t<section class=\"elementor-section elementor-top-section elementor-element elementor-element-a16c130 elementor-section-boxed elementor-section-height-default elementor-section-height-default\" data-id=\"a16c130\" data-element_type=\"section\">\n\t\t\t\t\t\t<div class=\"elementor-container elementor-column-gap-default\">\n\t\t\t\t\t<div class=\"elementor-column elementor-col-100 elementor-top-column elementor-element elementor-element-6965c4d\" data-id=\"6965c4d\" data-element_type=\"column\">\n\t\t\t<div class=\"elementor-widget-wrap elementor-element-populated\">\n\t\t\t\t\t\t<div class=\"elementor-element elementor-element-bab3f0d elementor-widget elementor-widget-text-editor\" data-id=\"bab3f0d\" data-element_type=\"widget\" data-widget_type=\"text-editor.default\">\n\t\t\t\t<div class=\"elementor-widget-container\">\n\t\t\t\t\t\t\t\t\t<p lang=\"de-DE\" style=\"text-align: left;\" align=\"justify\"><span style=\"font-family: Arial, sans-serif;\"><span lang=\"pl-PL\">Pianista i kompozytor, kt\u00f3ry ch\u0119tnie wykonuje dzie\u0142a nie tylko znanych kompozytor\u00f3w, takich jak Franciszek Liszt, ale tak\u017ce Charlesa-Valentina Alkana i <\/span><\/span><span style=\"font-family: Arial, sans-serif;\">innych mniej znanych. Jest absolwentem Akademii Muzycznej im. Karola Szymanowskiego w Katowicach w klasie fortepianu Joanny Doma\u0144skiej. Swoj\u0105 gr\u0119 doskonali\u0142 pod kierunkiem Rolfa-Dietera Arensa w Hochschule f\u00fcr Musik Franz Liszt w Weimarze i Konstantina Scherbakowa podczas mistrzowskich kurs\u00f3w pianistycznych, Zbigniewa Raubo (studia podyplomowe w Katowicach) i Lesliego Howarda w Londynie.<br \/><\/span><span style=\"font-family: Arial, sans-serif;\"><span style=\"font-size: medium;\">Laureat nagrody specjalnej w IV Mi\u0119dzynarodowym Konkursie Pianistycznym im. F. Liszta w Weimarze. Jako zdobywca Grand Prix w IV konkursie na projekt nagraniowy \u201eZapomniana Muzyka Polska\u201d, organizowany przez wytw\u00f3rni\u0119 Acte Pr\u00e9alable, nagra\u0142 wybrane utwory J\u00f3zefa Wieniawskiego. Stypendysta Urz\u0119du Marsza\u0142kowskiego w Katowicach i Towarzystwa Wagnerowskiego w Bayreuth, otrzyma\u0142 tak\u017ce nagrod\u0119 Burmistrza Miasta Tarnowskich G\u00f3r za osi\u0105gni\u0119cia kulturalne.<br \/><\/span><\/span><span style=\"font-family: Arial, sans-serif;\"><span style=\"font-size: medium;\">Jako pianista ma na swoim koncie wiele wyst\u0119p\u00f3w podczas festiwali i koncert\u00f3w zar\u00f3wno w Polsce, jak i innych krajach \u015bwiata (S\u0142owacja, Tajwan, Stany Zjednoczone, W\u0142ochy, Niemcy, Bu\u0142garia) graj\u0105c tak\u017ce na instrumentach historycznych oraz wyst\u0119puj\u0105c zar\u00f3wno solo, w duecie, jak i jako solista z orkiestrami.<br \/><\/span><\/span><span style=\"font-family: Arial, sans-serif;\"><span style=\"font-size: medium;\">Opr\u00f3cz dzia\u0142alno\u015bci pianistycznej Tomasz Kamieniak dzia\u0142a jako kompozytor, a jego bogata tw\u00f3rczo\u015b\u0107 zyska\u0142a uznanie wykonawc\u00f3w i publiczno\u015bci. Jest autorem utwor\u00f3w fortepianowych, klawesynowych, muzyki kameralnej, ch\u00f3ralnej, liryki wokalnej, muzyki filmowej oraz transkrypcji fortepianowych.<br \/><\/span><\/span><span style=\"font-family: Arial, sans-serif;\"><span style=\"font-size: medium;\">Jego utwory maj\u0105 w repertuarze tacy muzycy jak: Hanna Balcerzak, Aleksandra Gajecka-Antosiewicz, Anna G\u00f3recka, Anna Krzysztofik-Buczy\u0144ska, Gabriela Szendzielorz-Jungiewicz, Lilianna Stawarz, Marcin \u0141ukaszewski, Przemys\u0142aw Wierzba, Ben Connor.<br \/><\/span><\/span><span style=\"font-family: Arial, sans-serif;\"><span style=\"font-size: medium;\">Jego kompozycje i transkrypcje publikowane s\u0105 przez Muse Press w Japonii i Ars Musica w Polsce.<br \/><\/span><\/span><span style=\"font-family: Arial, sans-serif;\"><span style=\"font-size: medium;\">18 maja 2025, z okazji jubileuszu Orkiestry smyczkowej Archetti, zostanie prawykonany jego utw\u00f3r <\/span><\/span><span style=\"font-family: Arial, sans-serif;\"><span style=\"font-size: medium;\"><i>Krajobrazy wed\u0142ug Caspara Davida Friedricha <\/i><\/span><\/span><span style=\"font-family: Arial, sans-serif;\"><span style=\"font-size: medium;\">op. 84, pod dyrekcj\u0105 Macieja Tomasiewicza.<br \/><\/span><\/span><span style=\"font-family: Arial, sans-serif;\"><span style=\"font-size: medium;\">Jego dyskografia obejmuje album z utworami J\u00f3zefa Wieniawskiego (Acte Pr\u00e9alable), dwa albumy z w\u0142asnymi kompozycjami fortepianowymi (Acte Pr\u00e9alable), album z\u00a0muzyk\u0105 klawesynow\u0105, dwa albumy z utworami Valentina Silvestrova (Brilliant Classics), Liszta <\/span><\/span><span style=\"font-family: Arial, sans-serif;\"><span style=\"font-size: medium;\"><i>Polonicum<\/i><\/span><\/span><span style=\"font-family: Arial, sans-serif;\"><span style=\"font-size: medium;\"> (DUX) oraz dwa albumy muzyki fortepianowej Waltera Niemanna (Toccata Classics).<\/span><\/span><\/p><p style=\"text-align: left;\" align=\"justify\"><span style=\"font-family: Helvetica Neue, Arial, sans-serif;\"><span style=\"font-family: Arial, sans-serif;\"><i><b>Odkrywaj\u0105c pi\u0119kno<\/b><\/i><\/span><b> <\/b><span style=\"font-family: Arial, sans-serif;\">\u2013 tw\u00f3rczo\u015b\u0107 klawesynowa Tomasza Kamieniaka<\/span><\/span><\/p><p style=\"text-align: left;\" align=\"justify\"><span style=\"font-family: Helvetica Neue, Arial, sans-serif;\"><span style=\"font-family: Arial, sans-serif;\"><i>(\u2026)\u201e<\/i><\/span><span style=\"font-family: Arial, sans-serif;\"><i><b>Bagatele <\/b><\/i><\/span><span style=\"font-family: Arial, sans-serif;\"><i>\u2013 m\u00f3wi kompozytor \u2013 napisa\u0142em dla Hani Balcerzak; jako \u017ce ona g\u0142\u00f3wnie <\/i><\/span><span style=\"font-family: Arial, sans-serif;\"><span lang=\"fr-FR\"><i>\u00ab<\/i><\/span><\/span><span style=\"font-family: Arial, sans-serif;\"><i>siedzi<\/i><\/span><span style=\"font-family: Arial, sans-serif;\"><span lang=\"it-IT\"><i>\u00bb <\/i><\/span><\/span><span style=\"font-family: Arial, sans-serif;\"><i>w muzyce dawnej, to chcia\u0142em jej sprezentowa\u0107 takie drobiazgi, mo\u017cna rzec drobiazgi charakterystyczne\u201d.<\/i><\/span><span style=\"font-family: Arial, sans-serif;\"> Uzupe\u0142ni\u0119 wypowied\u017a kompozytora \u2013 Hanna Balcerzak jest znan\u0105 klawesynistk\u0105 <\/span><span style=\"font-family: Arial, sans-serif;\"><span lang=\"it-IT\">i pianistk<\/span><\/span><span style=\"font-family: Arial, sans-serif;\">\u0105<\/span><span style=\"font-family: Arial, sans-serif;\"><span lang=\"it-IT\">, siostr<\/span><\/span><span style=\"font-family: Arial, sans-serif;\">\u0105 bli\u017aniaczk\u0105 Aleksandry Gajeckiej-Antosiewicz, r\u00f3wnie\u017c pianistki i klawesynistki. Z obiema artystkami kompozytor od lat wsp\u00f3\u0142pracuje.<br \/><\/span><\/span><span style=\"font-family: Arial, sans-serif;\">Zgodnie z sugesti\u0105 zanotowan\u0105 w partyturze utwory mo\u017cna wykonywa\u0107 jako zintegrowany cykl lub jako pojedyncze miniatury. <\/span><span style=\"font-family: Arial, sans-serif;\"><i>Bagatele<\/i><\/span><span style=\"font-family: Arial, sans-serif;\"> powsta\u0142y w 2019, w Berlinie. S\u0105 zr\u00f3\u017cnicowane pod wzgl\u0119dem charakteru; jedne (jak trzecia i sz\u00f3sta) zbli\u017caj\u0105 si\u0119 do nokturnu, inne (np. si\u00f3dma) do etiudy, czy do marsza (pi\u0105ta). Charakterystyczn\u0105 cech\u0105 techniki kompozytorskiej Kamieniaka jest ukrywanie w d\u017awi\u0119kach \u201esfinks\u00f3w\u201d \u2013 imion i nazwisk os\u00f3b, kt\u00f3rym utwory s\u0105 po\u015bwi\u0119cone. Tak jest z czwart\u0105 <\/span><span style=\"font-family: Arial, sans-serif;\"><span lang=\"da-DK\">bagatel<\/span><\/span><span style=\"font-family: Arial, sans-serif;\">\u0105, kt\u00f3rej motyw pocz\u0105tkowy opiera si\u0119 na wybranych literach imienia i nazwiska Hanny Balcerzak, kt\u00f3rej cykl jest dedykowany.<\/span><\/p><p style=\"text-align: left;\" align=\"justify\"><span style=\"font-family: Helvetica Neue, Arial, sans-serif;\"><span style=\"font-family: Arial, sans-serif;\"><i><b>Sze\u015b\u0107 powa\u017cnych utwor\u00f3w<\/b><\/i><\/span><span style=\"font-family: Arial, sans-serif;\"> op. 47, czyli \u2013 w brzmieniu zgodnym z r\u0119kopi\u015bmienn\u0105 partytur\u0105 \u2013 <\/span><span style=\"font-family: Arial, sans-serif;\"><span lang=\"de-DE\"><i>Sechs ernste Werke f<\/i><\/span><\/span><span style=\"font-family: Arial, sans-serif;\"><i>\u00fc<\/i><\/span><span style=\"font-family: Arial, sans-serif;\"><span lang=\"de-DE\"><i>r Cembalo oder Klavier<\/i><\/span><\/span><span style=\"font-family: Arial, sans-serif;\">, powsta\u0142o w 2011, a dziesi\u0119\u0107 lat p\u00f3\u017aniej kompozytor dokona\u0142 rewizji partytury. Cykl sk\u0142ada si\u0119 z nast\u0119puj\u0105cych cz\u0119\u015bci: 1. <\/span><span style=\"font-family: Arial, sans-serif;\"><i>Et\u00fc<\/i><\/span><span style=\"font-family: Arial, sans-serif;\"><span lang=\"it-IT\"><i>de-Quasi Alkan<\/i><\/span><\/span><span style=\"font-family: Arial, sans-serif;\">, 2. <\/span><span style=\"font-family: Arial, sans-serif;\"><span lang=\"de-DE\"><i>Elegie<\/i><\/span><\/span><span style=\"font-family: Arial, sans-serif;\">, 3. <\/span><span style=\"font-family: Arial, sans-serif;\"><span lang=\"nl-NL\"><i>Scherzo<\/i><\/span><\/span><span style=\"font-family: Arial, sans-serif;\">, 4. <\/span><span style=\"font-family: Arial, sans-serif;\"><span lang=\"de-DE\"><i>Trauermarch<\/i><\/span><\/span><span style=\"font-family: Arial, sans-serif;\">, 5. <\/span><span style=\"font-family: Arial, sans-serif;\"><span lang=\"es-ES-u-co-trad\"><i>Choral<\/i><\/span><\/span><span style=\"font-family: Arial, sans-serif;\">, 6. <\/span><span style=\"font-family: Arial, sans-serif;\"><i>Postludium. Kiedy my\u015bli staj\u0105 si\u0119 niezno\u015bne<\/i><\/span><span style=\"font-family: Arial, sans-serif;\">.<br \/><\/span><\/span><span style=\"font-family: Helvetica Neue, Arial, sans-serif;\"><span style=\"font-family: Arial, sans-serif;\">Kamieniak nie zdradza okoliczno\u015bci powstania dzie\u0142a. Podpisanemu ni\u017cej wyjawi\u0142 jedynie: <\/span><span style=\"font-family: Arial, sans-serif;\"><i>\u201ePowa\u017cne utwory, dok\u0142adnie nie pami\u0119tam, ale musia\u0142y by\u0107 pisane w jakim\u015b nieciekawym momencie mojego \u017cycia\u201d<\/i><\/span><span style=\"font-family: Arial, sans-serif;\">. Stylistyka kompozycji zawartych w cyklu mo\u017ce sugerowa\u0107 nostalgi\u0119, zw\u0105tpienie w sens \u017cycia, przemijanie, smutek. Tyle interpretacja pozamuzyczna. Co mo\u017cna powiedzie\u0107 o poszczeg\u00f3lnych kompozycjach, o ich tkance d\u017awi\u0119kowej?<br \/><\/span><\/span><span style=\"font-family: Helvetica Neue, Arial, sans-serif;\"><span style=\"font-family: Arial, sans-serif;\"><span lang=\"es-ES-u-co-trad\"><i>Etiuda<\/i><\/span><\/span><b> <\/b><span style=\"font-family: Arial, sans-serif;\">ma typowo figuracyjny przebieg. Niezwykle efektowna, zwraca uwag\u0119 nie tylko potoczysto\u015bci\u0105, lecz tak\u017ce oryginalnym melosem figuracyjnej linii melodycznej. Miejscami daje si\u0119 s\u0142ysze\u0107 fascynacj\u0119 kompozytora estetyk\u0105 \u201e<\/span><span style=\"font-family: Arial, sans-serif;\"><span lang=\"it-IT\">minimal music\u201d<\/span><\/span><span style=\"font-family: Arial, sans-serif;\">. Tonalno\u015b\u0107 przeplata si\u0119 tu z posttonalno\u015bci\u0105, \u201e<\/span><span style=\"font-family: Arial, sans-serif;\"><span lang=\"it-IT\">repetitiv music\u201d<\/span><\/span><span style=\"font-family: Arial, sans-serif;\"> z neoromantyzmem, tworz\u0105c oryginaln\u0105 estetyk\u0119 d\u017awi\u0119kow\u0105 i dramatyczny charakter. Kompozytor stwierdza wprost: <\/span><span style=\"font-family: Arial, sans-serif;\"><i>\u201eetiuda ma cytat z Alkana \u2013 z jego etiudy i jest to pewien romans z technik\u0105 Glassa\u201d<\/i><\/span><span style=\"font-family: Arial, sans-serif;\">.<br \/><\/span><\/span><span style=\"font-family: Helvetica Neue, Arial, sans-serif;\"><span style=\"font-family: Arial, sans-serif;\">Z <\/span><span style=\"font-family: Arial, sans-serif;\"><i>Etiud\u0105 <\/i><\/span><span style=\"font-family: Arial, sans-serif;\">kontrastuje <\/span><span style=\"font-family: Arial, sans-serif;\"><i>Elegia<\/i><\/span><span style=\"font-family: Arial, sans-serif;\">, o nostalgicznym wybrzmieniu, d\u0142ugo prowadzonej frazie, spokojnym przebiegu, z elementami polifonii, wzbudzaj\u0105c nieznaczne skojarzenia z muzyk\u0105 barokow\u0105. Pod wzgl\u0119<\/span><span style=\"font-family: Arial, sans-serif;\"><span lang=\"de-DE\">dem d<\/span><\/span><span style=\"font-family: Arial, sans-serif;\">\u017awi\u0119kowym odznacza si\u0119 wszelako j\u0119zykiem naszych czas\u00f3w, z odcieniem postmodernizmu w tle. Tu tak\u017ce s\u0142ycha\u0107 zami\u0142owanie kompozytora do powtarzalno\u015bci struktur d\u017awi\u0119kowych, ale z wyra\u017anym ci\u0105\u017ceniem w stron\u0119 romantycznego pi\u0119kna. Pauza generalna w kulminacyjnym momencie przebiegu jest jak cezura na linii \u017cycia, za\u015b nieoczywiste zako\u0144czenie budzi pytanie: co dalej? Wkraczamy wi\u0119c w metafizyczne zagadnienia, kt\u00f3re kompozytor zdaje si\u0119 umieszcza\u0107 pomi\u0119dzy d\u017awi\u0119kami.<br \/><\/span><\/span><span style=\"font-family: Helvetica Neue, Arial, sans-serif;\"><span style=\"font-family: Arial, sans-serif;\"><span lang=\"nl-NL\"><i>Scherzo<\/i><\/span><\/span><b> <\/b><span style=\"font-family: Arial, sans-serif;\">przebiega pocz\u0105tkowo nad wyraz spokojnie, lecz po chwili wybucha w energicznym p\u0119dzie, budz\u0105c skojarzenia z <\/span><span style=\"font-family: Arial, sans-serif;\"><i>Etiud\u0105<\/i><\/span><span style=\"font-family: Arial, sans-serif;\">, jednak\u017ce o znacznie l\u017cejszym charakterze. Nieust\u0119pliwie powtarzane struktury d\u017awi\u0119kowe ponownie sugeruj\u0105 skojarzenia z \u201eminimal\u201d i \u201e<\/span><span style=\"font-family: Arial, sans-serif;\"><span lang=\"it-IT\">repetitiv music\u201d<\/span><\/span><span style=\"font-family: Arial, sans-serif;\">. Mo\u017cna tu odnale\u017a\u0107 dalekie echa <\/span><span style=\"font-family: Arial, sans-serif;\"><i>Koncertu klawesynowego <\/i><\/span><span style=\"font-family: Arial, sans-serif;\">H.M. G\u00f3reckiego. To skojarzenie nie dziwi, je\u015bli we\u017amie si\u0119 pod uwag\u0119 przyjacielskie kontakty kompozytora z rodzin\u0105 G\u00f3reckich. Mo\u017cna w <\/span><span style=\"font-family: Arial, sans-serif;\"><span lang=\"de-DE\"><i>Scherzu<\/i><\/span><\/span><span style=\"font-family: Arial, sans-serif;\"> us\u0142ysze\u0107 r\u00f3wnie\u017c echa muzyki minimalist\u00f3w ameryka\u0144skich \u2013 <\/span><span style=\"font-family: Arial, sans-serif;\"><span lang=\"pt-PT\">Steve<\/span><\/span><span style=\"font-family: Arial, sans-serif;\">\u2019<\/span><span style=\"font-family: Arial, sans-serif;\">a Reicha czy Philipa Glassa.<br \/><\/span><\/span><span style=\"font-family: Helvetica Neue, Arial, sans-serif;\"><span style=\"font-family: Arial, sans-serif;\"><i>Marsz \u017ca\u0142obny <\/i><\/span><span style=\"font-family: Arial, sans-serif;\">nawi\u0105zuje do tradycji gatunku, chocia\u017c nie mo\u017cna si\u0119 tu doszuka\u0107 ani inspiracji Chopinem, ani marszem Beethovena z jego <\/span><span style=\"font-family: Arial, sans-serif;\"><i>III Symfonii Es-dur<\/i><\/span><span style=\"font-family: Arial, sans-serif;\">, a je\u015bli ju\u017c \u2013 to marsz Kamieniaka mo\u017ce budzi\u0107 skojarzenia z drug\u0105 cz\u0119\u015bci\u0105 <\/span><span style=\"font-family: Arial, sans-serif;\"><i>VII Symfonii A-dur<\/i><\/span><span style=\"font-family: Arial, sans-serif;\"> mistrza z Bonn. Je\u015bli szuka\u0107 tu inspiracji muzyk\u0105 Beethovena, to widzianego przez pryzmat tw\u00f3rczo\u015bci Franza Liszta, kt\u00f3rej Kamieniak-pianista jest wybitnym interpretatorem. Kompozytor pod\u0105\u017ca jednak w\u0142asn\u0105 drog\u0105, napisawszy marsz w estetyce neotonalnej, nieco zbli\u017conej do muzyki filmowej, z czasem jednak wykracza poza tonalno\u015b\u0107, zaskakuj\u0105c s\u0142uchacza ciekaw\u0105 harmonik\u0105. Marsz zwraca uwag\u0119 dramatycznym i dostojnym przebiegiem, acz \u00f3w charakterystyczny dla niego rytm punktowany niekiedy zanika na rzecz powtarzalno\u015bci drobnych figur d\u017awi\u0119kowych.<br \/><\/span><\/span><span style=\"font-family: Helvetica Neue, Arial, sans-serif;\"><span style=\"font-family: Arial, sans-serif;\"><span lang=\"es-ES-u-co-trad\"><i>Chora<\/i><\/span><\/span><span style=\"font-family: Arial, sans-serif;\"><i>\u0142<\/i><\/span><span style=\"font-family: Arial, sans-serif;\"> z kolei \u2013 przedostatnia kompozycja w cyklu, przypominaj\u0105ca zrazu passacagli\u0119 \u2013 rozpoczyna si\u0119 st\u0105paj\u0105cym tematem w basie, na kt\u00f3rym stopniowo nadbudowuj\u0105 si\u0119 kolejne motywy. Wa\u017cne tu pauzy generalne i powolny, statyczny przebieg zdaj\u0105 si\u0119 by\u0107 \u201e<\/span><span style=\"font-family: Arial, sans-serif;\"><span lang=\"it-IT\">sui generis<\/span><\/span><span style=\"font-family: Arial, sans-serif;\">\u201d komentarzem po marszu \u017ca\u0142obnym. <\/span><span style=\"font-family: Arial, sans-serif;\"><span lang=\"es-ES-u-co-trad\"><i>Chora<\/i><\/span><\/span><span style=\"font-family: Arial, sans-serif;\"><i>\u0142<\/i><\/span><span style=\"font-family: Arial, sans-serif;\"> pe\u0142ni tu tak\u0105 funkcj\u0119, jak <\/span><span style=\"font-family: Arial, sans-serif;\"><i>Fina\u0142<\/i><\/span><span style=\"font-family: Arial, sans-serif;\"> w <\/span><span style=\"font-family: Arial, sans-serif;\"><i>Sonacie b-moll<\/i><\/span><span style=\"font-family: Arial, sans-serif;\"> Chopina \u2013 nie jest jednak \u201eogadywaniem po marszu\u201d, jak u Chopina, kt\u00f3rego fina\u0142 przebiega w szybkim tempie, lecz spokojnym, wywa\u017conym komentarzem, rozmy\u015blaniem ko\u0144cz\u0105cym si\u0119 w nieoczywisty spos\u00f3b \u2013 zawieszeniem, <\/span><span style=\"font-family: Arial, sans-serif;\"><span lang=\"it-IT\"><i>quasi<\/i><\/span><\/span><span style=\"font-family: Arial, sans-serif;\"> pytaniem, kt\u00f3rych w muzyce Kamieniaka nie brakuje.<br \/><\/span><\/span><span style=\"font-family: Helvetica Neue, Arial, sans-serif;\"><span style=\"font-family: Arial, sans-serif;\"><i>Postludium<\/i><\/span><span style=\"font-family: Arial, sans-serif;\"><span lang=\"de-DE\">, wie<\/span><\/span><span style=\"font-family: Arial, sans-serif;\">\u0144cz\u0105ce cykl <\/span><span style=\"font-family: Arial, sans-serif;\"><i>Utwor\u00f3w powa\u017cnych<\/i><\/span><span style=\"font-family: Arial, sans-serif;\"><span lang=\"it-IT\">, ma <\/span><\/span><span style=\"font-family: Arial, sans-serif;\">\u2013 podobnie jak wcze\u015bniejsze miniatury \u2013 spokojny przebieg oparty na minimalistycznie traktowanym motywie czo\u0142owym, kt\u00f3ry przewija si\u0119 w r\u00f3\u017cnych transfiguracjach przez ca\u0142\u0105 kompozycj\u0119. Stanowi przeciwwag\u0119 do inicjuj\u0105cej cykl <\/span><span style=\"font-family: Arial, sans-serif;\"><i>Etiudy<\/i><\/span><span style=\"font-family: Arial, sans-serif;\">. Symbolicznie, je\u015bli we wcze\u015bniejszych utworach kompozytor stawia znaki zapytania, to postludium jest poprzez \u2013 oczywiste tym razem \u2013 <\/span><span style=\"font-family: Arial, sans-serif;\"><span lang=\"da-DK\">domkni<\/span><\/span><span style=\"font-family: Arial, sans-serif;\">\u0119cie przebiegu, postawieniem kropki w zdaniu. Nie znajdziemy tu jednak odpowiedzi na wcze\u015bniejsze nurtuj\u0105ce nas pytania, bowiem \u2013 jak twierdzi Marek H\u0142asko \u2013 \u201e<\/span><span style=\"font-family: Arial, sans-serif;\"><i>\u017bycie ludzkie jest pytaniem, a nie odpowiedzi\u0105\u201d. (\u2026)<br \/><\/i><\/span><\/span>\u201e<span style=\"font-family: Helvetica Neue, Arial, sans-serif;\"><span style=\"font-family: Arial, sans-serif;\"><i>Najpi\u0119kniejsze do\u015bwiadczenie, jakie mo\u017cemy mie\u0107, to tajemnica \u2013 fundamentalna emocja, kt\u00f3ra stoi u kolebki prawdziwej sztuki i prawdziwej nauki\u201d<\/i><\/span><span style=\"font-family: Arial, sans-serif;\"> \u2013 powiedzia\u0142 Albert Einstein. Tak postrzegam muzyk\u0119 Tomasza Kamieniaka \u2013 jako tajemnic\u0119. Nie wszystko bowiem, co s\u0142yszalne, jest oczywiste. Nie zawsze muzyka, kt\u00f3ra wydaje si\u0119 czysta przez sw\u0105 zrozumia\u0142\u0105 struktur\u0119 i prostot\u0119, jest w pe\u0142ni odkryta. Kompozytor poprzez tw\u00f3rczo\u015b\u0107 dzieli si\u0119 ze s\u0142uchaczem swoim do\u015bwiadczeniem, ale nie wszystko ujawnia. Wiele z jego emocji, pragnie\u0144, wzlot\u00f3w i uniesie\u0144, rado\u015bci i smutk\u00f3w, kt\u00f3re ukrywa w swojej muzyce, przekazuje nam poprzez pi\u0119kno. Odkrywa tyle, ile zechce odkry\u0107. S\u0142uchacz mo\u017ce p\u00f3j\u015b\u0107 o krok dalej, kontempluj\u0105c pi\u0119kno tej muzyki, s\u0142<\/span><span style=\"font-family: Arial, sans-serif;\"><span lang=\"es-ES-u-co-trad\">uchaj<\/span><\/span><span style=\"font-family: Arial, sans-serif;\">\u0105c j\u0105 i prze\u017cywaj\u0105c wielokrotnie, nie pytaj\u0105c kompozytora o detale. <\/span><span style=\"font-family: Arial, sans-serif;\"><i>\u201eJe\u015bli \u015bcie\u017cka jest pi\u0119kna, nie pytajmy, dok\u0105d prowadzi\u201d<\/i><\/span><span style=\"font-family: Arial, sans-serif;\"> \u2013 powiada Anatole France, bo pi\u0119kno <\/span><span style=\"font-family: Arial, sans-serif;\"><i>\u201ejest obietnic\u0105 szcz\u0119\u015bcia\u201d<\/i><\/span><span style=\"font-family: Arial, sans-serif;\">, jak m\u00f3wi z kolei Stendhal.<br \/><\/span><\/span><span style=\"font-family: Helvetica Neue, Arial, sans-serif;\"><span style=\"font-family: Arial, sans-serif;\"><span lang=\"es-ES-u-co-trad\">Reasumuj<\/span><\/span><span style=\"font-family: Arial, sans-serif;\">\u0105c: nie komentujmy \u2013 s\u0142uchajmy, prze\u017cywajmy, odbierajmy wzruszenie z muzyki i dzielmy si\u0119 ni\u0105 z innymi.<\/span><\/span><\/p><p style=\"text-align: right;\" align=\"right\"><span style=\"font-family: Arial, sans-serif;\"><b>Marcin \u0141ukaszewski<\/b><\/span><\/p>\t\t\t\t\t\t\t\t<\/div>\n\t\t\t\t<\/div>\n\t\t\t\t\t<\/div>\n\t\t<\/div>\n\t\t\t\t\t<\/div>\n\t\t<\/section>\n\t\t\t\t<\/div>\n\t\t","protected":false},"excerpt":{"rendered":"<p>Tomasz Kamieniak fot. Chris Peng Pianista i kompozytor, kt\u00f3ry ch\u0119tnie wykonuje dzie\u0142a nie tylko znanych kompozytor\u00f3w, takich jak Franciszek Liszt, ale tak\u017ce Charlesa-Valentina Alkana i&hellip;<\/p>\n","protected":false},"author":1,"featured_media":0,"parent":0,"menu_order":0,"comment_status":"closed","ping_status":"closed","template":"","meta":{"footnotes":""},"class_list":["post-17163","page","type-page","status-publish","hentry"],"_links":{"self":[{"href":"https:\/\/wsm.art.pl\/index.php?rest_route=\/wp\/v2\/pages\/17163","targetHints":{"allow":["GET"]}}],"collection":[{"href":"https:\/\/wsm.art.pl\/index.php?rest_route=\/wp\/v2\/pages"}],"about":[{"href":"https:\/\/wsm.art.pl\/index.php?rest_route=\/wp\/v2\/types\/page"}],"author":[{"embeddable":true,"href":"https:\/\/wsm.art.pl\/index.php?rest_route=\/wp\/v2\/users\/1"}],"replies":[{"embeddable":true,"href":"https:\/\/wsm.art.pl\/index.php?rest_route=%2Fwp%2Fv2%2Fcomments&post=17163"}],"version-history":[{"count":4,"href":"https:\/\/wsm.art.pl\/index.php?rest_route=\/wp\/v2\/pages\/17163\/revisions"}],"predecessor-version":[{"id":17168,"href":"https:\/\/wsm.art.pl\/index.php?rest_route=\/wp\/v2\/pages\/17163\/revisions\/17168"}],"wp:attachment":[{"href":"https:\/\/wsm.art.pl\/index.php?rest_route=%2Fwp%2Fv2%2Fmedia&parent=17163"}],"curies":[{"name":"wp","href":"https:\/\/api.w.org\/{rel}","templated":true}]}}