{"id":17153,"date":"2025-04-26T17:47:19","date_gmt":"2025-04-26T17:47:19","guid":{"rendered":"https:\/\/wsm.art.pl\/?page_id=17153"},"modified":"2025-04-26T17:59:18","modified_gmt":"2025-04-26T17:59:18","slug":"2025-jedrzejewska","status":"publish","type":"page","link":"https:\/\/wsm.art.pl\/?page_id=17153","title":{"rendered":"2025 J\u0118DRZEJEWSKA Anna"},"content":{"rendered":"\t\t<div data-elementor-type=\"wp-page\" data-elementor-id=\"17153\" class=\"elementor elementor-17153\">\n\t\t\t\t\t\t<section class=\"elementor-section elementor-top-section elementor-element elementor-element-7da13de6 elementor-section-boxed elementor-section-height-default elementor-section-height-default\" data-id=\"7da13de6\" data-element_type=\"section\">\n\t\t\t\t\t\t<div class=\"elementor-container elementor-column-gap-default\">\n\t\t\t\t\t<div class=\"elementor-column elementor-col-100 elementor-top-column elementor-element elementor-element-23bcaf58\" data-id=\"23bcaf58\" data-element_type=\"column\">\n\t\t\t<div class=\"elementor-widget-wrap elementor-element-populated\">\n\t\t\t\t\t\t<div class=\"elementor-element elementor-element-4a64ab4c elementor-widget elementor-widget-heading\" data-id=\"4a64ab4c\" data-element_type=\"widget\" data-widget_type=\"heading.default\">\n\t\t\t\t<div class=\"elementor-widget-container\">\n\t\t\t\t\t<h2 class=\"elementor-heading-title elementor-size-default\">Anna J\u0119drzejewska<\/h2>\t\t\t\t<\/div>\n\t\t\t\t<\/div>\n\t\t\t\t\t<\/div>\n\t\t<\/div>\n\t\t\t\t\t<\/div>\n\t\t<\/section>\n\t\t\t\t<section class=\"elementor-section elementor-top-section elementor-element elementor-element-46548e99 elementor-section-boxed elementor-section-height-default elementor-section-height-default\" data-id=\"46548e99\" data-element_type=\"section\">\n\t\t\t\t\t\t<div class=\"elementor-container elementor-column-gap-default\">\n\t\t\t\t\t<div class=\"elementor-column elementor-col-50 elementor-top-column elementor-element elementor-element-6381e498\" data-id=\"6381e498\" data-element_type=\"column\">\n\t\t\t<div class=\"elementor-widget-wrap elementor-element-populated\">\n\t\t\t\t\t\t<div class=\"elementor-element elementor-element-4a32b6e9 elementor-widget elementor-widget-image\" data-id=\"4a32b6e9\" data-element_type=\"widget\" data-widget_type=\"image.default\">\n\t\t\t\t<div class=\"elementor-widget-container\">\n\t\t\t\t\t\t\t\t\t\t\t\t<figure class=\"wp-caption\">\n\t\t\t\t\t\t\t\t\t\t<img fetchpriority=\"high\" decoding=\"async\" width=\"768\" height=\"576\" src=\"https:\/\/wsm.art.pl\/wp-content\/uploads\/2025\/04\/jedrzejewska-foto-diego-jedrzejewski-small-768x576.jpg\" class=\"attachment-medium_large size-medium_large wp-image-17155\" alt=\"\" srcset=\"https:\/\/wsm.art.pl\/wp-content\/uploads\/2025\/04\/jedrzejewska-foto-diego-jedrzejewski-small-768x576.jpg 768w, https:\/\/wsm.art.pl\/wp-content\/uploads\/2025\/04\/jedrzejewska-foto-diego-jedrzejewski-small-300x225.jpg 300w, https:\/\/wsm.art.pl\/wp-content\/uploads\/2025\/04\/jedrzejewska-foto-diego-jedrzejewski-small-1024x768.jpg 1024w, https:\/\/wsm.art.pl\/wp-content\/uploads\/2025\/04\/jedrzejewska-foto-diego-jedrzejewski-small.jpg 1200w\" sizes=\"(max-width: 768px) 100vw, 768px\" \/>\t\t\t\t\t\t\t\t\t\t\t<figcaption class=\"widget-image-caption wp-caption-text\">fot.Diego J\u0119drzejewski<\/figcaption>\n\t\t\t\t\t\t\t\t\t\t<\/figure>\n\t\t\t\t\t\t\t\t\t<\/div>\n\t\t\t\t<\/div>\n\t\t\t\t\t<\/div>\n\t\t<\/div>\n\t\t\t\t<div class=\"elementor-column elementor-col-50 elementor-top-column elementor-element elementor-element-239de16a\" data-id=\"239de16a\" data-element_type=\"column\">\n\t\t\t<div class=\"elementor-widget-wrap\">\n\t\t\t\t\t\t\t<\/div>\n\t\t<\/div>\n\t\t\t\t\t<\/div>\n\t\t<\/section>\n\t\t\t\t<section class=\"elementor-section elementor-top-section elementor-element elementor-element-3405c99 elementor-section-boxed elementor-section-height-default elementor-section-height-default\" data-id=\"3405c99\" data-element_type=\"section\">\n\t\t\t\t\t\t<div class=\"elementor-container elementor-column-gap-default\">\n\t\t\t\t\t<div class=\"elementor-column elementor-col-100 elementor-top-column elementor-element elementor-element-0f66f61\" data-id=\"0f66f61\" data-element_type=\"column\">\n\t\t\t<div class=\"elementor-widget-wrap elementor-element-populated\">\n\t\t\t\t\t\t<div class=\"elementor-element elementor-element-ebf86ae elementor-widget elementor-widget-text-editor\" data-id=\"ebf86ae\" data-element_type=\"widget\" data-widget_type=\"text-editor.default\">\n\t\t\t\t<div class=\"elementor-widget-container\">\n\t\t\t\t\t\t\t\t\t<p style=\"text-align: left;\" align=\"justify\"><span style=\"font-family: Arial, sans-serif;\"><span style=\"font-size: medium;\">Kompozytorka, pianistka, artystka interdyscyplinarna, improwizatorka, kuratorka, re\u017cyserka. Jej tw\u00f3rczo\u015b\u0107 opiera si\u0119 na improwizacji, zakorzenionej w<\/span><\/span><b> <\/b><span style=\"font-family: Arial, sans-serif;\"><span style=\"font-size: medium;\">tradycji sztuki europejskiej XX w., \u0142\u0105cz\u0105c muzyk\u0119,<\/span><\/span><b> <\/b><span style=\"font-family: Arial, sans-serif;\"><span style=\"font-size: medium;\">multimedia i elektronik\u0119.<\/span><\/span><\/p><p style=\"text-align: left;\" align=\"justify\"><span style=\"font-family: Arial, sans-serif;\"><span style=\"font-size: medium;\">W latach 1992-97 studiowa\u0142a kompozycj\u0119 w klasie Bogus\u0142awa Schaeffera w Akademii Muzycznej w Krakowie. Swoje umiej\u0119tno\u015bci doskonali\u0142a na kursach muzycznych w Darmstadt, Stuttgarcie i Krakowie oraz u profesor\u00f3w Adama Kaczy\u0144skiego, Krystyny Moszuma\u0144skiej-Nazar, Marka Cho\u0142oniewskiego, Lidii Zieli\u0144skiej, Matthiasa Hermana, Krzysztofa Knittla i W\u0142odzimierza Kiniorskiego. Ponadto studiowa\u0142a w Akademii Sztuk Pi\u0119knych w Krakowie w klasie rze\u017aby multimedialnej Antoniego Porczaka. W 2009 uko\u0144czy\u0142a re\u017cyseri\u0119 i monta\u017c w Akademii Filmu i Telewizji w Warszawie. Jako prac\u0119 dyplomow\u0105 zrealizowa\u0142a w Akademii film dokumentalny <\/span><\/span><span style=\"font-family: Arial, sans-serif;\"><span style=\"font-size: medium;\"><i>M\u00f3j tato jest rze\u017ab\u0105<\/i><\/span><\/span><span style=\"font-family: Arial, sans-serif;\"><span style=\"font-size: medium;\">.<\/span><\/span><\/p><p style=\"text-align: left;\" align=\"justify\"><span style=\"font-family: Arial, sans-serif;\"><span style=\"font-size: medium;\">W Konkursie Muzyki Sakralnej Gaude Mater w Cz\u0119stochowie w 1998 otrzyma\u0142a III nagrod\u0119 za kompozycj\u0119 <\/span><\/span><span style=\"font-family: Arial, sans-serif;\"><span style=\"font-size: medium;\"><i>Pater Noster<\/i><\/span><\/span><span style=\"font-family: Arial, sans-serif;\"><span style=\"font-size: medium;\"> na ch\u00f3r mieszany a capella (1998), w Konkursie M\u0142odych Kompozytor\u00f3w im. Tadeusza Bairda za\u015b dwukrotnie wyr\u00f3\u017cnienie: w 2002 za <\/span><\/span><span style=\"font-family: Arial, sans-serif;\"><span style=\"font-size: medium;\"><i>emotion-s<\/i><\/span><\/span><span style=\"font-family: Arial, sans-serif;\"><span style=\"font-size: medium;\"> na zesp\u00f3\u0142 instrumentalny i ta\u015bm\u0119 (2002), a w 2004 roku za <\/span><\/span><span style=\"font-family: Arial, sans-serif;\"><span style=\"font-size: medium;\"><i>Rhizm<\/i><\/span><\/span><span style=\"font-family: Arial, sans-serif;\"><span style=\"font-size: medium;\"> na skrzypce, wiolonczel\u0119 i fortepian (2003).<\/span><\/span><\/p><p style=\"text-align: left;\" align=\"justify\"><span style=\"font-family: Arial, sans-serif;\"><span style=\"font-size: medium;\">W 2023 dzi\u0119ki Stypendium dzielnicy \u015ar\u00f3dmie\u015bcie m.st. Warszawy zrealizowa\u0142a cykl video partytur dla dzieci.<\/span><\/span><\/p><p style=\"text-align: left;\" align=\"justify\"><span style=\"font-family: Arial, sans-serif;\"><span style=\"font-size: medium;\">Organizowa\u0142a festiwale sztuki intuicyjnej Fortalicje i Intuitiva, wsp\u00f3\u0142organizowa\u0142a Konferencj\u0119 Nowej Sztuki oraz festiwale Supersam Plus 1 i M\u00f3zg Festival, jako kuratorka odpowiedzialna by\u0142a tak\u017ce za projekt <\/span><\/span><span style=\"font-family: Arial, sans-serif;\"><span style=\"font-size: medium;\"><i>Warszawskie Studio Eksperymentu<\/i><\/span><\/span><span style=\"font-family: Arial, sans-serif;\"><span style=\"font-size: medium;\"> w 2023. W duecie Salulu stworzy\u0142a Video Score i Energetic Resonance \u2013 improwizowane projekty operowe z pogranicza wideo, elektroniki i improwizacji, prezentowane, m.in. na festiwalu Darmst\u00e4dter Ferienkurse i Warszawska Jesie\u0144. Prowadzi r\u00f3wnie\u017c warsztaty i wsp\u00f3\u0142organizuje Intuicyjn\u0105 Konferencj\u0119 Muzyczn\u0105 po\u015bwi\u0119con\u0105 performansowi, partyturze graficznej, ta\u0144cowi i multidyscyplinarnej improwizacji. Osi\u0105 jej tw\u00f3rczo\u015bci jest nieadekwatno\u015b\u0107 zapisu muzycznego do cel\u00f3w muzyki intuicyjnej oraz wykorzystanie medium wideo jako partytury. Obecne projekty, takie jak Suparastral, Umbra, Hybrid czy Somatic recycling, to improwizowane spektakle muzyczne oparte na elektronice i transformacjach, w scenografii z instalacji wideo.<br \/><br \/><br \/><strong><span class=\"fontstyle0\">GADATLIWO\u015a\u0106 DRZEW <br \/><\/span><\/strong><\/span><\/span><\/p><p style=\"text-align: left;\" align=\"justify\"><em><span style=\"font-family: Arial, sans-serif;\"><span style=\"font-size: medium;\"><span class=\"fontstyle3\">Stoj\u0119 w lesie. Niesamowita geometria i architektura pni.<br \/>Bezruch i cisza.<br \/><\/span><\/span><\/span><span style=\"font-family: Arial, sans-serif;\"><span style=\"font-size: medium;\"><span class=\"fontstyle3\">Pojedynczy li\u015b\u0107 odrywa si\u0119 od ga\u0142\u0119zi i rozpoczyna hipnotyzuj\u0105cy taniec ku ziemi. <br \/>Idealna choreografia lotu.<br \/><\/span><\/span><\/span><span style=\"font-family: Arial, sans-serif;\"><span style=\"font-size: medium;\"><span class=\"fontstyle3\">W tej aksamitnej katedrze natury pojawia si\u0119 my\u015bl: <\/span><span class=\"fontstyle4\">\u201eoto gadatliwo\u015b\u0107 drzew\u201d.<\/span><\/span><\/span><\/em><\/p><p style=\"text-align: left;\" align=\"justify\"><span style=\"font-family: Arial, sans-serif;\"><span style=\"font-size: medium;\"><span class=\"fontstyle2\">Silnym impulsem do powstania utworu by\u0142a lektura ksi\u0105\u017cki Petera Wohllebena <\/span><span class=\"fontstyle3\">Sekretne \u017cycie drzew<\/span><span class=\"fontstyle2\">, w kt\u00f3rej autor opisuje las jako organizm rozproszony: drzewa przekazuj\u0105 sobie sk\u0142adniki od\u017cywcze, ostrzegaj\u0105 si\u0119 przed zagro\u017ceniami, wspieraj\u0105 os\u0142abione jednostki. To funkcjonuj\u0105ca w czasie rzeczywistym sie\u0107 wymiany \u2013 cicha, nielinearna, czu\u0142a.<br \/><br \/><\/span><\/span><\/span><span style=\"font-family: Arial, sans-serif;\"><span style=\"font-size: medium;\"><span class=\"fontstyle2\">W obliczu globalnych do\u015bwiadcze\u0144 (m.in. pandemia 2020), kt\u00f3re ujawni\u0142y wra\u017cliwo\u015b\u0107 struktur spo\u0142ecznych i ekosystemowych, projekt <\/span><span class=\"fontstyle3\">Gadatliwo\u015b\u0107 drzew <\/span><span class=\"fontstyle2\">stanowi pr\u00f3b\u0119 przetransponowania zasad le\u015bnej komunikacji do formy artystycznej \u2013 bez antropomorfizacji \u2013 jako <\/span><span class=\"fontstyle0\">model relacyjny<\/span><span class=\"fontstyle2\">.<br \/><br \/><\/span><\/span><\/span><span style=\"font-family: Arial, sans-serif;\"><span style=\"font-size: medium;\"><span class=\"fontstyle2\">Instalacja oparta jest na o\u015bmiu niezale\u017cnych \u015bcie\u017ckach d\u017awi\u0119kowych, emitowanych z osobnych g\u0142o\u015bnik\u00f3w rozmieszczonych w przestrzeni. <\/span><\/span><\/span><span style=\"font-family: Arial, sans-serif;\"><span style=\"font-size: medium;\"><span class=\"fontstyle2\">Materia\u0142 d\u017awi\u0119kowy zosta\u0142 pozyskany podczas nagra\u0144 wykonanych w terenie trzema rodzajami mikrofon\u00f3w: pojemno\u015bciowym, kontaktowym (piezo) oraz sejsmicznym (ig\u0142owym).<br \/><br \/><\/span><\/span><\/span><span style=\"font-family: Arial, sans-serif;\"><span style=\"font-size: medium;\"><span class=\"fontstyle2\">Du\u017cym wyzwaniem by\u0142a dyskrecja drzew oraz og\u00f3lna atmosfera wok\u00f3\u0142 nich: ptaki rozpoczynaj\u0105ce okres l\u0119gowy, szum wiatru, przeloty samolot\u00f3w. <\/span><\/span><\/span><span style=\"font-family: Arial, sans-serif;\"><span style=\"font-size: medium;\"><span class=\"fontstyle2\">Nagranie wymaga\u0142o rzadko dot\u0105d stosowanej w field-recordingu technologii 32-bitowej zmiennoprzecinkowej. Dopiero przy jej u\u017cyciu uda\u0142o si\u0119 uchwyci\u0107 wewn\u0119trzn\u0105 atmosfer\u0119 drzew bez odg\u0142os\u00f3w otoczenia.<br \/><br \/><\/span><\/span><\/span><span style=\"font-family: Arial, sans-serif;\"><span style=\"font-size: medium;\"><span class=\"fontstyle2\">Zarejestrowane zosta\u0142y:<br \/><\/span><\/span><\/span><span style=\"font-family: Arial, sans-serif;\"><span style=\"font-size: medium;\"><span class=\"fontstyle2\">\u2013 skrzypienia struktury drzewnej,<br \/><\/span><\/span><\/span><span style=\"font-family: Arial, sans-serif;\"><span style=\"font-size: medium;\"><span class=\"fontstyle2\">\u2013 mikrodrgania ga\u0142\u0119zi,<br \/><\/span><\/span><\/span><span style=\"font-family: Arial, sans-serif;\"><span style=\"font-size: medium;\"><span class=\"fontstyle2\">\u2013 szumy o nieokre\u015blonym pochodzeniu.<br \/><br \/><\/span><\/span><\/span><span style=\"font-family: Arial, sans-serif;\"><span style=\"font-size: medium;\"><span class=\"fontstyle2\">Z tego materia\u0142u, przetwarzanego elektronicznie, powsta\u0142y trzy warstwy d\u017awi\u0119k\u00f3w odpowiadaj\u0105ce trzem kana\u0142om transmisji biologicznej: <\/span><\/span><\/span><span style=\"font-family: Arial, sans-serif;\"><span style=\"font-size: medium;\"><span class=\"fontstyle0\">sieci mikoryzowej, impulsom elektrycznym oraz sygna\u0142om chemicznym. <\/span><\/span><\/span><span style=\"font-family: Arial, sans-serif;\"><span style=\"font-size: medium;\"><span class=\"fontstyle2\">System g\u0142o\u015bnik\u00f3w emituj\u0105cych d\u017awi\u0119ki w przestrzeni oraz subtelne video tworzy <\/span><span class=\"fontstyle0\">cyfrowoakustyczny las<\/span><span class=\"fontstyle2\">, odwzorowuj\u0105cy le\u015bny system wra\u017cliwo\u015bci wed\u0142ug wyobra\u017ce\u0144 kompozytorki. Publiczno\u015b\u0107 umieszczona jest w \u015brodku uk\u0142adu.<br \/><br \/><\/span><\/span><\/span><span style=\"font-family: Arial, sans-serif;\"><span style=\"font-size: medium;\"><span class=\"fontstyle0\">Co mog\u0105 m\u00f3wi\u0107 drzewa?<br \/><br \/><\/span><\/span><\/span><span style=\"font-family: Arial, sans-serif;\"><span style=\"font-size: medium;\"><span class=\"fontstyle2\">Pr\u00f3buj\u0105c wyobrazi\u0107 sobie spos\u00f3b komunikacji tego systemu, autorka poprosi\u0142a AI o wygenerowanie <\/span><strong><span class=\"fontstyle0\">symulowanego logu <\/span><\/strong><span class=\"fontstyle2\">mo\u017cliwego j\u0119zyka wymiany informacji w strukturze drzewnej. Oto on:<br \/><br \/><\/span><\/span><\/span><span style=\"font-family: Arial, sans-serif;\"><span style=\"font-size: medium;\"><span class=\"fontstyle2\">(napr\u0119\u017cenie na styku \u015bwiat\u0142a i gleby) <br \/>(co\u015b si\u0119 rusza\u0142o \u2013 zapami\u0119tano) <br \/>(trwa\u0142a wymiana \u2013 przerwana) <br \/>(obw\u00f3d otwarty)<br \/><\/span><\/span><\/span><span style=\"font-family: Arial, sans-serif;\"><span style=\"font-size: medium;\"><span class=\"fontstyle2\">(ciep\u0142o \u2013 potem nagle bardzo jasno) <br \/>(tu by\u0142o co\u015b wiele razy \u2013 w ko\u0144cu znik\u0142o) <br \/>(nie zd\u0105\u017cyli\u015bmy ich wch\u0142on\u0105\u0107)<br \/><\/span><\/span><\/span><span style=\"font-family: Arial, sans-serif;\"><span style=\"font-size: medium;\"><span class=\"fontstyle2\">(wz\u00f3r wiatru powtarzany przez 43 sezony \u2013 znik\u0142) <br \/>(miejsca uderze\u0144 \u2013 nie zasklepi\u0142y si\u0119)<br \/><\/span><\/span><\/span><span style=\"font-family: Arial, sans-serif;\"><span style=\"font-size: medium;\"><span class=\"fontstyle2\">(brak wymiany \u2013 g\u0119sto\u015b\u0107 zbyt niska)<br \/><\/span><\/span><\/span><span style=\"font-family: Arial, sans-serif;\"><span style=\"font-size: medium;\"><span class=\"fontstyle2\">(sygna\u0142y kr\u00f3tkie, intensywne \u2013 nie przesz\u0142y przez rdze\u0144) <br \/>(dane rozerwane \u2013 niezintegrowane)<br \/><\/span><\/span><\/span><span style=\"font-family: Arial, sans-serif;\"><span style=\"font-size: medium;\"><span class=\"fontstyle2\">(obecno\u015b\u0107 jednostronna \u2013 nieprzyswajalna) <br \/>(zatrzymano cykl \/ gleba zgubi\u0142a odpowied\u017a) <br \/>(brak reakcji z s\u0105siednich uk\u0142ad\u00f3w \u2013 od\u0142\u0105czenie)<\/span><\/span><\/span><\/p><p style=\"text-align: right;\" align=\"justify\"><span style=\"font-family: Arial, sans-serif;\"><span style=\"font-size: medium;\"><strong>Anna J\u0119drzejewska<\/strong><br \/><br \/><\/span><\/span><\/p>\t\t\t\t\t\t\t\t<\/div>\n\t\t\t\t<\/div>\n\t\t\t\t\t<\/div>\n\t\t<\/div>\n\t\t\t\t\t<\/div>\n\t\t<\/section>\n\t\t\t\t<\/div>\n\t\t","protected":false},"excerpt":{"rendered":"<p>Anna J\u0119drzejewska fot.Diego J\u0119drzejewski Kompozytorka, pianistka, artystka interdyscyplinarna, improwizatorka, kuratorka, re\u017cyserka. Jej tw\u00f3rczo\u015b\u0107 opiera si\u0119 na improwizacji, zakorzenionej w tradycji sztuki europejskiej XX w., \u0142\u0105cz\u0105c&hellip;<\/p>\n","protected":false},"author":1,"featured_media":0,"parent":0,"menu_order":0,"comment_status":"closed","ping_status":"closed","template":"","meta":{"footnotes":""},"class_list":["post-17153","page","type-page","status-publish","hentry"],"_links":{"self":[{"href":"https:\/\/wsm.art.pl\/index.php?rest_route=\/wp\/v2\/pages\/17153","targetHints":{"allow":["GET"]}}],"collection":[{"href":"https:\/\/wsm.art.pl\/index.php?rest_route=\/wp\/v2\/pages"}],"about":[{"href":"https:\/\/wsm.art.pl\/index.php?rest_route=\/wp\/v2\/types\/page"}],"author":[{"embeddable":true,"href":"https:\/\/wsm.art.pl\/index.php?rest_route=\/wp\/v2\/users\/1"}],"replies":[{"embeddable":true,"href":"https:\/\/wsm.art.pl\/index.php?rest_route=%2Fwp%2Fv2%2Fcomments&post=17153"}],"version-history":[{"count":7,"href":"https:\/\/wsm.art.pl\/index.php?rest_route=\/wp\/v2\/pages\/17153\/revisions"}],"predecessor-version":[{"id":17162,"href":"https:\/\/wsm.art.pl\/index.php?rest_route=\/wp\/v2\/pages\/17153\/revisions\/17162"}],"wp:attachment":[{"href":"https:\/\/wsm.art.pl\/index.php?rest_route=%2Fwp%2Fv2%2Fmedia&parent=17153"}],"curies":[{"name":"wp","href":"https:\/\/api.w.org\/{rel}","templated":true}]}}