{"id":17143,"date":"2025-04-26T17:40:57","date_gmt":"2025-04-26T17:40:57","guid":{"rendered":"https:\/\/wsm.art.pl\/?page_id=17143"},"modified":"2025-04-26T17:42:05","modified_gmt":"2025-04-26T17:42:05","slug":"2025-huszcza","status":"publish","type":"page","link":"https:\/\/wsm.art.pl\/?page_id=17143","title":{"rendered":"2025 HUSZCZA Anna Maria"},"content":{"rendered":"\t\t<div data-elementor-type=\"wp-page\" data-elementor-id=\"17143\" class=\"elementor elementor-17143\">\n\t\t\t\t\t\t<section class=\"elementor-section elementor-top-section elementor-element elementor-element-7da13de6 elementor-section-boxed elementor-section-height-default elementor-section-height-default\" data-id=\"7da13de6\" data-element_type=\"section\">\n\t\t\t\t\t\t<div class=\"elementor-container elementor-column-gap-default\">\n\t\t\t\t\t<div class=\"elementor-column elementor-col-100 elementor-top-column elementor-element elementor-element-23bcaf58\" data-id=\"23bcaf58\" data-element_type=\"column\">\n\t\t\t<div class=\"elementor-widget-wrap elementor-element-populated\">\n\t\t\t\t\t\t<div class=\"elementor-element elementor-element-4a64ab4c elementor-widget elementor-widget-heading\" data-id=\"4a64ab4c\" data-element_type=\"widget\" data-widget_type=\"heading.default\">\n\t\t\t\t<div class=\"elementor-widget-container\">\n\t\t\t\t\t<h2 class=\"elementor-heading-title elementor-size-default\">Anna Maria Huszcza<\/h2>\t\t\t\t<\/div>\n\t\t\t\t<\/div>\n\t\t\t\t\t<\/div>\n\t\t<\/div>\n\t\t\t\t\t<\/div>\n\t\t<\/section>\n\t\t\t\t<section class=\"elementor-section elementor-top-section elementor-element elementor-element-46548e99 elementor-section-boxed elementor-section-height-default elementor-section-height-default\" data-id=\"46548e99\" data-element_type=\"section\">\n\t\t\t\t\t\t<div class=\"elementor-container elementor-column-gap-default\">\n\t\t\t\t\t<div class=\"elementor-column elementor-col-50 elementor-top-column elementor-element elementor-element-6381e498\" data-id=\"6381e498\" data-element_type=\"column\">\n\t\t\t<div class=\"elementor-widget-wrap elementor-element-populated\">\n\t\t\t\t\t\t<div class=\"elementor-element elementor-element-4a32b6e9 elementor-widget elementor-widget-image\" data-id=\"4a32b6e9\" data-element_type=\"widget\" data-widget_type=\"image.default\">\n\t\t\t\t<div class=\"elementor-widget-container\">\n\t\t\t\t\t\t\t\t\t\t\t\t<figure class=\"wp-caption\">\n\t\t\t\t\t\t\t\t\t\t<img fetchpriority=\"high\" decoding=\"async\" width=\"768\" height=\"840\" src=\"https:\/\/wsm.art.pl\/wp-content\/uploads\/2025\/04\/Anna-Maria-Huszcza-fot.-Paulina-Kardas-768x840.jpg\" class=\"attachment-medium_large size-medium_large wp-image-17146\" alt=\"\" srcset=\"https:\/\/wsm.art.pl\/wp-content\/uploads\/2025\/04\/Anna-Maria-Huszcza-fot.-Paulina-Kardas-768x840.jpg 768w, https:\/\/wsm.art.pl\/wp-content\/uploads\/2025\/04\/Anna-Maria-Huszcza-fot.-Paulina-Kardas-274x300.jpg 274w, https:\/\/wsm.art.pl\/wp-content\/uploads\/2025\/04\/Anna-Maria-Huszcza-fot.-Paulina-Kardas-936x1024.jpg 936w, https:\/\/wsm.art.pl\/wp-content\/uploads\/2025\/04\/Anna-Maria-Huszcza-fot.-Paulina-Kardas-1404x1536.jpg 1404w, https:\/\/wsm.art.pl\/wp-content\/uploads\/2025\/04\/Anna-Maria-Huszcza-fot.-Paulina-Kardas.jpg 1600w\" sizes=\"(max-width: 768px) 100vw, 768px\" \/>\t\t\t\t\t\t\t\t\t\t\t<figcaption class=\"widget-image-caption wp-caption-text\">fot. Paulina Kardas<\/figcaption>\n\t\t\t\t\t\t\t\t\t\t<\/figure>\n\t\t\t\t\t\t\t\t\t<\/div>\n\t\t\t\t<\/div>\n\t\t\t\t\t<\/div>\n\t\t<\/div>\n\t\t\t\t<div class=\"elementor-column elementor-col-50 elementor-top-column elementor-element elementor-element-239de16a\" data-id=\"239de16a\" data-element_type=\"column\">\n\t\t\t<div class=\"elementor-widget-wrap elementor-element-populated\">\n\t\t\t\t\t\t<div class=\"elementor-element elementor-element-13eae2b9 elementor-widget elementor-widget-text-editor\" data-id=\"13eae2b9\" data-element_type=\"widget\" data-widget_type=\"text-editor.default\">\n\t\t\t\t<div class=\"elementor-widget-container\">\n\t\t\t\t\t\t\t\t\t<p style=\"text-align: left;\" align=\"justify\"><span style=\"font-family: Arial, sans-serif;\">K<\/span><span style=\"font-family: Arial, sans-serif;\"><span style=\"font-size: medium;\">ompozytorka, aran\u017cerka, pedagog<\/span><\/span><span style=\"font-family: Arial, sans-serif;\">, <\/span><span style=\"font-family: Arial, sans-serif;\"><span style=\"font-size: medium;\">m.in. wyk\u0142adowca na Uniwersytecie Muzycznym Fryderyka Chopina<\/span><\/span><span style=\"font-family: Arial, sans-serif;\">;<\/span><span style=\"font-family: Arial, sans-serif;\"><span style=\"font-size: medium;\"> doktor sztuk muzycznych, cz\u0142onkini Stowarzyszenia Autor\u00f3w ZAiKS. Od czerwca 2022 przewodnicz\u0105ca Zarz\u0105du Sekcji A. <\/span><\/span><\/p><p style=\"text-align: left;\" align=\"justify\"><span style=\"font-family: Arial, sans-serif;\"><span style=\"font-size: medium;\">W<\/span><\/span> <span style=\"font-family: Arial, sans-serif;\"><span style=\"font-size: medium;\">swojej tw\u00f3rczo\u015bci si\u0119ga po r\u00f3\u017cnorodne gatunki i<\/span><\/span> <span style=\"font-family: Arial, sans-serif;\"><span style=\"font-size: medium;\">style muzyczne, takie jak muzyka kameralna, symfoniczna, elektroniczna, teatralna, filmowa czy utwory multimedialne. Jej kompozycje wykonywane by\u0142y w<\/span><\/span> <span style=\"font-family: Arial, sans-serif;\"><span style=\"font-size: medium;\">kraju i<\/span><\/span> <span style=\"font-family: Arial, sans-serif;\"><span style=\"font-size: medium;\">za granic\u0105 (Litwa, Chorwacja, Ukraina, S\u0142owenia, Czechy, Niemcy, Francja, Szwecja, Belgia, Japonia). Jest laureatk\u0105 polskich oraz mi\u0119dzynarodowych konkurs\u00f3w kompozytorskich. W<\/span><\/span> <span style=\"font-family: Arial, sans-serif;\"><span style=\"font-size: medium;\">2016 otrzyma\u0142a stypendium w<\/span><\/span> <span style=\"font-family: Arial, sans-serif;\"><span style=\"font-size: medium;\">ministerialnym programie M\u0142oda Polska, dzi\u0119ki kt\u00f3remu powsta\u0142a, m.in. jej debiutancka p\u0142yta.<\/span><\/span><\/p><p style=\"text-align: left;\" align=\"justify\"><span style=\"font-family: Arial, sans-serif;\"><span style=\"font-size: medium;\">Utwory Anny Marii Huszczy znalaz\u0142y si\u0119 na dziesi\u0119ciu wydawnictwach p\u0142ytowych, <\/span><\/span><span style=\"font-family: Arial, sans-serif;\">w <\/span><span style=\"font-family: Arial, sans-serif;\"><span style=\"font-size: medium;\">tym na nagrodzonym F<\/span><\/span><span style=\"font-family: Arial, sans-serif;\">RYDERYKIEM<\/span><span style=\"font-family: Arial, sans-serif;\"><span style=\"font-size: medium;\"> 2014 albumie Paw\u0142a Gusnara <\/span><\/span><span style=\"font-family: Arial, sans-serif;\"><span style=\"font-size: medium;\"><i>Saxophone Varie<\/i><\/span><\/span><span style=\"font-family: Arial, sans-serif;\"><span style=\"font-size: medium;\"> (2013) oraz na monograficznym albumie <\/span><\/span><span style=\"font-family: Arial, sans-serif;\"><span style=\"font-size: medium;\"><i>wydziwiAnka<\/i><\/span><\/span><span style=\"font-family: Arial, sans-serif;\"><span style=\"font-size: medium;\"> (2016\/2017).<br \/><br \/><\/span><\/span><\/p><p style=\"text-align: left;\" align=\"justify\"><span style=\"font-family: Arial, sans-serif;\"><span style=\"font-size: medium;\">Utw\u00f3r <\/span><\/span><span style=\"font-family: Arial, sans-serif;\"><span style=\"font-size: medium;\"><i><b>Outside the box<\/b><\/i><\/span><\/span><span style=\"font-family: Arial, sans-serif;\"><span style=\"font-size: medium;\"> to kompozycja na kwartet saksofonowy i trio jazzowe. Inspiracj\u0105 do powstania utworu by\u0142 schematyczny spos\u00f3b my\u015blenia okre\u015blany jako \u201eszufladkowanie\u201d. <\/span><\/span><span style=\"font-family: Arial, sans-serif;\"><span style=\"font-size: medium;\"><i>Outside the box<\/i><\/span><\/span><span style=\"font-family: Arial, sans-serif;\"><span style=\"font-size: medium;\"> ilustruje pr\u00f3b\u0119 wyj\u015bcia poza wspomniane szufladki. Czy pr\u00f3ba oka\u017ce si\u0119 sukcesem\u00a0czy mo\u017ce upraszczanie jest po prostu wygodniejsze i naturalne?<\/span><\/span><\/p><p style=\"text-align: left;\" align=\"justify\"><span style=\"font-family: Arial, sans-serif;\"><span style=\"font-size: medium;\">Zale\u017cy mi na pokazaniu r\u00f3\u017cnych stylistyk, w kt\u00f3rych mo\u017ce porusza\u0107 si\u0119 saksofon. Instrument ten posiada silne konotacje z jazzem, a trio jazzowe zdaje si\u0119 by\u0107 jeszcze mocniej zaszufladkowane. W kompozycji s\u0142yszalne s\u0105 cz\u0119\u015bci, kt\u00f3re w wi\u0119kszo\u015bci wynikaj\u0105 z p\u0142ynnej narracji, ale niekt\u00f3re zapowiada motyw przypominaj\u0105cy alarm. Motyw ten jest muzycznym nawi\u0105zaniem do utworu <\/span><\/span><span style=\"font-family: Arial, sans-serif;\"><span style=\"font-size: medium;\"><i>Invincible<\/i><\/span><\/span><span style=\"font-family: Arial, sans-serif;\"><span style=\"font-size: medium;\"> otwieraj\u0105cego p\u0142yt\u0119 <\/span><\/span><span style=\"font-family: Arial, sans-serif;\"><span style=\"font-size: medium;\"><i>Solaris<\/i><\/span><\/span><span style=\"font-family: Arial, sans-serif;\"><span style=\"font-size: medium;\"> kwartetu w sk\u0142adzie: Micha\u0142 Starkiewicz, Tomasz Licak, Ksawery W\u00f3jci\u0144ski, Luis Mora Matus.<\/span><\/span><\/p><p style=\"text-align: right;\" align=\"right\"><span style=\"font-family: Arial, sans-serif;\"><span style=\"font-size: medium;\"><b>Anna Maria Huszcza<\/b><\/span><\/span><\/p>\t\t\t\t\t\t\t\t<\/div>\n\t\t\t\t<\/div>\n\t\t\t\t\t<\/div>\n\t\t<\/div>\n\t\t\t\t\t<\/div>\n\t\t<\/section>\n\t\t\t\t<\/div>\n\t\t","protected":false},"excerpt":{"rendered":"<p>Anna Maria Huszcza fot. Paulina Kardas Kompozytorka, aran\u017cerka, pedagog, m.in. wyk\u0142adowca na Uniwersytecie Muzycznym Fryderyka Chopina; doktor sztuk muzycznych, cz\u0142onkini Stowarzyszenia Autor\u00f3w ZAiKS. Od czerwca&hellip;<\/p>\n","protected":false},"author":1,"featured_media":0,"parent":0,"menu_order":0,"comment_status":"closed","ping_status":"closed","template":"","meta":{"footnotes":""},"class_list":["post-17143","page","type-page","status-publish","hentry"],"_links":{"self":[{"href":"https:\/\/wsm.art.pl\/index.php?rest_route=\/wp\/v2\/pages\/17143","targetHints":{"allow":["GET"]}}],"collection":[{"href":"https:\/\/wsm.art.pl\/index.php?rest_route=\/wp\/v2\/pages"}],"about":[{"href":"https:\/\/wsm.art.pl\/index.php?rest_route=\/wp\/v2\/types\/page"}],"author":[{"embeddable":true,"href":"https:\/\/wsm.art.pl\/index.php?rest_route=\/wp\/v2\/users\/1"}],"replies":[{"embeddable":true,"href":"https:\/\/wsm.art.pl\/index.php?rest_route=%2Fwp%2Fv2%2Fcomments&post=17143"}],"version-history":[{"count":4,"href":"https:\/\/wsm.art.pl\/index.php?rest_route=\/wp\/v2\/pages\/17143\/revisions"}],"predecessor-version":[{"id":17152,"href":"https:\/\/wsm.art.pl\/index.php?rest_route=\/wp\/v2\/pages\/17143\/revisions\/17152"}],"wp:attachment":[{"href":"https:\/\/wsm.art.pl\/index.php?rest_route=%2Fwp%2Fv2%2Fmedia&parent=17143"}],"curies":[{"name":"wp","href":"https:\/\/api.w.org\/{rel}","templated":true}]}}