{"id":17137,"date":"2025-04-26T17:33:02","date_gmt":"2025-04-26T17:33:02","guid":{"rendered":"https:\/\/wsm.art.pl\/?page_id=17137"},"modified":"2025-04-26T17:40:30","modified_gmt":"2025-04-26T17:40:30","slug":"2025-herdzin","status":"publish","type":"page","link":"https:\/\/wsm.art.pl\/?page_id=17137","title":{"rendered":"2025 HERDZIN Krzysztof"},"content":{"rendered":"\t\t<div data-elementor-type=\"wp-page\" data-elementor-id=\"17137\" class=\"elementor elementor-17137\">\n\t\t\t\t\t\t<section class=\"elementor-section elementor-top-section elementor-element elementor-element-7da13de6 elementor-section-boxed elementor-section-height-default elementor-section-height-default\" data-id=\"7da13de6\" data-element_type=\"section\">\n\t\t\t\t\t\t<div class=\"elementor-container elementor-column-gap-default\">\n\t\t\t\t\t<div class=\"elementor-column elementor-col-100 elementor-top-column elementor-element elementor-element-23bcaf58\" data-id=\"23bcaf58\" data-element_type=\"column\">\n\t\t\t<div class=\"elementor-widget-wrap elementor-element-populated\">\n\t\t\t\t\t\t<div class=\"elementor-element elementor-element-4a64ab4c elementor-widget elementor-widget-heading\" data-id=\"4a64ab4c\" data-element_type=\"widget\" data-widget_type=\"heading.default\">\n\t\t\t\t<div class=\"elementor-widget-container\">\n\t\t\t\t\t<h2 class=\"elementor-heading-title elementor-size-default\">Krzysztof Herdzin\n<\/h2>\t\t\t\t<\/div>\n\t\t\t\t<\/div>\n\t\t\t\t\t<\/div>\n\t\t<\/div>\n\t\t\t\t\t<\/div>\n\t\t<\/section>\n\t\t\t\t<section class=\"elementor-section elementor-top-section elementor-element elementor-element-46548e99 elementor-section-boxed elementor-section-height-default elementor-section-height-default\" data-id=\"46548e99\" data-element_type=\"section\">\n\t\t\t\t\t\t<div class=\"elementor-container elementor-column-gap-default\">\n\t\t\t\t\t<div class=\"elementor-column elementor-col-50 elementor-top-column elementor-element elementor-element-6381e498\" data-id=\"6381e498\" data-element_type=\"column\">\n\t\t\t<div class=\"elementor-widget-wrap elementor-element-populated\">\n\t\t\t\t\t\t<div class=\"elementor-element elementor-element-4a32b6e9 elementor-widget elementor-widget-image\" data-id=\"4a32b6e9\" data-element_type=\"widget\" data-widget_type=\"image.default\">\n\t\t\t\t<div class=\"elementor-widget-container\">\n\t\t\t\t\t\t\t\t\t\t\t\t<figure class=\"wp-caption\">\n\t\t\t\t\t\t\t\t\t\t<img fetchpriority=\"high\" decoding=\"async\" width=\"768\" height=\"1152\" src=\"https:\/\/wsm.art.pl\/wp-content\/uploads\/2025\/04\/Krzysztof-Herdzin-fot.-Kuba-Majerczyk-small-768x1152.jpg\" class=\"attachment-medium_large size-medium_large wp-image-17139\" alt=\"\" srcset=\"https:\/\/wsm.art.pl\/wp-content\/uploads\/2025\/04\/Krzysztof-Herdzin-fot.-Kuba-Majerczyk-small-768x1152.jpg 768w, https:\/\/wsm.art.pl\/wp-content\/uploads\/2025\/04\/Krzysztof-Herdzin-fot.-Kuba-Majerczyk-small-200x300.jpg 200w, https:\/\/wsm.art.pl\/wp-content\/uploads\/2025\/04\/Krzysztof-Herdzin-fot.-Kuba-Majerczyk-small-683x1024.jpg 683w, https:\/\/wsm.art.pl\/wp-content\/uploads\/2025\/04\/Krzysztof-Herdzin-fot.-Kuba-Majerczyk-small.jpg 800w\" sizes=\"(max-width: 768px) 100vw, 768px\" \/>\t\t\t\t\t\t\t\t\t\t\t<figcaption class=\"widget-image-caption wp-caption-text\">fot. Kuba Majerczyk<\/figcaption>\n\t\t\t\t\t\t\t\t\t\t<\/figure>\n\t\t\t\t\t\t\t\t\t<\/div>\n\t\t\t\t<\/div>\n\t\t\t\t\t<\/div>\n\t\t<\/div>\n\t\t\t\t<div class=\"elementor-column elementor-col-50 elementor-top-column elementor-element elementor-element-239de16a\" data-id=\"239de16a\" data-element_type=\"column\">\n\t\t\t<div class=\"elementor-widget-wrap elementor-element-populated\">\n\t\t\t\t\t\t<div class=\"elementor-element elementor-element-13eae2b9 elementor-widget elementor-widget-text-editor\" data-id=\"13eae2b9\" data-element_type=\"widget\" data-widget_type=\"text-editor.default\">\n\t\t\t\t<div class=\"elementor-widget-container\">\n\t\t\t\t\t\t\t\t\t<p style=\"text-align: left;\" align=\"justify\"><span style=\"color: #262626;\"><span style=\"font-family: Arial, sans-serif;\"><span style=\"font-size: medium;\">Profesor doktor sztuk muzycznych, urodzi\u0142 si\u0119 w Bydgoszczy w 1970 roku, gdzie uko\u0144czy\u0142 Akademi\u0119 Muzyczn\u0105 w klasie fortepianu Katarzyny Popowej-Zydro\u0144 (dyplom w 1993).<\/span><\/span><\/span> <span style=\"color: #262626;\"><span style=\"font-family: Arial, sans-serif;\"><span style=\"font-size: medium;\">Jako jedyny w Polsce artysta \u0142\u0105czy intensywn\u0105 dzia\u0142alno\u015b\u0107 na polu muzyki klasycznej, jazzowej i pop, w wymagaj\u0105cych kompletnie dalekich od siebie kompetencji i do\u015bwiadcze\u0144 rolach: kompozytora muzyki wsp\u00f3\u0142czesnej, orkiestratora muzyki filmowej, aran\u017cera, dyrygenta symfonicznego, pianisty jazzowego, pianisty kameralisty, autora piosenek, producenta p\u0142yt, wyk\u0142adowcy akademickiego.<\/span><\/span><\/span><\/p><p style=\"text-align: left;\" align=\"justify\"><span style=\"color: #262626;\"><span style=\"font-family: Arial, sans-serif;\"><span style=\"font-size: medium;\">Ma<\/span><\/span><\/span> <span style=\"color: #262626;\"><span style=\"font-family: Arial, sans-serif;\"><span style=\"font-size: medium;\">na<\/span><\/span><\/span> <span style=\"color: #262626;\"><span style=\"font-family: Arial, sans-serif;\"><span style=\"font-size: medium;\">swoim<\/span><\/span><\/span> <span style=\"color: #262626;\"><span style=\"font-family: Arial, sans-serif;\"><span style=\"font-size: medium;\">koncie<\/span><\/span><\/span> <span style=\"color: #262626;\"><span style=\"font-family: Arial, sans-serif;\"><span style=\"font-size: medium;\">wyst\u0119py<\/span><\/span><\/span> <span style=\"color: #262626;\"><span style=\"font-family: Arial, sans-serif;\"><span style=\"font-size: medium;\">z<\/span><\/span><\/span> <span style=\"color: #262626;\"><span style=\"font-family: Arial, sans-serif;\"><span style=\"font-size: medium;\">orkiestr\u0105<\/span><\/span><\/span> <span style=\"color: #262626;\"><span style=\"font-family: Arial, sans-serif;\"><span style=\"font-size: medium;\">(<\/span><\/span><\/span><span style=\"color: #262626;\"><span style=\"font-family: Arial, sans-serif;\"><span style=\"font-size: medium;\"><i>B\u0142\u0119kitna<\/i><\/span><\/span><\/span><i> <\/i><span style=\"color: #262626;\"><span style=\"font-family: Arial, sans-serif;\"><span style=\"font-size: medium;\"><i>Rapsodia<\/i><\/span><\/span><\/span><i> <\/i><span style=\"color: #262626;\"><span style=\"font-family: Arial, sans-serif;\"><span style=\"font-size: medium;\">G.<\/span><\/span><\/span> <span style=\"color: #262626;\"><span style=\"font-family: Arial, sans-serif;\"><span style=\"font-size: medium;\">Gershwina,<\/span><\/span><\/span> <span style=\"color: #262626;\"><span style=\"font-family: Arial, sans-serif;\"><span style=\"font-size: medium;\"><i>Koncert<\/i><\/span><\/span><\/span><i> <\/i><span style=\"color: #262626;\"><span style=\"font-family: Arial, sans-serif;\"><span style=\"font-size: medium;\"><i>a-<\/i><\/span><\/span><\/span><span style=\"color: #262626;\"><span style=\"font-family: Arial, sans-serif;\"><span style=\"font-size: medium;\"><i>moll <\/i><\/span><\/span><\/span><span style=\"color: #262626;\"><span style=\"font-family: Arial, sans-serif;\"><span style=\"font-size: medium;\">E. Griega, <\/span><\/span><\/span><span style=\"color: #262626;\"><span style=\"font-family: Arial, sans-serif;\"><span style=\"font-size: medium;\"><i>XVII Koncert fortepianowy G-dur<\/i><\/span><\/span><\/span><i> <\/i><span style=\"color: #262626;\"><span style=\"font-family: Arial, sans-serif;\"><span style=\"font-size: medium;\">W.A. Mozarta, w\u0142asne <\/span><\/span><\/span><span style=\"color: #262626;\"><span style=\"font-family: Arial, sans-serif;\"><span style=\"font-size: medium;\"><i>Concertino na fortepian i orkiestr\u0119<\/i><\/span><\/span><\/span><span style=\"color: #262626;\"><span style=\"font-family: Arial, sans-serif;\"><span style=\"font-size: medium;\">); nagrania muzyki kameralnej dla Bayerische Rundfunk w Monachium; koncerty muzyki<\/span><\/span><\/span> <span style=\"color: #262626;\"><span style=\"font-family: Arial, sans-serif;\"><span style=\"font-size: medium;\">kameralnej<\/span><\/span><\/span> <span style=\"color: #262626;\"><span style=\"font-family: Arial, sans-serif;\"><span style=\"font-size: medium;\">z<\/span><\/span><\/span> <span style=\"color: #262626;\"><span style=\"font-family: Arial, sans-serif;\"><span style=\"font-size: medium;\">klarnecist\u0105<\/span><\/span><\/span> <span style=\"color: #262626;\"><span style=\"font-family: Arial, sans-serif;\"><span style=\"font-size: medium;\">Wojtkiem<\/span><\/span><\/span> <span style=\"color: #262626;\"><span style=\"font-family: Arial, sans-serif;\"><span style=\"font-size: medium;\">Mrozkiem,<\/span><\/span><\/span> <span style=\"color: #262626;\"><span style=\"font-family: Arial, sans-serif;\"><span style=\"font-size: medium;\">\u015bwiatowej<\/span><\/span><\/span> <span style=\"color: #262626;\"><span style=\"font-family: Arial, sans-serif;\"><span style=\"font-size: medium;\">s\u0142awy<\/span><\/span><\/span> <span style=\"color: #262626;\"><span style=\"font-family: Arial, sans-serif;\"><span style=\"font-size: medium;\">skrzypkami<\/span><\/span><\/span> <span style=\"color: #262626;\"><span style=\"font-family: Arial, sans-serif;\"><span style=\"font-size: medium;\">Vadimem Brodskim, Mariuszem Patyr\u0105, saksofonist\u0105 Paw\u0142em Gusnarem i wybitnymi polskimi flecistkami Jadwig\u0105 Kotnowsk\u0105 i Agat\u0105 Igras; wsp\u00f3\u0142prac\u0119 z dzia\u0142aj\u0105c\u0105 na terenie Niemiec fundacj\u0105 <\/span><\/span><\/span><span style=\"color: #262626;\"><span style=\"font-family: Arial, sans-serif;\"><span style=\"font-size: medium;\">Live Music Now<\/span><\/span><\/span><span style=\"color: #262626;\"><span style=\"font-family: Arial, sans-serif;\"><span style=\"font-size: medium;\"> Yehudi Menuhina. Wsp\u00f3\u0142pracowa\u0142 prawie ze wszystkimi najwi\u0119kszymi polskimi gwiazdami piosenki, w latach 90-tych gra\u0142 w kwartecie Jana Ptaszyna Wr\u00f3blewskiego,<\/span><\/span><\/span> <span style=\"color: #262626;\"><span style=\"font-family: Arial, sans-serif;\"><span style=\"font-size: medium;\">przez<\/span><\/span><\/span> <span style=\"color: #262626;\"><span style=\"font-family: Arial, sans-serif;\"><span style=\"font-size: medium;\">6<\/span><\/span><\/span> <span style=\"color: #262626;\"><span style=\"font-family: Arial, sans-serif;\"><span style=\"font-size: medium;\">lat<\/span><\/span><\/span> <span style=\"color: #262626;\"><span style=\"font-family: Arial, sans-serif;\"><span style=\"font-size: medium;\">by\u0142<\/span><\/span><\/span> <span style=\"color: #262626;\"><span style=\"font-family: Arial, sans-serif;\"><span style=\"font-size: medium;\">pianist\u0105<\/span><\/span><\/span> <span style=\"color: #262626;\"><span style=\"font-family: Arial, sans-serif;\"><span style=\"font-size: medium;\">kwartetu<\/span><\/span><\/span> <span style=\"color: #262626;\"><span style=\"font-family: Arial, sans-serif;\"><span style=\"font-size: medium;\">Zbigniewa<\/span><\/span><\/span> <span style=\"color: #262626;\"><span style=\"font-family: Arial, sans-serif;\"><span style=\"font-size: medium;\">Namys\u0142owskiego,<\/span><\/span><\/span> <span style=\"color: #262626;\"><span style=\"font-family: Arial, sans-serif;\"><span style=\"font-size: medium;\">w<\/span><\/span><\/span> <span style=\"color: #262626;\"><span style=\"font-family: Arial, sans-serif;\"><span style=\"font-size: medium;\">latach<\/span><\/span><\/span> <span style=\"color: #262626;\"><span style=\"font-family: Arial, sans-serif;\"><span style=\"font-size: medium;\">2002<\/span><\/span><\/span><span style=\"color: #262626;\"><span style=\"font-family: Arial, sans-serif;\"><span style=\"font-size: medium;\">-12 wyst\u0119powa\u0142 w duecie z Edyt\u0105 Geppert, od 2011 do 2021 kierowa\u0142 zespo\u0142em Anny Marii Jopek.<\/span><\/span><\/span> <span style=\"color: #262626;\"><span style=\"font-family: Arial, sans-serif;\"><span style=\"font-size: medium;\">Ma<\/span><\/span><\/span> <span style=\"color: #262626;\"><span style=\"font-family: Arial, sans-serif;\"><span style=\"font-size: medium;\">na<\/span><\/span><\/span> <span style=\"color: #262626;\"><span style=\"font-family: Arial, sans-serif;\"><span style=\"font-size: medium;\">swoim<\/span><\/span><\/span> <span style=\"color: #262626;\"><span style=\"font-family: Arial, sans-serif;\"><span style=\"font-size: medium;\">koncie<\/span><\/span><\/span> <span style=\"color: #262626;\"><span style=\"font-family: Arial, sans-serif;\"><span style=\"font-size: medium;\">ponad<\/span><\/span><\/span> <span style=\"color: #262626;\"><span style=\"font-family: Arial, sans-serif;\"><span style=\"font-size: medium;\">200<\/span><\/span><\/span> <span style=\"color: #262626;\"><span style=\"font-family: Arial, sans-serif;\"><span style=\"font-size: medium;\">p\u0142yt<\/span><\/span><\/span> <span style=\"color: #262626;\"><span style=\"font-family: Arial, sans-serif;\"><span style=\"font-size: medium;\">CD,<\/span><\/span><\/span> <span style=\"color: #262626;\"><span style=\"font-family: Arial, sans-serif;\"><span style=\"font-size: medium;\">w<\/span><\/span><\/span> <span style=\"color: #262626;\"><span style=\"font-family: Arial, sans-serif;\"><span style=\"font-size: medium;\">tym<\/span><\/span><\/span> <span style=\"color: #262626;\"><span style=\"font-family: Arial, sans-serif;\"><span style=\"font-size: medium;\">25<\/span><\/span><\/span> <span style=\"color: #262626;\"><span style=\"font-family: Arial, sans-serif;\"><span style=\"font-size: medium;\">autorskich,<\/span><\/span><\/span> <span style=\"color: #262626;\"><span style=\"font-family: Arial, sans-serif;\"><span style=\"font-size: medium;\">jest<\/span><\/span><\/span> <span style=\"color: #262626;\"><span style=\"font-family: Arial, sans-serif;\"><span style=\"font-size: medium;\">posiadaczem <\/span><\/span><\/span><span style=\"color: #262626;\"><span style=\"font-family: Arial, sans-serif;\"><span style=\"font-size: medium;\">19 Z\u0142otych i 4 Platynowych P\u0142yt dla Aran\u017cera. Wyprodukowa\u0142 ponad 20 p\u0142yt polskim wokalistom, m.in: Irenie Santor, Maryli Rodowicz, Edycie Geppert, Katarzynie Groniec, Annie Serafi\u0144skiej, Oldze Bo\u0144czyk, Wojciechowi G\u0105ssowskiemu.<\/span><\/span><\/span><\/p><p style=\"text-align: left;\" align=\"justify\"><span style=\"color: #262626;\"><span style=\"font-family: Arial, sans-serif;\"><span style=\"font-size: medium;\">Jest autorem orkiestracji muzyki Jana A.P. Kaczmarka do filmu <\/span><\/span><\/span><span style=\"color: #262626;\"><span style=\"font-family: Arial, sans-serif;\"><span style=\"font-size: medium;\"><i>Marzyciel<\/i><\/span><\/span><\/span><span style=\"color: #262626;\"><span style=\"font-family: Arial, sans-serif;\"><span style=\"font-size: medium;\">, nagrodzonej Oscarem w 2005. Ma na swoim koncie kilkana\u015bcie orkiestracji i aran\u017cacji partytur filmowych innych kompozytor\u00f3w, m.in: Henri Seroka (<\/span><\/span><\/span><span style=\"color: #262626;\"><span style=\"font-family: Arial, sans-serif;\"><span style=\"font-size: medium;\"><i>U Pana Boga w Ogr\u00f3dku<\/i><\/span><\/span><\/span><span style=\"color: #262626;\"><span style=\"font-family: Arial, sans-serif;\"><span style=\"font-size: medium;\">), Roberta Jansona (<\/span><\/span><\/span><span style=\"color: #262626;\"><span style=\"font-family: Arial, sans-serif;\"><span style=\"font-size: medium;\"><i>\u015awiadectwo<\/i><\/span><\/span><\/span><span style=\"color: #262626;\"><span style=\"font-family: Arial, sans-serif;\"><span style=\"font-size: medium;\">), Adama Skorupy (<\/span><\/span><\/span><span style=\"color: #262626;\"><span style=\"font-family: Arial, sans-serif;\"><span style=\"font-size: medium;\"><i>Kinematograf<\/i><\/span><\/span><\/span><span style=\"color: #262626;\"><span style=\"font-family: Arial, sans-serif;\"><span style=\"font-size: medium;\">, <\/span><\/span><\/span><span style=\"color: #262626;\"><span style=\"font-family: Arial, sans-serif;\"><span style=\"font-size: medium;\"><i>Animowana Historia Polski<\/i><\/span><\/span><\/span><span style=\"color: #262626;\"><span style=\"font-family: Arial, sans-serif;\"><span style=\"font-size: medium;\">), Tomasza G\u0105ssowskiego (<\/span><\/span><\/span><span style=\"color: #262626;\"><span style=\"font-family: Arial, sans-serif;\"><span style=\"font-size: medium;\"><i>Miasto z Morza<\/i><\/span><\/span><\/span><span style=\"color: #262626;\"><span style=\"font-family: Arial, sans-serif;\"><span style=\"font-size: medium;\">). By\u0142 szefem muzycznym musicali: <\/span><\/span><\/span><span style=\"color: #262626;\"><span style=\"font-family: Arial, sans-serif;\"><span style=\"font-size: medium;\"><i>Deszczowa piosenka <\/i><\/span><\/span><\/span><span style=\"color: #262626;\"><span style=\"font-family: Arial, sans-serif;\"><span style=\"font-size: medium;\">w Teatrze<\/span><\/span><\/span> <span style=\"color: #262626;\"><span style=\"font-family: Arial, sans-serif;\"><span style=\"font-size: medium;\">Muzycznym<\/span><\/span><\/span> <span style=\"color: #262626;\"><span style=\"font-family: Arial, sans-serif;\"><span style=\"font-size: medium;\">w<\/span><\/span><\/span> <span style=\"color: #262626;\"><span style=\"font-family: Arial, sans-serif;\"><span style=\"font-size: medium;\">Poznaniu,<\/span><\/span><\/span> <span style=\"color: #262626;\"><span style=\"font-family: Arial, sans-serif;\"><span style=\"font-size: medium;\"><i>Sunset<\/i><\/span><\/span><\/span><i> <\/i><span style=\"color: #262626;\"><span style=\"font-family: Arial, sans-serif;\"><span style=\"font-size: medium;\"><i>Boulevard<\/i><\/span><\/span><\/span><i> <\/i><span style=\"color: #262626;\"><span style=\"font-family: Arial, sans-serif;\"><span style=\"font-size: medium;\">w<\/span><\/span><\/span> <span style=\"color: #262626;\"><span style=\"font-family: Arial, sans-serif;\"><span style=\"font-size: medium;\">Operze<\/span><\/span><\/span> <span style=\"color: #262626;\"><span style=\"font-family: Arial, sans-serif;\"><span style=\"font-size: medium;\">Nova<\/span><\/span><\/span> <span style=\"color: #262626;\"><span style=\"font-family: Arial, sans-serif;\"><span style=\"font-size: medium;\">w<\/span><\/span><\/span> <span style=\"color: #262626;\"><span style=\"font-family: Arial, sans-serif;\"><span style=\"font-size: medium;\">Bydgoszczy,<\/span><\/span><\/span> <span style=\"color: #262626;\"><span style=\"font-family: Arial, sans-serif;\"><span style=\"font-size: medium;\"><i>Na<\/i><\/span><\/span><\/span><i> <\/i><span style=\"color: #262626;\"><span style=\"font-family: Arial, sans-serif;\"><span style=\"font-size: medium;\"><i>ko\u0144cu t\u0119czy, B\u0142\u0119kitne krewetki <\/i><\/span><\/span><\/span><span style=\"color: #262626;\"><span style=\"font-family: Arial, sans-serif;\"><span style=\"font-size: medium;\">i <\/span><\/span><\/span><span style=\"color: #262626;\"><span style=\"font-family: Arial, sans-serif;\"><span style=\"font-size: medium;\"><i>Songi Teatru Stu <\/i><\/span><\/span><\/span><span style=\"color: #262626;\"><span style=\"font-family: Arial, sans-serif;\"><span style=\"font-size: medium;\">w Teatrze Stu w Krakowie, <\/span><\/span><\/span><span style=\"color: #262626;\"><span style=\"font-family: Arial, sans-serif;\"><span style=\"font-size: medium;\"><i>Pi\u0119ciu braci Moe <\/i><\/span><\/span><\/span><span style=\"color: #262626;\"><span style=\"font-family: Arial, sans-serif;\"><span style=\"font-size: medium;\">i <\/span><\/span><\/span><span style=\"color: #262626;\"><span style=\"font-family: Arial, sans-serif;\"><span style=\"font-size: medium;\"><i>Deszczowa piosenka <\/i><\/span><\/span><\/span><span style=\"color: #262626;\"><span style=\"font-family: Arial, sans-serif;\"><span style=\"font-size: medium;\">w Teatrze Roma w Warszawie, w\u0142asnego musicalu <\/span><\/span><\/span><span style=\"color: #262626;\"><span style=\"font-family: Arial, sans-serif;\"><span style=\"font-size: medium;\"><i>Cyrano <\/i><\/span><\/span><\/span><span style=\"color: #262626;\"><span style=\"font-family: Arial, sans-serif;\"><span style=\"font-size: medium;\">w Teatrze Muzycznym w \u0141odzi oraz <\/span><\/span><\/span><span style=\"color: #262626;\"><span style=\"font-family: Arial, sans-serif;\"><span style=\"font-size: medium;\"><i>\u017bo\u0142nierz Kr\u00f3lowej Madagaskaru <\/i><\/span><\/span><\/span><span style=\"color: #262626;\"><span style=\"font-family: Arial, sans-serif;\"><span style=\"font-size: medium;\">w<\/span><\/span><\/span> <span style=\"color: #262626;\"><span style=\"font-family: Arial, sans-serif;\"><span style=\"font-size: medium;\">Teatrze Polskim w<\/span><\/span><\/span> <span style=\"color: #262626;\"><span style=\"font-family: Arial, sans-serif;\"><span style=\"font-size: medium;\">Warszawie.<\/span><\/span><\/span><\/p><p style=\"text-align: left;\" align=\"justify\"><span style=\"color: #262626;\"><span style=\"font-family: Arial, sans-serif;\"><span style=\"font-size: medium;\">Koncertowa\u0142<\/span><\/span><\/span> <span style=\"color: #262626;\"><span style=\"font-family: Arial, sans-serif;\"><span style=\"font-size: medium;\">jako<\/span><\/span><\/span> <span style=\"color: #262626;\"><span style=\"font-family: Arial, sans-serif;\"><span style=\"font-size: medium;\">jazzman<\/span><\/span><\/span> <span style=\"color: #262626;\"><span style=\"font-family: Arial, sans-serif;\"><span style=\"font-size: medium;\">i<\/span><\/span><\/span> <span style=\"color: #262626;\"><span style=\"font-family: Arial, sans-serif;\"><span style=\"font-size: medium;\">jako<\/span><\/span><\/span> <span style=\"color: #262626;\"><span style=\"font-family: Arial, sans-serif;\"><span style=\"font-size: medium;\">kameralista<\/span><\/span><\/span> <span style=\"color: #262626;\"><span style=\"font-family: Arial, sans-serif;\"><span style=\"font-size: medium;\">w:<\/span><\/span><\/span> <span style=\"color: #262626;\"><span style=\"font-family: Arial, sans-serif;\"><span style=\"font-size: medium;\">Meksyku,<\/span><\/span><\/span> <span style=\"color: #262626;\"><span style=\"font-family: Arial, sans-serif;\"><span style=\"font-size: medium;\">USA,<\/span><\/span><\/span> <span style=\"color: #262626;\"><span style=\"font-family: Arial, sans-serif;\"><span style=\"font-size: medium;\">Kanadzie,<\/span><\/span><\/span> <span style=\"color: #262626;\"><span style=\"font-family: Arial, sans-serif;\"><span style=\"font-size: medium;\">Australii,<\/span><\/span><\/span> <span style=\"color: #262626;\"><span style=\"font-family: Arial, sans-serif;\"><span style=\"font-size: medium;\">Indiach, Japonii, Chinach, Tajwanie, Korei, Turcji, Izraelu oraz prawie wszystkich krajach <\/span><\/span><\/span><span style=\"color: #262626;\"><span style=\"font-family: Arial, sans-serif;\"><span style=\"font-size: medium;\">europejskich.<\/span><\/span><\/span><\/p><p style=\"text-align: left;\" align=\"justify\"><span style=\"color: #262626;\"><span style=\"font-family: Arial, sans-serif;\"><span style=\"font-size: medium;\">Dyrygowa\u0142 ponad 40 orkiestrami: Academy of St. Martin in the Fields, Narodow\u0105 Orkiestr\u0105 Belgii,<\/span><\/span><\/span> <span style=\"color: #262626;\"><span style=\"font-family: Arial, sans-serif;\"><span style=\"font-size: medium;\">Zhejiang<\/span><\/span><\/span> <span style=\"color: #262626;\"><span style=\"font-family: Arial, sans-serif;\"><span style=\"font-size: medium;\">Symphony<\/span><\/span><\/span> <span style=\"color: #262626;\"><span style=\"font-family: Arial, sans-serif;\"><span style=\"font-size: medium;\">Orchestra,<\/span><\/span><\/span> <span style=\"color: #262626;\"><span style=\"font-family: Arial, sans-serif;\"><span style=\"font-size: medium;\">NOSPR,<\/span><\/span><\/span> <span style=\"color: #262626;\"><span style=\"font-family: Arial, sans-serif;\"><span style=\"font-size: medium;\">Sinfoni\u0105<\/span><\/span><\/span> <span style=\"color: #262626;\"><span style=\"font-family: Arial, sans-serif;\"><span style=\"font-size: medium;\">Varsovi\u0105,<\/span><\/span><\/span> <span style=\"color: #262626;\"><span style=\"font-family: Arial, sans-serif;\"><span style=\"font-size: medium;\">Polsk\u0105<\/span><\/span><\/span> <span style=\"color: #262626;\"><span style=\"font-family: Arial, sans-serif;\"><span style=\"font-size: medium;\">Orkiestr\u0105<\/span><\/span><\/span> <span style=\"color: #262626;\"><span style=\"font-family: Arial, sans-serif;\"><span style=\"font-size: medium;\">Radiow\u0105, Sinfoni\u0105 Iuventus, Orkiestr\u0105 Akademii Beethovenowskiej, Capell\u0105 Bydgostiensis, Capell\u0105 Gedanensis, Polsk\u0105 Filharmoni\u0105 Kameraln\u0105, \u015al\u0105sk\u0105 Orkiestr\u0105 Kameraln\u0105, Elbl\u0105sk\u0105 Orkiestr\u0105 Kameraln\u0105, Concerto Avenna, Orkiestr\u0105 Ricordanza, Orkiestr\u0105 Sinfonia Viva, Orkiestr\u0105 Sinfonia Artis, Orkiestr\u0105 L\u2019Autunno, Orkiestr\u0105 Teatru Wielkiego w \u0141odzi, Orkiestr\u0105 Opery NOVA<\/span><\/span><\/span> <span style=\"color: #262626;\"><span style=\"font-family: Arial, sans-serif;\"><span style=\"font-size: medium;\">w Bydgoszczy, Orkiestr\u0105 Teatru Muzycznego w \u0141odzi, Orkiestr\u0105 Teatru Muzycznego w<\/span><\/span><\/span> <span style=\"color: #262626;\"><span style=\"font-family: Arial, sans-serif;\"><span style=\"font-size: medium;\">Poznaniu,<\/span><\/span><\/span> <span style=\"color: #262626;\"><span style=\"font-family: Arial, sans-serif;\"><span style=\"font-size: medium;\">Toru\u0144sk\u0105<\/span><\/span><\/span> <span style=\"color: #262626;\"><span style=\"font-family: Arial, sans-serif;\"><span style=\"font-size: medium;\">Orkiestr\u0105<\/span><\/span><\/span> <span style=\"color: #262626;\"><span style=\"font-family: Arial, sans-serif;\"><span style=\"font-size: medium;\">Symfoniczn\u0105;<\/span><\/span><\/span> <span style=\"color: #262626;\"><span style=\"font-family: Arial, sans-serif;\"><span style=\"font-size: medium;\">orkiestrami<\/span><\/span><\/span> <span style=\"color: #262626;\"><span style=\"font-family: Arial, sans-serif;\"><span style=\"font-size: medium;\">Filharmonii<\/span><\/span><\/span> <span style=\"color: #262626;\"><span style=\"font-family: Arial, sans-serif;\"><span style=\"font-size: medium;\">\u0141\u00f3dzkiej,<\/span><\/span><\/span> <span style=\"color: #262626;\"><span style=\"font-family: Arial, sans-serif;\"><span style=\"font-size: medium;\">Pomorskiej, Dolno\u015bl\u0105skiej, Kaliskiej, Opolskiej, Szczeci\u0144skiej, Ba\u0142tyckiej, Rybnickiej, P\u0142ockiej, Orkiestr\u0105 Symfoniczn\u0105 im. Karola Namys\u0142owskiego w Zamo\u015bciu.<\/span><\/span><\/span><\/p><p style=\"text-align: left;\" align=\"justify\"><span style=\"color: #262626;\"><span style=\"font-family: Arial, sans-serif;\"><span style=\"font-size: medium;\">W 2015 r. zosta\u0142 odznaczony Srebrnym Medalem <\/span><\/span><\/span><span style=\"color: #262626;\"><span style=\"font-family: Arial, sans-serif;\"><span style=\"font-size: medium;\">\u201eGloria Artis\u201d,<\/span><\/span><\/span><i> <\/i><span style=\"color: #262626;\"><span style=\"font-family: Arial, sans-serif;\"><span style=\"font-size: medium;\">jest laureatem FRYDERYKA 2012 (jazzowy kompozytor\/aran\u017cer roku), Nagrody Programu 3 &#8211; Mateusze Tr\u00f3jki 2014 (w kategorii ca\u0142okszta\u0142t), Nagrody RMF Classic &#8211; Mozarty 2011,<\/span><\/span><\/span> <span style=\"color: #262626;\"><span style=\"font-family: Arial, sans-serif;\"><span style=\"font-size: medium;\">dwukrotnym <\/span><\/span><\/span><span style=\"color: #262626;\"><span style=\"font-family: Arial, sans-serif;\"><span style=\"font-size: medium;\">\u201eArtyst\u0105 Roku\u201d<\/span><\/span><\/span><i> <\/i><span style=\"color: #262626;\"><span style=\"font-family: Arial, sans-serif;\"><span style=\"font-size: medium;\">Grand Prix Melomani w latach 2011, 2014, Mi\u0119dzynarodowego Konkursu Improwizacji Jazzowej w Katowicach w 1993, <\/span><\/span><\/span><span style=\"font-family: Arial, sans-serif;\"><span style=\"font-size: medium;\">Nagrody Prezydenta Miasta Bydgoszczy w 2005, Nagrody \u201eGazety<\/span><\/span> <span style=\"font-family: Arial, sans-serif;\"><span style=\"font-size: medium;\">Wyborczej\u201d Feliks 2006, czternastokrotnie <\/span><\/span><span style=\"color: #262626;\"><span style=\"font-family: Arial, sans-serif;\"><span style=\"font-size: medium;\">w ankiecie czytelnik\u00f3w \u201eJazz Forum\u201d Jazz Top wybierany aran\u017cerem i kompozytorem roku, dwunastokrotnie nominowany do nagrody <\/span><\/span><\/span><span style=\"color: #262626;\"><span style=\"font-family: Arial, sans-serif;\"><span style=\"font-size: medium;\">FRYDERYKA.<\/span><\/span><\/span><\/p><p style=\"text-align: left;\" align=\"justify\"><span style=\"color: #262626;\"><span style=\"font-family: Arial, sans-serif;\"><span style=\"font-size: medium;\">W dorobku kompozytorskim posiada szereg wsp\u00f3\u0142czesnych utwor\u00f3w na r\u00f3\u017cne sk\u0142ady instrumentalne. Jest sta\u0142ym uczestnikiem programu zam\u00f3wie\u0144 kompozytorskich MKiDN. Jego p\u0142yta <\/span><\/span><\/span><span style=\"color: #262626;\"><span style=\"font-family: Arial, sans-serif;\"><span style=\"font-size: medium;\"><i>Symphonicum <\/i><\/span><\/span><\/span><span style=\"color: #262626;\"><span style=\"font-family: Arial, sans-serif;\"><span style=\"font-size: medium;\">by\u0142a nominowana do nagrody FRYDERYK 2011 (kompozytor roku &#8211; muzyka powa\u017cna \/ p\u0142yta roku &#8211; muzyka wsp\u00f3\u0142czesna) obok Wojciecha Kilara i Rafa\u0142a Augustyna. P\u0142yta <\/span><\/span><\/span><span style=\"color: #262626;\"><span style=\"font-family: Arial, sans-serif;\"><span style=\"font-size: medium;\"><i>Suite on polish themes <\/i><\/span><\/span><\/span><span style=\"color: #262626;\"><span style=\"font-family: Arial, sans-serif;\"><span style=\"font-size: medium;\">by\u0142a nominowana do nagrody FRYDERYK 2017 (<\/span><\/span><\/span><span style=\"color: #262626;\"><span style=\"font-family: Arial, sans-serif;\"><span style=\"font-size: medium;\">p\u0142yta roku &#8211; muzyka wsp\u00f3\u0142czesna)<\/span><\/span><\/span><span style=\"color: #262626;\"><span style=\"font-family: Arial, sans-serif;\"><span style=\"font-size: medium;\">. P\u0142yta <\/span><\/span><\/span><span style=\"color: #262626;\"><span style=\"font-family: Arial, sans-serif;\"><span style=\"font-size: medium;\"><i>Concerto &amp; Concertino <\/i><\/span><\/span><\/span><span style=\"color: #262626;\"><span style=\"font-family: Arial, sans-serif;\"><span style=\"font-size: medium;\">zdoby\u0142a nominacje do FRYDERYKA 2019 w dw\u00f3ch kategoriach: <\/span><\/span><\/span><span style=\"color: #262626;\"><span style=\"font-family: Arial, sans-serif;\"><span style=\"font-size: medium;\">p\u0142yta roku &#8211; muzyka wsp\u00f3\u0142czesna oraz najwybitniejsze nagranie muzyki polskiej<\/span><\/span><\/span><span style=\"color: #262626;\"><span style=\"font-family: Arial, sans-serif;\"><span style=\"font-size: medium;\">. P\u0142yt\u0119 <\/span><\/span><\/span><span style=\"color: #262626;\"><span style=\"font-family: Arial, sans-serif;\"><span style=\"font-size: medium;\"><i>Requiem <\/i><\/span><\/span><\/span><span style=\"color: #262626;\"><span style=\"font-family: Arial, sans-serif;\"><span style=\"font-size: medium;\">nominowano do FRYDERYKA 2025 w kategorii: <\/span><\/span><\/span><span style=\"color: #262626;\"><span style=\"font-family: Arial, sans-serif;\"><span style=\"font-size: medium;\">muzyka oratoryjna i operowa<\/span><\/span><\/span><span style=\"color: #262626;\"><span style=\"font-family: Arial, sans-serif;\"><span style=\"font-size: medium;\">. Jako pierwszy polski kompozytor nagra\u0142 monograficzn\u0105 p\u0142yt\u0119 w s\u0142ynnym, londy\u0144skim Abbey Road Studio wraz z orkiestr\u0105 Academy Of St Martin in The <\/span><\/span><\/span><span style=\"color: #262626;\"><span style=\"font-family: Arial, sans-serif;\"><span style=\"font-size: medium;\">Fields.<\/span><\/span><\/span><\/p><p style=\"text-align: left;\"><a href=\"http:\/\/www.herdzin.com.pl\/\"><span style=\"font-family: Arial, sans-serif;\"><span style=\"font-size: medium;\"><u>www.herdzin.com.pl<\/u><\/span><\/span><\/a><\/p><p style=\"text-align: left;\" align=\"justify\"><span style=\"font-family: Arial, sans-serif;\"><span style=\"font-size: medium;\"><i><b>Sextant<\/b><\/i><\/span><\/span><span style=\"font-family: Arial, sans-serif;\"><span style=\"font-size: medium;\"> na instrumenty d\u0119te i fortepian powsta\u0142 w 2024 w ramach realizowanego przez NIMiT programu \u201eZam\u00f3wienia kompozytorskie\u201d. Aur\u0105 brzmieniow\u0105 nawi\u0105zuje do dzie\u0142 francuskiej grupy Les Six, kt\u00f3ra deklarowa\u0142a niech\u0119\u0107 do patosu, postulowa\u0142a tworzenie muzyki prostej i skrz\u0105cej si\u0119 humorem czy nawet nieco prowokuj\u0105cej. Jest w niej sporo intensywnej rytmiki i lirycznych temat\u00f3w na tle rozszerzonej nieco tonalno\u015bci, kontrasty nastoj\u00f3w i barw. Wszechstronna osobowo\u015b\u0107 muzyczna Krzysztofa Herdzina, kt\u00f3ry opr\u00f3cz komponowania zar\u00f3wno dzie\u0142 muzyki klasycznej, jak i piosenek wykonywanych przez gwiazdy polskiej estrady aran\u017cuje muzyk\u0119 filmow\u0105, koncertuje na ca\u0142ym \u015bwiecie jako solista, kameralista, pianista jazzowy i dyrygent czy zajmuje si\u0119 produkcj\u0105 nagra\u0144, wpisuje si\u0119 doskonale w owe idee.<\/span><\/span><\/p><p style=\"text-align: right;\" align=\"right\"><span style=\"font-family: Arial, sans-serif;\"><span style=\"font-size: medium;\"><b>Krzysztof Herdzin<\/b><\/span><\/span><\/p>\t\t\t\t\t\t\t\t<\/div>\n\t\t\t\t<\/div>\n\t\t\t\t\t<\/div>\n\t\t<\/div>\n\t\t\t\t\t<\/div>\n\t\t<\/section>\n\t\t\t\t<\/div>\n\t\t","protected":false},"excerpt":{"rendered":"<p>Krzysztof Herdzin fot. Kuba Majerczyk Profesor doktor sztuk muzycznych, urodzi\u0142 si\u0119 w Bydgoszczy w 1970 roku, gdzie uko\u0144czy\u0142 Akademi\u0119 Muzyczn\u0105 w klasie fortepianu Katarzyny Popowej-Zydro\u0144&hellip;<\/p>\n","protected":false},"author":1,"featured_media":0,"parent":0,"menu_order":0,"comment_status":"closed","ping_status":"closed","template":"","meta":{"footnotes":""},"class_list":["post-17137","page","type-page","status-publish","hentry"],"_links":{"self":[{"href":"https:\/\/wsm.art.pl\/index.php?rest_route=\/wp\/v2\/pages\/17137","targetHints":{"allow":["GET"]}}],"collection":[{"href":"https:\/\/wsm.art.pl\/index.php?rest_route=\/wp\/v2\/pages"}],"about":[{"href":"https:\/\/wsm.art.pl\/index.php?rest_route=\/wp\/v2\/types\/page"}],"author":[{"embeddable":true,"href":"https:\/\/wsm.art.pl\/index.php?rest_route=\/wp\/v2\/users\/1"}],"replies":[{"embeddable":true,"href":"https:\/\/wsm.art.pl\/index.php?rest_route=%2Fwp%2Fv2%2Fcomments&post=17137"}],"version-history":[{"count":7,"href":"https:\/\/wsm.art.pl\/index.php?rest_route=\/wp\/v2\/pages\/17137\/revisions"}],"predecessor-version":[{"id":17149,"href":"https:\/\/wsm.art.pl\/index.php?rest_route=\/wp\/v2\/pages\/17137\/revisions\/17149"}],"wp:attachment":[{"href":"https:\/\/wsm.art.pl\/index.php?rest_route=%2Fwp%2Fv2%2Fmedia&parent=17137"}],"curies":[{"name":"wp","href":"https:\/\/api.w.org\/{rel}","templated":true}]}}