{"id":17038,"date":"2025-04-20T12:23:24","date_gmt":"2025-04-20T12:23:24","guid":{"rendered":"https:\/\/wsm.art.pl\/?page_id=17038"},"modified":"2025-04-25T23:19:38","modified_gmt":"2025-04-25T23:19:38","slug":"2025-bargielski","status":"publish","type":"page","link":"https:\/\/wsm.art.pl\/?page_id=17038","title":{"rendered":"2025 BARGIELSKI Zbigniew"},"content":{"rendered":"\t\t<div data-elementor-type=\"wp-page\" data-elementor-id=\"17038\" class=\"elementor elementor-17038\">\n\t\t\t\t\t\t<section class=\"elementor-section elementor-top-section elementor-element elementor-element-7da13de6 elementor-section-boxed elementor-section-height-default elementor-section-height-default\" data-id=\"7da13de6\" data-element_type=\"section\">\n\t\t\t\t\t\t<div class=\"elementor-container elementor-column-gap-default\">\n\t\t\t\t\t<div class=\"elementor-column elementor-col-100 elementor-top-column elementor-element elementor-element-23bcaf58\" data-id=\"23bcaf58\" data-element_type=\"column\">\n\t\t\t<div class=\"elementor-widget-wrap elementor-element-populated\">\n\t\t\t\t\t\t<div class=\"elementor-element elementor-element-4a64ab4c elementor-widget elementor-widget-heading\" data-id=\"4a64ab4c\" data-element_type=\"widget\" data-widget_type=\"heading.default\">\n\t\t\t\t<div class=\"elementor-widget-container\">\n\t\t\t\t\t<h2 class=\"elementor-heading-title elementor-size-default\">Zbigniew Bargielski<\/h2>\t\t\t\t<\/div>\n\t\t\t\t<\/div>\n\t\t\t\t\t<\/div>\n\t\t<\/div>\n\t\t\t\t\t<\/div>\n\t\t<\/section>\n\t\t\t\t<section class=\"elementor-section elementor-top-section elementor-element elementor-element-46548e99 elementor-section-boxed elementor-section-height-default elementor-section-height-default\" data-id=\"46548e99\" data-element_type=\"section\">\n\t\t\t\t\t\t<div class=\"elementor-container elementor-column-gap-default\">\n\t\t\t\t\t<div class=\"elementor-column elementor-col-50 elementor-top-column elementor-element elementor-element-6381e498\" data-id=\"6381e498\" data-element_type=\"column\">\n\t\t\t<div class=\"elementor-widget-wrap elementor-element-populated\">\n\t\t\t\t\t\t<div class=\"elementor-element elementor-element-4a32b6e9 elementor-widget elementor-widget-image\" data-id=\"4a32b6e9\" data-element_type=\"widget\" data-widget_type=\"image.default\">\n\t\t\t\t<div class=\"elementor-widget-container\">\n\t\t\t\t\t\t\t\t\t\t\t\t<figure class=\"wp-caption\">\n\t\t\t\t\t\t\t\t\t\t<img fetchpriority=\"high\" decoding=\"async\" width=\"768\" height=\"960\" src=\"https:\/\/wsm.art.pl\/wp-content\/uploads\/2022\/05\/Zbigniew-Bargielski-fot.-Marcin-Gumiela-768x960.jpg\" class=\"attachment-medium_large size-medium_large wp-image-6423\" alt=\"\" srcset=\"https:\/\/wsm.art.pl\/wp-content\/uploads\/2022\/05\/Zbigniew-Bargielski-fot.-Marcin-Gumiela-768x960.jpg 768w, https:\/\/wsm.art.pl\/wp-content\/uploads\/2022\/05\/Zbigniew-Bargielski-fot.-Marcin-Gumiela-240x300.jpg 240w, https:\/\/wsm.art.pl\/wp-content\/uploads\/2022\/05\/Zbigniew-Bargielski-fot.-Marcin-Gumiela-819x1024.jpg 819w, https:\/\/wsm.art.pl\/wp-content\/uploads\/2022\/05\/Zbigniew-Bargielski-fot.-Marcin-Gumiela-1229x1536.jpg 1229w, https:\/\/wsm.art.pl\/wp-content\/uploads\/2022\/05\/Zbigniew-Bargielski-fot.-Marcin-Gumiela-1639x2048.jpg 1639w, https:\/\/wsm.art.pl\/wp-content\/uploads\/2022\/05\/Zbigniew-Bargielski-fot.-Marcin-Gumiela-scaled.jpg 2048w\" sizes=\"(max-width: 768px) 100vw, 768px\" \/>\t\t\t\t\t\t\t\t\t\t\t<figcaption class=\"widget-image-caption wp-caption-text\">fot. Marcin Gumiela<\/figcaption>\n\t\t\t\t\t\t\t\t\t\t<\/figure>\n\t\t\t\t\t\t\t\t\t<\/div>\n\t\t\t\t<\/div>\n\t\t\t\t\t<\/div>\n\t\t<\/div>\n\t\t\t\t<div class=\"elementor-column elementor-col-50 elementor-top-column elementor-element elementor-element-239de16a\" data-id=\"239de16a\" data-element_type=\"column\">\n\t\t\t<div class=\"elementor-widget-wrap elementor-element-populated\">\n\t\t\t\t\t\t<div class=\"elementor-element elementor-element-13eae2b9 elementor-widget elementor-widget-text-editor\" data-id=\"13eae2b9\" data-element_type=\"widget\" data-widget_type=\"text-editor.default\">\n\t\t\t\t<div class=\"elementor-widget-container\">\n\t\t\t\t\t\t\t\t\t<p style=\"text-align: left;\" align=\"justify\"><span style=\"font-family: Times New Roman, serif;\"><span style=\"font-size: medium;\"><span style=\"font-family: Arial, sans-serif;\">Kompozytor, pedagog, poeta; urodzi\u0142 si\u0119 21 stycznia 1937 w \u0141om\u017cy. Studiowa\u0142 prawo na Uniwersytecie im. Marii Sk\u0142odowskiej-Curie w Lublinie (1954-57). W 1956 z powodzeniem zadebiutowa\u0142 w Filharmonii Lubelskiej <\/span><em><span style=\"font-family: Arial, sans-serif;\">Suit\u0105 kol\u0119dow\u0105<\/span><\/em><span style=\"font-family: Arial, sans-serif;\"> na orkiestr\u0119. W 1958 rozpocz\u0105\u0142 studia kompozytorskie w warszawskiej Pa\u0144stwowej Wy\u017cszej Szkole Muzycznej, pocz\u0105tkowo pod kierunkiem Piotra Perkowskiego, a po roku u Tadeusza Szeligowskiego. Zaanga\u017cowanie Bargielskiego w dzia\u0142alno\u015b\u0107 spo\u0142eczn\u0105 (w ramach Zrzeszenia Student\u00f3w Polskich) przyczyni\u0142o si\u0119 do zawieszenia go w prawach studenta warszawskiej PWSM na rok akademicki 1962\/1963 i w rezultacie do zmiany uczelni na Pa\u0144stwow\u0105 Wy\u017csz\u0105 Szko\u0142\u0119 Muzyczn\u0105 w Katowicach, gdzie kontynuowa\u0142 studia pod kierunkiem Boles\u0142awa Szabelskiego, uzyskuj\u0105c dyplom w 1964 na podstawie kompozycji orkiestrowej <\/span><em><span style=\"font-family: Arial, sans-serif;\">Parades<\/span><\/em><span style=\"font-family: Arial, sans-serif;\">. W\u00a0latach 1966-67 odbywa\u0142 studia uzupe\u0142niaj\u0105ce u Nadii Boulanger w Pary\u017cu, a w 1972 w\u00a0Hochschule f\u00fcr Musik w Grazu. W 1986 by\u0142 stypendyst\u0105 Deutscher Akademischer Austauschdienst.<\/span><\/span><\/span><\/p><p style=\"text-align: left;\" align=\"justify\"><span style=\"font-family: Times New Roman, serif;\"><span style=\"font-size: medium;\"><span style=\"font-family: Arial, sans-serif;\">Jest laureatem wielu konkurs\u00f3w kompozytorskich. W 1965 otrzyma\u0142 I nagrod\u0119 na Konkursie M\u0142odych ZKP za <\/span><em><span style=\"font-family: Arial, sans-serif;\">Parades<\/span><\/em><span style=\"font-family: Arial, sans-serif;\"> na orkiestr\u0119 (1970). Jego <\/span><em><span style=\"font-family: Arial, sans-serif;\">Kwartet smyczkowy nr 1 \u201eAlpejski\u201d<\/span><\/em><span style=\"font-family: Arial, sans-serif;\"> (1976) uzyska\u0142 II nagrod\u0119 na Konkursie Kompozytorskim im. Artura Malawskiego w Krakowie w 1976 oraz w 1981 otrzyma\u0142 rekomendacj\u0119 Mi\u0119dzynarodowej Trybuny Kompozytor\u00f3w UNESCO w Pary\u017cu. <\/span><em><span style=\"font-family: Arial, sans-serif;\">Sen mara<\/span><\/em><span style=\"font-family: Arial, sans-serif;\"> na tenor i fortepian do s\u0142\u00f3w Kazimierza Wierzy\u0144skiego zdoby\u0142 III nagrod\u0119 na Konkursie im. Karola Szymanowskiego w 1982. W 1995 utw\u00f3r <\/span><em><span style=\"font-family: Arial, sans-serif;\">Trigonalia<\/span><\/em><span style=\"font-family: Arial, sans-serif;\"> na gitar\u0119, akordeon, perkusj\u0119 i orkiestr\u0119 kameraln\u0105 by\u0142 rekomendowany przez Mi\u0119dzynarodow\u0105 Trybun\u0119 Kompozytor\u00f3w UNESCO w Pary\u017cu.<\/span><\/span><\/span><\/p><p style=\"text-align: left;\" align=\"justify\"><span style=\"font-family: Times New Roman, serif;\"><span style=\"font-size: medium;\"><span style=\"font-family: Arial, sans-serif;\">W latach 1967-2002 mieszka\u0142 w Austrii, gdzie w roku 1976 zatrudniony zosta\u0142 w\u00a0charakterze nauczyciela gry na fortepianie w szkole muzycznej (St\u00e4dtische Musikschule) w\u00a0Bruck an der Mur. W 1984 otrzyma\u0142 obywatelstwo austriackie. <\/span><\/span><\/span><\/p><p style=\"text-align: left;\" align=\"justify\"><span style=\"font-family: Times New Roman, serif;\"><span style=\"font-size: medium;\"><span style=\"font-family: Arial, sans-serif;\">Dorobek kompozytorski Zbigniewa Bargielskiego obejmuje kilkaset kompozycji reprezentuj\u0105cych rozmaite gatunki i formy. Jego utwory by\u0142y wykonywane w wielu krajach Europy, w Stanach Zjednoczonych, Japonii, Australii i Ameryce Po\u0142udniowej.<\/span><\/span><\/span><\/p><p style=\"text-align: left;\" align=\"justify\"><span style=\"font-family: Times New Roman, serif;\"><span style=\"font-size: medium;\"><span style=\"font-family: Arial, sans-serif;\">Takie dzie\u0142a, jak <\/span><em><span style=\"font-family: Arial, sans-serif;\">Koncert na fortepian, perkusj\u0119 i orkiestr\u0119, Fonoplasticon<\/span><\/em><span style=\"font-family: Arial, sans-serif;\">, <\/span><em><span style=\"font-family: Arial, sans-serif;\">Aforyzjada &#8211; opera w puzzlach, Clavertett<\/span><\/em><span style=\"font-family: Arial, sans-serif;\"> i <\/span><em><span style=\"font-family: Arial, sans-serif;\">Kilka minut obecno\u015bci &#8211; poemat domniemany<\/span><\/em><span style=\"font-family: Arial, sans-serif;\"> powsta\u0142y w ramach programu \u201eZam\u00f3wienia kompozytorskie\u201d, realizowanego przez Narodowy Instytut Muzyki i\u00a0Ta\u0144ca.<\/span><\/span><\/span><\/p><p style=\"text-align: left;\" align=\"justify\"><span style=\"font-family: Times New Roman, serif;\"><span style=\"font-size: medium;\"><span style=\"font-family: Arial, sans-serif;\">Obok kompozycji zajmuje si\u0119 poezj\u0105, publicystyk\u0105 i pedagogik\u0105 muzyczn\u0105. Jest profesorem zwyczajnym Akademii Muzycznej im. Feliksa Nowowiejskiego w Bydgoszczy. Od 2002 roku pe\u0142ni\u0142 funkcj\u0119 kierownika Katedry Teorii Muzyki i Kompozycji przy Wydziale Kompozycji, Teorii Muzyki i Re\u017cyserii D\u017awi\u0119ku tej\u017ce uczelni. W latach 2005-14 prowadzi\u0142 klas\u0119 kompozycji w Akademii Muzycznej w Krakowie. W roku 2011 uzyska\u0142 tytu\u0142 profesora sztuk muzycznych.<\/span><\/span><\/span><\/p><p style=\"text-align: left;\" align=\"justify\"><span style=\"font-family: Times New Roman, serif;\"><span style=\"font-size: medium;\"><span style=\"font-family: Arial, sans-serif;\">Utwory Zbigniewa Bargielskiego niejednokrotnie ukazywa\u0142y si\u0119 na p\u0142ytach CD, m.in. Polskiego Radia w serii \u201eMuzyka Naszych Czas\u00f3w\u201d (2006), a w roku 2012 firma CD Accord wyda\u0142a jego kwartety smyczkowe w wykonaniu Kwartetu \u015al\u0105skiego. P\u0142yta ta by\u0142a rekomendowana jako <\/span><em><span style=\"font-family: Arial, sans-serif;\">Critics\u2019 Choice for February 2013<\/span><\/em> <span style=\"font-family: Arial, sans-serif;\">przez \u201eMusicWeb International\u201d i\u00a0otrzyma\u0142a nominacj\u0119 do nagrody FRYDERYK 2013. Kompozycja Bargielskiego <\/span><em><span style=\"font-family: Arial, sans-serif;\">Trigonalia<\/span><\/em><span style=\"font-family: Arial, sans-serif;\"> na gitar\u0119, akordeon, perkusj\u0119 i orkiestr\u0119 (1994) znalaz\u0142a si\u0119 w projekcie muzyczno-publicystycznym <\/span><em><span style=\"font-family: Arial, sans-serif;\">100 na 100. Muzyczne dekady wolno\u015bci<\/span><\/em><span style=\"font-family: Arial, sans-serif;\"> zrealizowanego przez Polskie Wydawnictwo Muzyczne w 2018 roku.<\/span><\/span><\/span><\/p><p style=\"text-align: left;\" align=\"justify\"><span style=\"font-family: Times New Roman, serif;\"><span style=\"font-size: medium;\"><span style=\"font-family: Arial, sans-serif;\">Swoje r\u0119kopisy Zbigniew Bargielski ofiarowa\u0142 Bibliotece Uniwersytetu Warszawskiego w\u00a02019 roku.<\/span><\/span><\/span><\/p><p style=\"text-align: left;\" align=\"justify\"><span style=\"font-family: Times New Roman, serif;\"><span style=\"font-size: medium;\"><span style=\"font-family: Arial, sans-serif;\">W 2022 roku nak\u0142adem wydawnictwa Musica Iagellonica ukaza\u0142a si\u0119 po\u015bwi\u0119cona mu monografia Violetty Przech <\/span><em><span style=\"font-family: Arial, sans-serif;\">W labiryncie wyobra\u017ani. Zbigniew Bargielski \u2013 tw\u00f3rca i dzie\u0142o<\/span><\/em><span style=\"font-family: Arial, sans-serif;\">.<\/span><\/span><\/span><\/p><p style=\"text-align: left;\" align=\"justify\"><span style=\"font-family: Times New Roman, serif;\"><span style=\"font-size: medium;\"><span style=\"font-family: Arial, sans-serif;\">Kompozytor przez wiele lat dzia\u0142a\u0142 w Zwi\u0105zku Kompozytor\u00f3w Polskich, pe\u0142ni\u0105c r\u00f3\u017cne funkcje w Zarz\u0105dzie G\u0142\u00f3wnym, Komisji Kwalifikacyjnej, Komisji Repertuarowej Mi\u0119dzynarodowego Festiwalu Muzyki Wsp\u00f3\u0142czesnej \u201eWarszawska Jesie\u0144\u201d. By\u0142 jurorem, niejednokrotnie w funkcji przewodnicz\u0105cego, konkurs\u00f3w kompozytorskich. Jest cz\u0142onkiem Steirischer Tonk\u00fcnstlerbund (od 1978) i Der \u00d6sterriechischer Komponistenbund (od 1985). W pa\u017adzierniku 2022 otrzyma\u0142 tytu\u0142 doktora honoris causa Akademii Muzycznej im. Feliksa Nowowiejskiego w Bydgoszczy.<br \/><br \/><\/span><\/span><\/span><\/p><p class=\"western\" style=\"text-align: left;\" align=\"justify\"><span style=\"font-family: Arial, sans-serif;\"><span style=\"font-size: medium;\"><i><b>Fonoplasticon<\/b><\/i><\/span><\/span><span style=\"font-family: Arial, sans-serif;\"><span style=\"font-size: medium;\"> na kwintet d\u0119ty i fortepian(2016), ma charakter \u201eklasycznej\u201d muzyki rozrywkowej, nale\u017c\u0105cej do nurtu, kt\u00f3rego zadaniem jest uwolnienie si\u0119 od muzyki zrodzonej z czystego intelektu i tzw. eksperymentu. Ma s\u0142u\u017cy\u0107 rozrywce. Kompozycja sk\u0142ada si\u0119 z kilku segment\u00f3w, kt\u00f3rych trzon stanowi\u0105 fragmenty podobnego nurtu, wyj\u0119te z innych moich utwor\u00f3w. Tytu\u0142 jest parafraz\u0105 s\u0142owa \u201efotoplastykon\u201d kt\u00f3re okre\u015bla przyrz\u0105d zaopatrzony we wzierniki ze szk\u0142ami, przez kt\u00f3re ogl\u0105da si\u0119 stereoskopowe zdj\u0119cia fotograficzne. Nota bene takie przedsi\u0119wzi\u0119cie mo\u017cna by\u0142o jeszcze ogl\u0105da\u0107 w oficynie jednego z dom\u00f3w w warszawskich Al. Jerozolimskich. Utw\u00f3r sta\u0142 si\u0119 r\u00f3wnie\u017c pretekstem do ukazania wirtuozerii wykonawc\u00f3w \u2013 w tym wypadku \u2013 znakomitego Krakowskiego Kwintetu D\u0119tego i Beaty Bili\u0144skiej.<\/span><\/span><\/p><p class=\"western\" style=\"text-align: right;\" align=\"right\"><span style=\"font-family: Arial, sans-serif;\"><span style=\"font-size: medium;\"><b>Zbigniew Bargielski<\/b><\/span><\/span><\/p><p style=\"text-align: left;\" align=\"justify\"><span style=\"font-family: Times New Roman, serif;\"><span style=\"font-size: medium;\"><span style=\"font-family: Arial, sans-serif;\">\u00a0<\/span><\/span><\/span><\/p>\t\t\t\t\t\t\t\t<\/div>\n\t\t\t\t<\/div>\n\t\t\t\t\t<\/div>\n\t\t<\/div>\n\t\t\t\t\t<\/div>\n\t\t<\/section>\n\t\t\t\t<\/div>\n\t\t","protected":false},"excerpt":{"rendered":"<p>Zbigniew Bargielski fot. Marcin Gumiela Kompozytor, pedagog, poeta; urodzi\u0142 si\u0119 21 stycznia 1937 w \u0141om\u017cy. Studiowa\u0142 prawo na Uniwersytecie im. Marii Sk\u0142odowskiej-Curie w Lublinie (1954-57).&hellip;<\/p>\n","protected":false},"author":1,"featured_media":0,"parent":0,"menu_order":0,"comment_status":"closed","ping_status":"closed","template":"","meta":{"footnotes":""},"class_list":["post-17038","page","type-page","status-publish","hentry"],"_links":{"self":[{"href":"https:\/\/wsm.art.pl\/index.php?rest_route=\/wp\/v2\/pages\/17038","targetHints":{"allow":["GET"]}}],"collection":[{"href":"https:\/\/wsm.art.pl\/index.php?rest_route=\/wp\/v2\/pages"}],"about":[{"href":"https:\/\/wsm.art.pl\/index.php?rest_route=\/wp\/v2\/types\/page"}],"author":[{"embeddable":true,"href":"https:\/\/wsm.art.pl\/index.php?rest_route=\/wp\/v2\/users\/1"}],"replies":[{"embeddable":true,"href":"https:\/\/wsm.art.pl\/index.php?rest_route=%2Fwp%2Fv2%2Fcomments&post=17038"}],"version-history":[{"count":7,"href":"https:\/\/wsm.art.pl\/index.php?rest_route=\/wp\/v2\/pages\/17038\/revisions"}],"predecessor-version":[{"id":17095,"href":"https:\/\/wsm.art.pl\/index.php?rest_route=\/wp\/v2\/pages\/17038\/revisions\/17095"}],"wp:attachment":[{"href":"https:\/\/wsm.art.pl\/index.php?rest_route=%2Fwp%2Fv2%2Fmedia&parent=17038"}],"curies":[{"name":"wp","href":"https:\/\/api.w.org\/{rel}","templated":true}]}}