{"id":17030,"date":"2025-04-20T12:09:52","date_gmt":"2025-04-20T12:09:52","guid":{"rendered":"https:\/\/wsm.art.pl\/?page_id=17030"},"modified":"2025-04-25T23:12:39","modified_gmt":"2025-04-25T23:12:39","slug":"2025-baginski","status":"publish","type":"page","link":"https:\/\/wsm.art.pl\/?page_id=17030","title":{"rendered":"2025 BAGI\u0143SKI Zbigniew"},"content":{"rendered":"\t\t<div data-elementor-type=\"wp-page\" data-elementor-id=\"17030\" class=\"elementor elementor-17030\">\n\t\t\t\t\t\t<section class=\"elementor-section elementor-top-section elementor-element elementor-element-8b249b1 elementor-section-boxed elementor-section-height-default elementor-section-height-default\" data-id=\"8b249b1\" data-element_type=\"section\">\n\t\t\t\t\t\t<div class=\"elementor-container elementor-column-gap-default\">\n\t\t\t\t\t<div class=\"elementor-column elementor-col-100 elementor-top-column elementor-element elementor-element-1aeb34e\" data-id=\"1aeb34e\" data-element_type=\"column\">\n\t\t\t<div class=\"elementor-widget-wrap elementor-element-populated\">\n\t\t\t\t\t\t<div class=\"elementor-element elementor-element-90cdfe6 elementor-widget elementor-widget-heading\" data-id=\"90cdfe6\" data-element_type=\"widget\" data-widget_type=\"heading.default\">\n\t\t\t\t<div class=\"elementor-widget-container\">\n\t\t\t\t\t<h2 class=\"elementor-heading-title elementor-size-default\">Zbigniew Bagi\u0144ski (1949 \u2013 2024)<\/h2>\t\t\t\t<\/div>\n\t\t\t\t<\/div>\n\t\t\t\t\t<\/div>\n\t\t<\/div>\n\t\t\t\t\t<\/div>\n\t\t<\/section>\n\t\t\t\t<section class=\"elementor-section elementor-top-section elementor-element elementor-element-208796d2 elementor-section-boxed elementor-section-height-default elementor-section-height-default\" data-id=\"208796d2\" data-element_type=\"section\">\n\t\t\t\t\t\t<div class=\"elementor-container elementor-column-gap-default\">\n\t\t\t\t\t<div class=\"elementor-column elementor-col-50 elementor-top-column elementor-element elementor-element-2998c263\" data-id=\"2998c263\" data-element_type=\"column\">\n\t\t\t<div class=\"elementor-widget-wrap elementor-element-populated\">\n\t\t\t\t\t\t<div class=\"elementor-element elementor-element-4f2be069 elementor-widget elementor-widget-image\" data-id=\"4f2be069\" data-element_type=\"widget\" data-widget_type=\"image.default\">\n\t\t\t\t<div class=\"elementor-widget-container\">\n\t\t\t\t\t\t\t\t\t\t\t\t<figure class=\"wp-caption\">\n\t\t\t\t\t\t\t\t\t\t<img fetchpriority=\"high\" decoding=\"async\" width=\"768\" height=\"1087\" src=\"https:\/\/wsm.art.pl\/wp-content\/uploads\/2024\/04\/Baginski_Zbigniew_small-768x1087.jpg\" class=\"attachment-medium_large size-medium_large wp-image-14513\" alt=\"\" srcset=\"https:\/\/wsm.art.pl\/wp-content\/uploads\/2024\/04\/Baginski_Zbigniew_small-768x1087.jpg 768w, https:\/\/wsm.art.pl\/wp-content\/uploads\/2024\/04\/Baginski_Zbigniew_small-212x300.jpg 212w, https:\/\/wsm.art.pl\/wp-content\/uploads\/2024\/04\/Baginski_Zbigniew_small-724x1024.jpg 724w, https:\/\/wsm.art.pl\/wp-content\/uploads\/2024\/04\/Baginski_Zbigniew_small.jpg 848w\" sizes=\"(max-width: 768px) 100vw, 768px\" \/>\t\t\t\t\t\t\t\t\t\t\t<figcaption class=\"widget-image-caption wp-caption-text\">fot. Eugeniusz Szustow<\/figcaption>\n\t\t\t\t\t\t\t\t\t\t<\/figure>\n\t\t\t\t\t\t\t\t\t<\/div>\n\t\t\t\t<\/div>\n\t\t\t\t\t<\/div>\n\t\t<\/div>\n\t\t\t\t<div class=\"elementor-column elementor-col-50 elementor-top-column elementor-element elementor-element-22045959\" data-id=\"22045959\" data-element_type=\"column\">\n\t\t\t<div class=\"elementor-widget-wrap elementor-element-populated\">\n\t\t\t\t\t\t<div class=\"elementor-element elementor-element-20a87065 elementor-widget elementor-widget-text-editor\" data-id=\"20a87065\" data-element_type=\"widget\" data-widget_type=\"text-editor.default\">\n\t\t\t\t<div class=\"elementor-widget-container\">\n\t\t\t\t\t\t\t\t\t<p class=\"western\" style=\"text-align: left;\" align=\"justify\"><span style=\"font-family: Arial, sans-serif;\">Kompozytor i pedagog; ur. 19 stycznia 1949, Szczecin; zm. 24 sierpnia 2024, Warszawa. W latach 1967-72 studiowa\u0142 kompozycj\u0119 pod kierunkiem Tadeusza Paciorkiewicza w Pa\u0144stwowej Wy\u017cszej Szkole Muzycznej w Warszawie, uzyskuj\u0105c dyplom z wyr\u00f3\u017cnieniem za utw\u00f3r <\/span><span style=\"font-family: Arial, sans-serif;\"><i>Muzyka symfoniczna <\/i><\/span><span style=\"font-family: Arial, sans-serif;\">(1972), wykonany dwa lata p\u00f3\u017aniej przez Orkiestr\u0119 Filharmonii Narodowej w Warszawie pod dyrekcj\u0105 Wojciecha Rajskiego. <\/span><span style=\"font-family: Arial, sans-serif;\">Uzyska\u0142 kilka nagr\u00f3d na konkursach kompozytorskich, m.in. 1973 \u2013 wyr\u00f3\u017cnienie za Wyprawy na drug\u0105 stron\u0119 na flet, fortepian i tom-tom na Konkursie M\u0142odych Zwi\u0105zku Kompozytor\u00f3w Polskich, 1992 \u2013 II nagrod\u0119 za <\/span><span style=\"font-family: Arial, sans-serif;\"><i>Threnody <\/i><\/span><span style=\"font-family: Arial, sans-serif;\">na orkiestr\u0119 symfoniczn\u0105 i ch\u00f3r mieszany na Mi\u0119dzynarodowym Konkursie Kompozytorskim w Kijowie, 1995 \u2013 I nagrod\u0119 za <\/span><span style=\"font-family: Arial, sans-serif;\"><i>Ma\u0142\u0105 symfoni\u0119 elegijn\u0105<\/i><\/span><span style=\"font-family: Arial, sans-serif;\"> na konkursie zorganizowanym z okazji 50-lecia Zwi\u0105zku Kompozytor\u00f3w Polskich.<\/span><\/p><p class=\"western\" style=\"text-align: left;\" align=\"justify\"><span style=\"font-family: Arial, sans-serif;\">Debiutowa\u0142 w 1968 <\/span><span style=\"font-family: Arial, sans-serif;\"><i>Tryptykiem <\/i><\/span><span style=\"font-family: Arial, sans-serif;\">na klarnet i fortepian (1968), a na arenie mi\u0119dzynarodowej &#8211; w 1974 roku, utworem fortepianowym <\/span><span style=\"font-family: Arial, sans-serif;\"><i>Miscellanea <\/i><\/span><span style=\"font-family: Arial, sans-serif;\">(1972) na Nordiske Musikdage w Kopenhadze. Jego utwory wykonywane by\u0142y na wielu koncertach i festiwalach, m.in. na World Music Days w Z\u00fcrichu, Schleswig-Holstein Festival, Inventionen w Berlinie, Musik-Biennale w Berlinie, Polish Realities w Glasgow, New Music Days w Bukareszcie, Leningradzkiej Wio\u015bnie Muzycznej, International Ukrainian Music Festival w Kijowie, wielokrotnie na \u201eWarszawskiej Jesieni\u201d, Warszawskich Spotkaniach Muzycznych i na wroc\u0142awskim Festiwalu \u201eMusica Polonica Nova\u201d. <\/span><span style=\"font-family: Arial, sans-serif;\">Skomponowa\u0142 r\u00f3wnie\u017c <\/span><span style=\"font-family: Arial, sans-serif;\"><i>Hejna\u0142 Warszawski<\/i><\/span><span style=\"font-family: Arial, sans-serif;\">, wykonywany nieprzerwanie od 1995 z wie\u017cy Zamku Kr\u00f3lewskiego. <\/span><span style=\"font-family: Arial, sans-serif;\">Takie jego kompozycje, jak <\/span><span style=\"font-family: Arial, sans-serif;\"><i>Aforyzjada &#8211; opera w puzzlach, Pentaeidos, IV Symfonia, Uwertura, Deux morceaux<\/i><\/span><span style=\"font-family: Arial, sans-serif;\">, powsta\u0142y w ramach programu \u201eZam\u00f3wienia kompozytorskie\u201d, realizowanego przez Narodowy Instytut Muzyki i Ta\u0144ca.<\/span><\/p><p class=\"western\" style=\"text-align: left;\" align=\"justify\"><span style=\"font-family: Arial, sans-serif;\">Zbigniew Bagi\u0144ski od 1974 zwi\u0105zany by\u0142 z Akademi\u0105 Muzyczn\u0105 w Warszawie (obecnie Uniwersytet Muzyczny Fryderyka Chopina), gdzie od 1989 prowadzi\u0142 klas\u0119 kompozycji. W latach 1987-89 pe\u0142ni\u0142 funkcj\u0119 prodziekana Wydzia\u0142u Kompozycji, Dyrygentury i Teorii Muzyki. W 1996 otrzyma\u0142 tytu\u0142 profesora sztuki muzycznej, a w 2004 zosta\u0142 mianowany profesorem zwyczajnym tej uczelni. W latach 2004-2012 by\u0142 kierownikiem Katedry Kompozycji. W klasie kompozycji Bagi\u0144skiego studiowali: Ewa Gajkowska, Magdalena Frelek, Zbigniew S\u0142owik, Robert Wyszy\u0144ski, Tomasz Mackiewicz, Grzegorz Mackiewicz, Pawe\u0142 Strzelecki, Pawe\u0142 Jankowski, Przemys\u0142aw Zych oraz Amar Jaafar (Kuwejt), Borys Sommerchaf (Rosja), Georgios Tapes (Grecja). <\/span><span style=\"font-family: Arial, sans-serif;\">Ponadto w latach 1973-74 wsp\u00f3\u0142pracowa\u0142 z Instytutem Muzykologii Katolickiego Uniwersytetu Lubelskiego. Od 1981 wyk\u0142ada\u0142 r\u00f3wnie\u017c histori\u0119 i teori\u0119 muzyki na Wydziale Re\u017cyserii Akademii Teatralnej im. Aleksandra Zelwerowicza w Warszawie.<\/span><\/p><p class=\"western\" style=\"text-align: left;\" align=\"justify\"><span style=\"font-family: Arial, sans-serif;\">W latach 1989-1999 pe\u0142ni\u0142 funkcj\u0119 sekretarza generalnego Zwi\u0105zku Kompozytor\u00f3w Polskich. Przez 10 lat (2001\u20132011) by\u0142 prezesem Oddzia\u0142u Warszawskiego ZKP.<\/span><\/p><p class=\"western\" style=\"text-align: left;\" align=\"justify\"><span style=\"font-family: Arial, sans-serif;\">W 1986 Zbigniew Bagi\u0144ski zosta\u0142 odznaczony Srebrnym Krzy\u017cem Zas\u0142ugi, w 2006 uhonorowany doroczn\u0105 Nagrod\u0105 Zwi\u0105zku Kompozytor\u00f3w Polskich. W 2015 roku kompozytor otrzyma\u0142 Srebrny Medal \u201eZas\u0142u\u017cony Kulturze Gloria Artis\u201d.<\/span><\/p><p class=\"western\" style=\"text-align: right;\" align=\"right\"><span style=\"font-family: Arial, sans-serif;\"><b>Polskie Centrum Informacji Muzycznej POLMIC<\/b><\/span><\/p><p class=\"western\" style=\"text-align: left;\" align=\"justify\"><span style=\"font-family: Arial, sans-serif;\"><span style=\"font-size: medium;\"><i><b><br \/>Uwertura<\/b><\/i><\/span><\/span><i> <\/i><span style=\"font-family: Arial, sans-serif;\"><span style=\"font-size: medium;\">to kr\u00f3tka kompozycja oparta na wsp\u00f3\u0142czesnych zdobyczach techniki orkiestracyjnej. Przewidziana jest jako rodzaj uwertury otwieraj\u0105cej koncert filharmoniczny o zr\u00f3\u017cnicowanej zawarto\u015bci programowej, by \u015bwiadczy\u0107 o oczywistych zwi\u0105zkach muzyki nowej i historycznej. <\/span><\/span><span style=\"font-family: Arial, sans-serif;\"><span style=\"font-size: medium;\"><i>Uwertura<\/i><\/span><\/span><span style=\"font-family: Arial, sans-serif;\"><span style=\"font-size: medium;\"> sk\u0142ada si\u0119 z sze\u015bciu segment\u00f3w zako\u0144czonych cod\u0105.Ciekawa jest dramaturgia ca\u0142o\u015bci polegaj\u0105ca na zag\u0119szczeniu materii i przy\u015bpieszaniu tempa, w zwi\u0105zku z czym utw\u00f3r rozpoczyna si\u0119 w tempie wolnym, ko\u0144czy za\u015b w szybkim. I \u2013 jak zapewnia kompozytor \u2013 jest to kolejne dzie\u0142o, w kt\u00f3rym tradycja spotyka si\u0119 z nowoczesno\u015bci\u0105, zadawalaj\u0105c gusty sta\u0142ych bywalc\u00f3w koncert\u00f3w filharmonicznych.<\/span><\/span><\/p><p class=\"western\" style=\"text-align: right;\" align=\"right\"><span style=\"font-family: Arial, sans-serif;\"><span style=\"font-size: medium;\"><b>Zbigniew Bagi\u0144ski<\/b><\/span><\/span><\/p><p style=\"text-align: left;\">\u00a0<\/p>\t\t\t\t\t\t\t\t<\/div>\n\t\t\t\t<\/div>\n\t\t\t\t\t<\/div>\n\t\t<\/div>\n\t\t\t\t\t<\/div>\n\t\t<\/section>\n\t\t\t\t<\/div>\n\t\t","protected":false},"excerpt":{"rendered":"<p>Zbigniew Bagi\u0144ski (1949 \u2013 2024) fot. Eugeniusz Szustow Kompozytor i pedagog; ur. 19 stycznia 1949, Szczecin; zm. 24 sierpnia 2024, Warszawa. W latach 1967-72 studiowa\u0142&hellip;<\/p>\n","protected":false},"author":1,"featured_media":0,"parent":0,"menu_order":0,"comment_status":"closed","ping_status":"closed","template":"","meta":{"footnotes":""},"class_list":["post-17030","page","type-page","status-publish","hentry"],"_links":{"self":[{"href":"https:\/\/wsm.art.pl\/index.php?rest_route=\/wp\/v2\/pages\/17030","targetHints":{"allow":["GET"]}}],"collection":[{"href":"https:\/\/wsm.art.pl\/index.php?rest_route=\/wp\/v2\/pages"}],"about":[{"href":"https:\/\/wsm.art.pl\/index.php?rest_route=\/wp\/v2\/types\/page"}],"author":[{"embeddable":true,"href":"https:\/\/wsm.art.pl\/index.php?rest_route=\/wp\/v2\/users\/1"}],"replies":[{"embeddable":true,"href":"https:\/\/wsm.art.pl\/index.php?rest_route=%2Fwp%2Fv2%2Fcomments&post=17030"}],"version-history":[{"count":10,"href":"https:\/\/wsm.art.pl\/index.php?rest_route=\/wp\/v2\/pages\/17030\/revisions"}],"predecessor-version":[{"id":17088,"href":"https:\/\/wsm.art.pl\/index.php?rest_route=\/wp\/v2\/pages\/17030\/revisions\/17088"}],"wp:attachment":[{"href":"https:\/\/wsm.art.pl\/index.php?rest_route=%2Fwp%2Fv2%2Fmedia&parent=17030"}],"curies":[{"name":"wp","href":"https:\/\/api.w.org\/{rel}","templated":true}]}}