{"id":14825,"date":"2024-04-16T15:56:58","date_gmt":"2024-04-16T15:56:58","guid":{"rendered":"https:\/\/wsm.art.pl\/?page_id=14825"},"modified":"2024-05-02T14:49:26","modified_gmt":"2024-05-02T14:49:26","slug":"2024-nawrocka","status":"publish","type":"page","link":"https:\/\/wsm.art.pl\/?page_id=14825","title":{"rendered":"2024 NAWROCKA Aldona"},"content":{"rendered":"\t\t<div data-elementor-type=\"wp-page\" data-elementor-id=\"14825\" class=\"elementor elementor-14825\">\n\t\t\t\t\t\t<section class=\"elementor-section elementor-top-section elementor-element elementor-element-8b249b1 elementor-section-boxed elementor-section-height-default elementor-section-height-default\" data-id=\"8b249b1\" data-element_type=\"section\">\n\t\t\t\t\t\t<div class=\"elementor-container elementor-column-gap-default\">\n\t\t\t\t\t<div class=\"elementor-column elementor-col-100 elementor-top-column elementor-element elementor-element-1aeb34e\" data-id=\"1aeb34e\" data-element_type=\"column\">\n\t\t\t<div class=\"elementor-widget-wrap elementor-element-populated\">\n\t\t\t\t\t\t<div class=\"elementor-element elementor-element-90cdfe6 elementor-widget elementor-widget-heading\" data-id=\"90cdfe6\" data-element_type=\"widget\" data-widget_type=\"heading.default\">\n\t\t\t\t<div class=\"elementor-widget-container\">\n\t\t\t\t\t<h2 class=\"elementor-heading-title elementor-size-default\">Aldona Nawrocka<\/h2>\t\t\t\t<\/div>\n\t\t\t\t<\/div>\n\t\t\t\t\t<\/div>\n\t\t<\/div>\n\t\t\t\t\t<\/div>\n\t\t<\/section>\n\t\t\t\t<section class=\"elementor-section elementor-top-section elementor-element elementor-element-94bc80c elementor-section-boxed elementor-section-height-default elementor-section-height-default\" data-id=\"94bc80c\" data-element_type=\"section\">\n\t\t\t\t\t\t<div class=\"elementor-container elementor-column-gap-default\">\n\t\t\t\t\t<div class=\"elementor-column elementor-col-50 elementor-top-column elementor-element elementor-element-dc2c096\" data-id=\"dc2c096\" data-element_type=\"column\">\n\t\t\t<div class=\"elementor-widget-wrap elementor-element-populated\">\n\t\t\t\t\t\t<div class=\"elementor-element elementor-element-d1192b9 elementor-widget elementor-widget-image\" data-id=\"d1192b9\" data-element_type=\"widget\" data-widget_type=\"image.default\">\n\t\t\t\t<div class=\"elementor-widget-container\">\n\t\t\t\t\t\t\t\t\t\t\t\t<figure class=\"wp-caption\">\n\t\t\t\t\t\t\t\t\t\t<img fetchpriority=\"high\" decoding=\"async\" width=\"843\" height=\"474\" src=\"https:\/\/wsm.art.pl\/wp-content\/uploads\/2024\/04\/Aldona-Nawrocka-Fot.-Krzysztof-Heyke-1024x576.jpg\" class=\"attachment-large size-large wp-image-14827\" alt=\"\" srcset=\"https:\/\/wsm.art.pl\/wp-content\/uploads\/2024\/04\/Aldona-Nawrocka-Fot.-Krzysztof-Heyke-1024x576.jpg 1024w, https:\/\/wsm.art.pl\/wp-content\/uploads\/2024\/04\/Aldona-Nawrocka-Fot.-Krzysztof-Heyke-300x169.jpg 300w, https:\/\/wsm.art.pl\/wp-content\/uploads\/2024\/04\/Aldona-Nawrocka-Fot.-Krzysztof-Heyke-768x432.jpg 768w, https:\/\/wsm.art.pl\/wp-content\/uploads\/2024\/04\/Aldona-Nawrocka-Fot.-Krzysztof-Heyke.jpg 1280w\" sizes=\"(max-width: 843px) 100vw, 843px\" \/>\t\t\t\t\t\t\t\t\t\t\t<figcaption class=\"widget-image-caption wp-caption-text\">fot. Krzysztof Heyke<\/figcaption>\n\t\t\t\t\t\t\t\t\t\t<\/figure>\n\t\t\t\t\t\t\t\t\t<\/div>\n\t\t\t\t<\/div>\n\t\t\t\t\t<\/div>\n\t\t<\/div>\n\t\t\t\t<div class=\"elementor-column elementor-col-50 elementor-top-column elementor-element elementor-element-08cc34b\" data-id=\"08cc34b\" data-element_type=\"column\">\n\t\t\t<div class=\"elementor-widget-wrap\">\n\t\t\t\t\t\t\t<\/div>\n\t\t<\/div>\n\t\t\t\t\t<\/div>\n\t\t<\/section>\n\t\t\t\t<section class=\"elementor-section elementor-top-section elementor-element elementor-element-8041a38 elementor-section-boxed elementor-section-height-default elementor-section-height-default\" data-id=\"8041a38\" data-element_type=\"section\">\n\t\t\t\t\t\t<div class=\"elementor-container elementor-column-gap-default\">\n\t\t\t\t\t<div class=\"elementor-column elementor-col-100 elementor-top-column elementor-element elementor-element-3d001f4\" data-id=\"3d001f4\" data-element_type=\"column\">\n\t\t\t<div class=\"elementor-widget-wrap elementor-element-populated\">\n\t\t\t\t\t\t<div class=\"elementor-element elementor-element-9d29113 elementor-widget elementor-widget-text-editor\" data-id=\"9d29113\" data-element_type=\"widget\" data-widget_type=\"text-editor.default\">\n\t\t\t\t<div class=\"elementor-widget-container\">\n\t\t\t\t\t\t\t\t\t<p class=\"western\" style=\"text-align: left;\" align=\"justify\"><span style=\"font-family: Arial, sans-serif;\">Kompozytorka, pianistka, pedagog, absolwentka AMFC w Warszawie w klasie kompozycji M. Borkowskiego, doktor habilitowany sztuk muzycznych. Stypendystka Musikhochschule Luzern (kl. B. Skrzypczak). Uczestniczka kurs\u00f3w kompozycji (prowadzonych m.in. przez E. Sikor\u0119, S. Montegue, A. Br\u00f8dsgaarda), bra\u0142a tak\u017ce udzia\u0142 w Acad\u00e9mie de Musique du XX\u00e9me si\u00e8cle w Pary\u017cu (P. Boulez, D. Robertson) oraz organizowanej przez IRCAM Acad\u00e9mie d\u2019Et\u00e9 (B. Ferneyhough, M-A. Dalbavie). <\/span><span style=\"font-family: Times New Roman, serif;\"><span style=\"font-family: Arial, sans-serif;\">Obecnie pracuje na stanowisku adiunkta na Uniwersytecie Muzycznym Fryderyka Chopina w Warszawie.<\/span><\/span><\/p><p style=\"text-align: left;\" align=\"justify\"><span style=\"font-family: Times New Roman, serif;\"><span style=\"font-family: Arial, sans-serif;\">Jest laureatk\u0105 konkurs\u00f3w og\u00f3lnopolskich i mi\u0119dzynarodowych, nagr\u00f3d, wyr\u00f3\u017cnie\u0144 oraz licznych stypendi\u00f3w tw\u00f3rczych. Tworzy muzyk\u0119 instrumentaln\u0105, wokaln\u0105, ch\u00f3raln\u0105, elektroakustyczn\u0105, udziela si\u0119 r\u00f3wnie\u017c w obszarze sztuk interaktywnych, audiowizualnych czy teatru ta\u0144ca. Jej dzie\u0142a by\u0142y wykonywane w Polsce i za granic\u0105. Ponadto koncertuje jako pianistka kameralistka, zajmuje si\u0119 tak\u017ce dzia\u0142alno\u015bci\u0105 publicystyczn\u0105, naukow\u0105 i organizacyjn\u0105. Jest cz\u0142onkiem ZKP, ZAiKS, Akademii Fonograficznej, Stowarzyszenia Strefa Otwarta, Towarzystwa im. F. Chopina oraz WOPR.<\/span><\/span><\/p><p style=\"text-align: left;\" align=\"justify\"><span style=\"font-family: Times New Roman, serif;\"><span style=\"font-family: Arial, sans-serif;\"><i><b>RE: al fresco<\/b><\/i><\/span><span style=\"font-family: Arial, sans-serif;\"> (2024) <\/span><\/span><\/p><p style=\"text-align: left;\" align=\"justify\">\u201e\u2026<span style=\"font-family: Times New Roman, serif;\"><span style=\"font-family: Arial, sans-serif;\"><i>technika wymagaj\u0105ca specjalnej wiedzy i dzia\u0142a\u0144, bowiem nakre\u015blony na mi\u0119kkim papierze rysunek przymocowany do \u015bwie\u017cego tynku szpileczkami jest dalej przeniesiony rysikiem w formie cienkiego wy\u017c\u0142obienia tworz\u0105c w ten spos\u00f3b obrys kompozycji\u2026. Ale &#8211; tylko nieliczne pigmenty przetrwaj\u0105 na tym pod\u0142o\u017cu, wi\u0119kszo\u015b\u0107 znika bez \u015bladu po paru dniach, jak klisza \u015bwiat\u0142oczu\u0142a wystawiona na \u015bwiat\u0142o dzienne&#8230;\u201d<\/i><\/span><span style=\"font-family: Arial, sans-serif;\"> [parafrazuj\u0105c G. Vasariego]<\/span><\/span><\/p>\t\t\t\t\t\t\t\t<\/div>\n\t\t\t\t<\/div>\n\t\t\t\t\t<\/div>\n\t\t<\/div>\n\t\t\t\t\t<\/div>\n\t\t<\/section>\n\t\t\t\t<\/div>\n\t\t","protected":false},"excerpt":{"rendered":"<p>Aldona Nawrocka fot. Krzysztof Heyke Kompozytorka, pianistka, pedagog, absolwentka AMFC w Warszawie w klasie kompozycji M. Borkowskiego, doktor habilitowany sztuk muzycznych. Stypendystka Musikhochschule Luzern (kl.&hellip;<\/p>\n","protected":false},"author":1,"featured_media":0,"parent":0,"menu_order":0,"comment_status":"closed","ping_status":"closed","template":"","meta":{"footnotes":""},"class_list":["post-14825","page","type-page","status-publish","hentry"],"_links":{"self":[{"href":"https:\/\/wsm.art.pl\/index.php?rest_route=\/wp\/v2\/pages\/14825","targetHints":{"allow":["GET"]}}],"collection":[{"href":"https:\/\/wsm.art.pl\/index.php?rest_route=\/wp\/v2\/pages"}],"about":[{"href":"https:\/\/wsm.art.pl\/index.php?rest_route=\/wp\/v2\/types\/page"}],"author":[{"embeddable":true,"href":"https:\/\/wsm.art.pl\/index.php?rest_route=\/wp\/v2\/users\/1"}],"replies":[{"embeddable":true,"href":"https:\/\/wsm.art.pl\/index.php?rest_route=%2Fwp%2Fv2%2Fcomments&post=14825"}],"version-history":[{"count":10,"href":"https:\/\/wsm.art.pl\/index.php?rest_route=\/wp\/v2\/pages\/14825\/revisions"}],"predecessor-version":[{"id":15950,"href":"https:\/\/wsm.art.pl\/index.php?rest_route=\/wp\/v2\/pages\/14825\/revisions\/15950"}],"wp:attachment":[{"href":"https:\/\/wsm.art.pl\/index.php?rest_route=%2Fwp%2Fv2%2Fmedia&parent=14825"}],"curies":[{"name":"wp","href":"https:\/\/api.w.org\/{rel}","templated":true}]}}