{"id":14070,"date":"2024-03-29T14:53:11","date_gmt":"2024-03-29T14:53:11","guid":{"rendered":"https:\/\/wsm.art.pl\/?page_id=14070"},"modified":"2024-05-01T14:59:36","modified_gmt":"2024-05-01T14:59:36","slug":"2024-w-kielar-dlugosz","status":"publish","type":"page","link":"https:\/\/wsm.art.pl\/?page_id=14070","title":{"rendered":"2024 w. KIELAR-D\u0141UGOSZ Agata"},"content":{"rendered":"\t\t<div data-elementor-type=\"wp-page\" data-elementor-id=\"14070\" class=\"elementor elementor-14070\">\n\t\t\t\t\t\t<section class=\"elementor-section elementor-top-section elementor-element elementor-element-8b249b1 elementor-section-boxed elementor-section-height-default elementor-section-height-default\" data-id=\"8b249b1\" data-element_type=\"section\">\n\t\t\t\t\t\t<div class=\"elementor-container elementor-column-gap-default\">\n\t\t\t\t\t<div class=\"elementor-column elementor-col-100 elementor-top-column elementor-element elementor-element-1aeb34e\" data-id=\"1aeb34e\" data-element_type=\"column\">\n\t\t\t<div class=\"elementor-widget-wrap elementor-element-populated\">\n\t\t\t\t\t\t<div class=\"elementor-element elementor-element-90cdfe6 elementor-widget elementor-widget-heading\" data-id=\"90cdfe6\" data-element_type=\"widget\" data-widget_type=\"heading.default\">\n\t\t\t\t<div class=\"elementor-widget-container\">\n\t\t\t\t\t<h2 class=\"elementor-heading-title elementor-size-default\">Agata Kielar-D\u0142ugosz<\/h2>\t\t\t\t<\/div>\n\t\t\t\t<\/div>\n\t\t\t\t\t<\/div>\n\t\t<\/div>\n\t\t\t\t\t<\/div>\n\t\t<\/section>\n\t\t\t\t<section class=\"elementor-section elementor-top-section elementor-element elementor-element-208796d2 elementor-section-boxed elementor-section-height-default elementor-section-height-default\" data-id=\"208796d2\" data-element_type=\"section\">\n\t\t\t\t\t\t<div class=\"elementor-container elementor-column-gap-default\">\n\t\t\t\t\t<div class=\"elementor-column elementor-col-50 elementor-top-column elementor-element elementor-element-2998c263\" data-id=\"2998c263\" data-element_type=\"column\">\n\t\t\t<div class=\"elementor-widget-wrap elementor-element-populated\">\n\t\t\t\t\t\t<div class=\"elementor-element elementor-element-4f2be069 elementor-widget elementor-widget-image\" data-id=\"4f2be069\" data-element_type=\"widget\" data-widget_type=\"image.default\">\n\t\t\t\t<div class=\"elementor-widget-container\">\n\t\t\t\t\t\t\t\t\t\t\t\t<figure class=\"wp-caption\">\n\t\t\t\t\t\t\t\t\t\t<img fetchpriority=\"high\" decoding=\"async\" width=\"695\" height=\"1200\" src=\"https:\/\/wsm.art.pl\/wp-content\/uploads\/2024\/03\/Agata-Dlugosz-fot.Z.Szypowicz-small.jpg\" class=\"attachment-medium_large size-medium_large wp-image-14078\" alt=\"\" srcset=\"https:\/\/wsm.art.pl\/wp-content\/uploads\/2024\/03\/Agata-Dlugosz-fot.Z.Szypowicz-small.jpg 695w, https:\/\/wsm.art.pl\/wp-content\/uploads\/2024\/03\/Agata-Dlugosz-fot.Z.Szypowicz-small-174x300.jpg 174w, https:\/\/wsm.art.pl\/wp-content\/uploads\/2024\/03\/Agata-Dlugosz-fot.Z.Szypowicz-small-593x1024.jpg 593w\" sizes=\"(max-width: 695px) 100vw, 695px\" \/>\t\t\t\t\t\t\t\t\t\t\t<figcaption class=\"widget-image-caption wp-caption-text\">fot. Z. Szypowicz<\/figcaption>\n\t\t\t\t\t\t\t\t\t\t<\/figure>\n\t\t\t\t\t\t\t\t\t<\/div>\n\t\t\t\t<\/div>\n\t\t\t\t\t<\/div>\n\t\t<\/div>\n\t\t\t\t<div class=\"elementor-column elementor-col-50 elementor-top-column elementor-element elementor-element-22045959\" data-id=\"22045959\" data-element_type=\"column\">\n\t\t\t<div class=\"elementor-widget-wrap elementor-element-populated\">\n\t\t\t\t\t\t<div class=\"elementor-element elementor-element-20a87065 elementor-widget elementor-widget-text-editor\" data-id=\"20a87065\" data-element_type=\"widget\" data-widget_type=\"text-editor.default\">\n\t\t\t\t<div class=\"elementor-widget-container\">\n\t\t\t\t\t\t\t\t\t<p>Uznana polska flecistka, propagatorka muzyki polskiej, absolwentka studio\u0301w solistycznych w Hochschule fu\u0308r Musik und Theater w Monachium oraz studio\u0301w podyplomowych w Hochschule fu\u0308r Musik w Weimarze oraz Yale University w New Haven.<\/p><p>Jest laureatka\u0328 mi\u0119dzynarodowych konkurs\u00f3w fletowych m.in. w Uelzen, Padwie, Ovadzie, Viggiano oraz Timisoarze. Jako solistka i kameralistka koncertuje w kraju i za granica\u0328. By\u0142a pierwsza\u0328 flecistka\u0328 Bayerisches Symphonieorchester Mu\u0308nchen. Wspo\u0301\u0142pracowa\u0142a ro\u0301wniez\u0307 z Mu\u0308nchener Kammerorchester i Bach Collegium Mu\u0308nchen. Jako solistka gra\u0142a pod batuta\u0328 takich dyrygent\u00f3w, jak: Zubin Mehta, Mariss Jansons, Sir Colin Davis, \u00a0Helmuth Rilling, Jacek Kaspszyk, Jerzy Maksymiuk, Jerzy Salwarowski, Marek Pijarowski, Agnieszka Duczmal.<\/p><p>Do tej pory nagra\u0142a ponad 20 album\u00f3w p\u0142ytowych, na kto\u0301re sk\u0142ada si\u0119 tw\u00f3rczo\u015b\u0107 wsp\u00f3\u0142czesnych kompozytor\u00f3w, jak ro\u0301wnie\u017c two\u0301rco\u0301w XIX wieku, kto\u0301ra warta jest popularyzowania. Album For You, Anne-Lill, wydany przez wydawnictwo fonograficzne DUX, zosta\u0142 przez krytyko\u0301w muzycznych uznany za jeden z najciekawszych album\u00f3w z muzyk\u0105 kameraln\u0105 ostatnich lat. W 2017 roku otrzyma\u0142a nominacje\u0328 do presti\u017cowej nagrody fonograficznej ICMA (International Classical Music Award) w kategorii koncert solowy za p\u0142yt\u0119 <em>Flute Reflections<\/em> wydana\u0328 ro\u0301wniez\u0307 nak\u0142adem wytw\u00f3rni DUX.<\/p><p>Jest propagatorka\u0328 muzyki najnowszej. Do tej pory powsta\u0142o ponad 150 utwor\u00f3w jej dedykowanych. Wielokrotnie prawykonywa\u0142a koncerty polskich i zagranicznych kompozytor\u00f3w m.in. Enjotta Schneidera, Igora Shcherbakova, Paw\u0142a Mykietyna, Jerzego Kornowicza, Paw\u0142a \u0141ukaszewskiego, Miko\u0142aja Go\u0301reckiego, Gra\u017cyny Pstroko\u0144skiej-Nawratil, Piotra Mossa, kto\u0301re transmitowane by\u0142y przez czo\u0142owe rozg\u0142o\u015bnie radiowe. Dokona\u0142a szeregu nagra\u0144 archiwalnych, radiowych oraz telewizyjnych.<br \/><br \/>Za wybitne osia\u0328gnie\u0328cia otrzyma\u0142a wiele nagr\u00f3d i stypendi\u00f3w m.in: nagrody Komisji Fulbrighta, Ministra Kultury i Dziedzictwa Narodowego, DAAD, KAAD, All Flutes Plus, Jeunesses Musicales oraz Top Wind. By\u0142a wieloletni\u0105 stypendystka\u0328 fundacji \u201eYehudi Menuhin Live Music Now\u201d. W 2021 roku otrzyma\u0142a Br\u0105zowy Medal \u201eZas\u0142u\u017cony Kulturze \u2013 Gloria Artis\u201d.<\/p><p>P\u0142yta z udzia\u0142em artystki <em>Roman Palester Concertinos<\/em> wydana przez wytw\u00f3rni\u0119 Anaklasis zosta\u0142a nominowana do nagrody Fryderyk 2021. Prezydium Zarz\u0105du G\u0142\u00f3wnego Zwi\u0105zku Kompozytor\u00f3w Polskich przyzna\u0142o jej w roku 2021 Nagrod\u0119 Honorowa\u0328 ZKP za szczeg\u00f3lne zas\u0142ugi dla promocji muzyki polskiej oraz poszerzanie repertuaru wsp\u00f3\u0142czesnych kompozycji fletowych, za stymulowanie tw\u00f3rczo\u015bci kompozytorskiej w tym zakresie oraz promocj\u0119 nowej muzyki polskiej na \u015bwiecie. W 2022 roku otrzyma\u0142a Order Odrodzenia Polski.<\/p><p>Agata Kielar-D\u0142ugosz, wraz z me\u0328z\u0307em \u0141ukaszem D\u0142ugoszem, stworzyli nowatorski projekt portalu edukacyjnego <em>Flautoforte<\/em> polegaj\u0105cy na prawykonywaniu, nagrywaniu i udost\u0119pnianiu polskiej wsp\u00f3\u0142czesnej literatury fletowej uznanych kompozytor\u00f3w, promuj\u0105c w ten spos\u00f3b flecistyk\u0119 polsk\u0105 na \u015bwiecie.<br \/>W 2024 roku otrzyma\u0142a od Prezydenta RP tytu\u0142 profesora sztuki. Prowadzi klas\u0119 fletu w Akademii Muzycznej w Gda\u0144sku.<\/p><p>www.agatadlugosz.pl<br \/>www.flautoforte.pl<\/p>\t\t\t\t\t\t\t\t<\/div>\n\t\t\t\t<\/div>\n\t\t\t\t\t<\/div>\n\t\t<\/div>\n\t\t\t\t\t<\/div>\n\t\t<\/section>\n\t\t\t\t<\/div>\n\t\t","protected":false},"excerpt":{"rendered":"<p>Agata Kielar-D\u0142ugosz fot. Z. Szypowicz Uznana polska flecistka, propagatorka muzyki polskiej, absolwentka studio\u0301w solistycznych w Hochschule fu\u0308r Musik und Theater w Monachium oraz studio\u0301w podyplomowych&hellip;<\/p>\n","protected":false},"author":1,"featured_media":0,"parent":0,"menu_order":0,"comment_status":"closed","ping_status":"closed","template":"","meta":{"footnotes":""},"class_list":["post-14070","page","type-page","status-publish","hentry"],"_links":{"self":[{"href":"https:\/\/wsm.art.pl\/index.php?rest_route=\/wp\/v2\/pages\/14070","targetHints":{"allow":["GET"]}}],"collection":[{"href":"https:\/\/wsm.art.pl\/index.php?rest_route=\/wp\/v2\/pages"}],"about":[{"href":"https:\/\/wsm.art.pl\/index.php?rest_route=\/wp\/v2\/types\/page"}],"author":[{"embeddable":true,"href":"https:\/\/wsm.art.pl\/index.php?rest_route=\/wp\/v2\/users\/1"}],"replies":[{"embeddable":true,"href":"https:\/\/wsm.art.pl\/index.php?rest_route=%2Fwp%2Fv2%2Fcomments&post=14070"}],"version-history":[{"count":13,"href":"https:\/\/wsm.art.pl\/index.php?rest_route=\/wp\/v2\/pages\/14070\/revisions"}],"predecessor-version":[{"id":15792,"href":"https:\/\/wsm.art.pl\/index.php?rest_route=\/wp\/v2\/pages\/14070\/revisions\/15792"}],"wp:attachment":[{"href":"https:\/\/wsm.art.pl\/index.php?rest_route=%2Fwp%2Fv2%2Fmedia&parent=14070"}],"curies":[{"name":"wp","href":"https:\/\/api.w.org\/{rel}","templated":true}]}}