{"id":13951,"date":"2024-03-27T18:14:32","date_gmt":"2024-03-27T18:14:32","guid":{"rendered":"https:\/\/wsm.art.pl\/?page_id=13951"},"modified":"2024-04-30T23:22:41","modified_gmt":"2024-04-30T23:22:41","slug":"2024-pacek","status":"publish","type":"page","link":"https:\/\/wsm.art.pl\/?page_id=13951","title":{"rendered":"2024 PACEK Przemys\u0142aw"},"content":{"rendered":"\t\t<div data-elementor-type=\"wp-page\" data-elementor-id=\"13951\" class=\"elementor elementor-13951\">\n\t\t\t\t\t\t<section class=\"elementor-section elementor-top-section elementor-element elementor-element-8b249b1 elementor-section-boxed elementor-section-height-default elementor-section-height-default\" data-id=\"8b249b1\" data-element_type=\"section\">\n\t\t\t\t\t\t<div class=\"elementor-container elementor-column-gap-default\">\n\t\t\t\t\t<div class=\"elementor-column elementor-col-100 elementor-top-column elementor-element elementor-element-1aeb34e\" data-id=\"1aeb34e\" data-element_type=\"column\">\n\t\t\t<div class=\"elementor-widget-wrap elementor-element-populated\">\n\t\t\t\t\t\t<div class=\"elementor-element elementor-element-90cdfe6 elementor-widget elementor-widget-heading\" data-id=\"90cdfe6\" data-element_type=\"widget\" data-widget_type=\"heading.default\">\n\t\t\t\t<div class=\"elementor-widget-container\">\n\t\t\t\t\t<h2 class=\"elementor-heading-title elementor-size-default\">Przemys\u0142aw Pacek<\/h2>\t\t\t\t<\/div>\n\t\t\t\t<\/div>\n\t\t\t\t\t<\/div>\n\t\t<\/div>\n\t\t\t\t\t<\/div>\n\t\t<\/section>\n\t\t\t\t<section class=\"elementor-section elementor-top-section elementor-element elementor-element-208796d2 elementor-section-boxed elementor-section-height-default elementor-section-height-default\" data-id=\"208796d2\" data-element_type=\"section\">\n\t\t\t\t\t\t<div class=\"elementor-container elementor-column-gap-default\">\n\t\t\t\t\t<div class=\"elementor-column elementor-col-50 elementor-top-column elementor-element elementor-element-2998c263\" data-id=\"2998c263\" data-element_type=\"column\">\n\t\t\t<div class=\"elementor-widget-wrap elementor-element-populated\">\n\t\t\t\t\t\t<div class=\"elementor-element elementor-element-4f2be069 elementor-widget elementor-widget-image\" data-id=\"4f2be069\" data-element_type=\"widget\" data-widget_type=\"image.default\">\n\t\t\t\t<div class=\"elementor-widget-container\">\n\t\t\t\t\t\t\t\t\t\t\t\t<figure class=\"wp-caption\">\n\t\t\t\t\t\t\t\t\t\t<img fetchpriority=\"high\" decoding=\"async\" width=\"768\" height=\"1152\" src=\"https:\/\/wsm.art.pl\/wp-content\/uploads\/2024\/03\/Przemyslaw-Pacek-768x1152.jpg\" class=\"attachment-medium_large size-medium_large wp-image-13954\" alt=\"\" srcset=\"https:\/\/wsm.art.pl\/wp-content\/uploads\/2024\/03\/Przemyslaw-Pacek-768x1152.jpg 768w, https:\/\/wsm.art.pl\/wp-content\/uploads\/2024\/03\/Przemyslaw-Pacek-200x300.jpg 200w, https:\/\/wsm.art.pl\/wp-content\/uploads\/2024\/03\/Przemyslaw-Pacek-683x1024.jpg 683w, https:\/\/wsm.art.pl\/wp-content\/uploads\/2024\/03\/Przemyslaw-Pacek-1024x1536.jpg 1024w, https:\/\/wsm.art.pl\/wp-content\/uploads\/2024\/03\/Przemyslaw-Pacek.jpg 1365w\" sizes=\"(max-width: 768px) 100vw, 768px\" \/>\t\t\t\t\t\t\t\t\t\t\t<figcaption class=\"widget-image-caption wp-caption-text\">fot. archiwum kompozytora<\/figcaption>\n\t\t\t\t\t\t\t\t\t\t<\/figure>\n\t\t\t\t\t\t\t\t\t<\/div>\n\t\t\t\t<\/div>\n\t\t\t\t\t<\/div>\n\t\t<\/div>\n\t\t\t\t<div class=\"elementor-column elementor-col-50 elementor-top-column elementor-element elementor-element-22045959\" data-id=\"22045959\" data-element_type=\"column\">\n\t\t\t<div class=\"elementor-widget-wrap elementor-element-populated\">\n\t\t\t\t\t\t<div class=\"elementor-element elementor-element-20a87065 elementor-widget elementor-widget-text-editor\" data-id=\"20a87065\" data-element_type=\"widget\" data-widget_type=\"text-editor.default\">\n\t\t\t\t<div class=\"elementor-widget-container\">\n\t\t\t\t\t\t\t\t\t<p class=\"western\" style=\"text-align: left;\" align=\"justify\"><span style=\"font-family: Arial, sans-serif;\"><span style=\"font-size: medium;\">Ur.<\/span><\/span> <span style=\"font-family: Arial, sans-serif;\"><span style=\"font-size: medium;\">w<\/span><\/span> <span style=\"font-family: Arial, sans-serif;\"><span style=\"font-size: medium;\">1999 r.,<\/span><\/span> <span style=\"font-family: Arial, sans-serif;\"><span style=\"font-size: medium;\">jest<\/span><\/span> <span style=\"font-family: Arial, sans-serif;\"><span style=\"font-size: medium;\">kompozytorem<\/span><\/span> <span style=\"font-family: Arial, sans-serif;\"><span style=\"font-size: medium;\">i<\/span><\/span> <span style=\"font-family: Arial, sans-serif;\"><span style=\"font-size: medium;\">skrzypkiem<\/span><\/span> <span style=\"font-family: Arial, sans-serif;\"><span style=\"font-size: medium;\">pochodz\u0105cym <\/span><\/span><span style=\"font-family: Arial, sans-serif;\"><span style=\"font-size: medium;\">z Lublina. Obecnie studiuje kompozycj\u0119<\/span><\/span> <span style=\"font-family: Arial, sans-serif;\"><span style=\"font-size: medium;\">muzyki elektronicznej,<\/span><\/span> <span style=\"font-family: Arial, sans-serif;\"><span style=\"font-size: medium;\">filmowej i teatralnej na<\/span><\/span> <span style=\"font-family: Arial, sans-serif;\"><span style=\"font-size: medium;\">UMFC, <\/span><\/span><span style=\"font-family: Arial, sans-serif;\"><span style=\"font-size: medium;\">skupiaj\u0105c si\u0119 jednocze\u015bnie na tworzeniu instalacji<\/span><\/span> <span style=\"font-family: Arial, sans-serif;\"><span style=\"font-size: medium;\">multimedialnych oraz<\/span><\/span> <span style=\"font-family: Arial, sans-serif;\"><span style=\"font-size: medium;\">utwor\u00f3w na syntezatory <\/span><\/span><span style=\"font-family: Arial, sans-serif;\"><span style=\"font-size: medium;\">modularne. W muzyce<\/span><\/span> <span style=\"font-family: Arial, sans-serif;\"><span style=\"font-size: medium;\">poruszaj\u0105 go<\/span><\/span> <span style=\"font-family: Arial, sans-serif;\"><span style=\"font-size: medium;\">zjawiska nieoczywiste i<\/span><\/span> <span style=\"font-family: Arial, sans-serif;\"><span style=\"font-size: medium;\">trudno uchwytne, na<\/span><\/span> <span style=\"font-family: Arial, sans-serif;\"><span style=\"font-size: medium;\">kt\u00f3re<\/span><\/span> <span style=\"font-family: Arial, sans-serif;\"><span style=\"font-size: medium;\">to stara si\u0119 <\/span><\/span><span style=\"font-family: Arial, sans-serif;\"><span style=\"font-size: medium;\">kierowa\u0107 uwag\u0119 <\/span><\/span><span style=\"font-family: Arial, sans-serif;\"><span style=\"font-size: medium;\">s\u0142uchaczy.<\/span><\/span><\/p><p class=\"western\" style=\"text-align: left;\" align=\"justify\"><span style=\"font-family: Arial, sans-serif;\">Kompozytor<\/span> <span style=\"font-family: Arial, sans-serif;\"><span style=\"font-size: medium;\">jest<\/span><\/span> <span style=\"font-family: Arial, sans-serif;\"><span style=\"font-size: medium;\">wsp\u00f3\u0142tw\u00f3rc\u0105<\/span><\/span> <span style=\"font-family: Arial, sans-serif;\"><span style=\"font-size: medium;\">podcastu<\/span><\/span> <span style=\"font-family: Arial, sans-serif;\"><span style=\"font-size: medium;\">o<\/span><\/span> <span style=\"font-family: Arial, sans-serif;\"><span style=\"font-size: medium;\">kompozycji<\/span><\/span> <span style=\"font-family: Arial, sans-serif;\"><span style=\"font-size: medium;\"><i>Zbyt<\/i><\/span><\/span><i> <\/i><span style=\"font-family: Arial, sans-serif;\"><span style=\"font-size: medium;\"><i>powa\u017cnie<\/i><\/span><\/span><span style=\"font-family: Arial, sans-serif;\"><span style=\"font-size: medium;\">.<\/span><\/span> <span style=\"font-family: Arial, sans-serif;\"><span style=\"font-size: medium;\">W<\/span><\/span> <span style=\"font-family: Arial, sans-serif;\"><span style=\"font-size: medium;\">latach<\/span><\/span> <span style=\"font-family: Arial, sans-serif;\"><span style=\"font-size: medium;\">2020- 2022<\/span><\/span> <span style=\"font-family: Arial, sans-serif;\"><span style=\"font-size: medium;\">by\u0142<\/span><\/span> <span style=\"font-family: Arial, sans-serif;\"><span style=\"font-size: medium;\">wiceprezesem<\/span><\/span> <span style=\"font-family: Arial, sans-serif;\"><span style=\"font-size: medium;\">Ko\u0142a<\/span><\/span> <span style=\"font-family: Arial, sans-serif;\"><span style=\"font-size: medium;\">Naukowo-Artystycznego<\/span><\/span> <span style=\"font-family: Arial, sans-serif;\"><span style=\"font-size: medium;\">Wydzia\u0142u<\/span><\/span> <span style=\"font-family: Arial, sans-serif;\"><span style=\"font-size: medium;\">Kompozycji<\/span><\/span> <span style=\"font-family: Arial, sans-serif;\"><span style=\"font-size: medium;\">i<\/span><\/span> <span style=\"font-family: Arial, sans-serif;\"><span style=\"font-size: medium;\">Teorii<\/span><\/span> <span style=\"font-family: Arial, sans-serif;\"><span style=\"font-size: medium;\">Muzyki.<\/span><\/span><\/p><p class=\"western\" style=\"text-align: left;\" align=\"justify\"><span style=\"font-family: Arial, sans-serif;\"><span style=\"font-size: medium;\">Jest<\/span><\/span> <span style=\"font-family: Arial, sans-serif;\"><span style=\"font-size: medium;\">r\u00f3wnie\u017c<\/span><\/span> <span style=\"font-family: Arial, sans-serif;\"><span style=\"font-size: medium;\">laureatem<\/span><\/span> <span style=\"font-family: Arial, sans-serif;\"><span style=\"font-size: medium;\">wielu<\/span><\/span> <span style=\"font-family: Arial, sans-serif;\"><span style=\"font-size: medium;\">konkurs\u00f3w<\/span><\/span> <span style=\"font-family: Arial, sans-serif;\"><span style=\"font-size: medium;\">kompozytorskich (w<\/span><\/span> <span style=\"font-family: Arial, sans-serif;\"><span style=\"font-size: medium;\">tym<\/span><\/span> <span style=\"font-family: Arial, sans-serif;\"><span style=\"font-size: medium;\">63.<\/span><\/span> <span style=\"font-family: Arial, sans-serif;\"><span style=\"font-size: medium;\">Konkursu<\/span><\/span> <span style=\"font-family: Arial, sans-serif;\"><span style=\"font-size: medium;\">M\u0142odych Kompozytor\u00f3w<\/span><\/span> <span style=\"font-family: Arial, sans-serif;\"><span style=\"font-size: medium;\">im.<\/span><\/span> <span style=\"font-family: Arial, sans-serif;\"><span style=\"font-size: medium;\">Tadeusza<\/span><\/span> <span style=\"font-family: Arial, sans-serif;\"><span style=\"font-size: medium;\">Bairda),<\/span><\/span> <span style=\"font-family: Arial, sans-serif;\"><span style=\"font-size: medium;\">a<\/span><\/span> <span style=\"font-family: Arial, sans-serif;\"><span style=\"font-size: medium;\">jego<\/span><\/span> <span style=\"font-family: Arial, sans-serif;\"><span style=\"font-size: medium;\">utwory<\/span><\/span> <span style=\"font-family: Arial, sans-serif;\"><span style=\"font-size: medium;\">by\u0142y<\/span><\/span> <span style=\"font-family: Arial, sans-serif;\"><span style=\"font-size: medium;\">wykonywane<\/span><\/span> <span style=\"font-family: Arial, sans-serif;\"><span style=\"font-size: medium;\">na<\/span><\/span> <span style=\"font-family: Arial, sans-serif;\"><span style=\"font-size: medium;\">festiwalach<\/span><\/span> <span style=\"font-family: Arial, sans-serif;\"><span style=\"font-size: medium;\">takich<\/span><\/span> <span style=\"font-family: Arial, sans-serif;\"><span style=\"font-size: medium;\">jak<\/span><\/span> <span style=\"font-family: Arial, sans-serif;\"><span style=\"font-size: medium;\">Warszawska<\/span><\/span> <span style=\"font-family: Arial, sans-serif;\"><span style=\"font-size: medium;\">Jesie\u0144,<\/span><\/span> <span style=\"font-family: Arial, sans-serif;\"><span style=\"font-size: medium;\">NeoArte<\/span><\/span> <span style=\"font-family: Arial, sans-serif;\"><span style=\"font-size: medium;\">\u2013<\/span><\/span> <span style=\"font-family: Arial, sans-serif;\"><span style=\"font-size: medium;\">syntezator<\/span><\/span> <span style=\"font-family: Arial, sans-serif;\"><span style=\"font-size: medium;\">sztuki <\/span><\/span><span style=\"font-family: Arial, sans-serif;\"><span style=\"font-size: medium;\">w<\/span><\/span> <span style=\"font-family: Arial, sans-serif;\"><span style=\"font-size: medium;\">Reykjaviku<\/span><\/span> <span style=\"font-family: Arial, sans-serif;\"><span style=\"font-size: medium;\">czy<\/span><\/span> <span style=\"font-family: Arial, sans-serif;\"><span style=\"font-size: medium;\">Nowa<\/span><\/span> <span style=\"font-family: Arial, sans-serif;\"><span style=\"font-size: medium;\">muzyka w<\/span><\/span> <span style=\"font-family: Arial, sans-serif;\"><span style=\"font-size: medium;\">Bydgoszczy.<\/span><\/span><\/p><p><strong><em>Ekstensje<\/em> na ensemble d\u0119ty i dw\u00f3ch perkusist\u00f3w<\/strong><br \/><span style=\"font-family: Arial, sans-serif;\"><span style=\"font-size: medium;\">Ekstensja<\/span><\/span> <span style=\"font-family: Arial, sans-serif;\"><span style=\"font-size: medium;\">(\u0142ac.<\/span><\/span> <span style=\"font-family: Arial, sans-serif;\"><span style=\"font-size: medium;\">\u2018extentio\u2019) oznacza<\/span><\/span> <span style=\"font-family: Arial, sans-serif;\"><span style=\"font-size: medium;\">rozci\u0105g\u0142o\u015b\u0107,<\/span><\/span> <span style=\"font-family: Arial, sans-serif;\"><span style=\"font-size: medium;\">poszerzanie danego<\/span><\/span> <span style=\"font-family: Arial, sans-serif;\"><span style=\"font-size: medium;\">obiektu<\/span><\/span> <span style=\"font-family: Arial, sans-serif;\"><span style=\"font-size: medium;\">i<\/span><\/span> <span style=\"font-family: Arial, sans-serif;\"><span style=\"font-size: medium;\">jego<\/span><\/span> <span style=\"font-family: Arial, sans-serif;\"><span style=\"font-size: medium;\">znacze\u0144. <\/span><\/span><span style=\"font-family: Arial, sans-serif;\"><span style=\"font-size: medium;\">W utworze <\/span><\/span><span style=\"font-family: Arial, sans-serif;\"><span style=\"font-size: medium;\"><i>Ekstensje<\/i><\/span><\/span><span style=\"font-family: Arial, sans-serif;\"><span style=\"font-size: medium;\"> pisanym na 80. rocznic\u0119 <\/span><\/span><span style=\"font-family: Arial, sans-serif;\">P<\/span><span style=\"font-family: Arial, sans-serif;\"><span style=\"font-size: medium;\">owstania <\/span><\/span><span style=\"font-family: Arial, sans-serif;\">W<\/span><span style=\"font-family: Arial, sans-serif;\"><span style=\"font-size: medium;\">arszawskiego przestrze\u0144, <\/span><\/span><span style=\"font-family: Arial, sans-serif;\"><span style=\"font-size: medium;\">wielowymiarowo\u015b\u0107<\/span><\/span> <span style=\"font-family: Arial, sans-serif;\"><span style=\"font-size: medium;\">oraz<\/span><\/span> <span style=\"font-family: Arial, sans-serif;\"><span style=\"font-size: medium;\">odniesienia i<\/span><\/span> <span style=\"font-family: Arial, sans-serif;\"><span style=\"font-size: medium;\">kontekst sta\u0142y si\u0119 punktem<\/span><\/span> <span style=\"font-family: Arial, sans-serif;\"><span style=\"font-size: medium;\">wyj\u015bcia<\/span><\/span> <span style=\"font-family: Arial, sans-serif;\"><span style=\"font-size: medium;\">do<\/span><\/span> <span style=\"font-family: Arial, sans-serif;\"><span style=\"font-size: medium;\">rozwa\u017ca\u0144<\/span><\/span> <span style=\"font-family: Arial, sans-serif;\"><span style=\"font-size: medium;\">na temat muzyki.<\/span><\/span> <span style=\"font-family: Arial, sans-serif;\"><span style=\"font-size: medium;\">Utw\u00f3r<\/span><\/span> <span style=\"font-family: Arial, sans-serif;\"><span style=\"font-size: medium;\">metaforycznie<\/span><\/span> <span style=\"font-family: Arial, sans-serif;\"><span style=\"font-size: medium;\">oddaje<\/span><\/span> <span style=\"font-family: Arial, sans-serif;\"><span style=\"font-size: medium;\">istot\u0119<\/span><\/span> <span style=\"font-family: Arial, sans-serif;\"><span style=\"font-size: medium;\">r\u00f3\u017cnych<\/span><\/span> <span style=\"font-family: Arial, sans-serif;\"><span style=\"font-size: medium;\">zjawisk,<\/span><\/span> <span style=\"font-family: Arial, sans-serif;\"><span style=\"font-size: medium;\">kt\u00f3re<\/span><\/span> <span style=\"font-family: Arial, sans-serif;\"><span style=\"font-size: medium;\">mog\u0142y<\/span><\/span> <span style=\"font-family: Arial, sans-serif;\"><span style=\"font-size: medium;\">mie\u0107<\/span><\/span> <span style=\"font-family: Arial, sans-serif;\"><span style=\"font-size: medium;\">miejsce<\/span><\/span> <span style=\"font-family: Arial, sans-serif;\"><span style=\"font-size: medium;\">podczas <\/span><\/span><span style=\"font-family: Arial, sans-serif;\"><span style=\"font-size: medium;\">63 dni walki. <br \/><br \/><\/span><\/span><span style=\"font-family: Arial, sans-serif;\"><span style=\"font-size: medium;\">Wa\u017cne przy tworzeniu kompozycji by\u0142y rozwa\u017cania na temat roli jednostki w <\/span><\/span><span style=\"font-family: Arial, sans-serif;\"><span style=\"font-size: medium;\">spo\u0142ecze\u0144stwie,<\/span><\/span> <span style=\"font-family: Arial, sans-serif;\"><span style=\"font-size: medium;\">wp\u0142ywie<\/span><\/span> <span style=\"font-family: Arial, sans-serif;\"><span style=\"font-size: medium;\">decyzji<\/span><\/span> <span style=\"font-family: Arial, sans-serif;\"><span style=\"font-size: medium;\">jednej<\/span><\/span> <span style=\"font-family: Arial, sans-serif;\"><span style=\"font-size: medium;\">osoby<\/span><\/span> <span style=\"font-family: Arial, sans-serif;\"><span style=\"font-size: medium;\">na<\/span><\/span> <span style=\"font-family: Arial, sans-serif;\"><span style=\"font-size: medium;\">wybory<\/span><\/span> <span style=\"font-family: Arial, sans-serif;\"><span style=\"font-size: medium;\">ca\u0142ych<\/span><\/span> <span style=\"font-family: Arial, sans-serif;\"><span style=\"font-size: medium;\">spo\u0142eczno\u015bci.<\/span><\/span> <span style=\"font-family: Arial, sans-serif;\"><span style=\"font-size: medium;\">Ka\u017cdy<\/span><\/span> <span style=\"font-family: Arial, sans-serif;\"><span style=\"font-size: medium;\">z<\/span><\/span> <span style=\"font-family: Arial, sans-serif;\"><span style=\"font-size: medium;\">10<\/span><\/span> <span style=\"font-family: Arial, sans-serif;\"><span style=\"font-size: medium;\">wykonawc\u00f3w <\/span><\/span><span style=\"font-family: Arial, sans-serif;\"><span style=\"font-size: medium;\">spe\u0142nia w zespole okre\u015blone funkcje. Dialogowanie pomi\u0119dzy instrumentami, \u0142\u0105czenie ich <\/span><\/span><span style=\"font-family: Arial, sans-serif;\"><span style=\"font-size: medium;\">w<\/span><\/span> <span style=\"font-family: Arial, sans-serif;\"><span style=\"font-size: medium;\">ensemble<\/span><\/span> <span style=\"font-family: Arial, sans-serif;\"><span style=\"font-size: medium;\">i<\/span><\/span> <span style=\"font-family: Arial, sans-serif;\"><span style=\"font-size: medium;\">struktury<\/span><\/span> <span style=\"font-family: Arial, sans-serif;\"><span style=\"font-size: medium;\">przypomina<\/span><\/span> <span style=\"font-family: Arial, sans-serif;\"><span style=\"font-size: medium;\">tworz\u0105ce<\/span><\/span> <span style=\"font-family: Arial, sans-serif;\"><span style=\"font-size: medium;\">si\u0119<\/span><\/span> <span style=\"font-family: Arial, sans-serif;\"><span style=\"font-size: medium;\">w<\/span><\/span> <span style=\"font-family: Arial, sans-serif;\"><span style=\"font-size: medium;\">trakcie<\/span><\/span> <span style=\"font-family: Arial, sans-serif;\"><span style=\"font-size: medium;\">powstania<\/span><\/span> <span style=\"font-family: Arial, sans-serif;\"><span style=\"font-size: medium;\">grupy,<\/span><\/span> <span style=\"font-family: Arial, sans-serif;\"><span style=\"font-size: medium;\">zrywy<\/span><\/span> <span style=\"font-family: Arial, sans-serif;\"><span style=\"font-size: medium;\">oraz<\/span><\/span> <span style=\"font-family: Arial, sans-serif;\"><span style=\"font-size: medium;\">relacje <\/span><\/span><span style=\"font-family: Arial, sans-serif;\"><span style=\"font-size: medium;\">mi\u0119dzyludzkie.<\/span><\/span> <span style=\"font-family: Arial, sans-serif;\"><span style=\"font-size: medium;\">Zestawianie<\/span><\/span> <span style=\"font-family: Arial, sans-serif;\"><span style=\"font-size: medium;\">partii<\/span><\/span> <span style=\"font-family: Arial, sans-serif;\"><span style=\"font-size: medium;\">solowych<\/span><\/span> <span style=\"font-family: Arial, sans-serif;\"><span style=\"font-size: medium;\">i<\/span><\/span> <span style=\"font-family: Arial, sans-serif;\"><span style=\"font-size: medium;\">tutti<\/span><\/span> <span style=\"font-family: Arial, sans-serif;\"><span style=\"font-size: medium;\">jest<\/span><\/span> <span style=\"font-family: Arial, sans-serif;\"><span style=\"font-size: medium;\">za\u015b<\/span><\/span> <span style=\"font-family: Arial, sans-serif;\"><span style=\"font-size: medium;\">pr\u00f3b\u0105<\/span><\/span> <span style=\"font-family: Arial, sans-serif;\"><span style=\"font-size: medium;\">wej\u015bcia<\/span><\/span> <span style=\"font-family: Arial, sans-serif;\"><span style=\"font-size: medium;\">w<\/span><\/span> <span style=\"font-family: Arial, sans-serif;\"><span style=\"font-size: medium;\">emocje,<\/span><\/span> <span style=\"font-family: Arial, sans-serif;\"><span style=\"font-size: medium;\">kt\u00f3re<\/span><\/span> <span style=\"font-family: Arial, sans-serif;\"><span style=\"font-size: medium;\">mogli <\/span><\/span><span style=\"font-family: Arial, sans-serif;\"><span style=\"font-size: medium;\">prze\u017cywa\u0107<\/span><\/span> <span style=\"font-family: Arial, sans-serif;\"><span style=\"font-size: medium;\">poszczeg\u00f3lni<\/span><\/span> <span style=\"font-family: Arial, sans-serif;\"><span style=\"font-size: medium;\">ludzie<\/span><\/span> <span style=\"font-family: Arial, sans-serif;\"><span style=\"font-size: medium;\">uczestnicz\u0105cy<\/span><\/span> <span style=\"font-family: Arial, sans-serif;\"><span style=\"font-size: medium;\">w<\/span><\/span> <span style=\"font-family: Arial, sans-serif;\"><span style=\"font-size: medium;\">tych<\/span><\/span> <span style=\"font-family: Arial, sans-serif;\"><span style=\"font-size: medium;\">dramatycznych<\/span><\/span> <span style=\"font-family: Arial, sans-serif;\"><span style=\"font-size: medium;\">wydarzeniach.<\/span><\/span><\/p><p class=\"western\" style=\"text-align: left;\" align=\"justify\"><span style=\"font-family: Arial, sans-serif;\"><span style=\"font-size: medium;\">Tak jak walki rozpoczyna\u0142y si\u0119 w r\u00f3\u017cnych miejscach Warszawy, by nast\u0119pnie <\/span><\/span><span style=\"font-family: Arial, sans-serif;\"><span style=\"font-size: medium;\">rozprzestrzeni\u0107<\/span><\/span> <span style=\"font-family: Arial, sans-serif;\"><span style=\"font-size: medium;\">si\u0119<\/span><\/span> <span style=\"font-family: Arial, sans-serif;\"><span style=\"font-size: medium;\">na<\/span><\/span> <span style=\"font-family: Arial, sans-serif;\"><span style=\"font-size: medium;\">ca\u0142e<\/span><\/span> <span style=\"font-family: Arial, sans-serif;\"><span style=\"font-size: medium;\">miasto,<\/span><\/span> <span style=\"font-family: Arial, sans-serif;\"><span style=\"font-size: medium;\">tak<\/span><\/span> <span style=\"font-family: Arial, sans-serif;\"><span style=\"font-size: medium;\">poszczeg\u00f3lni<\/span><\/span> <span style=\"font-family: Arial, sans-serif;\"><span style=\"font-size: medium;\">muzycy<\/span><\/span> <span style=\"font-family: Arial, sans-serif;\"><span style=\"font-size: medium;\">wraz<\/span><\/span> <span style=\"font-family: Arial, sans-serif;\"><span style=\"font-size: medium;\">z<\/span><\/span> <span style=\"font-family: Arial, sans-serif;\"><span style=\"font-size: medium;\">przebiegiem <\/span><\/span><span style=\"font-family: Arial, sans-serif;\"><span style=\"font-size: medium;\">20-minutowego <\/span><\/span><span style=\"font-family: Arial, sans-serif;\"><span style=\"font-size: medium;\">utworu<\/span><\/span> <span style=\"font-family: Arial, sans-serif;\"><span style=\"font-size: medium;\">przemieszczaj\u0105<\/span><\/span> <span style=\"font-family: Arial, sans-serif;\"><span style=\"font-size: medium;\">si\u0119<\/span><\/span> <span style=\"font-family: Arial, sans-serif;\"><span style=\"font-size: medium;\">w<\/span><\/span> <span style=\"font-family: Arial, sans-serif;\"><span style=\"font-size: medium;\">r\u00f3\u017cne<\/span><\/span> <span style=\"font-family: Arial, sans-serif;\"><span style=\"font-size: medium;\">miejsca<\/span><\/span> <span style=\"font-family: Arial, sans-serif;\"><span style=\"font-size: medium;\">we<\/span><\/span> <span style=\"font-family: Arial, sans-serif;\"><span style=\"font-size: medium;\">wn\u0119trzu<\/span><\/span> <span style=\"font-family: Arial, sans-serif;\"><span style=\"font-size: medium;\">ko\u015bcio\u0142a.<\/span><\/span><\/p><p class=\"western\" style=\"text-align: left;\" align=\"justify\"><span style=\"font-family: Arial, sans-serif;\"><span style=\"font-size: medium;\">Kompozycja ta nie <\/span><\/span><span style=\"font-family: Arial, sans-serif;\">jest<\/span><span style=\"font-family: Arial, sans-serif;\"><span style=\"font-size: medium;\"> jednak komentarzem wsp\u00f3\u0142czesno\u015bci lub pr\u00f3b\u0105<\/span><\/span> <span style=\"font-family: Arial, sans-serif;\"><span style=\"font-size: medium;\">interpretacji<\/span><\/span> <span style=\"font-family: Arial, sans-serif;\"><span style=\"font-size: medium;\">historii. <\/span><\/span><span style=\"font-family: Arial, sans-serif;\"><span style=\"font-size: medium;\">Muzyka,<\/span><\/span> <span style=\"font-family: Arial, sans-serif;\"><span style=\"font-size: medium;\">jako<\/span><\/span> <span style=\"font-family: Arial, sans-serif;\"><span style=\"font-size: medium;\">byt<\/span><\/span> <span style=\"font-family: Arial, sans-serif;\"><span style=\"font-size: medium;\">abstrakcyjny,<\/span><\/span> <span style=\"font-family: Arial, sans-serif;\"><span style=\"font-size: medium;\">przechodzi<\/span><\/span> <span style=\"font-family: Arial, sans-serif;\"><span style=\"font-size: medium;\">ponad<\/span><\/span> <span style=\"font-family: Arial, sans-serif;\"><span style=\"font-size: medium;\">dyskusj\u0105<\/span><\/span> <span style=\"font-family: Arial, sans-serif;\"><span style=\"font-size: medium;\">na<\/span><\/span> <span style=\"font-family: Arial, sans-serif;\"><span style=\"font-size: medium;\">temat<\/span><\/span> <span style=\"font-family: Arial, sans-serif;\"><span style=\"font-size: medium;\">skutk\u00f3w<\/span><\/span> <span style=\"font-family: Arial, sans-serif;\"><span style=\"font-size: medium;\">powstania,<\/span><\/span> <span style=\"font-family: Arial, sans-serif;\"><span style=\"font-size: medium;\">ale <\/span><\/span><span style=\"font-family: Arial, sans-serif;\"><span style=\"font-size: medium;\">skupia si\u0119 na uczuciach, na poszczeg\u00f3lnych ludziach; dzieje si\u0119 tu<\/span><\/span> <span style=\"font-family: Arial, sans-serif;\"><span style=\"font-size: medium;\">i teraz, nie my\u015bli o tym<\/span><\/span> <span style=\"font-family: Arial, sans-serif;\"><span style=\"font-size: medium;\">co mo\u017ce <\/span><\/span><span style=\"font-family: Arial, sans-serif;\"><span style=\"font-size: medium;\">wydarzy\u0107 si\u0119 za moment, lecz jest sensem sama z siebie. W\u0142a\u015bnie o r\u00f3\u017cnorodnych, cz\u0119sto silnych <\/span><\/span><span style=\"font-family: Arial, sans-serif;\"><span style=\"font-size: medium;\">i<\/span><\/span> <span style=\"font-family: Arial, sans-serif;\"><span style=\"font-size: medium;\">trudnych<\/span><\/span> <span style=\"font-family: Arial, sans-serif;\"><span style=\"font-size: medium;\">emocjach,<\/span><\/span> <span style=\"font-family: Arial, sans-serif;\"><span style=\"font-size: medium;\">jakie<\/span><\/span> <span style=\"font-family: Arial, sans-serif;\"><span style=\"font-size: medium;\">wywo\u0142uje<\/span><\/span> <span style=\"font-family: Arial, sans-serif;\"><span style=\"font-size: medium;\">w<\/span><\/span> <span style=\"font-family: Arial, sans-serif;\"><span style=\"font-size: medium;\">nas<\/span><\/span> <span style=\"font-family: Arial, sans-serif;\"><span style=\"font-size: medium;\">my\u015blenie<\/span><\/span> <span style=\"font-family: Arial, sans-serif;\"><span style=\"font-size: medium;\">o<\/span><\/span> <span style=\"font-family: Arial, sans-serif;\">P<\/span><span style=\"font-family: Arial, sans-serif;\"><span style=\"font-size: medium;\">owstaniu<\/span><\/span> <span style=\"font-family: Arial, sans-serif;\">W<\/span><span style=\"font-family: Arial, sans-serif;\"><span style=\"font-size: medium;\">arszawskim,<\/span><\/span> <span style=\"font-family: Arial, sans-serif;\"><span style=\"font-size: medium;\">opowiadaj\u0105<\/span><\/span> <span style=\"font-family: Arial, sans-serif;\"><span style=\"font-size: medium;\"><i>Ekstensje<\/i><\/span><\/span><span style=\"font-family: Arial, sans-serif;\"><span style=\"font-size: medium;\">.<\/span><\/span><\/p><p class=\"western\" style=\"text-align: right;\" align=\"right\"><em><span style=\"font-family: Arial, sans-serif;\"><span style=\"font-size: medium;\">Przemys\u0142aw<\/span><\/span> <span style=\"font-family: Arial, sans-serif;\"><span style=\"font-size: medium;\">Pacek<\/span><\/span><\/em><\/p>\t\t\t\t\t\t\t\t<\/div>\n\t\t\t\t<\/div>\n\t\t\t\t\t<\/div>\n\t\t<\/div>\n\t\t\t\t\t<\/div>\n\t\t<\/section>\n\t\t\t\t<\/div>\n\t\t","protected":false},"excerpt":{"rendered":"<p>Przemys\u0142aw Pacek fot. archiwum kompozytora Ur. w 1999 r., jest kompozytorem i skrzypkiem pochodz\u0105cym z Lublina. Obecnie studiuje kompozycj\u0119 muzyki elektronicznej, filmowej i teatralnej na&hellip;<\/p>\n","protected":false},"author":1,"featured_media":0,"parent":0,"menu_order":0,"comment_status":"closed","ping_status":"closed","template":"","meta":{"footnotes":""},"class_list":["post-13951","page","type-page","status-publish","hentry"],"_links":{"self":[{"href":"https:\/\/wsm.art.pl\/index.php?rest_route=\/wp\/v2\/pages\/13951","targetHints":{"allow":["GET"]}}],"collection":[{"href":"https:\/\/wsm.art.pl\/index.php?rest_route=\/wp\/v2\/pages"}],"about":[{"href":"https:\/\/wsm.art.pl\/index.php?rest_route=\/wp\/v2\/types\/page"}],"author":[{"embeddable":true,"href":"https:\/\/wsm.art.pl\/index.php?rest_route=\/wp\/v2\/users\/1"}],"replies":[{"embeddable":true,"href":"https:\/\/wsm.art.pl\/index.php?rest_route=%2Fwp%2Fv2%2Fcomments&post=13951"}],"version-history":[{"count":7,"href":"https:\/\/wsm.art.pl\/index.php?rest_route=\/wp\/v2\/pages\/13951\/revisions"}],"predecessor-version":[{"id":15734,"href":"https:\/\/wsm.art.pl\/index.php?rest_route=\/wp\/v2\/pages\/13951\/revisions\/15734"}],"wp:attachment":[{"href":"https:\/\/wsm.art.pl\/index.php?rest_route=%2Fwp%2Fv2%2Fmedia&parent=13951"}],"curies":[{"name":"wp","href":"https:\/\/api.w.org\/{rel}","templated":true}]}}