{"id":11906,"date":"2023-05-23T12:02:07","date_gmt":"2023-05-23T12:02:07","guid":{"rendered":"https:\/\/wsm.art.pl\/?page_id=11906"},"modified":"2023-05-23T19:45:13","modified_gmt":"2023-05-23T19:45:13","slug":"galeria-16-05-23-mycielski","status":"publish","type":"page","link":"https:\/\/wsm.art.pl\/?page_id=11906","title":{"rendered":"Galeria 2023 16 maja Mycielski"},"content":{"rendered":"\t\t<div data-elementor-type=\"wp-page\" data-elementor-id=\"11906\" class=\"elementor elementor-11906\">\n\t\t\t\t\t\t<section class=\"elementor-section elementor-top-section elementor-element elementor-element-85e70d8 elementor-section-boxed elementor-section-height-default elementor-section-height-default\" data-id=\"85e70d8\" data-element_type=\"section\">\n\t\t\t\t\t\t<div class=\"elementor-container elementor-column-gap-default\">\n\t\t\t\t\t<div class=\"elementor-column elementor-col-33 elementor-top-column elementor-element elementor-element-8526e47\" data-id=\"8526e47\" data-element_type=\"column\">\n\t\t\t<div class=\"elementor-widget-wrap elementor-element-populated\">\n\t\t\t\t\t\t<div class=\"elementor-element elementor-element-74661e8 elementor-widget elementor-widget-image\" data-id=\"74661e8\" data-element_type=\"widget\" data-widget_type=\"image.default\">\n\t\t\t\t<div class=\"elementor-widget-container\">\n\t\t\t\t\t\t\t\t\t\t\t\t<figure class=\"wp-caption\">\n\t\t\t\t\t\t\t\t\t\t\t<a href=\"https:\/\/wsm.art.pl\/wp-content\/uploads\/2023\/05\/1sIMG_5011.jpg\" data-elementor-open-lightbox=\"yes\" data-elementor-lightbox-title=\"16.05.2023\" data-e-action-hash=\"#elementor-action%3Aaction%3Dlightbox%26settings%3DeyJpZCI6MTE5MDgsInVybCI6Imh0dHBzOlwvXC93c20uYXJ0LnBsXC93cC1jb250ZW50XC91cGxvYWRzXC8yMDIzXC8wNVwvMXNJTUdfNTAxMS5qcGcifQ%3D%3D\">\n\t\t\t\t\t\t\t<img fetchpriority=\"high\" decoding=\"async\" width=\"843\" height=\"562\" src=\"https:\/\/wsm.art.pl\/wp-content\/uploads\/2023\/05\/1sIMG_5011-1024x683.jpg\" class=\"attachment-large size-large wp-image-11908\" alt=\"\" srcset=\"https:\/\/wsm.art.pl\/wp-content\/uploads\/2023\/05\/1sIMG_5011-1024x683.jpg 1024w, https:\/\/wsm.art.pl\/wp-content\/uploads\/2023\/05\/1sIMG_5011-300x200.jpg 300w, https:\/\/wsm.art.pl\/wp-content\/uploads\/2023\/05\/1sIMG_5011-768x512.jpg 768w, https:\/\/wsm.art.pl\/wp-content\/uploads\/2023\/05\/1sIMG_5011.jpg 1300w\" sizes=\"(max-width: 843px) 100vw, 843px\" \/>\t\t\t\t\t\t\t\t<\/a>\n\t\t\t\t\t\t\t\t\t\t\t<figcaption class=\"widget-image-caption wp-caption-text\">Beata Boles\u0142awska-Lewandowska fot. Maciej Borowski<\/figcaption>\n\t\t\t\t\t\t\t\t\t\t<\/figure>\n\t\t\t\t\t\t\t\t\t<\/div>\n\t\t\t\t<\/div>\n\t\t\t\t\t<\/div>\n\t\t<\/div>\n\t\t\t\t<div class=\"elementor-column elementor-col-33 elementor-top-column elementor-element elementor-element-02605b6\" data-id=\"02605b6\" data-element_type=\"column\">\n\t\t\t<div class=\"elementor-widget-wrap elementor-element-populated\">\n\t\t\t\t\t\t<div class=\"elementor-element elementor-element-dbb315d elementor-widget elementor-widget-image\" data-id=\"dbb315d\" data-element_type=\"widget\" data-widget_type=\"image.default\">\n\t\t\t\t<div class=\"elementor-widget-container\">\n\t\t\t\t\t\t\t\t\t\t\t\t<figure class=\"wp-caption\">\n\t\t\t\t\t\t\t\t\t\t\t<a href=\"https:\/\/wsm.art.pl\/wp-content\/uploads\/2023\/05\/2sIMG_5015.jpg\" data-elementor-open-lightbox=\"yes\" data-elementor-lightbox-title=\"16.05.2023\" data-e-action-hash=\"#elementor-action%3Aaction%3Dlightbox%26settings%3DeyJpZCI6MTE5MDksInVybCI6Imh0dHBzOlwvXC93c20uYXJ0LnBsXC93cC1jb250ZW50XC91cGxvYWRzXC8yMDIzXC8wNVwvMnNJTUdfNTAxNS5qcGcifQ%3D%3D\">\n\t\t\t\t\t\t\t<img decoding=\"async\" width=\"843\" height=\"562\" src=\"https:\/\/wsm.art.pl\/wp-content\/uploads\/2023\/05\/2sIMG_5015-1024x683.jpg\" class=\"attachment-large size-large wp-image-11909\" alt=\"\" srcset=\"https:\/\/wsm.art.pl\/wp-content\/uploads\/2023\/05\/2sIMG_5015-1024x683.jpg 1024w, https:\/\/wsm.art.pl\/wp-content\/uploads\/2023\/05\/2sIMG_5015-300x200.jpg 300w, https:\/\/wsm.art.pl\/wp-content\/uploads\/2023\/05\/2sIMG_5015-768x512.jpg 768w, https:\/\/wsm.art.pl\/wp-content\/uploads\/2023\/05\/2sIMG_5015.jpg 1300w\" sizes=\"(max-width: 843px) 100vw, 843px\" \/>\t\t\t\t\t\t\t\t<\/a>\n\t\t\t\t\t\t\t\t\t\t\t<figcaption class=\"widget-image-caption wp-caption-text\">Prezentacja portalu fot. Maciej Borowski<\/figcaption>\n\t\t\t\t\t\t\t\t\t\t<\/figure>\n\t\t\t\t\t\t\t\t\t<\/div>\n\t\t\t\t<\/div>\n\t\t\t\t\t<\/div>\n\t\t<\/div>\n\t\t\t\t<div class=\"elementor-column elementor-col-33 elementor-top-column elementor-element elementor-element-21972fa\" data-id=\"21972fa\" data-element_type=\"column\">\n\t\t\t<div class=\"elementor-widget-wrap elementor-element-populated\">\n\t\t\t\t\t\t<div class=\"elementor-element elementor-element-e992186 elementor-widget elementor-widget-image\" data-id=\"e992186\" data-element_type=\"widget\" data-widget_type=\"image.default\">\n\t\t\t\t<div class=\"elementor-widget-container\">\n\t\t\t\t\t\t\t\t\t\t\t\t<figure class=\"wp-caption\">\n\t\t\t\t\t\t\t\t\t\t\t<a href=\"https:\/\/wsm.art.pl\/wp-content\/uploads\/2023\/05\/3sIMG_5036.jpg\" data-elementor-open-lightbox=\"yes\" data-elementor-lightbox-title=\"16.05.2023\" data-e-action-hash=\"#elementor-action%3Aaction%3Dlightbox%26settings%3DeyJpZCI6MTE5MTAsInVybCI6Imh0dHBzOlwvXC93c20uYXJ0LnBsXC93cC1jb250ZW50XC91cGxvYWRzXC8yMDIzXC8wNVwvM3NJTUdfNTAzNi5qcGcifQ%3D%3D\">\n\t\t\t\t\t\t\t<img decoding=\"async\" width=\"843\" height=\"562\" src=\"https:\/\/wsm.art.pl\/wp-content\/uploads\/2023\/05\/3sIMG_5036-1024x683.jpg\" class=\"attachment-large size-large wp-image-11910\" alt=\"\" srcset=\"https:\/\/wsm.art.pl\/wp-content\/uploads\/2023\/05\/3sIMG_5036-1024x683.jpg 1024w, https:\/\/wsm.art.pl\/wp-content\/uploads\/2023\/05\/3sIMG_5036-300x200.jpg 300w, https:\/\/wsm.art.pl\/wp-content\/uploads\/2023\/05\/3sIMG_5036-768x512.jpg 768w, https:\/\/wsm.art.pl\/wp-content\/uploads\/2023\/05\/3sIMG_5036.jpg 1300w\" sizes=\"(max-width: 843px) 100vw, 843px\" \/>\t\t\t\t\t\t\t\t<\/a>\n\t\t\t\t\t\t\t\t\t\t\t<figcaption class=\"widget-image-caption wp-caption-text\"> Marek Zaga\u0144czyk, Barbara Mielcarek-Krzy\u017canowska i Beata Boles\u0142awska-Lewandowska fot. Maciej Borowski<\/figcaption>\n\t\t\t\t\t\t\t\t\t\t<\/figure>\n\t\t\t\t\t\t\t\t\t<\/div>\n\t\t\t\t<\/div>\n\t\t\t\t\t<\/div>\n\t\t<\/div>\n\t\t\t\t\t<\/div>\n\t\t<\/section>\n\t\t\t\t<section class=\"elementor-section elementor-top-section elementor-element elementor-element-bb494df elementor-section-boxed elementor-section-height-default elementor-section-height-default\" data-id=\"bb494df\" data-element_type=\"section\">\n\t\t\t\t\t\t<div class=\"elementor-container elementor-column-gap-default\">\n\t\t\t\t\t<div class=\"elementor-column elementor-col-33 elementor-top-column elementor-element elementor-element-9066c04\" data-id=\"9066c04\" data-element_type=\"column\">\n\t\t\t<div class=\"elementor-widget-wrap elementor-element-populated\">\n\t\t\t\t\t\t<div class=\"elementor-element elementor-element-629849f elementor-widget elementor-widget-image\" data-id=\"629849f\" data-element_type=\"widget\" data-widget_type=\"image.default\">\n\t\t\t\t<div class=\"elementor-widget-container\">\n\t\t\t\t\t\t\t\t\t\t\t\t<figure class=\"wp-caption\">\n\t\t\t\t\t\t\t\t\t\t\t<a href=\"https:\/\/wsm.art.pl\/wp-content\/uploads\/2023\/05\/4sIMG_5024.jpg\" data-elementor-open-lightbox=\"yes\" data-elementor-lightbox-title=\"16.05.2023\" data-e-action-hash=\"#elementor-action%3Aaction%3Dlightbox%26settings%3DeyJpZCI6MTE5MTEsInVybCI6Imh0dHBzOlwvXC93c20uYXJ0LnBsXC93cC1jb250ZW50XC91cGxvYWRzXC8yMDIzXC8wNVwvNHNJTUdfNTAyNC5qcGcifQ%3D%3D\">\n\t\t\t\t\t\t\t<img loading=\"lazy\" decoding=\"async\" width=\"843\" height=\"562\" src=\"https:\/\/wsm.art.pl\/wp-content\/uploads\/2023\/05\/4sIMG_5024-1024x683.jpg\" class=\"attachment-large size-large wp-image-11911\" alt=\"\" srcset=\"https:\/\/wsm.art.pl\/wp-content\/uploads\/2023\/05\/4sIMG_5024-1024x683.jpg 1024w, https:\/\/wsm.art.pl\/wp-content\/uploads\/2023\/05\/4sIMG_5024-300x200.jpg 300w, https:\/\/wsm.art.pl\/wp-content\/uploads\/2023\/05\/4sIMG_5024-768x512.jpg 768w, https:\/\/wsm.art.pl\/wp-content\/uploads\/2023\/05\/4sIMG_5024.jpg 1300w\" sizes=\"(max-width: 843px) 100vw, 843px\" \/>\t\t\t\t\t\t\t\t<\/a>\n\t\t\t\t\t\t\t\t\t\t\t<figcaption class=\"widget-image-caption wp-caption-text\">Przy mikrofonie Andrzej Szypu\u0142a, Prezes Towarzystwa im. Zygmunta Mycielskiego w Wi\u015bniowej fot. Maciej Borowski<\/figcaption>\n\t\t\t\t\t\t\t\t\t\t<\/figure>\n\t\t\t\t\t\t\t\t\t<\/div>\n\t\t\t\t<\/div>\n\t\t\t\t\t<\/div>\n\t\t<\/div>\n\t\t\t\t<div class=\"elementor-column elementor-col-33 elementor-top-column elementor-element elementor-element-ec3fc25\" data-id=\"ec3fc25\" data-element_type=\"column\">\n\t\t\t<div class=\"elementor-widget-wrap elementor-element-populated\">\n\t\t\t\t\t\t<div class=\"elementor-element elementor-element-aeeada4 elementor-widget elementor-widget-image\" data-id=\"aeeada4\" data-element_type=\"widget\" data-widget_type=\"image.default\">\n\t\t\t\t<div class=\"elementor-widget-container\">\n\t\t\t\t\t\t\t\t\t\t\t\t<figure class=\"wp-caption\">\n\t\t\t\t\t\t\t\t\t\t\t<a href=\"https:\/\/wsm.art.pl\/wp-content\/uploads\/2023\/05\/sIMG_5040.jpg\" data-elementor-open-lightbox=\"yes\" data-elementor-lightbox-title=\"16.05.2023\" data-e-action-hash=\"#elementor-action%3Aaction%3Dlightbox%26settings%3DeyJpZCI6MTE5MTIsInVybCI6Imh0dHBzOlwvXC93c20uYXJ0LnBsXC93cC1jb250ZW50XC91cGxvYWRzXC8yMDIzXC8wNVwvc0lNR181MDQwLmpwZyJ9\">\n\t\t\t\t\t\t\t<img loading=\"lazy\" decoding=\"async\" width=\"843\" height=\"562\" src=\"https:\/\/wsm.art.pl\/wp-content\/uploads\/2023\/05\/sIMG_5040-1024x683.jpg\" class=\"attachment-large size-large wp-image-11912\" alt=\"\" srcset=\"https:\/\/wsm.art.pl\/wp-content\/uploads\/2023\/05\/sIMG_5040-1024x683.jpg 1024w, https:\/\/wsm.art.pl\/wp-content\/uploads\/2023\/05\/sIMG_5040-300x200.jpg 300w, https:\/\/wsm.art.pl\/wp-content\/uploads\/2023\/05\/sIMG_5040-768x512.jpg 768w, https:\/\/wsm.art.pl\/wp-content\/uploads\/2023\/05\/sIMG_5040.jpg 1300w\" sizes=\"(max-width: 843px) 100vw, 843px\" \/>\t\t\t\t\t\t\t\t<\/a>\n\t\t\t\t\t\t\t\t\t\t\t<figcaption class=\"widget-image-caption wp-caption-text\">Beata Boles\u0142awska-Lewandowska i Ma\u0142gorzata G\u0105siorowska fot. Maciej Borowski<\/figcaption>\n\t\t\t\t\t\t\t\t\t\t<\/figure>\n\t\t\t\t\t\t\t\t\t<\/div>\n\t\t\t\t<\/div>\n\t\t\t\t\t<\/div>\n\t\t<\/div>\n\t\t\t\t<div class=\"elementor-column elementor-col-33 elementor-top-column elementor-element elementor-element-e3620f9\" data-id=\"e3620f9\" data-element_type=\"column\">\n\t\t\t<div class=\"elementor-widget-wrap elementor-element-populated\">\n\t\t\t\t\t\t<div class=\"elementor-element elementor-element-2ed4b6e elementor-widget elementor-widget-image\" data-id=\"2ed4b6e\" data-element_type=\"widget\" data-widget_type=\"image.default\">\n\t\t\t\t<div class=\"elementor-widget-container\">\n\t\t\t\t\t\t\t\t\t\t\t\t<figure class=\"wp-caption\">\n\t\t\t\t\t\t\t\t\t\t\t<a href=\"https:\/\/wsm.art.pl\/wp-content\/uploads\/2023\/05\/sIMG_5041.jpg\" data-elementor-open-lightbox=\"yes\" data-elementor-lightbox-title=\"16.05.2023\" data-e-action-hash=\"#elementor-action%3Aaction%3Dlightbox%26settings%3DeyJpZCI6MTE5MTMsInVybCI6Imh0dHBzOlwvXC93c20uYXJ0LnBsXC93cC1jb250ZW50XC91cGxvYWRzXC8yMDIzXC8wNVwvc0lNR181MDQxLmpwZyJ9\">\n\t\t\t\t\t\t\t<img loading=\"lazy\" decoding=\"async\" width=\"843\" height=\"562\" src=\"https:\/\/wsm.art.pl\/wp-content\/uploads\/2023\/05\/sIMG_5041-1024x683.jpg\" class=\"attachment-large size-large wp-image-11913\" alt=\"\" srcset=\"https:\/\/wsm.art.pl\/wp-content\/uploads\/2023\/05\/sIMG_5041-1024x683.jpg 1024w, https:\/\/wsm.art.pl\/wp-content\/uploads\/2023\/05\/sIMG_5041-300x200.jpg 300w, https:\/\/wsm.art.pl\/wp-content\/uploads\/2023\/05\/sIMG_5041-768x512.jpg 768w, https:\/\/wsm.art.pl\/wp-content\/uploads\/2023\/05\/sIMG_5041.jpg 1300w\" sizes=\"(max-width: 843px) 100vw, 843px\" \/>\t\t\t\t\t\t\t\t<\/a>\n\t\t\t\t\t\t\t\t\t\t\t<figcaption class=\"widget-image-caption wp-caption-text\">Marek Zaga\u0144czyk, Piotr K\u0142oczowski i Jadwiga z Mycielskich Stachurowa fot. Maciej Borowski<\/figcaption>\n\t\t\t\t\t\t\t\t\t\t<\/figure>\n\t\t\t\t\t\t\t\t\t<\/div>\n\t\t\t\t<\/div>\n\t\t\t\t\t<\/div>\n\t\t<\/div>\n\t\t\t\t\t<\/div>\n\t\t<\/section>\n\t\t\t\t<section class=\"elementor-section elementor-top-section elementor-element elementor-element-4608e24 elementor-section-boxed elementor-section-height-default elementor-section-height-default\" data-id=\"4608e24\" data-element_type=\"section\">\n\t\t\t\t\t\t<div class=\"elementor-container elementor-column-gap-default\">\n\t\t\t\t\t<div class=\"elementor-column elementor-col-33 elementor-top-column elementor-element elementor-element-28b2ffc\" data-id=\"28b2ffc\" data-element_type=\"column\">\n\t\t\t<div class=\"elementor-widget-wrap elementor-element-populated\">\n\t\t\t\t\t\t<div class=\"elementor-element elementor-element-515ddaa elementor-widget elementor-widget-image\" data-id=\"515ddaa\" data-element_type=\"widget\" data-widget_type=\"image.default\">\n\t\t\t\t<div class=\"elementor-widget-container\">\n\t\t\t\t\t\t\t\t\t\t\t\t<figure class=\"wp-caption\">\n\t\t\t\t\t\t\t\t\t\t\t<a href=\"https:\/\/wsm.art.pl\/wp-content\/uploads\/2023\/05\/sIMG_5051.jpg\" data-elementor-open-lightbox=\"yes\" data-elementor-lightbox-title=\"16.05.2023\" data-e-action-hash=\"#elementor-action%3Aaction%3Dlightbox%26settings%3DeyJpZCI6MTE5MTQsInVybCI6Imh0dHBzOlwvXC93c20uYXJ0LnBsXC93cC1jb250ZW50XC91cGxvYWRzXC8yMDIzXC8wNVwvc0lNR181MDUxLmpwZyJ9\">\n\t\t\t\t\t\t\t<img loading=\"lazy\" decoding=\"async\" width=\"843\" height=\"562\" src=\"https:\/\/wsm.art.pl\/wp-content\/uploads\/2023\/05\/sIMG_5051-1024x683.jpg\" class=\"attachment-large size-large wp-image-11914\" alt=\"\" srcset=\"https:\/\/wsm.art.pl\/wp-content\/uploads\/2023\/05\/sIMG_5051-1024x683.jpg 1024w, https:\/\/wsm.art.pl\/wp-content\/uploads\/2023\/05\/sIMG_5051-300x200.jpg 300w, https:\/\/wsm.art.pl\/wp-content\/uploads\/2023\/05\/sIMG_5051-768x512.jpg 768w, https:\/\/wsm.art.pl\/wp-content\/uploads\/2023\/05\/sIMG_5051.jpg 1300w\" sizes=\"(max-width: 843px) 100vw, 843px\" \/>\t\t\t\t\t\t\t\t<\/a>\n\t\t\t\t\t\t\t\t\t\t\t<figcaption class=\"widget-image-caption wp-caption-text\">Jadwiga z Mycielskich Stachurowa, Agata Kwieci\u0144ska i Beata Boles\u0142awska-Lewandowska fot. Maciej Borowski<\/figcaption>\n\t\t\t\t\t\t\t\t\t\t<\/figure>\n\t\t\t\t\t\t\t\t\t<\/div>\n\t\t\t\t<\/div>\n\t\t\t\t\t<\/div>\n\t\t<\/div>\n\t\t\t\t<div class=\"elementor-column elementor-col-33 elementor-top-column elementor-element elementor-element-09adcc4\" data-id=\"09adcc4\" data-element_type=\"column\">\n\t\t\t<div class=\"elementor-widget-wrap elementor-element-populated\">\n\t\t\t\t\t\t<div class=\"elementor-element elementor-element-694a0d7 elementor-widget elementor-widget-image\" data-id=\"694a0d7\" data-element_type=\"widget\" data-widget_type=\"image.default\">\n\t\t\t\t<div class=\"elementor-widget-container\">\n\t\t\t\t\t\t\t\t\t\t\t\t<figure class=\"wp-caption\">\n\t\t\t\t\t\t\t\t\t\t\t<a href=\"https:\/\/wsm.art.pl\/wp-content\/uploads\/2023\/05\/sIMG_5061.jpg\" data-elementor-open-lightbox=\"yes\" data-elementor-lightbox-title=\"16.05.2023\" data-e-action-hash=\"#elementor-action%3Aaction%3Dlightbox%26settings%3DeyJpZCI6MTE5MTUsInVybCI6Imh0dHBzOlwvXC93c20uYXJ0LnBsXC93cC1jb250ZW50XC91cGxvYWRzXC8yMDIzXC8wNVwvc0lNR181MDYxLmpwZyJ9\">\n\t\t\t\t\t\t\t<img loading=\"lazy\" decoding=\"async\" width=\"843\" height=\"562\" src=\"https:\/\/wsm.art.pl\/wp-content\/uploads\/2023\/05\/sIMG_5061-1024x683.jpg\" class=\"attachment-large size-large wp-image-11915\" alt=\"\" srcset=\"https:\/\/wsm.art.pl\/wp-content\/uploads\/2023\/05\/sIMG_5061-1024x683.jpg 1024w, https:\/\/wsm.art.pl\/wp-content\/uploads\/2023\/05\/sIMG_5061-300x200.jpg 300w, https:\/\/wsm.art.pl\/wp-content\/uploads\/2023\/05\/sIMG_5061-768x512.jpg 768w, https:\/\/wsm.art.pl\/wp-content\/uploads\/2023\/05\/sIMG_5061.jpg 1300w\" sizes=\"(max-width: 843px) 100vw, 843px\" \/>\t\t\t\t\t\t\t\t<\/a>\n\t\t\t\t\t\t\t\t\t\t\t<figcaption class=\"widget-image-caption wp-caption-text\">Jaros\u0142aw Siwi\u0144ski, Andrzej Szypu\u0142a i Barbara Mielcarek-Krzy\u017canowska fot. Maciej Borowski<\/figcaption>\n\t\t\t\t\t\t\t\t\t\t<\/figure>\n\t\t\t\t\t\t\t\t\t<\/div>\n\t\t\t\t<\/div>\n\t\t\t\t\t<\/div>\n\t\t<\/div>\n\t\t\t\t<div class=\"elementor-column elementor-col-33 elementor-top-column elementor-element elementor-element-db05a3f\" data-id=\"db05a3f\" data-element_type=\"column\">\n\t\t\t<div class=\"elementor-widget-wrap elementor-element-populated\">\n\t\t\t\t\t\t<div class=\"elementor-element elementor-element-8c7cc66 elementor-widget elementor-widget-image\" data-id=\"8c7cc66\" data-element_type=\"widget\" data-widget_type=\"image.default\">\n\t\t\t\t<div class=\"elementor-widget-container\">\n\t\t\t\t\t\t\t\t\t\t\t\t<figure class=\"wp-caption\">\n\t\t\t\t\t\t\t\t\t\t\t<a href=\"https:\/\/wsm.art.pl\/wp-content\/uploads\/2023\/05\/sIMG_5067.jpg\" data-elementor-open-lightbox=\"yes\" data-elementor-lightbox-title=\"16.05.2023\" data-e-action-hash=\"#elementor-action%3Aaction%3Dlightbox%26settings%3DeyJpZCI6MTE5MTYsInVybCI6Imh0dHBzOlwvXC93c20uYXJ0LnBsXC93cC1jb250ZW50XC91cGxvYWRzXC8yMDIzXC8wNVwvc0lNR181MDY3LmpwZyJ9\">\n\t\t\t\t\t\t\t<img loading=\"lazy\" decoding=\"async\" width=\"843\" height=\"562\" src=\"https:\/\/wsm.art.pl\/wp-content\/uploads\/2023\/05\/sIMG_5067-1024x683.jpg\" class=\"attachment-large size-large wp-image-11916\" alt=\"\" srcset=\"https:\/\/wsm.art.pl\/wp-content\/uploads\/2023\/05\/sIMG_5067-1024x683.jpg 1024w, https:\/\/wsm.art.pl\/wp-content\/uploads\/2023\/05\/sIMG_5067-300x200.jpg 300w, https:\/\/wsm.art.pl\/wp-content\/uploads\/2023\/05\/sIMG_5067-768x512.jpg 768w, https:\/\/wsm.art.pl\/wp-content\/uploads\/2023\/05\/sIMG_5067.jpg 1300w\" sizes=\"(max-width: 843px) 100vw, 843px\" \/>\t\t\t\t\t\t\t\t<\/a>\n\t\t\t\t\t\t\t\t\t\t\t<figcaption class=\"widget-image-caption wp-caption-text\"> W kuluarach fot. Maciej Borowski<\/figcaption>\n\t\t\t\t\t\t\t\t\t\t<\/figure>\n\t\t\t\t\t\t\t\t\t<\/div>\n\t\t\t\t<\/div>\n\t\t\t\t\t<\/div>\n\t\t<\/div>\n\t\t\t\t\t<\/div>\n\t\t<\/section>\n\t\t\t\t<\/div>\n\t\t","protected":false},"excerpt":{"rendered":"<p>Beata Boles\u0142awska-Lewandowska fot. Maciej Borowski Prezentacja portalu fot. Maciej Borowski Marek Zaga\u0144czyk, Barbara Mielcarek-Krzy\u017canowska i Beata Boles\u0142awska-Lewandowska fot. Maciej Borowski Przy mikrofonie Andrzej Szypu\u0142a, Prezes&hellip;<\/p>\n","protected":false},"author":1,"featured_media":0,"parent":0,"menu_order":0,"comment_status":"closed","ping_status":"closed","template":"","meta":{"footnotes":""},"class_list":["post-11906","page","type-page","status-publish","hentry"],"_links":{"self":[{"href":"https:\/\/wsm.art.pl\/index.php?rest_route=\/wp\/v2\/pages\/11906","targetHints":{"allow":["GET"]}}],"collection":[{"href":"https:\/\/wsm.art.pl\/index.php?rest_route=\/wp\/v2\/pages"}],"about":[{"href":"https:\/\/wsm.art.pl\/index.php?rest_route=\/wp\/v2\/types\/page"}],"author":[{"embeddable":true,"href":"https:\/\/wsm.art.pl\/index.php?rest_route=\/wp\/v2\/users\/1"}],"replies":[{"embeddable":true,"href":"https:\/\/wsm.art.pl\/index.php?rest_route=%2Fwp%2Fv2%2Fcomments&post=11906"}],"version-history":[{"count":55,"href":"https:\/\/wsm.art.pl\/index.php?rest_route=\/wp\/v2\/pages\/11906\/revisions"}],"predecessor-version":[{"id":11971,"href":"https:\/\/wsm.art.pl\/index.php?rest_route=\/wp\/v2\/pages\/11906\/revisions\/11971"}],"wp:attachment":[{"href":"https:\/\/wsm.art.pl\/index.php?rest_route=%2Fwp%2Fv2%2Fmedia&parent=11906"}],"curies":[{"name":"wp","href":"https:\/\/api.w.org\/{rel}","templated":true}]}}