{"id":11718,"date":"2023-05-19T16:16:36","date_gmt":"2023-05-19T16:16:36","guid":{"rendered":"https:\/\/wsm.art.pl\/?page_id=11718"},"modified":"2024-01-08T21:06:42","modified_gmt":"2024-01-08T21:06:42","slug":"galeria-17-05","status":"publish","type":"page","link":"https:\/\/wsm.art.pl\/?page_id=11718","title":{"rendered":"Galeria 2023 17 maja wirtuozi"},"content":{"rendered":"\t\t<div data-elementor-type=\"wp-page\" data-elementor-id=\"11718\" class=\"elementor elementor-11718\">\n\t\t\t\t\t\t<section class=\"elementor-section elementor-top-section elementor-element elementor-element-85e70d8 elementor-section-boxed elementor-section-height-default elementor-section-height-default\" data-id=\"85e70d8\" data-element_type=\"section\">\n\t\t\t\t\t\t<div class=\"elementor-container elementor-column-gap-default\">\n\t\t\t\t\t<div class=\"elementor-column elementor-col-33 elementor-top-column elementor-element elementor-element-8526e47\" data-id=\"8526e47\" data-element_type=\"column\">\n\t\t\t<div class=\"elementor-widget-wrap elementor-element-populated\">\n\t\t\t\t\t\t<div class=\"elementor-element elementor-element-74661e8 elementor-widget elementor-widget-image\" data-id=\"74661e8\" data-element_type=\"widget\" data-widget_type=\"image.default\">\n\t\t\t\t<div class=\"elementor-widget-container\">\n\t\t\t\t\t\t\t\t\t\t\t\t<figure class=\"wp-caption\">\n\t\t\t\t\t\t\t\t\t\t\t<a href=\"https:\/\/wsm.art.pl\/wp-content\/uploads\/2023\/05\/s1IMG_5377.jpg\" data-elementor-open-lightbox=\"yes\" data-elementor-lightbox-title=\"17.05.2023\" data-e-action-hash=\"#elementor-action%3Aaction%3Dlightbox%26settings%3DeyJpZCI6MTE3MjAsInVybCI6Imh0dHBzOlwvXC93c20uYXJ0LnBsXC93cC1jb250ZW50XC91cGxvYWRzXC8yMDIzXC8wNVwvczFJTUdfNTM3Ny5qcGcifQ%3D%3D\">\n\t\t\t\t\t\t\t<img fetchpriority=\"high\" decoding=\"async\" width=\"843\" height=\"562\" src=\"https:\/\/wsm.art.pl\/wp-content\/uploads\/2023\/05\/s1IMG_5377-1024x683.jpg\" class=\"attachment-large size-large wp-image-11720\" alt=\"\" srcset=\"https:\/\/wsm.art.pl\/wp-content\/uploads\/2023\/05\/s1IMG_5377-1024x683.jpg 1024w, https:\/\/wsm.art.pl\/wp-content\/uploads\/2023\/05\/s1IMG_5377-300x200.jpg 300w, https:\/\/wsm.art.pl\/wp-content\/uploads\/2023\/05\/s1IMG_5377-768x512.jpg 768w, https:\/\/wsm.art.pl\/wp-content\/uploads\/2023\/05\/s1IMG_5377.jpg 1300w\" sizes=\"(max-width: 843px) 100vw, 843px\" \/>\t\t\t\t\t\t\t\t<\/a>\n\t\t\t\t\t\t\t\t\t\t\t<figcaption class=\"widget-image-caption wp-caption-text\">Monika Woli\u0144ska fot. Maciej Borowski<\/figcaption>\n\t\t\t\t\t\t\t\t\t\t<\/figure>\n\t\t\t\t\t\t\t\t\t<\/div>\n\t\t\t\t<\/div>\n\t\t\t\t\t<\/div>\n\t\t<\/div>\n\t\t\t\t<div class=\"elementor-column elementor-col-33 elementor-top-column elementor-element elementor-element-02605b6\" data-id=\"02605b6\" data-element_type=\"column\">\n\t\t\t<div class=\"elementor-widget-wrap elementor-element-populated\">\n\t\t\t\t\t\t<div class=\"elementor-element elementor-element-61a16ed elementor-widget elementor-widget-image\" data-id=\"61a16ed\" data-element_type=\"widget\" data-widget_type=\"image.default\">\n\t\t\t\t<div class=\"elementor-widget-container\">\n\t\t\t\t\t\t\t\t\t\t\t\t<figure class=\"wp-caption\">\n\t\t\t\t\t\t\t\t\t\t\t<a href=\"https:\/\/wsm.art.pl\/wp-content\/uploads\/2023\/05\/s2IMG_5382.jpg\" data-elementor-open-lightbox=\"yes\" data-elementor-lightbox-title=\"17.05.2023\" data-e-action-hash=\"#elementor-action%3Aaction%3Dlightbox%26settings%3DeyJpZCI6MTE3MjEsInVybCI6Imh0dHBzOlwvXC93c20uYXJ0LnBsXC93cC1jb250ZW50XC91cGxvYWRzXC8yMDIzXC8wNVwvczJJTUdfNTM4Mi5qcGcifQ%3D%3D\">\n\t\t\t\t\t\t\t<img decoding=\"async\" width=\"843\" height=\"562\" src=\"https:\/\/wsm.art.pl\/wp-content\/uploads\/2023\/05\/s2IMG_5382-1024x683.jpg\" class=\"attachment-large size-large wp-image-11721\" alt=\"\" srcset=\"https:\/\/wsm.art.pl\/wp-content\/uploads\/2023\/05\/s2IMG_5382-1024x683.jpg 1024w, https:\/\/wsm.art.pl\/wp-content\/uploads\/2023\/05\/s2IMG_5382-300x200.jpg 300w, https:\/\/wsm.art.pl\/wp-content\/uploads\/2023\/05\/s2IMG_5382-768x512.jpg 768w, https:\/\/wsm.art.pl\/wp-content\/uploads\/2023\/05\/s2IMG_5382.jpg 1300w\" sizes=\"(max-width: 843px) 100vw, 843px\" \/>\t\t\t\t\t\t\t\t<\/a>\n\t\t\t\t\t\t\t\t\t\t\t<figcaption class=\"widget-image-caption wp-caption-text\">Artur Cie\u015blak i Monika Woli\u0144ska fot. Maciej Borowski<\/figcaption>\n\t\t\t\t\t\t\t\t\t\t<\/figure>\n\t\t\t\t\t\t\t\t\t<\/div>\n\t\t\t\t<\/div>\n\t\t\t\t\t<\/div>\n\t\t<\/div>\n\t\t\t\t<div class=\"elementor-column elementor-col-33 elementor-top-column elementor-element elementor-element-21972fa\" data-id=\"21972fa\" data-element_type=\"column\">\n\t\t\t<div class=\"elementor-widget-wrap elementor-element-populated\">\n\t\t\t\t\t\t<div class=\"elementor-element elementor-element-e992186 elementor-widget elementor-widget-image\" data-id=\"e992186\" data-element_type=\"widget\" data-widget_type=\"image.default\">\n\t\t\t\t<div class=\"elementor-widget-container\">\n\t\t\t\t\t\t\t\t\t\t\t\t<figure class=\"wp-caption\">\n\t\t\t\t\t\t\t\t\t\t\t<a href=\"https:\/\/wsm.art.pl\/wp-content\/uploads\/2023\/05\/s3IMG_5542.jpg\" data-elementor-open-lightbox=\"yes\" data-elementor-lightbox-title=\"17.05.2023\" data-e-action-hash=\"#elementor-action%3Aaction%3Dlightbox%26settings%3DeyJpZCI6MTE3MjIsInVybCI6Imh0dHBzOlwvXC93c20uYXJ0LnBsXC93cC1jb250ZW50XC91cGxvYWRzXC8yMDIzXC8wNVwvczNJTUdfNTU0Mi5qcGcifQ%3D%3D\">\n\t\t\t\t\t\t\t<img decoding=\"async\" width=\"843\" height=\"562\" src=\"https:\/\/wsm.art.pl\/wp-content\/uploads\/2023\/05\/s3IMG_5542-1024x683.jpg\" class=\"attachment-large size-large wp-image-11722\" alt=\"\" srcset=\"https:\/\/wsm.art.pl\/wp-content\/uploads\/2023\/05\/s3IMG_5542-1024x683.jpg 1024w, https:\/\/wsm.art.pl\/wp-content\/uploads\/2023\/05\/s3IMG_5542-300x200.jpg 300w, https:\/\/wsm.art.pl\/wp-content\/uploads\/2023\/05\/s3IMG_5542-768x512.jpg 768w, https:\/\/wsm.art.pl\/wp-content\/uploads\/2023\/05\/s3IMG_5542.jpg 1300w\" sizes=\"(max-width: 843px) 100vw, 843px\" \/>\t\t\t\t\t\t\t\t<\/a>\n\t\t\t\t\t\t\t\t\t\t\t<figcaption class=\"widget-image-caption wp-caption-text\">Aleksandra Demowska-Madejska i Adam Eljasi\u0144ski fot. Maciej Borowski<\/figcaption>\n\t\t\t\t\t\t\t\t\t\t<\/figure>\n\t\t\t\t\t\t\t\t\t<\/div>\n\t\t\t\t<\/div>\n\t\t\t\t\t<\/div>\n\t\t<\/div>\n\t\t\t\t\t<\/div>\n\t\t<\/section>\n\t\t\t\t<section class=\"elementor-section elementor-top-section elementor-element elementor-element-bb494df elementor-section-boxed elementor-section-height-default elementor-section-height-default\" data-id=\"bb494df\" data-element_type=\"section\">\n\t\t\t\t\t\t<div class=\"elementor-container elementor-column-gap-default\">\n\t\t\t\t\t<div class=\"elementor-column elementor-col-33 elementor-top-column elementor-element elementor-element-9066c04\" data-id=\"9066c04\" data-element_type=\"column\">\n\t\t\t<div class=\"elementor-widget-wrap elementor-element-populated\">\n\t\t\t\t\t\t<div class=\"elementor-element elementor-element-629849f elementor-widget elementor-widget-image\" data-id=\"629849f\" data-element_type=\"widget\" data-widget_type=\"image.default\">\n\t\t\t\t<div class=\"elementor-widget-container\">\n\t\t\t\t\t\t\t\t\t\t\t\t<figure class=\"wp-caption\">\n\t\t\t\t\t\t\t\t\t\t\t<a href=\"https:\/\/wsm.art.pl\/wp-content\/uploads\/2023\/05\/s4IMG_5424.jpg\" data-elementor-open-lightbox=\"yes\" data-elementor-lightbox-title=\"17.05.2023\" data-e-action-hash=\"#elementor-action%3Aaction%3Dlightbox%26settings%3DeyJpZCI6MTE3MjMsInVybCI6Imh0dHBzOlwvXC93c20uYXJ0LnBsXC93cC1jb250ZW50XC91cGxvYWRzXC8yMDIzXC8wNVwvczRJTUdfNTQyNC5qcGcifQ%3D%3D\">\n\t\t\t\t\t\t\t<img loading=\"lazy\" decoding=\"async\" width=\"843\" height=\"562\" src=\"https:\/\/wsm.art.pl\/wp-content\/uploads\/2023\/05\/s4IMG_5424-1024x683.jpg\" class=\"attachment-large size-large wp-image-11723\" alt=\"\" srcset=\"https:\/\/wsm.art.pl\/wp-content\/uploads\/2023\/05\/s4IMG_5424-1024x683.jpg 1024w, https:\/\/wsm.art.pl\/wp-content\/uploads\/2023\/05\/s4IMG_5424-300x200.jpg 300w, https:\/\/wsm.art.pl\/wp-content\/uploads\/2023\/05\/s4IMG_5424-768x512.jpg 768w, https:\/\/wsm.art.pl\/wp-content\/uploads\/2023\/05\/s4IMG_5424.jpg 1300w\" sizes=\"(max-width: 843px) 100vw, 843px\" \/>\t\t\t\t\t\t\t\t<\/a>\n\t\t\t\t\t\t\t\t\t\t\t<figcaption class=\"widget-image-caption wp-caption-text\">Adam Eljasi\u0144ski, Aleksandra Demowska-Madejska i Artur Kroschel fot. Maciej Borowski<\/figcaption>\n\t\t\t\t\t\t\t\t\t\t<\/figure>\n\t\t\t\t\t\t\t\t\t<\/div>\n\t\t\t\t<\/div>\n\t\t\t\t\t<\/div>\n\t\t<\/div>\n\t\t\t\t<div class=\"elementor-column elementor-col-33 elementor-top-column elementor-element elementor-element-ec3fc25\" data-id=\"ec3fc25\" data-element_type=\"column\">\n\t\t\t<div class=\"elementor-widget-wrap elementor-element-populated\">\n\t\t\t\t\t\t<div class=\"elementor-element elementor-element-aeeada4 elementor-widget elementor-widget-image\" data-id=\"aeeada4\" data-element_type=\"widget\" data-widget_type=\"image.default\">\n\t\t\t\t<div class=\"elementor-widget-container\">\n\t\t\t\t\t\t\t\t\t\t\t\t<figure class=\"wp-caption\">\n\t\t\t\t\t\t\t\t\t\t\t<a href=\"https:\/\/wsm.art.pl\/wp-content\/uploads\/2023\/05\/s5IMG_5439.jpg\" data-elementor-open-lightbox=\"yes\" data-elementor-lightbox-title=\"17.05.2023\" data-e-action-hash=\"#elementor-action%3Aaction%3Dlightbox%26settings%3DeyJpZCI6MTE3MjQsInVybCI6Imh0dHBzOlwvXC93c20uYXJ0LnBsXC93cC1jb250ZW50XC91cGxvYWRzXC8yMDIzXC8wNVwvczVJTUdfNTQzOS5qcGcifQ%3D%3D\">\n\t\t\t\t\t\t\t<img loading=\"lazy\" decoding=\"async\" width=\"843\" height=\"562\" src=\"https:\/\/wsm.art.pl\/wp-content\/uploads\/2023\/05\/s5IMG_5439-1024x683.jpg\" class=\"attachment-large size-large wp-image-11724\" alt=\"\" srcset=\"https:\/\/wsm.art.pl\/wp-content\/uploads\/2023\/05\/s5IMG_5439-1024x683.jpg 1024w, https:\/\/wsm.art.pl\/wp-content\/uploads\/2023\/05\/s5IMG_5439-300x200.jpg 300w, https:\/\/wsm.art.pl\/wp-content\/uploads\/2023\/05\/s5IMG_5439-768x512.jpg 768w, https:\/\/wsm.art.pl\/wp-content\/uploads\/2023\/05\/s5IMG_5439.jpg 1300w\" sizes=\"(max-width: 843px) 100vw, 843px\" \/>\t\t\t\t\t\t\t\t<\/a>\n\t\t\t\t\t\t\t\t\t\t\t<figcaption class=\"widget-image-caption wp-caption-text\">zesp\u00f3\u0142 smyczkowy Orkiestry Polskiego Radia w Warszawie fot. Maciej Borowski<\/figcaption>\n\t\t\t\t\t\t\t\t\t\t<\/figure>\n\t\t\t\t\t\t\t\t\t<\/div>\n\t\t\t\t<\/div>\n\t\t\t\t\t<\/div>\n\t\t<\/div>\n\t\t\t\t<div class=\"elementor-column elementor-col-33 elementor-top-column elementor-element elementor-element-e3620f9\" data-id=\"e3620f9\" data-element_type=\"column\">\n\t\t\t<div class=\"elementor-widget-wrap elementor-element-populated\">\n\t\t\t\t\t\t<div class=\"elementor-element elementor-element-2ed4b6e elementor-widget elementor-widget-image\" data-id=\"2ed4b6e\" data-element_type=\"widget\" data-widget_type=\"image.default\">\n\t\t\t\t<div class=\"elementor-widget-container\">\n\t\t\t\t\t\t\t\t\t\t\t\t<figure class=\"wp-caption\">\n\t\t\t\t\t\t\t\t\t\t\t<a href=\"https:\/\/wsm.art.pl\/wp-content\/uploads\/2023\/05\/s5IMG_5449.jpg\" data-elementor-open-lightbox=\"yes\" data-elementor-lightbox-title=\"17.05.2023\" data-e-action-hash=\"#elementor-action%3Aaction%3Dlightbox%26settings%3DeyJpZCI6MTE3MjUsInVybCI6Imh0dHBzOlwvXC93c20uYXJ0LnBsXC93cC1jb250ZW50XC91cGxvYWRzXC8yMDIzXC8wNVwvczVJTUdfNTQ0OS5qcGcifQ%3D%3D\">\n\t\t\t\t\t\t\t<img loading=\"lazy\" decoding=\"async\" width=\"843\" height=\"562\" src=\"https:\/\/wsm.art.pl\/wp-content\/uploads\/2023\/05\/s5IMG_5449-1024x683.jpg\" class=\"attachment-large size-large wp-image-11725\" alt=\"\" srcset=\"https:\/\/wsm.art.pl\/wp-content\/uploads\/2023\/05\/s5IMG_5449-1024x683.jpg 1024w, https:\/\/wsm.art.pl\/wp-content\/uploads\/2023\/05\/s5IMG_5449-300x200.jpg 300w, https:\/\/wsm.art.pl\/wp-content\/uploads\/2023\/05\/s5IMG_5449-768x512.jpg 768w, https:\/\/wsm.art.pl\/wp-content\/uploads\/2023\/05\/s5IMG_5449.jpg 1300w\" sizes=\"(max-width: 843px) 100vw, 843px\" \/>\t\t\t\t\t\t\t\t<\/a>\n\t\t\t\t\t\t\t\t\t\t\t<figcaption class=\"widget-image-caption wp-caption-text\">zesp\u00f3\u0142 smyczkowy Orkiestry Polskiego Radia w Warszawie fot. Maciej Borowski<\/figcaption>\n\t\t\t\t\t\t\t\t\t\t<\/figure>\n\t\t\t\t\t\t\t\t\t<\/div>\n\t\t\t\t<\/div>\n\t\t\t\t\t<\/div>\n\t\t<\/div>\n\t\t\t\t\t<\/div>\n\t\t<\/section>\n\t\t\t\t<section class=\"elementor-section elementor-top-section elementor-element elementor-element-a56cb58 elementor-section-boxed elementor-section-height-default elementor-section-height-default\" data-id=\"a56cb58\" data-element_type=\"section\">\n\t\t\t\t\t\t<div class=\"elementor-container elementor-column-gap-default\">\n\t\t\t\t\t<div class=\"elementor-column elementor-col-33 elementor-top-column elementor-element elementor-element-38382ef\" data-id=\"38382ef\" data-element_type=\"column\">\n\t\t\t<div class=\"elementor-widget-wrap elementor-element-populated\">\n\t\t\t\t\t\t<div class=\"elementor-element elementor-element-350f602 elementor-widget elementor-widget-image\" data-id=\"350f602\" data-element_type=\"widget\" data-widget_type=\"image.default\">\n\t\t\t\t<div class=\"elementor-widget-container\">\n\t\t\t\t\t\t\t\t\t\t\t\t<figure class=\"wp-caption\">\n\t\t\t\t\t\t\t\t\t\t\t<a href=\"https:\/\/wsm.art.pl\/wp-content\/uploads\/2023\/05\/s6IMG_5464.jpg\" data-elementor-open-lightbox=\"yes\" data-elementor-lightbox-title=\"17.05.2023\" data-e-action-hash=\"#elementor-action%3Aaction%3Dlightbox%26settings%3DeyJpZCI6MTE3MjYsInVybCI6Imh0dHBzOlwvXC93c20uYXJ0LnBsXC93cC1jb250ZW50XC91cGxvYWRzXC8yMDIzXC8wNVwvczZJTUdfNTQ2NC5qcGcifQ%3D%3D\">\n\t\t\t\t\t\t\t<img loading=\"lazy\" decoding=\"async\" width=\"843\" height=\"562\" src=\"https:\/\/wsm.art.pl\/wp-content\/uploads\/2023\/05\/s6IMG_5464-1024x683.jpg\" class=\"attachment-large size-large wp-image-11726\" alt=\"\" srcset=\"https:\/\/wsm.art.pl\/wp-content\/uploads\/2023\/05\/s6IMG_5464-1024x683.jpg 1024w, https:\/\/wsm.art.pl\/wp-content\/uploads\/2023\/05\/s6IMG_5464-300x200.jpg 300w, https:\/\/wsm.art.pl\/wp-content\/uploads\/2023\/05\/s6IMG_5464-768x512.jpg 768w, https:\/\/wsm.art.pl\/wp-content\/uploads\/2023\/05\/s6IMG_5464.jpg 1300w\" sizes=\"(max-width: 843px) 100vw, 843px\" \/>\t\t\t\t\t\t\t\t<\/a>\n\t\t\t\t\t\t\t\t\t\t\t<figcaption class=\"widget-image-caption wp-caption-text\"> Krzysztof Knittel i Monika Woli\u0144ska fot. Maciej Borowski<\/figcaption>\n\t\t\t\t\t\t\t\t\t\t<\/figure>\n\t\t\t\t\t\t\t\t\t<\/div>\n\t\t\t\t<\/div>\n\t\t\t\t\t<\/div>\n\t\t<\/div>\n\t\t\t\t<div class=\"elementor-column elementor-col-33 elementor-top-column elementor-element elementor-element-9673086\" data-id=\"9673086\" data-element_type=\"column\">\n\t\t\t<div class=\"elementor-widget-wrap elementor-element-populated\">\n\t\t\t\t\t\t<div class=\"elementor-element elementor-element-284f1df elementor-widget elementor-widget-image\" data-id=\"284f1df\" data-element_type=\"widget\" data-widget_type=\"image.default\">\n\t\t\t\t<div class=\"elementor-widget-container\">\n\t\t\t\t\t\t\t\t\t\t\t\t<figure class=\"wp-caption\">\n\t\t\t\t\t\t\t\t\t\t\t<a href=\"https:\/\/wsm.art.pl\/wp-content\/uploads\/2023\/05\/s7IMG_5372.jpg\" data-elementor-open-lightbox=\"yes\" data-elementor-lightbox-title=\"17.05.2023\" data-e-action-hash=\"#elementor-action%3Aaction%3Dlightbox%26settings%3DeyJpZCI6MTE3MjcsInVybCI6Imh0dHBzOlwvXC93c20uYXJ0LnBsXC93cC1jb250ZW50XC91cGxvYWRzXC8yMDIzXC8wNVwvczdJTUdfNTM3Mi5qcGcifQ%3D%3D\">\n\t\t\t\t\t\t\t<img loading=\"lazy\" decoding=\"async\" width=\"843\" height=\"562\" src=\"https:\/\/wsm.art.pl\/wp-content\/uploads\/2023\/05\/s7IMG_5372-1024x683.jpg\" class=\"attachment-large size-large wp-image-11727\" alt=\"\" srcset=\"https:\/\/wsm.art.pl\/wp-content\/uploads\/2023\/05\/s7IMG_5372-1024x683.jpg 1024w, https:\/\/wsm.art.pl\/wp-content\/uploads\/2023\/05\/s7IMG_5372-300x200.jpg 300w, https:\/\/wsm.art.pl\/wp-content\/uploads\/2023\/05\/s7IMG_5372-768x512.jpg 768w, https:\/\/wsm.art.pl\/wp-content\/uploads\/2023\/05\/s7IMG_5372.jpg 1300w\" sizes=\"(max-width: 843px) 100vw, 843px\" \/>\t\t\t\t\t\t\t\t<\/a>\n\t\t\t\t\t\t\t\t\t\t\t<figcaption class=\"widget-image-caption wp-caption-text\">zesp\u00f3\u0142 smyczkowy Orkiestry Polskiego Radia w Warszawie fot. Maciej Borowski<\/figcaption>\n\t\t\t\t\t\t\t\t\t\t<\/figure>\n\t\t\t\t\t\t\t\t\t<\/div>\n\t\t\t\t<\/div>\n\t\t\t\t\t<\/div>\n\t\t<\/div>\n\t\t\t\t<div class=\"elementor-column elementor-col-33 elementor-top-column elementor-element elementor-element-77239d7\" data-id=\"77239d7\" data-element_type=\"column\">\n\t\t\t<div class=\"elementor-widget-wrap elementor-element-populated\">\n\t\t\t\t\t\t<div class=\"elementor-element elementor-element-8634667 elementor-widget elementor-widget-image\" data-id=\"8634667\" data-element_type=\"widget\" data-widget_type=\"image.default\">\n\t\t\t\t<div class=\"elementor-widget-container\">\n\t\t\t\t\t\t\t\t\t\t\t\t<figure class=\"wp-caption\">\n\t\t\t\t\t\t\t\t\t\t\t<a href=\"https:\/\/wsm.art.pl\/wp-content\/uploads\/2023\/05\/sIMG_5526.jpg\" data-elementor-open-lightbox=\"yes\" data-elementor-lightbox-title=\"17.05.2023\" data-e-action-hash=\"#elementor-action%3Aaction%3Dlightbox%26settings%3DeyJpZCI6MTE3MjgsInVybCI6Imh0dHBzOlwvXC93c20uYXJ0LnBsXC93cC1jb250ZW50XC91cGxvYWRzXC8yMDIzXC8wNVwvc0lNR181NTI2LmpwZyJ9\">\n\t\t\t\t\t\t\t<img loading=\"lazy\" decoding=\"async\" width=\"843\" height=\"562\" src=\"https:\/\/wsm.art.pl\/wp-content\/uploads\/2023\/05\/sIMG_5526-1024x683.jpg\" class=\"attachment-large size-large wp-image-11728\" alt=\"\" srcset=\"https:\/\/wsm.art.pl\/wp-content\/uploads\/2023\/05\/sIMG_5526-1024x683.jpg 1024w, https:\/\/wsm.art.pl\/wp-content\/uploads\/2023\/05\/sIMG_5526-300x200.jpg 300w, https:\/\/wsm.art.pl\/wp-content\/uploads\/2023\/05\/sIMG_5526-768x512.jpg 768w, https:\/\/wsm.art.pl\/wp-content\/uploads\/2023\/05\/sIMG_5526.jpg 1300w\" sizes=\"(max-width: 843px) 100vw, 843px\" \/>\t\t\t\t\t\t\t\t<\/a>\n\t\t\t\t\t\t\t\t\t\t\t<figcaption class=\"widget-image-caption wp-caption-text\">Monika Woli\u0144ska i Mateusz \u015amigasiewicz fot. Maciej Borowski<\/figcaption>\n\t\t\t\t\t\t\t\t\t\t<\/figure>\n\t\t\t\t\t\t\t\t\t<\/div>\n\t\t\t\t<\/div>\n\t\t\t\t\t<\/div>\n\t\t<\/div>\n\t\t\t\t\t<\/div>\n\t\t<\/section>\n\t\t\t\t<section class=\"elementor-section elementor-top-section elementor-element elementor-element-39d21e6 elementor-section-boxed elementor-section-height-default elementor-section-height-default\" data-id=\"39d21e6\" data-element_type=\"section\">\n\t\t\t\t\t\t<div class=\"elementor-container elementor-column-gap-default\">\n\t\t\t\t\t<div class=\"elementor-column elementor-col-33 elementor-top-column elementor-element elementor-element-31ad785\" data-id=\"31ad785\" data-element_type=\"column\">\n\t\t\t<div class=\"elementor-widget-wrap elementor-element-populated\">\n\t\t\t\t\t\t<div class=\"elementor-element elementor-element-d32a046 elementor-widget elementor-widget-image\" data-id=\"d32a046\" data-element_type=\"widget\" data-widget_type=\"image.default\">\n\t\t\t\t<div class=\"elementor-widget-container\">\n\t\t\t\t\t\t\t\t\t\t\t\t<figure class=\"wp-caption\">\n\t\t\t\t\t\t\t\t\t\t\t<a href=\"https:\/\/wsm.art.pl\/wp-content\/uploads\/2023\/05\/sIMG_5536.jpg\" data-elementor-open-lightbox=\"yes\" data-elementor-lightbox-title=\"17.05.2023\" data-e-action-hash=\"#elementor-action%3Aaction%3Dlightbox%26settings%3DeyJpZCI6MTE3MjksInVybCI6Imh0dHBzOlwvXC93c20uYXJ0LnBsXC93cC1jb250ZW50XC91cGxvYWRzXC8yMDIzXC8wNVwvc0lNR181NTM2LmpwZyJ9\">\n\t\t\t\t\t\t\t<img loading=\"lazy\" decoding=\"async\" width=\"843\" height=\"562\" src=\"https:\/\/wsm.art.pl\/wp-content\/uploads\/2023\/05\/sIMG_5536-1024x683.jpg\" class=\"attachment-large size-large wp-image-11729\" alt=\"\" srcset=\"https:\/\/wsm.art.pl\/wp-content\/uploads\/2023\/05\/sIMG_5536-1024x683.jpg 1024w, https:\/\/wsm.art.pl\/wp-content\/uploads\/2023\/05\/sIMG_5536-300x200.jpg 300w, https:\/\/wsm.art.pl\/wp-content\/uploads\/2023\/05\/sIMG_5536-768x512.jpg 768w, https:\/\/wsm.art.pl\/wp-content\/uploads\/2023\/05\/sIMG_5536.jpg 1300w\" sizes=\"(max-width: 843px) 100vw, 843px\" \/>\t\t\t\t\t\t\t\t<\/a>\n\t\t\t\t\t\t\t\t\t\t\t<figcaption class=\"widget-image-caption wp-caption-text\">Aleksandra Demowska-Madejska i Adam Eljasi\u0144ski fot. Maciej Borowski<\/figcaption>\n\t\t\t\t\t\t\t\t\t\t<\/figure>\n\t\t\t\t\t\t\t\t\t<\/div>\n\t\t\t\t<\/div>\n\t\t\t\t\t<\/div>\n\t\t<\/div>\n\t\t\t\t<div class=\"elementor-column elementor-col-33 elementor-top-column elementor-element elementor-element-449f6b3\" data-id=\"449f6b3\" data-element_type=\"column\">\n\t\t\t<div class=\"elementor-widget-wrap elementor-element-populated\">\n\t\t\t\t\t\t<div class=\"elementor-element elementor-element-6016799 elementor-widget elementor-widget-image\" data-id=\"6016799\" data-element_type=\"widget\" data-widget_type=\"image.default\">\n\t\t\t\t<div class=\"elementor-widget-container\">\n\t\t\t\t\t\t\t\t\t\t\t\t<figure class=\"wp-caption\">\n\t\t\t\t\t\t\t\t\t\t\t<a href=\"https:\/\/wsm.art.pl\/wp-content\/uploads\/2023\/05\/sIMG_5584.jpg\" data-elementor-open-lightbox=\"yes\" data-elementor-lightbox-title=\"17.05.2023\" data-e-action-hash=\"#elementor-action%3Aaction%3Dlightbox%26settings%3DeyJpZCI6MTE3MzAsInVybCI6Imh0dHBzOlwvXC93c20uYXJ0LnBsXC93cC1jb250ZW50XC91cGxvYWRzXC8yMDIzXC8wNVwvc0lNR181NTg0LmpwZyJ9\">\n\t\t\t\t\t\t\t<img loading=\"lazy\" decoding=\"async\" width=\"843\" height=\"562\" src=\"https:\/\/wsm.art.pl\/wp-content\/uploads\/2023\/05\/sIMG_5584-1024x683.jpg\" class=\"attachment-large size-large wp-image-11730\" alt=\"\" srcset=\"https:\/\/wsm.art.pl\/wp-content\/uploads\/2023\/05\/sIMG_5584-1024x683.jpg 1024w, https:\/\/wsm.art.pl\/wp-content\/uploads\/2023\/05\/sIMG_5584-300x200.jpg 300w, https:\/\/wsm.art.pl\/wp-content\/uploads\/2023\/05\/sIMG_5584-768x512.jpg 768w, https:\/\/wsm.art.pl\/wp-content\/uploads\/2023\/05\/sIMG_5584.jpg 1300w\" sizes=\"(max-width: 843px) 100vw, 843px\" \/>\t\t\t\t\t\t\t\t<\/a>\n\t\t\t\t\t\t\t\t\t\t\t<figcaption class=\"widget-image-caption wp-caption-text\">Wojciech B\u0142a\u017cejczyk, Monika Woli\u0144ska i Aleksandra Demowska-Madejska fot. Maciej Borowski<\/figcaption>\n\t\t\t\t\t\t\t\t\t\t<\/figure>\n\t\t\t\t\t\t\t\t\t<\/div>\n\t\t\t\t<\/div>\n\t\t\t\t\t<\/div>\n\t\t<\/div>\n\t\t\t\t<div class=\"elementor-column elementor-col-33 elementor-top-column elementor-element elementor-element-f48e6a0\" data-id=\"f48e6a0\" data-element_type=\"column\">\n\t\t\t<div class=\"elementor-widget-wrap elementor-element-populated\">\n\t\t\t\t\t\t<div class=\"elementor-element elementor-element-c546ff7 elementor-widget elementor-widget-image\" data-id=\"c546ff7\" data-element_type=\"widget\" data-widget_type=\"image.default\">\n\t\t\t\t<div class=\"elementor-widget-container\">\n\t\t\t\t\t\t\t\t\t\t\t\t<figure class=\"wp-caption\">\n\t\t\t\t\t\t\t\t\t\t\t<a href=\"https:\/\/wsm.art.pl\/wp-content\/uploads\/2023\/05\/sIMG_5596.jpg\" data-elementor-open-lightbox=\"yes\" data-elementor-lightbox-title=\"17.05.2023\" data-e-action-hash=\"#elementor-action%3Aaction%3Dlightbox%26settings%3DeyJpZCI6MTE3MzEsInVybCI6Imh0dHBzOlwvXC93c20uYXJ0LnBsXC93cC1jb250ZW50XC91cGxvYWRzXC8yMDIzXC8wNVwvc0lNR181NTk2LmpwZyJ9\">\n\t\t\t\t\t\t\t<img loading=\"lazy\" decoding=\"async\" width=\"843\" height=\"562\" src=\"https:\/\/wsm.art.pl\/wp-content\/uploads\/2023\/05\/sIMG_5596-1024x683.jpg\" class=\"attachment-large size-large wp-image-11731\" alt=\"\" srcset=\"https:\/\/wsm.art.pl\/wp-content\/uploads\/2023\/05\/sIMG_5596-1024x683.jpg 1024w, https:\/\/wsm.art.pl\/wp-content\/uploads\/2023\/05\/sIMG_5596-300x200.jpg 300w, https:\/\/wsm.art.pl\/wp-content\/uploads\/2023\/05\/sIMG_5596-768x512.jpg 768w, https:\/\/wsm.art.pl\/wp-content\/uploads\/2023\/05\/sIMG_5596.jpg 1300w\" sizes=\"(max-width: 843px) 100vw, 843px\" \/>\t\t\t\t\t\t\t\t<\/a>\n\t\t\t\t\t\t\t\t\t\t\t<figcaption class=\"widget-image-caption wp-caption-text\">zesp\u00f3\u0142 smyczkowy Orkiestry Polskiego Radia w Warszawie fot. Maciej Borowski<\/figcaption>\n\t\t\t\t\t\t\t\t\t\t<\/figure>\n\t\t\t\t\t\t\t\t\t<\/div>\n\t\t\t\t<\/div>\n\t\t\t\t\t<\/div>\n\t\t<\/div>\n\t\t\t\t\t<\/div>\n\t\t<\/section>\n\t\t\t\t<\/div>\n\t\t","protected":false},"excerpt":{"rendered":"<p>Monika Woli\u0144ska fot. Maciej Borowski Artur Cie\u015blak i Monika Woli\u0144ska fot. Maciej Borowski Aleksandra Demowska-Madejska i Adam Eljasi\u0144ski fot. Maciej Borowski Adam Eljasi\u0144ski, Aleksandra Demowska-Madejska&hellip;<\/p>\n","protected":false},"author":1,"featured_media":0,"parent":0,"menu_order":0,"comment_status":"closed","ping_status":"closed","template":"","meta":{"footnotes":""},"class_list":["post-11718","page","type-page","status-publish","hentry"],"_links":{"self":[{"href":"https:\/\/wsm.art.pl\/index.php?rest_route=\/wp\/v2\/pages\/11718","targetHints":{"allow":["GET"]}}],"collection":[{"href":"https:\/\/wsm.art.pl\/index.php?rest_route=\/wp\/v2\/pages"}],"about":[{"href":"https:\/\/wsm.art.pl\/index.php?rest_route=\/wp\/v2\/types\/page"}],"author":[{"embeddable":true,"href":"https:\/\/wsm.art.pl\/index.php?rest_route=\/wp\/v2\/users\/1"}],"replies":[{"embeddable":true,"href":"https:\/\/wsm.art.pl\/index.php?rest_route=%2Fwp%2Fv2%2Fcomments&post=11718"}],"version-history":[{"count":73,"href":"https:\/\/wsm.art.pl\/index.php?rest_route=\/wp\/v2\/pages\/11718\/revisions"}],"predecessor-version":[{"id":13254,"href":"https:\/\/wsm.art.pl\/index.php?rest_route=\/wp\/v2\/pages\/11718\/revisions\/13254"}],"wp:attachment":[{"href":"https:\/\/wsm.art.pl\/index.php?rest_route=%2Fwp%2Fv2%2Fmedia&parent=11718"}],"curies":[{"name":"wp","href":"https:\/\/api.w.org\/{rel}","templated":true}]}}