{"id":11480,"date":"2023-05-16T23:12:52","date_gmt":"2023-05-16T23:12:52","guid":{"rendered":"https:\/\/wsm.art.pl\/?page_id=11480"},"modified":"2026-04-27T21:25:40","modified_gmt":"2026-04-27T21:25:40","slug":"o-festiwalu","status":"publish","type":"page","link":"https:\/\/wsm.art.pl\/?page_id=11480","title":{"rendered":"O Festiwalu"},"content":{"rendered":"\t\t<div data-elementor-type=\"wp-page\" data-elementor-id=\"11480\" class=\"elementor elementor-11480\">\n\t\t\t\t\t\t<section class=\"elementor-section elementor-top-section elementor-element elementor-element-5454b8f elementor-section-boxed elementor-section-height-default elementor-section-height-default\" data-id=\"5454b8f\" data-element_type=\"section\">\n\t\t\t\t\t\t<div class=\"elementor-container elementor-column-gap-default\">\n\t\t\t\t\t<div class=\"elementor-column elementor-col-100 elementor-top-column elementor-element elementor-element-7b21918\" data-id=\"7b21918\" data-element_type=\"column\">\n\t\t\t<div class=\"elementor-widget-wrap elementor-element-populated\">\n\t\t\t\t\t\t<div class=\"elementor-element elementor-element-d9337e3 elementor-widget elementor-widget-heading\" data-id=\"d9337e3\" data-element_type=\"widget\" data-widget_type=\"heading.default\">\n\t\t\t\t<div class=\"elementor-widget-container\">\n\t\t\t\t\t<h2 class=\"elementor-heading-title elementor-size-default\">O Warszawskich Spotkaniach Muzycznych<\/h2>\t\t\t\t<\/div>\n\t\t\t\t<\/div>\n\t\t\t\t\t<\/div>\n\t\t<\/div>\n\t\t\t\t\t<\/div>\n\t\t<\/section>\n\t\t\t\t<section class=\"elementor-section elementor-top-section elementor-element elementor-element-1ad7210 elementor-section-boxed elementor-section-height-default elementor-section-height-default\" data-id=\"1ad7210\" data-element_type=\"section\">\n\t\t\t\t\t\t<div class=\"elementor-container elementor-column-gap-default\">\n\t\t\t\t\t<div class=\"elementor-column elementor-col-100 elementor-top-column elementor-element elementor-element-0a4b9cc\" data-id=\"0a4b9cc\" data-element_type=\"column\">\n\t\t\t<div class=\"elementor-widget-wrap elementor-element-populated\">\n\t\t\t\t\t\t<div class=\"elementor-element elementor-element-853c672 elementor-widget elementor-widget-text-editor\" data-id=\"853c672\" data-element_type=\"widget\" data-widget_type=\"text-editor.default\">\n\t\t\t\t<div class=\"elementor-widget-container\">\n\t\t\t\t\t\t\t\t\t<p><span style=\"color: #000000;\"><strong>Warszawskie Spotkania Muzyczne<\/strong> organizowane s\u0105 od 1986 roku przez Oddzia\u0142 Warszawski<span style=\"color: #993366;\"><strong> <a style=\"color: #993366;\" href=\"https:\/\/www.zkp.org.pl\/index.php\/pl\/\">Zwi\u0105zku Kompozytor\u00f3w Polskich<\/a><\/strong><\/span>. To jedyny festiwal skupiony na tw\u00f3rczo\u015bci kompozytor\u00f3w dzia\u0142aj\u0105cych w Warszawie. Jego cech\u0105 charakterystyczn\u0105 jest te\u017c prezentacja nieznanych dzie\u0142 muzyki dawnej. Takie po\u0142\u0105czenie muzyki historycznej i wsp\u00f3\u0142czesnej tworzy czasem zaskakuj\u0105ce konteksty, inspiruj\u0105c powstawanie nowych utwor\u00f3w wykorzystuj\u0105cych j\u0119zyki r\u00f3\u017cnych epok. Festiwal unika jednocze\u015bnie prezentacji dzie\u0142 epoki klasycyzmu i romantyzmu, chyba \u017ce s\u0105 to utwory zapomniane lub niedawno odkryte, warte poznania. Dzi\u0119ki temu powstaje alternatywa dla &#8222;mainstreamowego&#8221; repertuaru obecnego na co dzie\u0144 w filharmoniach i rozg\u0142o\u015bniach radiowych, b\u0119d\u0105ca jednocze\u015bnie jego wa\u017cnym uzupe\u0142nieniem.<\/span><\/p>\t\t\t\t\t\t\t\t<\/div>\n\t\t\t\t<\/div>\n\t\t\t\t\t<\/div>\n\t\t<\/div>\n\t\t\t\t\t<\/div>\n\t\t<\/section>\n\t\t\t\t<section class=\"elementor-section elementor-top-section elementor-element elementor-element-08f63d4 elementor-section-boxed elementor-section-height-default elementor-section-height-default\" data-id=\"08f63d4\" data-element_type=\"section\">\n\t\t\t\t\t\t<div class=\"elementor-container elementor-column-gap-default\">\n\t\t\t\t\t<div class=\"elementor-column elementor-col-100 elementor-top-column elementor-element elementor-element-594a101\" data-id=\"594a101\" data-element_type=\"column\">\n\t\t\t<div class=\"elementor-widget-wrap elementor-element-populated\">\n\t\t\t\t\t\t<div class=\"elementor-element elementor-element-44de26f elementor-widget elementor-widget-heading\" data-id=\"44de26f\" data-element_type=\"widget\" data-widget_type=\"heading.default\">\n\t\t\t\t<div class=\"elementor-widget-container\">\n\t\t\t\t\t<h2 class=\"elementor-heading-title elementor-size-default\">Rada Programowa<\/h2>\t\t\t\t<\/div>\n\t\t\t\t<\/div>\n\t\t\t\t\t<\/div>\n\t\t<\/div>\n\t\t\t\t\t<\/div>\n\t\t<\/section>\n\t\t\t\t<section class=\"elementor-section elementor-top-section elementor-element elementor-element-652fe0d elementor-section-boxed elementor-section-height-default elementor-section-height-default\" data-id=\"652fe0d\" data-element_type=\"section\">\n\t\t\t\t\t\t<div class=\"elementor-container elementor-column-gap-default\">\n\t\t\t\t\t<div class=\"elementor-column elementor-col-50 elementor-top-column elementor-element elementor-element-28b685e\" data-id=\"28b685e\" data-element_type=\"column\">\n\t\t\t<div class=\"elementor-widget-wrap elementor-element-populated\">\n\t\t\t\t\t\t<div class=\"elementor-element elementor-element-edec78d elementor-widget__width-initial elementor-widget elementor-widget-image\" data-id=\"edec78d\" data-element_type=\"widget\" data-widget_type=\"image.default\">\n\t\t\t\t<div class=\"elementor-widget-container\">\n\t\t\t\t\t\t\t\t\t\t\t\t<figure class=\"wp-caption\">\n\t\t\t\t\t\t\t\t\t\t<img fetchpriority=\"high\" decoding=\"async\" width=\"300\" height=\"300\" src=\"https:\/\/wsm.art.pl\/wp-content\/uploads\/2021\/04\/J.-Siwinski-kwadrat-maly-fot.-M.-Kolcz-300x300.jpg\" class=\"attachment-medium size-medium wp-image-1173\" alt=\"\" srcset=\"https:\/\/wsm.art.pl\/wp-content\/uploads\/2021\/04\/J.-Siwinski-kwadrat-maly-fot.-M.-Kolcz-300x300.jpg 300w, https:\/\/wsm.art.pl\/wp-content\/uploads\/2021\/04\/J.-Siwinski-kwadrat-maly-fot.-M.-Kolcz-150x150.jpg 150w, https:\/\/wsm.art.pl\/wp-content\/uploads\/2021\/04\/J.-Siwinski-kwadrat-maly-fot.-M.-Kolcz-768x768.jpg 768w, https:\/\/wsm.art.pl\/wp-content\/uploads\/2021\/04\/J.-Siwinski-kwadrat-maly-fot.-M.-Kolcz.jpg 800w\" sizes=\"(max-width: 300px) 100vw, 300px\" \/>\t\t\t\t\t\t\t\t\t\t\t<figcaption class=\"widget-image-caption wp-caption-text\">fot. Ma\u0142gorzata Ko\u0142cz<\/figcaption>\n\t\t\t\t\t\t\t\t\t\t<\/figure>\n\t\t\t\t\t\t\t\t\t<\/div>\n\t\t\t\t<\/div>\n\t\t\t\t\t<\/div>\n\t\t<\/div>\n\t\t\t\t<div class=\"elementor-column elementor-col-50 elementor-top-column elementor-element elementor-element-abd703c\" data-id=\"abd703c\" data-element_type=\"column\">\n\t\t\t<div class=\"elementor-widget-wrap elementor-element-populated\">\n\t\t\t\t\t\t<div class=\"elementor-element elementor-element-917365a elementor-widget elementor-widget-text-editor\" data-id=\"917365a\" data-element_type=\"widget\" data-widget_type=\"text-editor.default\">\n\t\t\t\t<div class=\"elementor-widget-container\">\n\t\t\t\t\t\t\t\t\t<p><span style=\"color: #000000;\"><strong>JAROS\u0141AW SIWI\u0143SKI<\/strong> &#8211; dyrektor artystyczny Festiwalu. Jest absolwentem Akademii Muzycznej im. F. Chopina w Warszawie w klasie fortepianu (prof. Kazimierz Gier\u017cod) i kompozycji (prof. W\u0142odzimierz Koto\u0144ski). Kr\u0105g jego zainteresowa\u0144 tw\u00f3rczych to muzyka kameralna, orkiestrowa i elektroakustyczna, utwory z wykorzystaniem fortepianu autonomicznego (bez pianisty) a tak\u017ce instalacje d\u017awi\u0119kowe. <\/span>Jego kompozycje wykonywali m.in. Agata i \u0141ukasz D\u0142ugoszowie, Joanna Freszel, Szymon Telecki, Zesp\u00f3\u0142 Kameralny PTMW, Kwartet Wilan\u00f3w, Haschtag Ensemble, Polska Orkiestra Radiowa, Sinfonia Varsovia, Orkiestra Muzyki Nowej, Orkiestra Filharmonii Gorzowskiej. Znacz\u0105c\u0105 cz\u0119\u015b\u0107 jego tw\u00f3rczo\u015bci stanowi\u0105 utwory dla publiczno\u015bci dzieci\u0119cej, zamawiane m.in. przez pozna\u0144skie Centrum Sztuki Dziecka. <br \/>Jaros\u0142aw Siwi\u0144ski jest tak\u017ce, wraz z Ma\u0142gorzat\u0105 Ko\u0142cz, wsp\u00f3\u0142autorem licznych projekt\u00f3w artystycznych i edukacyjnych, realizowanych przez Polskie Towarzystwo Muzyki Wsp\u00f3\u0142czesnej.\u00a0<\/p><p>wi\u0119cej na <a href=\"http:\/\/www.siwinski.art\"><strong>siwinski.art<\/strong><\/a><\/p>\t\t\t\t\t\t\t\t<\/div>\n\t\t\t\t<\/div>\n\t\t\t\t\t<\/div>\n\t\t<\/div>\n\t\t\t\t\t<\/div>\n\t\t<\/section>\n\t\t\t\t<section class=\"elementor-section elementor-top-section elementor-element elementor-element-1406acf elementor-section-boxed elementor-section-height-default elementor-section-height-default\" data-id=\"1406acf\" data-element_type=\"section\">\n\t\t\t\t\t\t<div class=\"elementor-container elementor-column-gap-default\">\n\t\t\t\t\t<div class=\"elementor-column elementor-col-50 elementor-top-column elementor-element elementor-element-2c90b56\" data-id=\"2c90b56\" data-element_type=\"column\">\n\t\t\t<div class=\"elementor-widget-wrap elementor-element-populated\">\n\t\t\t\t\t\t<div class=\"elementor-element elementor-element-14fb6be elementor-widget__width-initial elementor-widget elementor-widget-image\" data-id=\"14fb6be\" data-element_type=\"widget\" data-widget_type=\"image.default\">\n\t\t\t\t<div class=\"elementor-widget-container\">\n\t\t\t\t\t\t\t\t\t\t\t\t<figure class=\"wp-caption\">\n\t\t\t\t\t\t\t\t\t\t<img decoding=\"async\" width=\"300\" height=\"300\" src=\"https:\/\/wsm.art.pl\/wp-content\/uploads\/2021\/04\/Artur-Cieslak-kwadrat-300x300.jpg\" class=\"attachment-medium size-medium wp-image-2826\" alt=\"\" srcset=\"https:\/\/wsm.art.pl\/wp-content\/uploads\/2021\/04\/Artur-Cieslak-kwadrat-300x300.jpg 300w, https:\/\/wsm.art.pl\/wp-content\/uploads\/2021\/04\/Artur-Cieslak-kwadrat-150x150.jpg 150w, https:\/\/wsm.art.pl\/wp-content\/uploads\/2021\/04\/Artur-Cieslak-kwadrat-768x768.jpg 768w, https:\/\/wsm.art.pl\/wp-content\/uploads\/2021\/04\/Artur-Cieslak-kwadrat.jpg 800w\" sizes=\"(max-width: 300px) 100vw, 300px\" \/>\t\t\t\t\t\t\t\t\t\t\t<figcaption class=\"widget-image-caption wp-caption-text\">fot. archiwum w\u0142asne<\/figcaption>\n\t\t\t\t\t\t\t\t\t\t<\/figure>\n\t\t\t\t\t\t\t\t\t<\/div>\n\t\t\t\t<\/div>\n\t\t\t\t\t<\/div>\n\t\t<\/div>\n\t\t\t\t<div class=\"elementor-column elementor-col-50 elementor-top-column elementor-element elementor-element-c1bb35f\" data-id=\"c1bb35f\" data-element_type=\"column\">\n\t\t\t<div class=\"elementor-widget-wrap elementor-element-populated\">\n\t\t\t\t\t\t<div class=\"elementor-element elementor-element-cd3f228 elementor-widget elementor-widget-text-editor\" data-id=\"cd3f228\" data-element_type=\"widget\" data-widget_type=\"text-editor.default\">\n\t\t\t\t<div class=\"elementor-widget-container\">\n\t\t\t\t\t\t\t\t\t<p><strong><span style=\"color: #000000;\">ARTUR CIE\u015aLAK<\/span><\/strong><span style=\"color: #000000;\"> (*1968, Szczecin) &#8211; kompozytor i pianista. Studiowa\u0142 w Akademii Muzycznej im. F. Chopina w Warszawie (1987-92, fortepian, prof. Regina Smendzianka i prof. Jerzy Romaniuk; 2006-2008, Podyplomowe Studia Kompozycji, prof. Marian Borkowski) oraz w Akademii Muzycznej im. I. J. Paderewskiego w Poznaniu (1998-2003, kompozycja, prof. Jan Astriab). W 2012 uzyska\u0142 stopie\u0144 naukowy doktora z zakresu kompozycji (Uniwersytet Muzyczny Fryderyka Chopina w Warszawie).<br \/>Wa\u017cniejsze kompozycje: Reminiscencja na saksofon i fortepian (2002); Niedopowiedzenia na wiolonczel\u0119 i fortepian (2006); Koncert fortepianowy na lew\u0105 r\u0119k\u0119 i orkiestr\u0119 symfoniczn\u0105 (2009); I Sonata fortepianowa \u201ePost-Neo\u201d na lew\u0105 r\u0119k\u0119 (2013); Cellofonia na wiolonczel\u0119 (2014); Symfonia przestrzeni na orkiestr\u0119 (2016); Trio na klarnet, wiolonczel\u0119 i fortepian (2018); Niepodleg\u0142a \u2013 oratorium (2018).<br \/><br \/>wi\u0119cej na <a href=\"http:\/\/www.polmic.pl\/index.php?option=com_mwosoby&amp;id=366&amp;view=czlowiek&amp;litera=3&amp;Itemid=5&amp;lang=pl\"><strong>www.polmic.pl<\/strong><\/a><\/span><\/p>\t\t\t\t\t\t\t\t<\/div>\n\t\t\t\t<\/div>\n\t\t\t\t\t<\/div>\n\t\t<\/div>\n\t\t\t\t\t<\/div>\n\t\t<\/section>\n\t\t\t\t<section class=\"elementor-section elementor-top-section elementor-element elementor-element-14caadf elementor-section-boxed elementor-section-height-default elementor-section-height-default\" data-id=\"14caadf\" data-element_type=\"section\">\n\t\t\t\t\t\t<div class=\"elementor-container elementor-column-gap-default\">\n\t\t\t\t\t<div class=\"elementor-column elementor-col-50 elementor-top-column elementor-element elementor-element-2c80a3f\" data-id=\"2c80a3f\" data-element_type=\"column\">\n\t\t\t<div class=\"elementor-widget-wrap elementor-element-populated\">\n\t\t\t\t\t\t<div class=\"elementor-element elementor-element-485fc49 elementor-widget__width-initial elementor-widget elementor-widget-image\" data-id=\"485fc49\" data-element_type=\"widget\" data-widget_type=\"image.default\">\n\t\t\t\t<div class=\"elementor-widget-container\">\n\t\t\t\t\t\t\t\t\t\t\t\t<figure class=\"wp-caption\">\n\t\t\t\t\t\t\t\t\t\t<img decoding=\"async\" width=\"300\" height=\"300\" src=\"https:\/\/wsm.art.pl\/wp-content\/uploads\/2021\/04\/Czarnecki-kwadrat-300x300.jpg\" class=\"attachment-medium size-medium wp-image-1184\" alt=\"\" srcset=\"https:\/\/wsm.art.pl\/wp-content\/uploads\/2021\/04\/Czarnecki-kwadrat-300x300.jpg 300w, https:\/\/wsm.art.pl\/wp-content\/uploads\/2021\/04\/Czarnecki-kwadrat-150x150.jpg 150w, https:\/\/wsm.art.pl\/wp-content\/uploads\/2021\/04\/Czarnecki-kwadrat-768x768.jpg 768w, https:\/\/wsm.art.pl\/wp-content\/uploads\/2021\/04\/Czarnecki-kwadrat.jpg 800w\" sizes=\"(max-width: 300px) 100vw, 300px\" \/>\t\t\t\t\t\t\t\t\t\t\t<figcaption class=\"widget-image-caption wp-caption-text\">fot. archiwum w\u0142asne<\/figcaption>\n\t\t\t\t\t\t\t\t\t\t<\/figure>\n\t\t\t\t\t\t\t\t\t<\/div>\n\t\t\t\t<\/div>\n\t\t\t\t\t<\/div>\n\t\t<\/div>\n\t\t\t\t<div class=\"elementor-column elementor-col-50 elementor-top-column elementor-element elementor-element-9373875\" data-id=\"9373875\" data-element_type=\"column\">\n\t\t\t<div class=\"elementor-widget-wrap elementor-element-populated\">\n\t\t\t\t\t\t<div class=\"elementor-element elementor-element-e39e42a elementor-widget elementor-widget-text-editor\" data-id=\"e39e42a\" data-element_type=\"widget\" data-widget_type=\"text-editor.default\">\n\t\t\t\t<div class=\"elementor-widget-container\">\n\t\t\t\t\t\t\t\t\t<p><span style=\"color: #000000;\"><strong>S\u0141AWOMIR CZARNECKI<\/strong> &#8211; studiowa\u0142 w warszawskiej uczelni muzycznej w latach 1969-74 u Piotra Perkowskiego i Romualda Twardowskiego. W latach 1980-81 odby\u0142 studia uzupe\u0142niaj\u0105ce u Oliviera Messiaena w Pary\u017cu jako stypendysta rz\u0105du francuskiego. Obecnie jest profesorem zwyczajnym Uniwersytetu Kazimierza Wielkiego w Bydgoszczy. Od wielu lat zwi\u0105zany jest tak\u017ce ze Szko\u0142\u0105 Muzyczn\u0105 II st. im. J.Elsnera w Warszawie, prowadz\u0105c zaj\u0119cia z propedeutyki kompozycji. Jest laureatem 17 konkurs\u00f3w kompozytorskich w kraju i za granic\u0105. Za swoj\u0105 prac\u0119 pedagogiczn\u0105 i tw\u00f3rczo\u015b\u0107 zosta\u0142 uhonorowany Medalem Komisji Edukacji Narodowej i Medalem Gloria Artis klasy srebrnej oraz prezydenckim Z\u0142otym Medalem \u201eZa d\u0142ugoletni\u0105 s\u0142u\u017cb\u0119\u201d i Z\u0142otym Krzy\u017cem Zas\u0142ugi. Jego tw\u00f3rczo\u015b\u0107 obejmuje obecnie 63 opusy, w\u015br\u00f3d kt\u00f3rych znajduj\u0105 si\u0119 utwory solowe, kameralne, symfoniczne, ch\u00f3ralne i kantatowe.<\/span><\/p><p>wi\u0119cej na <a href=\"http:\/\/www.polmic.pl\/index.php?option=com_mwosoby&amp;id=162&amp;litera=0&amp;view=czlowiek&amp;Itemid=5&amp;lang=pl\"><strong>www.polmic.pl<\/strong><\/a><\/p>\t\t\t\t\t\t\t\t<\/div>\n\t\t\t\t<\/div>\n\t\t\t\t\t<\/div>\n\t\t<\/div>\n\t\t\t\t\t<\/div>\n\t\t<\/section>\n\t\t\t\t<section class=\"elementor-section elementor-top-section elementor-element elementor-element-1dda8d8 elementor-section-boxed elementor-section-height-default elementor-section-height-default\" data-id=\"1dda8d8\" data-element_type=\"section\">\n\t\t\t\t\t\t<div class=\"elementor-container elementor-column-gap-default\">\n\t\t\t\t\t<div class=\"elementor-column elementor-col-50 elementor-top-column elementor-element elementor-element-5f6d077\" data-id=\"5f6d077\" data-element_type=\"column\">\n\t\t\t<div class=\"elementor-widget-wrap elementor-element-populated\">\n\t\t\t\t\t\t<div class=\"elementor-element elementor-element-89bdcdd elementor-widget__width-initial elementor-widget elementor-widget-image\" data-id=\"89bdcdd\" data-element_type=\"widget\" data-widget_type=\"image.default\">\n\t\t\t\t<div class=\"elementor-widget-container\">\n\t\t\t\t\t\t\t\t\t\t\t\t<figure class=\"wp-caption\">\n\t\t\t\t\t\t\t\t\t\t<img loading=\"lazy\" decoding=\"async\" width=\"300\" height=\"300\" src=\"https:\/\/wsm.art.pl\/wp-content\/uploads\/2021\/04\/wsm2f-DSC01679-300x300.jpg\" class=\"attachment-medium size-medium wp-image-1524\" alt=\"\" srcset=\"https:\/\/wsm.art.pl\/wp-content\/uploads\/2021\/04\/wsm2f-DSC01679-300x300.jpg 300w, https:\/\/wsm.art.pl\/wp-content\/uploads\/2021\/04\/wsm2f-DSC01679-1024x1024.jpg 1024w, https:\/\/wsm.art.pl\/wp-content\/uploads\/2021\/04\/wsm2f-DSC01679-150x150.jpg 150w, https:\/\/wsm.art.pl\/wp-content\/uploads\/2021\/04\/wsm2f-DSC01679-768x768.jpg 768w, https:\/\/wsm.art.pl\/wp-content\/uploads\/2021\/04\/wsm2f-DSC01679.jpg 1047w\" sizes=\"(max-width: 300px) 100vw, 300px\" \/>\t\t\t\t\t\t\t\t\t\t\t<figcaption class=\"widget-image-caption wp-caption-text\">fot. Ma\u0142gorzata Ko\u0142cz<\/figcaption>\n\t\t\t\t\t\t\t\t\t\t<\/figure>\n\t\t\t\t\t\t\t\t\t<\/div>\n\t\t\t\t<\/div>\n\t\t\t\t\t<\/div>\n\t\t<\/div>\n\t\t\t\t<div class=\"elementor-column elementor-col-50 elementor-top-column elementor-element elementor-element-a13375c\" data-id=\"a13375c\" data-element_type=\"column\">\n\t\t\t<div class=\"elementor-widget-wrap elementor-element-populated\">\n\t\t\t\t\t\t<div class=\"elementor-element elementor-element-3434621 elementor-widget elementor-widget-text-editor\" data-id=\"3434621\" data-element_type=\"widget\" data-widget_type=\"text-editor.default\">\n\t\t\t\t<div class=\"elementor-widget-container\">\n\t\t\t\t\t\t\t\t\t<p><span style=\"color: #000000;\"><strong>ANNA IGNATOWICZ-GLI\u0143SKA<\/strong> &#8211; warszawianka, dr hab. kompozycji, absolwentka studi\u00f3w w Akademii Muzycznej im. Fryderyka Chopina (obecnie UMFC), w klasie prof. W\u0142. Koto\u0144skiego, doktorat u prof. St. Moryto. <\/span><span style=\"color: #000000;\">Improwizacji fortepianowej uczy\u0142a si\u0119 u prof. d.h.c. Sz. Eszt\u00e9nyi&#8217;ego. Ma w dorobku utwory na rozmaite sk\u0142ady wykonawcze. Jej kompozycje prezentowane s\u0105 na koncertach i festiwalach, nagrywane na p\u0142yty i wydawane drukiem, zar\u00f3wno w kraju, jak i za granic\u0105. \u0141\u0105czy dzia\u0142alno\u015b\u0107 kompozytorsk\u0105 z naukow\u0105, dydaktyczn\u0105 i organizacyjn\u0105.<br \/><\/span><span style=\"color: #000000;\">Jest adiunktem w macierzystej uczelni, dzia\u0142a w strukturach Zwi\u0105zku Kompozytor\u00f3w Polskich, w Radzie WSM i w Stowarzyszeniu Autor\u00f3w ZAiKS. Publikuje na \u0142amach prasy muzycznej, uprawia te\u017c ma\u0142e formy literackie i przydomowy ogr\u00f3dek.<\/span><\/p><p>wi\u0119cej na <a href=\"http:\/\/www.polmic.pl\/index.php?option=com_mwosoby&amp;id=370&amp;litera=10&amp;view=czlowiek&amp;Itemid=5&amp;lang=pl\"><strong>www.polmic.pl<\/strong><\/a><\/p>\t\t\t\t\t\t\t\t<\/div>\n\t\t\t\t<\/div>\n\t\t\t\t\t<\/div>\n\t\t<\/div>\n\t\t\t\t\t<\/div>\n\t\t<\/section>\n\t\t\t\t<section class=\"elementor-section elementor-top-section elementor-element elementor-element-7313519 elementor-section-boxed elementor-section-height-default elementor-section-height-default\" data-id=\"7313519\" data-element_type=\"section\">\n\t\t\t\t\t\t<div class=\"elementor-container elementor-column-gap-default\">\n\t\t\t\t\t<div class=\"elementor-column elementor-col-50 elementor-top-column elementor-element elementor-element-2050cb8\" data-id=\"2050cb8\" data-element_type=\"column\">\n\t\t\t<div class=\"elementor-widget-wrap elementor-element-populated\">\n\t\t\t\t\t\t<div class=\"elementor-element elementor-element-62a1462 elementor-widget__width-initial elementor-widget elementor-widget-image\" data-id=\"62a1462\" data-element_type=\"widget\" data-widget_type=\"image.default\">\n\t\t\t\t<div class=\"elementor-widget-container\">\n\t\t\t\t\t\t\t\t\t\t\t\t<figure class=\"wp-caption\">\n\t\t\t\t\t\t\t\t\t\t<img loading=\"lazy\" decoding=\"async\" width=\"300\" height=\"300\" src=\"https:\/\/wsm.art.pl\/wp-content\/uploads\/2024\/10\/A.-Karalow-300x300.jpg\" class=\"attachment-medium size-medium wp-image-16590\" alt=\"\" srcset=\"https:\/\/wsm.art.pl\/wp-content\/uploads\/2024\/10\/A.-Karalow-300x300.jpg 300w, https:\/\/wsm.art.pl\/wp-content\/uploads\/2024\/10\/A.-Karalow-150x150.jpg 150w, https:\/\/wsm.art.pl\/wp-content\/uploads\/2024\/10\/A.-Karalow.jpg 512w\" sizes=\"(max-width: 300px) 100vw, 300px\" \/>\t\t\t\t\t\t\t\t\t\t\t<figcaption class=\"widget-image-caption wp-caption-text\">fot. Magdalena Ha\u0142as<\/figcaption>\n\t\t\t\t\t\t\t\t\t\t<\/figure>\n\t\t\t\t\t\t\t\t\t<\/div>\n\t\t\t\t<\/div>\n\t\t\t\t\t<\/div>\n\t\t<\/div>\n\t\t\t\t<div class=\"elementor-column elementor-col-50 elementor-top-column elementor-element elementor-element-ffe5c15\" data-id=\"ffe5c15\" data-element_type=\"column\">\n\t\t\t<div class=\"elementor-widget-wrap elementor-element-populated\">\n\t\t\t\t\t\t<div class=\"elementor-element elementor-element-64bbbe3 elementor-widget elementor-widget-text-editor\" data-id=\"64bbbe3\" data-element_type=\"widget\" data-widget_type=\"text-editor.default\">\n\t\t\t\t<div class=\"elementor-widget-container\">\n\t\t\t\t\t\t\t\t\t<p><strong>ANDRZEJ KARA\u0141OW<\/strong> \u2013 kompozytor, pianista, improwizator, pedagog, doktor sztuk muzycznych. Absolwent Uniwersytetu Muzycznego Fryderyka Chopina w Warszawie (kompozycja u prof. Stanis\u0142awa Moryty, fortepian u prof. Bronis\u0142awy Kawalli) i wyk\u0142adowca tej uczelni. <br \/>Laureat licznych konkurs\u00f3w pianistycznych i kompozytorskichw Polsce i za granic\u0105, by\u0142 m.in. uczestnikiem The London Philharmonic Orchestra Young Composers Programme. Stypendysta m.in. Ministra Kultury i Dziedzictwa Narodowego (program &#8222;M\u0142oda Polska&#8221;), Ministra Nauki i Szkolnictwa Wy\u017cszego a tak\u017ce Stowarzyszenia Pro Polonia. Jego utwory i interpretacje wydano na kilkunastu albumach p\u0142ytowych. <br \/>Kompozytor \u0142\u0105czy inspiracje pochodz\u0105ce z r\u00f3\u017cnorodnych dyscyplin artystycznych we w\u0142asny, unikalny j\u0119zyk muzyczny, jest te\u017c otwarty na eksperymenty w zakresie muzyki elektronicznej i alternatywnej.<\/p><p>wi\u0119cej na <strong><a href=\"http:\/\/www.andrzejkaralow.pl\">www.andrzejkaralow.pl<\/a><\/strong><\/p>\t\t\t\t\t\t\t\t<\/div>\n\t\t\t\t<\/div>\n\t\t\t\t\t<\/div>\n\t\t<\/div>\n\t\t\t\t\t<\/div>\n\t\t<\/section>\n\t\t\t\t<section class=\"elementor-section elementor-top-section elementor-element elementor-element-46f5a97 elementor-section-boxed elementor-section-height-default elementor-section-height-default\" data-id=\"46f5a97\" data-element_type=\"section\">\n\t\t\t\t\t\t<div class=\"elementor-container elementor-column-gap-default\">\n\t\t\t\t\t<div class=\"elementor-column elementor-col-50 elementor-top-column elementor-element elementor-element-1b6871f\" data-id=\"1b6871f\" data-element_type=\"column\">\n\t\t\t<div class=\"elementor-widget-wrap elementor-element-populated\">\n\t\t\t\t\t\t<div class=\"elementor-element elementor-element-edbb5f1 elementor-widget__width-initial elementor-widget elementor-widget-image\" data-id=\"edbb5f1\" data-element_type=\"widget\" data-widget_type=\"image.default\">\n\t\t\t\t<div class=\"elementor-widget-container\">\n\t\t\t\t\t\t\t\t\t\t\t\t<figure class=\"wp-caption\">\n\t\t\t\t\t\t\t\t\t\t<img loading=\"lazy\" decoding=\"async\" width=\"300\" height=\"300\" src=\"https:\/\/wsm.art.pl\/wp-content\/uploads\/2026\/03\/Filip-Matuszewski-kw-300x300.jpg\" class=\"attachment-medium size-medium wp-image-18580\" alt=\"\" srcset=\"https:\/\/wsm.art.pl\/wp-content\/uploads\/2026\/03\/Filip-Matuszewski-kw-300x300.jpg 300w, https:\/\/wsm.art.pl\/wp-content\/uploads\/2026\/03\/Filip-Matuszewski-kw-150x150.jpg 150w, https:\/\/wsm.art.pl\/wp-content\/uploads\/2026\/03\/Filip-Matuszewski-kw.jpg 500w\" sizes=\"(max-width: 300px) 100vw, 300px\" \/>\t\t\t\t\t\t\t\t\t\t\t<figcaption class=\"widget-image-caption wp-caption-text\">fot. archiwum w\u0142asne<\/figcaption>\n\t\t\t\t\t\t\t\t\t\t<\/figure>\n\t\t\t\t\t\t\t\t\t<\/div>\n\t\t\t\t<\/div>\n\t\t\t\t\t<\/div>\n\t\t<\/div>\n\t\t\t\t<div class=\"elementor-column elementor-col-50 elementor-top-column elementor-element elementor-element-5c48520\" data-id=\"5c48520\" data-element_type=\"column\">\n\t\t\t<div class=\"elementor-widget-wrap elementor-element-populated\">\n\t\t\t\t\t\t<div class=\"elementor-element elementor-element-f04a84d elementor-widget elementor-widget-text-editor\" data-id=\"f04a84d\" data-element_type=\"widget\" data-widget_type=\"text-editor.default\">\n\t\t\t\t<div class=\"elementor-widget-container\">\n\t\t\t\t\t\t\t\t\t<p><span style=\"color: #000000;\"><strong>FILIP MATUSZEWSKI <\/strong>kompozytor; ur. w 1979 w Warszawie. Pierwszych lekcji kompozycji udziela\u0142 mu prywatnie w latach 1993-99 Szabolcs Eszt\u00e9nyi. W latach 2000-2005 studiowa\u0142 kompozycj\u0119 w Kr\u00f3lewskim Konserwatorium w Hadze (Louis Andriessen, Martijn Padding i Gilius van Bergeijk). Swoje umiej\u0119tno\u015bci doskonali\u0142 m.in. podczas mi\u0119dzynarodowych warsztat\u00f3w kompozytorskich. Jego kompozycje by\u0142y wykonywane m. in. na &#8222;Gaudeamus Music Week&#8221; (Holandia), MFMW &#8222;Warszawska Jesie\u0144&#8221; i festiwalu &#8222;Ostravske Dny&#8221; (Czechy). W 2007 kompozytor otrzyma\u0142 drug\u0105 nagrod\u0119 za utw\u00f3r \u201eS\u0142owo\u201d na sopran i orkiestr\u0119 symfoniczn\u0105 na I Mi\u0119dzynarodowym Konkursie Kompozytorskim im. Jana Paw\u0142a II w Warszawie. Ostatnie kilka lat kompozytor skoncentrowa\u0142 si\u0119 na tworzeniu muzyki kameralnej przeznaczonej na instrumenty solowe i duety instrumentalne.<\/span><\/p><p>wi\u0119cej na <a href=\"http:\/\/www.polmic.pl\/index.php?option=com_mwosoby&amp;id=152&amp;litera=17&amp;view=czlowiek&amp;Itemid=5&amp;lang=pl\"><strong>www.polmic.pl<\/strong><\/a><\/p>\t\t\t\t\t\t\t\t<\/div>\n\t\t\t\t<\/div>\n\t\t\t\t\t<\/div>\n\t\t<\/div>\n\t\t\t\t\t<\/div>\n\t\t<\/section>\n\t\t\t\t<section class=\"elementor-section elementor-top-section elementor-element elementor-element-9a47afb elementor-section-boxed elementor-section-height-default elementor-section-height-default\" data-id=\"9a47afb\" data-element_type=\"section\">\n\t\t\t\t\t\t<div class=\"elementor-container elementor-column-gap-default\">\n\t\t\t\t\t<div class=\"elementor-column elementor-col-50 elementor-top-column elementor-element elementor-element-b4bd86e\" data-id=\"b4bd86e\" data-element_type=\"column\">\n\t\t\t<div class=\"elementor-widget-wrap elementor-element-populated\">\n\t\t\t\t\t\t<div class=\"elementor-element elementor-element-5876354 elementor-widget__width-initial elementor-widget elementor-widget-image\" data-id=\"5876354\" data-element_type=\"widget\" data-widget_type=\"image.default\">\n\t\t\t\t<div class=\"elementor-widget-container\">\n\t\t\t\t\t\t\t\t\t\t\t\t<figure class=\"wp-caption\">\n\t\t\t\t\t\t\t\t\t\t<img loading=\"lazy\" decoding=\"async\" width=\"300\" height=\"300\" src=\"https:\/\/wsm.art.pl\/wp-content\/uploads\/2021\/04\/Edrward-Sielicki-fot.-Kim-Seo-Young-kwadrat-300x300.jpg\" class=\"attachment-medium size-medium wp-image-1189\" alt=\"\" srcset=\"https:\/\/wsm.art.pl\/wp-content\/uploads\/2021\/04\/Edrward-Sielicki-fot.-Kim-Seo-Young-kwadrat-300x300.jpg 300w, https:\/\/wsm.art.pl\/wp-content\/uploads\/2021\/04\/Edrward-Sielicki-fot.-Kim-Seo-Young-kwadrat-150x150.jpg 150w, https:\/\/wsm.art.pl\/wp-content\/uploads\/2021\/04\/Edrward-Sielicki-fot.-Kim-Seo-Young-kwadrat-768x768.jpg 768w, https:\/\/wsm.art.pl\/wp-content\/uploads\/2021\/04\/Edrward-Sielicki-fot.-Kim-Seo-Young-kwadrat.jpg 800w\" sizes=\"(max-width: 300px) 100vw, 300px\" \/>\t\t\t\t\t\t\t\t\t\t\t<figcaption class=\"widget-image-caption wp-caption-text\">fot. Kim Seo Young<\/figcaption>\n\t\t\t\t\t\t\t\t\t\t<\/figure>\n\t\t\t\t\t\t\t\t\t<\/div>\n\t\t\t\t<\/div>\n\t\t\t\t\t<\/div>\n\t\t<\/div>\n\t\t\t\t<div class=\"elementor-column elementor-col-50 elementor-top-column elementor-element elementor-element-693a7a8\" data-id=\"693a7a8\" data-element_type=\"column\">\n\t\t\t<div class=\"elementor-widget-wrap elementor-element-populated\">\n\t\t\t\t\t\t<div class=\"elementor-element elementor-element-04238ce elementor-widget elementor-widget-text-editor\" data-id=\"04238ce\" data-element_type=\"widget\" data-widget_type=\"text-editor.default\">\n\t\t\t\t<div class=\"elementor-widget-container\">\n\t\t\t\t\t\t\t\t\t<p><strong><span style=\"color: #000000;\">EDWARD SIELICKI<\/span><\/strong><span style=\"color: #000000;\"> &#8211; u<\/span><span style=\"color: #000000;\">r. w 1956 r. w Warszawie. Studiowa\u0142 kompozycj\u0119 u Andrzeja Dobrowolskiego <br \/>i W\u0142odzimierza Koto\u0144skiego w Akademii Muzycznej w Warszawie, Ton\u2019a de Leeuw w Sweelinck Conservatorium w Amsterdamie, a tak\u017ce u Chou Wen Chunga, Elliota Cartera i Witolda Lutos\u0142awskiego. Jest laureatem nagr\u00f3d kompozytorskich w Polsce i w Szwajcarii oraz Nagrody im. Wyspianskiego. <br \/>Wiele spo\u015br\u00f3d jego ponad 160 kompozycji by\u0142o wykonywanych we Francji, Belgii, Holandii, Wlk. Brytanii, USA, Meksyku, Kanadzie, Rosji, W\u0142oszech i Korei Po\u0142udniowej. Otrzyma\u0142 wiele zam\u00f3wie\u0144 m.in. z Festiwalu \u201cWarszawska Jesie\u0144\u201d, Polskiego Radia, Ministerstwa Kultury oraz wielu orkiestr, zespo\u0142\u00f3w kameralnych i solist\u00f3w. <br \/>Aktualnie jest adiunktem w UMFC w Warszawie. By\u0142 profesorem wizytuj\u0105cym w Keimyung-Chopin Academy of Music in Daegu (Korea Po\u0142udniowa).<\/span><\/p><p>wi\u0119cej na\u00a0<a href=\"http:\/\/www.polmic.pl\/index.php?option=com_mwosoby&amp;id=189&amp;view=czlowiek&amp;litera=21&amp;Itemid=5&amp;lang=pl\"><strong>www.polmic.pl<\/strong><\/a><\/p>\t\t\t\t\t\t\t\t<\/div>\n\t\t\t\t<\/div>\n\t\t\t\t\t<\/div>\n\t\t<\/div>\n\t\t\t\t\t<\/div>\n\t\t<\/section>\n\t\t\t\t<section class=\"elementor-section elementor-top-section elementor-element elementor-element-d1001bc elementor-section-boxed elementor-section-height-default elementor-section-height-default\" data-id=\"d1001bc\" data-element_type=\"section\">\n\t\t\t\t\t\t<div class=\"elementor-container elementor-column-gap-default\">\n\t\t\t\t\t<div class=\"elementor-column elementor-col-50 elementor-top-column elementor-element elementor-element-e2d09f8\" data-id=\"e2d09f8\" data-element_type=\"column\">\n\t\t\t<div class=\"elementor-widget-wrap elementor-element-populated\">\n\t\t\t\t\t\t<div class=\"elementor-element elementor-element-c005108 elementor-widget__width-initial elementor-widget elementor-widget-image\" data-id=\"c005108\" data-element_type=\"widget\" data-widget_type=\"image.default\">\n\t\t\t\t<div class=\"elementor-widget-container\">\n\t\t\t\t\t\t\t\t\t\t\t\t<figure class=\"wp-caption\">\n\t\t\t\t\t\t\t\t\t\t<img loading=\"lazy\" decoding=\"async\" width=\"300\" height=\"300\" src=\"https:\/\/wsm.art.pl\/wp-content\/uploads\/2024\/10\/Lilianna-Stawarz-kw-300x300.jpg\" class=\"attachment-medium size-medium wp-image-16591\" alt=\"\" srcset=\"https:\/\/wsm.art.pl\/wp-content\/uploads\/2024\/10\/Lilianna-Stawarz-kw-300x300.jpg 300w, https:\/\/wsm.art.pl\/wp-content\/uploads\/2024\/10\/Lilianna-Stawarz-kw-150x150.jpg 150w, https:\/\/wsm.art.pl\/wp-content\/uploads\/2024\/10\/Lilianna-Stawarz-kw.jpg 600w\" sizes=\"(max-width: 300px) 100vw, 300px\" \/>\t\t\t\t\t\t\t\t\t\t\t<figcaption class=\"widget-image-caption wp-caption-text\">fot. Natalia Godon-Jamio\u0142kowska<\/figcaption>\n\t\t\t\t\t\t\t\t\t\t<\/figure>\n\t\t\t\t\t\t\t\t\t<\/div>\n\t\t\t\t<\/div>\n\t\t\t\t\t<\/div>\n\t\t<\/div>\n\t\t\t\t<div class=\"elementor-column elementor-col-50 elementor-top-column elementor-element elementor-element-8f6e577\" data-id=\"8f6e577\" data-element_type=\"column\">\n\t\t\t<div class=\"elementor-widget-wrap elementor-element-populated\">\n\t\t\t\t\t\t<div class=\"elementor-element elementor-element-0c633ad elementor-widget elementor-widget-text-editor\" data-id=\"0c633ad\" data-element_type=\"widget\" data-widget_type=\"text-editor.default\">\n\t\t\t\t<div class=\"elementor-widget-container\">\n\t\t\t\t\t\t\t\t\t<p><b>LILIANNA STAWARZ<\/b> \u2013 klawesynistka i pedagog, absolwentka klawesynu Akademii Muzycznej im. F. Chopina oraz Conservatoire National de Region de Rueil-Malmaison. Prodziekan filii UMFC w Bia\u0142ymstoku w latach 2012-2016 oraz koordynator biura koncertowego. W latach 2018-2024 pe\u0142ni\u0142a funkcj\u0119 kierownika Katedry Muzyki Dawnej UMFC na stanowisku profesora nadzwyczajnego. Przez 20 lat by\u0142a cz\u0142onkiem zespo\u0142u muzyki dawnej <a href=\"https:\/\/culture.pl\/pl\/tworca\/il-tempo\">Il Tempo<\/a>. W latach 1991-2017 zwi\u0105zana by\u0142a z Warszawsk\u0105 Oper\u0105 Kameraln\u0105, zar\u00f3wno jako klawesynistka-kameralistka, jak i dyrygent. Jest prezesem Stowarzyszenia Mi\u0142o\u015bnik\u00f3w Sztuki Barokowej Dramma per Musica, tw\u00f3rczyni\u0105 Royal Baroque Ensemble, a tak\u017ce wsp\u00f3\u0142tw\u00f3rczyni\u0105 i kierownikiem artystycznym <a href=\"https:\/\/drammapermusica.pl\/start\/\">Festiwalu Muzyki Dawnej Dramma per Musica<\/a>, w ramach kt\u00f3rego m.in. prowadzi\u0142a jako dyrygent od klawesynu opery barokowe. W latach 2022 -2024 r. prowadzi\u0142a w radiowej Dw\u00f3jce autorsk\u0105 audycj\u0119 <i>Sprezzatura wed\u0142ug Lilianny Stawarz<\/i>.<\/p><p>wi\u0119cej na <b><a href=\"http:\/\/www.liliannastawarz.com\/\">www.liliannastawarz.com<\/a>\u00a0<\/b><\/p>\t\t\t\t\t\t\t\t<\/div>\n\t\t\t\t<\/div>\n\t\t\t\t\t<\/div>\n\t\t<\/div>\n\t\t\t\t\t<\/div>\n\t\t<\/section>\n\t\t\t\t<\/div>\n\t\t","protected":false},"excerpt":{"rendered":"<p>O Warszawskich Spotkaniach Muzycznych Warszawskie Spotkania Muzyczne organizowane s\u0105 od 1986 roku przez Oddzia\u0142 Warszawski Zwi\u0105zku Kompozytor\u00f3w Polskich. To jedyny festiwal skupiony na tw\u00f3rczo\u015bci kompozytor\u00f3w&hellip;<\/p>\n","protected":false},"author":1,"featured_media":0,"parent":0,"menu_order":0,"comment_status":"closed","ping_status":"closed","template":"","meta":{"footnotes":""},"class_list":["post-11480","page","type-page","status-publish","hentry"],"_links":{"self":[{"href":"https:\/\/wsm.art.pl\/index.php?rest_route=\/wp\/v2\/pages\/11480","targetHints":{"allow":["GET"]}}],"collection":[{"href":"https:\/\/wsm.art.pl\/index.php?rest_route=\/wp\/v2\/pages"}],"about":[{"href":"https:\/\/wsm.art.pl\/index.php?rest_route=\/wp\/v2\/types\/page"}],"author":[{"embeddable":true,"href":"https:\/\/wsm.art.pl\/index.php?rest_route=\/wp\/v2\/users\/1"}],"replies":[{"embeddable":true,"href":"https:\/\/wsm.art.pl\/index.php?rest_route=%2Fwp%2Fv2%2Fcomments&post=11480"}],"version-history":[{"count":115,"href":"https:\/\/wsm.art.pl\/index.php?rest_route=\/wp\/v2\/pages\/11480\/revisions"}],"predecessor-version":[{"id":19320,"href":"https:\/\/wsm.art.pl\/index.php?rest_route=\/wp\/v2\/pages\/11480\/revisions\/19320"}],"wp:attachment":[{"href":"https:\/\/wsm.art.pl\/index.php?rest_route=%2Fwp%2Fv2%2Fmedia&parent=11480"}],"curies":[{"name":"wp","href":"https:\/\/api.w.org\/{rel}","templated":true}]}}